{"id":16606,"date":"2021-01-09T12:53:17","date_gmt":"2021-01-09T11:53:17","guid":{"rendered":"https:\/\/www.galerie-pfundt.de\/aktuell\/?page_id=16606"},"modified":"2021-12-01T17:24:13","modified_gmt":"2021-12-01T16:24:13","slug":"hammans","status":"publish","type":"page","link":"https:\/\/www.galerie-pfundt.de\/aktuell\/kuenstler\/hammans\/","title":{"rendered":"Cornelia Hammans"},"content":{"rendered":"<div class=\"flex_column av_one_fourth  flex_column_div av-zero-column-padding first  avia-builder-el-0  el_before_av_three_fourth  avia-builder-el-first  \" style='border-radius:0px; '><p><div  class='avia-image-container  av-styling-    avia-builder-el-1  el_before_av_textblock  avia-builder-el-first  avia-align-center '  itemprop=\"image\" itemscope=\"itemscope\" itemtype=\"https:\/\/schema.org\/ImageObject\"  ><div class='avia-image-container-inner'><div class='avia-image-overlay-wrap'><img decoding=\"async\" class='wp-image-16609 avia-img-lazy-loading-not-16609 avia_image' src=\"https:\/\/www.galerie-pfundt.de\/wp-content\/uploads\/2021\/01\/Cornelia-Hammans_sw.jpeg\" alt='' title='Cornelia-Hammans_sw' height=\"427\" width=\"427\"  itemprop=\"thumbnailUrl\" srcset=\"https:\/\/www.galerie-pfundt.de\/wp-content\/uploads\/2021\/01\/Cornelia-Hammans_sw.jpeg 427w, https:\/\/www.galerie-pfundt.de\/wp-content\/uploads\/2021\/01\/Cornelia-Hammans_sw-100x100.jpeg 100w, https:\/\/www.galerie-pfundt.de\/wp-content\/uploads\/2021\/01\/Cornelia-Hammans_sw-200x200.jpeg 200w, https:\/\/www.galerie-pfundt.de\/wp-content\/uploads\/2021\/01\/Cornelia-Hammans_sw-400x400.jpeg 400w, https:\/\/www.galerie-pfundt.de\/wp-content\/uploads\/2021\/01\/Cornelia-Hammans_sw-220x220.jpeg 220w, https:\/\/www.galerie-pfundt.de\/wp-content\/uploads\/2021\/01\/Cornelia-Hammans_sw-36x36.jpeg 36w, https:\/\/www.galerie-pfundt.de\/wp-content\/uploads\/2021\/01\/Cornelia-Hammans_sw-180x180.jpeg 180w, https:\/\/www.galerie-pfundt.de\/wp-content\/uploads\/2021\/01\/Cornelia-Hammans_sw-300x300.jpeg 300w\" sizes=\"(max-width: 427px) 100vw, 427px\" \/><\/div><\/div><\/div><br \/>\n<section class=\"av_textblock_section \"  itemscope=\"itemscope\" itemtype=\"https:\/\/schema.org\/CreativeWork\" ><div class='avia_textblock  '   itemprop=\"text\" ><h6><span style=\"color: #ffffff;\">.<\/span><\/h6>\n<h3 style=\"text-align: center;\">Cornelia Hammans<\/h3>\n<\/div><\/section><\/p><\/div>\n<div class=\"flex_column av_three_fourth  flex_column_div av-zero-column-padding   avia-builder-el-3  el_after_av_one_fourth  el_before_av_hr  \" style='border-radius:0px; '><div  class=\"tabcontainer   top_tab   avia-builder-el-4  avia-builder-el-no-sibling \" role=\"tablist\">\n\n<section class=\"av_tab_section\"  itemscope=\"itemscope\" itemtype=\"https:\/\/schema.org\/CreativeWork\" ><div aria-controls=\"tab-id-1-content\" role=\"tab\" tabindex=\"0\" data-fake-id=\"#tab-id-1\" class=\"tab active_tab\"  itemprop=\"headline\" >Vita<\/div>\n<div id=\"tab-id-1-content\" class=\"tab_content active_tab_content\" aria-hidden=\"false\">\n<div class=\"tab_inner_content invers-color\"  itemprop=\"text\" >\n<div class=\"row\"><\/div>\n<div class=\"row\">\n<div class=\"cell tc-right\">\n<p>1955\u00a0\u00a0\u00a0\u00a0\u00a0\u00a0\u00a0\u00a0\u00a0\u00a0\u00a0\u00a0\u00a0\u00a0\u00a0 geboren in Bonn<\/p>\n<p>1978-85\u00a0\u00a0\u00a0\u00a0\u00a0 \u00a0 \u00a0 Arbeiten im Atelier Anneliese Langenbach, Niederrhein<\/p>\n<p>1980-81 \u00a0 \u00a0 \u00a0 \u00a0\u00a0 Aktzeichnen im Atelier Ernemann Sander, Bonn<\/p>\n<\/div>\n<\/div>\n<p>1993\u00a0\u00a0\u00a0\u00a0\u00a0\u00a0\u00a0\u00a0\u00a0\u00a0\u00a0\u00a0\u00a0\u00a0 Arbeiten bei Maria Gezler in Kecskemet, Ungarn<\/p>\n<p>1987-96 \u00a0 \u00a0 \u00a0 \u00a0\u00a0 Arbeiten im Atelier Sigrid Mathews, M\u00fcnchen<\/p>\n<p>2005\u00a0\u00a0\u00a0\u00a0\u00a0\u00a0\u00a0\u00a0\u00a0\u00a0\u00a0\u00a0\u00a0\u00a0 Gaststipendium in der Villa Romana, Florenz<\/p>\n<p>Seit 2018\u00a0\u00a0\u00a0\u00a0\u00a0\u00a0\u00a0 Werkstatt und Showroom in Leipzig (vorher im Umland s\u00fcdlich M\u00fcnchen)<\/p>\n<div class=\"row\">\n<div class=\"cell tc-right\"><\/div>\n<div class=\"cell tc-right\"><\/div>\n<\/div>\n<div class=\"field field-type-text field-field-bio-year\"><\/div>\n\n<\/div>\n<\/div>\n<\/section>\n\n<section class=\"av_tab_section\"  itemscope=\"itemscope\" itemtype=\"https:\/\/schema.org\/CreativeWork\" ><div aria-controls=\"tab-id-2-content\" role=\"tab\" tabindex=\"0\" data-fake-id=\"#tab-id-2\" class=\"tab \"  itemprop=\"headline\" >Ausstellungen und Messebeteiligungen der letzten Jahre<\/div>\n<div id=\"tab-id-2-content\" class=\"tab_content \" aria-hidden=\"true\">\n<div class=\"tab_inner_content invers-color\"  itemprop=\"text\" >\n<div class=\"row\">\n<div><\/div>\n<div><\/div>\n<\/div>\n<div>2019\u00a0\u00a0\u00a0 Voil\u00e0 &#8211; Mitgliederausstellung des BBKL, Baumwollspinnerei Leipzig,\u00a0 Memento, BBKL,\u00a0 Skulpturen, Galerie Koenitz, Leipzig<\/div>\n<div>2018\u00a0\u00a0\u00a0 Naturst\u00fccke: Magie der geballten Faust, M\u00fcnchner K\u00fcnstlerhaus<\/div>\n<div>2017\u00a0\u00a0\u00a0 ArtExhibition Tegernsee, ArtExhibition Bayrischzell, Gmund Art<\/div>\n<div>2016 \u00a0\u00a0 ArtExhibition Tegernsee, ArtExhibition Bayrischzell, Gmund Art<\/div>\n<div>2015\u00a0\u00a0\u00a0 The Rhine Art, Bonn<\/div>\n<div>2014\u00a0\u00a0\u00a0 Art Project, Rottach-Egern<\/div>\n<div>2013\u00a0\u00a0\u00a0 Art Fair Knokke, Belgien<\/div>\n<div>2012\u00a0\u00a0\u00a0 Hong Kong<\/div>\n<div><\/div>\n\n<\/div>\n<\/div>\n<\/section>\n\n<\/div><\/div>\n<div   class='hr hr-default   avia-builder-el-5  el_after_av_three_fourth  el_before_av_section  avia-builder-el-last '><span class='hr-inner ' ><span class='hr-inner-style'><\/span><\/span><\/div>\n<\/div><\/div><\/div><!-- close content main div --><\/div><\/div><div id='av_section_1'  class='avia-section main_color avia-section-default avia-no-border-styling  avia-bg-style-scroll  avia-builder-el-6  el_after_av_hr  avia-builder-el-last   container_wrap fullsize' style='background-color: rgba(14,17,11,0.71); background-image: linear-gradient(rgba(83,130,79,0.62),#e2e2e2); '  ><div class='container' ><div class='template-page content  av-content-full alpha units'><div class='post-entry post-entry-type-page post-entry-16606'><div class='entry-content-wrapper clearfix'>\n<div class=\"flex_column av_one_half  flex_column_div av-zero-column-padding first  avia-builder-el-7  el_before_av_two_fifth  avia-builder-el-first  \" style='border-radius:0px; '><div  class='avia-image-container  av-styling-    avia-builder-el-8  avia-builder-el-no-sibling  avia-align-center '  itemprop=\"image\" itemscope=\"itemscope\" itemtype=\"https:\/\/schema.org\/ImageObject\"  ><div class='avia-image-container-inner'><div class='avia-image-overlay-wrap'><a href='https:\/\/www.galerie-pfundt.de\/aktuell\/kuenstler\/hammans\/befreite\/' class='avia_image'  ><img decoding=\"async\" width=\"266\" height=\"400\" class='wp-image-17067 avia-img-lazy-loading-not-17067 avia_image' src=\"https:\/\/www.galerie-pfundt.de\/wp-content\/uploads\/2021\/02\/bild2-266x400.jpg\" alt='' title='Hammans-bild2'  itemprop=\"thumbnailUrl\" srcset=\"https:\/\/www.galerie-pfundt.de\/wp-content\/uploads\/2021\/02\/bild2-266x400.jpg 266w, https:\/\/www.galerie-pfundt.de\/wp-content\/uploads\/2021\/02\/bild2.jpg 426w\" sizes=\"(max-width: 266px) 100vw, 266px\" \/><\/a><\/div><\/div><\/div><\/div><div class=\"flex_column av_two_fifth  flex_column_div av-zero-column-padding   avia-builder-el-9  el_after_av_one_half  el_before_av_hr  \" style='border-radius:0px; '><div  class='avia-image-container  av-styling-    avia-builder-el-10  avia-builder-el-no-sibling  avia-align-center '  itemprop=\"image\" itemscope=\"itemscope\" itemtype=\"https:\/\/schema.org\/ImageObject\"  ><div class='avia-image-container-inner'><div class='avia-image-overlay-wrap'><a href='https:\/\/www.galerie-pfundt.de\/aktuell\/kuenstler\/hammans\/element_fuenf\/' class='avia_image'  ><img decoding=\"async\" width=\"683\" height=\"1030\" class='wp-image-17063 avia-img-lazy-loading-not-17063 avia_image' src=\"https:\/\/www.galerie-pfundt.de\/wp-content\/uploads\/2021\/02\/skulptur_fuenftes_element_2002-683x1030.jpg\" alt='' title='Hammans-_fuenftes_element_2002'  itemprop=\"thumbnailUrl\" srcset=\"https:\/\/www.galerie-pfundt.de\/wp-content\/uploads\/2021\/02\/skulptur_fuenftes_element_2002-683x1030.jpg 683w, https:\/\/www.galerie-pfundt.de\/wp-content\/uploads\/2021\/02\/skulptur_fuenftes_element_2002-600x904.jpg 600w, https:\/\/www.galerie-pfundt.de\/wp-content\/uploads\/2021\/02\/skulptur_fuenftes_element_2002-265x400.jpg 265w, https:\/\/www.galerie-pfundt.de\/wp-content\/uploads\/2021\/02\/skulptur_fuenftes_element_2002-768x1157.jpg 768w, https:\/\/www.galerie-pfundt.de\/wp-content\/uploads\/2021\/02\/skulptur_fuenftes_element_2002-1019x1536.jpg 1019w, https:\/\/www.galerie-pfundt.de\/wp-content\/uploads\/2021\/02\/skulptur_fuenftes_element_2002-995x1500.jpg 995w, https:\/\/www.galerie-pfundt.de\/wp-content\/uploads\/2021\/02\/skulptur_fuenftes_element_2002-468x705.jpg 468w, https:\/\/www.galerie-pfundt.de\/wp-content\/uploads\/2021\/02\/skulptur_fuenftes_element_2002.jpg 1359w\" sizes=\"(max-width: 683px) 100vw, 683px\" \/><\/a><\/div><\/div><\/div><\/div><div  style='height:90px' class='hr hr-invisible   avia-builder-el-11  el_after_av_two_fifth  el_before_av_one_full '><span class='hr-inner ' ><span class='hr-inner-style'><\/span><\/span><\/div>\n<div class=\"flex_column av_one_full  flex_column_div av-zero-column-padding first  avia-builder-el-12  el_after_av_hr  el_before_av_hr  \" style='border-radius:0px; '><div  class='avia-image-container  av-styling-    avia-builder-el-13  avia-builder-el-no-sibling  avia-align-center '  itemprop=\"image\" itemscope=\"itemscope\" itemtype=\"https:\/\/schema.org\/ImageObject\"  ><div class='avia-image-container-inner'><div class='avia-image-overlay-wrap'><a href='https:\/\/www.galerie-pfundt.de\/aktuell\/kuenstler\/hammans\/grszl\/' class='avia_image'  ><img decoding=\"async\" width=\"640\" height=\"480\" class='wp-image-17052 avia-img-lazy-loading-not-17052 avia_image' src=\"https:\/\/www.galerie-pfundt.de\/wp-content\/uploads\/2021\/02\/GrSzl.jpeg\" alt='' title='Hammans-gszl'  itemprop=\"thumbnailUrl\" srcset=\"https:\/\/www.galerie-pfundt.de\/wp-content\/uploads\/2021\/02\/GrSzl.jpeg 640w, https:\/\/www.galerie-pfundt.de\/wp-content\/uploads\/2021\/02\/GrSzl-600x450.jpeg 600w, https:\/\/www.galerie-pfundt.de\/wp-content\/uploads\/2021\/02\/GrSzl-400x300.jpeg 400w\" sizes=\"(max-width: 640px) 100vw, 640px\" \/><\/a><\/div><\/div><\/div><\/div><div  style='height:90px' class='hr hr-invisible   avia-builder-el-14  el_after_av_one_full  el_before_av_one_fifth '><span class='hr-inner ' ><span class='hr-inner-style'><\/span><\/span><\/div>\n<div class=\"flex_column av_one_fifth  flex_column_div av-zero-column-padding first  avia-builder-el-15  el_after_av_hr  el_before_av_three_fifth  \" style='border-radius:0px; '><\/div><div class=\"flex_column av_three_fifth  flex_column_div av-zero-column-padding   avia-builder-el-16  el_after_av_one_fifth  el_before_av_one_fifth  \" style='border-radius:0px; '><div  class='avia-image-container  av-styling-    avia-builder-el-17  avia-builder-el-no-sibling  avia-align-center '  itemprop=\"image\" itemscope=\"itemscope\" itemtype=\"https:\/\/schema.org\/ImageObject\"  ><div class='avia-image-container-inner'><div class='avia-image-overlay-wrap'><a href='https:\/\/www.galerie-pfundt.de\/aktuell\/kuenstler\/hammans\/grszl\/' class='avia_image'  ><img decoding=\"async\" width=\"480\" height=\"480\" class='wp-image-17057 avia-img-lazy-loading-not-17057 avia_image' src=\"https:\/\/www.galerie-pfundt.de\/wp-content\/uploads\/2021\/02\/grosse_szl_klein.jpeg\" alt='' title='Hammans-grosse_szl_klein'  itemprop=\"thumbnailUrl\" srcset=\"https:\/\/www.galerie-pfundt.de\/wp-content\/uploads\/2021\/02\/grosse_szl_klein.jpeg 480w, https:\/\/www.galerie-pfundt.de\/wp-content\/uploads\/2021\/02\/grosse_szl_klein-100x100.jpeg 100w, https:\/\/www.galerie-pfundt.de\/wp-content\/uploads\/2021\/02\/grosse_szl_klein-200x200.jpeg 200w, https:\/\/www.galerie-pfundt.de\/wp-content\/uploads\/2021\/02\/grosse_szl_klein-400x400.jpeg 400w, https:\/\/www.galerie-pfundt.de\/wp-content\/uploads\/2021\/02\/grosse_szl_klein-220x220.jpeg 220w, https:\/\/www.galerie-pfundt.de\/wp-content\/uploads\/2021\/02\/grosse_szl_klein-36x36.jpeg 36w, https:\/\/www.galerie-pfundt.de\/wp-content\/uploads\/2021\/02\/grosse_szl_klein-180x180.jpeg 180w, https:\/\/www.galerie-pfundt.de\/wp-content\/uploads\/2021\/02\/grosse_szl_klein-300x300.jpeg 300w\" sizes=\"(max-width: 480px) 100vw, 480px\" \/><\/a><\/div><\/div><\/div><\/div><div class=\"flex_column av_one_fifth  flex_column_div av-zero-column-padding   avia-builder-el-18  el_after_av_three_fifth  el_before_av_hr  \" style='border-radius:0px; '><\/div><div  style='height:90px' class='hr hr-invisible   avia-builder-el-19  el_after_av_one_fifth  el_before_av_one_half '><span class='hr-inner ' ><span class='hr-inner-style'><\/span><\/span><\/div>\n<div class=\"flex_column av_one_half  flex_column_div av-zero-column-padding first  avia-builder-el-20  el_after_av_hr  el_before_av_one_half  \" style='border-radius:0px; '><p><div  style='height:45px' class='hr hr-invisible   avia-builder-el-21  el_before_av_image  avia-builder-el-first '><span class='hr-inner ' ><span class='hr-inner-style'><\/span><\/span><\/div><br \/>\n<div  class='avia-image-container  av-styling-    avia-builder-el-22  el_after_av_hr  avia-builder-el-last  avia-align-center '  itemprop=\"image\" itemscope=\"itemscope\" itemtype=\"https:\/\/schema.org\/ImageObject\"  ><div class='avia-image-container-inner'><div class='avia-image-overlay-wrap'><a href='https:\/\/www.galerie-pfundt.de\/aktuell\/kuenstler\/hammans\/jubel\/' class='avia_image'  ><img decoding=\"async\" width=\"400\" height=\"267\" class='wp-image-17106 avia-img-lazy-loading-not-17106 avia_image' src=\"https:\/\/www.galerie-pfundt.de\/wp-content\/uploads\/2021\/02\/Hammans-skulptur_jubel_2008-400x267.jpg\" alt='' title='Hammans-skulptur_jubel_2008'  itemprop=\"thumbnailUrl\" srcset=\"https:\/\/www.galerie-pfundt.de\/wp-content\/uploads\/2021\/02\/Hammans-skulptur_jubel_2008-400x267.jpg 400w, https:\/\/www.galerie-pfundt.de\/wp-content\/uploads\/2021\/02\/Hammans-skulptur_jubel_2008-600x401.jpg 600w, https:\/\/www.galerie-pfundt.de\/wp-content\/uploads\/2021\/02\/Hammans-skulptur_jubel_2008-1030x689.jpg 1030w, https:\/\/www.galerie-pfundt.de\/wp-content\/uploads\/2021\/02\/Hammans-skulptur_jubel_2008-768x513.jpg 768w, https:\/\/www.galerie-pfundt.de\/wp-content\/uploads\/2021\/02\/Hammans-skulptur_jubel_2008-1536x1027.jpg 1536w, https:\/\/www.galerie-pfundt.de\/wp-content\/uploads\/2021\/02\/Hammans-skulptur_jubel_2008-1500x1003.jpg 1500w, https:\/\/www.galerie-pfundt.de\/wp-content\/uploads\/2021\/02\/Hammans-skulptur_jubel_2008-705x471.jpg 705w, https:\/\/www.galerie-pfundt.de\/wp-content\/uploads\/2021\/02\/Hammans-skulptur_jubel_2008.jpg 2048w\" sizes=\"(max-width: 400px) 100vw, 400px\" \/><\/a><\/div><\/div><\/div><\/p><\/div><div class=\"flex_column av_one_half  flex_column_div av-zero-column-padding   avia-builder-el-23  el_after_av_one_half  el_before_av_hr  \" style='border-radius:0px; '><p><div  style='height:45px' class='hr hr-invisible   avia-builder-el-24  el_before_av_image  avia-builder-el-first '><span class='hr-inner ' ><span class='hr-inner-style'><\/span><\/span><\/div><br \/>\n<div  class='avia-image-container  av-styling-    avia-builder-el-25  el_after_av_hr  avia-builder-el-last  avia-align-center '  itemprop=\"image\" itemscope=\"itemscope\" itemtype=\"https:\/\/schema.org\/ImageObject\"  ><div class='avia-image-container-inner'><div class='avia-image-overlay-wrap'><a href='https:\/\/www.galerie-pfundt.de\/aktuell\/kuenstler\/hammans\/lebenslust\/' class='avia_image'  ><img decoding=\"async\" width=\"400\" height=\"267\" class='wp-image-17064 avia-img-lazy-loading-not-17064 avia_image' src=\"https:\/\/www.galerie-pfundt.de\/wp-content\/uploads\/2021\/02\/lebenslust_skulptur_2005-400x267.jpg\" alt='' title='Hammans-lebenslust_skulptur_2005'  itemprop=\"thumbnailUrl\" srcset=\"https:\/\/www.galerie-pfundt.de\/wp-content\/uploads\/2021\/02\/lebenslust_skulptur_2005-400x267.jpg 400w, https:\/\/www.galerie-pfundt.de\/wp-content\/uploads\/2021\/02\/lebenslust_skulptur_2005-600x401.jpg 600w, https:\/\/www.galerie-pfundt.de\/wp-content\/uploads\/2021\/02\/lebenslust_skulptur_2005-1030x689.jpg 1030w, https:\/\/www.galerie-pfundt.de\/wp-content\/uploads\/2021\/02\/lebenslust_skulptur_2005-768x513.jpg 768w, https:\/\/www.galerie-pfundt.de\/wp-content\/uploads\/2021\/02\/lebenslust_skulptur_2005-1536x1027.jpg 1536w, https:\/\/www.galerie-pfundt.de\/wp-content\/uploads\/2021\/02\/lebenslust_skulptur_2005-1500x1003.jpg 1500w, https:\/\/www.galerie-pfundt.de\/wp-content\/uploads\/2021\/02\/lebenslust_skulptur_2005-705x471.jpg 705w, https:\/\/www.galerie-pfundt.de\/wp-content\/uploads\/2021\/02\/lebenslust_skulptur_2005.jpg 2048w\" sizes=\"(max-width: 400px) 100vw, 400px\" \/><\/a><\/div><\/div><\/div><\/p><\/div><div  style='height:90px' class='hr hr-invisible   avia-builder-el-26  el_after_av_one_half  el_before_av_image '><span class='hr-inner ' ><span class='hr-inner-style'><\/span><\/span><\/div>\n<div  class='avia-image-container  av-styling-    avia-builder-el-27  el_after_av_hr  el_before_av_hr  avia-align-center '  itemprop=\"image\" itemscope=\"itemscope\" itemtype=\"https:\/\/schema.org\/ImageObject\"  ><div class='avia-image-container-inner'><div class='avia-image-overlay-wrap'><img decoding=\"async\" class='wp-image-17058 avia-img-lazy-loading-not-17058 avia_image' src=\"https:\/\/www.galerie-pfundt.de\/wp-content\/uploads\/2021\/02\/07_gleichgewicht.jpeg\" alt='' title='Hammans-_gleichgewicht' height=\"448\" width=\"640\"  itemprop=\"thumbnailUrl\" srcset=\"https:\/\/www.galerie-pfundt.de\/wp-content\/uploads\/2021\/02\/07_gleichgewicht.jpeg 640w, https:\/\/www.galerie-pfundt.de\/wp-content\/uploads\/2021\/02\/07_gleichgewicht-600x420.jpeg 600w, https:\/\/www.galerie-pfundt.de\/wp-content\/uploads\/2021\/02\/07_gleichgewicht-400x280.jpeg 400w\" sizes=\"(max-width: 640px) 100vw, 640px\" \/><\/div><\/div><\/div>\n<div  style='height:90px' class='hr hr-invisible   avia-builder-el-28  el_after_av_image  el_before_av_two_fifth '><span class='hr-inner ' ><span class='hr-inner-style'><\/span><\/span><\/div>\n<div class=\"flex_column av_two_fifth  flex_column_div av-zero-column-padding first  avia-builder-el-29  el_after_av_hr  el_before_av_two_fifth  \" style='border-radius:0px; '><div  class='avia-image-container  av-styling-    avia-builder-el-30  avia-builder-el-no-sibling  avia-align-center '  itemprop=\"image\" itemscope=\"itemscope\" itemtype=\"https:\/\/schema.org\/ImageObject\"  ><div class='avia-image-container-inner'><div class='avia-image-overlay-wrap'><a href='https:\/\/www.galerie-pfundt.de\/aktuell\/kuenstler\/hammans\/rueckgrat\/' class='avia_image'  ><img decoding=\"async\" width=\"265\" height=\"400\" class='wp-image-17065 avia-img-lazy-loading-not-17065 avia_image' src=\"https:\/\/www.galerie-pfundt.de\/wp-content\/uploads\/2021\/02\/skulptur_-Rueckgrat_2008-265x400.jpg\" alt='' title='Hammans-Rueckgrat_2008'  itemprop=\"thumbnailUrl\" srcset=\"https:\/\/www.galerie-pfundt.de\/wp-content\/uploads\/2021\/02\/skulptur_-Rueckgrat_2008-265x400.jpg 265w, https:\/\/www.galerie-pfundt.de\/wp-content\/uploads\/2021\/02\/skulptur_-Rueckgrat_2008-600x904.jpg 600w, https:\/\/www.galerie-pfundt.de\/wp-content\/uploads\/2021\/02\/skulptur_-Rueckgrat_2008-683x1030.jpg 683w, https:\/\/www.galerie-pfundt.de\/wp-content\/uploads\/2021\/02\/skulptur_-Rueckgrat_2008-768x1157.jpg 768w, https:\/\/www.galerie-pfundt.de\/wp-content\/uploads\/2021\/02\/skulptur_-Rueckgrat_2008-1019x1536.jpg 1019w, https:\/\/www.galerie-pfundt.de\/wp-content\/uploads\/2021\/02\/skulptur_-Rueckgrat_2008-995x1500.jpg 995w, https:\/\/www.galerie-pfundt.de\/wp-content\/uploads\/2021\/02\/skulptur_-Rueckgrat_2008-468x705.jpg 468w, https:\/\/www.galerie-pfundt.de\/wp-content\/uploads\/2021\/02\/skulptur_-Rueckgrat_2008.jpg 1359w\" sizes=\"(max-width: 265px) 100vw, 265px\" \/><\/a><\/div><\/div><\/div><\/div><div class=\"flex_column av_two_fifth  flex_column_div av-zero-column-padding   avia-builder-el-31  el_after_av_two_fifth  el_before_av_hr  \" style='border-radius:0px; '><div  class='avia-image-container  av-styling-    avia-builder-el-32  avia-builder-el-no-sibling  avia-align-center '  itemprop=\"image\" itemscope=\"itemscope\" itemtype=\"https:\/\/schema.org\/ImageObject\"  ><div class='avia-image-container-inner'><div class='avia-image-overlay-wrap'><a href='https:\/\/www.galerie-pfundt.de\/aktuell\/kuenstler\/hammans\/stolz\/' class='avia_image'  ><img decoding=\"async\" width=\"265\" height=\"400\" class='wp-image-17062 avia-img-lazy-loading-not-17062 avia_image' src=\"https:\/\/www.galerie-pfundt.de\/wp-content\/uploads\/2021\/02\/skulptur_stolz_2006-265x400.jpg\" alt='' title='Hammans-_stolz_2006'  itemprop=\"thumbnailUrl\" srcset=\"https:\/\/www.galerie-pfundt.de\/wp-content\/uploads\/2021\/02\/skulptur_stolz_2006-265x400.jpg 265w, https:\/\/www.galerie-pfundt.de\/wp-content\/uploads\/2021\/02\/skulptur_stolz_2006-600x905.jpg 600w, https:\/\/www.galerie-pfundt.de\/wp-content\/uploads\/2021\/02\/skulptur_stolz_2006-683x1030.jpg 683w, https:\/\/www.galerie-pfundt.de\/wp-content\/uploads\/2021\/02\/skulptur_stolz_2006-768x1158.jpg 768w, https:\/\/www.galerie-pfundt.de\/wp-content\/uploads\/2021\/02\/skulptur_stolz_2006-468x705.jpg 468w, https:\/\/www.galerie-pfundt.de\/wp-content\/uploads\/2021\/02\/skulptur_stolz_2006.jpg 800w\" sizes=\"(max-width: 265px) 100vw, 265px\" \/><\/a><\/div><\/div><\/div><\/div><div  style='height:90px' class='hr hr-invisible   avia-builder-el-33  el_after_av_two_fifth  el_before_av_one_fifth '><span class='hr-inner ' ><span class='hr-inner-style'><\/span><\/span><\/div>\n<div class=\"flex_column av_one_fifth  flex_column_div av-zero-column-padding first  avia-builder-el-34  el_after_av_hr  el_before_av_three_fifth  \" style='border-radius:0px; '><\/div><div class=\"flex_column av_three_fifth  flex_column_div av-zero-column-padding   avia-builder-el-35  el_after_av_one_fifth  el_before_av_hr  \" style='border-radius:0px; '><div  class='avia-image-container  av-styling-    avia-builder-el-36  avia-builder-el-no-sibling  avia-align-center '  itemprop=\"image\" itemscope=\"itemscope\" itemtype=\"https:\/\/schema.org\/ImageObject\"  ><div class='avia-image-container-inner'><div class='avia-image-overlay-wrap'><a href='https:\/\/www.galerie-pfundt.de\/aktuell\/kuenstler\/hammans\/kleine-welle\/' class='avia_image'  ><img decoding=\"async\" width=\"1280\" height=\"960\" class='wp-image-19813 avia-img-lazy-loading-not-19813 avia_image' src=\"https:\/\/www.galerie-pfundt.de\/wp-content\/uploads\/2021\/10\/Hammans-_kleine_Welle-Kopie-2.jpg\" alt='' title='Hammans, _kleine_Welle Kopie 2'  itemprop=\"thumbnailUrl\" srcset=\"https:\/\/www.galerie-pfundt.de\/wp-content\/uploads\/2021\/10\/Hammans-_kleine_Welle-Kopie-2.jpg 1280w, https:\/\/www.galerie-pfundt.de\/wp-content\/uploads\/2021\/10\/Hammans-_kleine_Welle-Kopie-2-600x450.jpg 600w, https:\/\/www.galerie-pfundt.de\/wp-content\/uploads\/2021\/10\/Hammans-_kleine_Welle-Kopie-2-400x300.jpg 400w, https:\/\/www.galerie-pfundt.de\/wp-content\/uploads\/2021\/10\/Hammans-_kleine_Welle-Kopie-2-1030x773.jpg 1030w, https:\/\/www.galerie-pfundt.de\/wp-content\/uploads\/2021\/10\/Hammans-_kleine_Welle-Kopie-2-768x576.jpg 768w, https:\/\/www.galerie-pfundt.de\/wp-content\/uploads\/2021\/10\/Hammans-_kleine_Welle-Kopie-2-705x529.jpg 705w\" sizes=\"(max-width: 1280px) 100vw, 1280px\" \/><\/a><\/div><\/div><\/div><\/div><div  style='height:90px' class='hr hr-invisible   avia-builder-el-37  el_after_av_three_fifth  el_before_av_three_fifth '><span class='hr-inner ' ><span class='hr-inner-style'><\/span><\/span><\/div>\n<div class=\"flex_column av_three_fifth  flex_column_div av-zero-column-padding first  avia-builder-el-38  el_after_av_hr  el_before_av_hr  \" style='border-radius:0px; '><div  class='avia-image-container  av-styling- av-hover-grow   avia-builder-el-39  avia-builder-el-no-sibling  avia-align-center '  itemprop=\"image\" itemscope=\"itemscope\" itemtype=\"https:\/\/schema.org\/ImageObject\"  ><div class='avia-image-container-inner'><div class='avia-image-overlay-wrap'><a href='https:\/\/www.galerie-pfundt.de\/aktuell\/kuenstler\/hammans\/grosse-stelen\/' class='avia_image'  ><img decoding=\"async\" width=\"427\" height=\"640\" class='wp-image-17048 avia-img-lazy-loading-not-17048 avia_image' src=\"https:\/\/www.galerie-pfundt.de\/wp-content\/uploads\/2021\/02\/\u00a9_Fotografie_Gabriel_Bu\u0308chelmeier_MG_8894-Kopie.jpeg\" alt='' title='Hammans-Bu\u0308chelmeier_MG_8894 Kopie'  itemprop=\"thumbnailUrl\" srcset=\"https:\/\/www.galerie-pfundt.de\/wp-content\/uploads\/2021\/02\/\u00a9_Fotografie_Gabriel_Bu\u0308chelmeier_MG_8894-Kopie.jpeg 427w, https:\/\/www.galerie-pfundt.de\/wp-content\/uploads\/2021\/02\/\u00a9_Fotografie_Gabriel_Bu\u0308chelmeier_MG_8894-Kopie-267x400.jpeg 267w\" sizes=\"(max-width: 427px) 100vw, 427px\" \/><\/a><\/div><\/div><\/div><\/div><div  style='height:50px' class='hr hr-invisible   avia-builder-el-40  el_after_av_three_fifth  el_before_av_one_full '><span class='hr-inner ' ><span class='hr-inner-style'><\/span><\/span><\/div>\n<div class=\"flex_column av_one_full  flex_column_div av-zero-column-padding first  avia-builder-el-41  el_after_av_hr  el_before_av_hr  \" style='border-radius:0px; '><div  class='avia-image-container  av-styling- av-hover-grow   avia-builder-el-42  avia-builder-el-no-sibling  avia-align-center '  itemprop=\"image\" itemscope=\"itemscope\" itemtype=\"https:\/\/schema.org\/ImageObject\"  ><div class='avia-image-container-inner'><div class='avia-image-overlay-wrap'><a href='https:\/\/www.galerie-pfundt.de\/aktuell\/kuenstler\/hammans\/leichtigkeit-des-seins\/' class='avia_image'  ><img decoding=\"async\" width=\"640\" height=\"427\" class='wp-image-17046 avia-img-lazy-loading-not-17046 avia_image' src=\"https:\/\/www.galerie-pfundt.de\/wp-content\/uploads\/2021\/02\/15_buechelmeier_8864-Kopie.jpeg\" alt='' title='Hammans-15_buechelmeier_8864 Kopie'  itemprop=\"thumbnailUrl\" srcset=\"https:\/\/www.galerie-pfundt.de\/wp-content\/uploads\/2021\/02\/15_buechelmeier_8864-Kopie.jpeg 640w, https:\/\/www.galerie-pfundt.de\/wp-content\/uploads\/2021\/02\/15_buechelmeier_8864-Kopie-600x400.jpeg 600w, https:\/\/www.galerie-pfundt.de\/wp-content\/uploads\/2021\/02\/15_buechelmeier_8864-Kopie-400x267.jpeg 400w\" sizes=\"(max-width: 640px) 100vw, 640px\" \/><\/a><\/div><\/div><\/div><\/div><div  style='height:50px' class='hr hr-invisible   avia-builder-el-43  el_after_av_one_full  el_before_av_one_half '><span class='hr-inner ' ><span class='hr-inner-style'><\/span><\/span><\/div>\n<div class=\"flex_column av_one_half  flex_column_div av-zero-column-padding first  avia-builder-el-44  el_after_av_hr  el_before_av_one_half  \" style='border-radius:0px; '><div  class='avia-image-container  av-styling- av-hover-grow   avia-builder-el-45  avia-builder-el-no-sibling  avia-align-center '  itemprop=\"image\" itemscope=\"itemscope\" itemtype=\"https:\/\/schema.org\/ImageObject\"  ><div class='avia-image-container-inner'><div class='avia-image-overlay-wrap'><a href='https:\/\/www.galerie-pfundt.de\/aktuell\/kuenstler\/hammans\/leichtigkeit-des-seins\/' class='avia_image'  ><img decoding=\"async\" width=\"424\" height=\"640\" class='wp-image-18282 avia-img-lazy-loading-not-18282 avia_image' src=\"https:\/\/www.galerie-pfundt.de\/wp-content\/uploads\/2021\/05\/Hammans-Die-Leichtigkeit-.jpg\" alt='' title='Hammans - Die Leichtigkeit'  itemprop=\"thumbnailUrl\" srcset=\"https:\/\/www.galerie-pfundt.de\/wp-content\/uploads\/2021\/05\/Hammans-Die-Leichtigkeit-.jpg 424w, https:\/\/www.galerie-pfundt.de\/wp-content\/uploads\/2021\/05\/Hammans-Die-Leichtigkeit--265x400.jpg 265w\" sizes=\"(max-width: 424px) 100vw, 424px\" \/><\/a><\/div><\/div><\/div><\/div><div class=\"flex_column av_one_half  flex_column_div av-zero-column-padding   avia-builder-el-46  el_after_av_one_half  el_before_av_hr  \" style='border-radius:0px; '><div  class='avia-image-container  av-styling- av-hover-grow   avia-builder-el-47  avia-builder-el-no-sibling  avia-align-center '  itemprop=\"image\" itemscope=\"itemscope\" itemtype=\"https:\/\/schema.org\/ImageObject\"  ><div class='avia-image-container-inner'><div class='avia-image-overlay-wrap'><a href='https:\/\/www.galerie-pfundt.de\/aktuell\/kuenstler\/hammans\/leichtigkeit-des-seins\/' class='avia_image'  ><img decoding=\"async\" width=\"424\" height=\"640\" class='wp-image-18284 avia-img-lazy-loading-not-18284 avia_image' src=\"https:\/\/www.galerie-pfundt.de\/wp-content\/uploads\/2021\/05\/Hammans-Die-Leichtigkeit-2.jpg\" alt='' title='Hammans - Die Leichtigkeit 2'  itemprop=\"thumbnailUrl\" srcset=\"https:\/\/www.galerie-pfundt.de\/wp-content\/uploads\/2021\/05\/Hammans-Die-Leichtigkeit-2.jpg 424w, https:\/\/www.galerie-pfundt.de\/wp-content\/uploads\/2021\/05\/Hammans-Die-Leichtigkeit-2-265x400.jpg 265w\" sizes=\"(max-width: 424px) 100vw, 424px\" \/><\/a><\/div><\/div><\/div><\/div><div  style='height:50px' class='hr hr-invisible   avia-builder-el-48  el_after_av_one_half  el_before_av_three_fourth '><span class='hr-inner ' ><span class='hr-inner-style'><\/span><\/span><\/div>\n<div class=\"flex_column av_three_fourth  flex_column_div av-zero-column-padding first  avia-builder-el-49  el_after_av_hr  el_before_av_hr  \" style='border-radius:0px; '><div  class='avia-image-container  av-styling-    avia-builder-el-50  avia-builder-el-no-sibling  avia-align-center '  itemprop=\"image\" itemscope=\"itemscope\" itemtype=\"https:\/\/schema.org\/ImageObject\"  ><div class='avia-image-container-inner'><div class='avia-image-overlay-wrap'><a href='https:\/\/www.galerie-pfundt.de\/aktuell\/kuenstler\/hammans\/trinitas\/' class='avia_image'  ><img decoding=\"async\" width=\"1280\" height=\"853\" class='wp-image-19814 avia-img-lazy-loading-not-19814 avia_image' src=\"https:\/\/www.galerie-pfundt.de\/wp-content\/uploads\/2021\/10\/Hammans-Trintas.jpg\" alt='' title='Hammans, Trintas'  itemprop=\"thumbnailUrl\" srcset=\"https:\/\/www.galerie-pfundt.de\/wp-content\/uploads\/2021\/10\/Hammans-Trintas.jpg 1280w, https:\/\/www.galerie-pfundt.de\/wp-content\/uploads\/2021\/10\/Hammans-Trintas-600x400.jpg 600w, https:\/\/www.galerie-pfundt.de\/wp-content\/uploads\/2021\/10\/Hammans-Trintas-400x267.jpg 400w, https:\/\/www.galerie-pfundt.de\/wp-content\/uploads\/2021\/10\/Hammans-Trintas-1030x686.jpg 1030w, https:\/\/www.galerie-pfundt.de\/wp-content\/uploads\/2021\/10\/Hammans-Trintas-768x512.jpg 768w, https:\/\/www.galerie-pfundt.de\/wp-content\/uploads\/2021\/10\/Hammans-Trintas-705x470.jpg 705w\" sizes=\"(max-width: 1280px) 100vw, 1280px\" \/><\/a><\/div><\/div><\/div><\/div><div  style='height:50px' class='hr hr-invisible   avia-builder-el-51  el_after_av_three_fourth  el_before_av_one_half '><span class='hr-inner ' ><span class='hr-inner-style'><\/span><\/span><\/div>\n<div class=\"flex_column av_one_half  flex_column_div av-zero-column-padding first  avia-builder-el-52  el_after_av_hr  el_before_av_one_third  \" style='border-radius:0px; '><div  class='avia-image-container  av-styling-    avia-builder-el-53  avia-builder-el-no-sibling  avia-align-center '  itemprop=\"image\" itemscope=\"itemscope\" itemtype=\"https:\/\/schema.org\/ImageObject\"  ><div class='avia-image-container-inner'><div class='avia-image-overlay-wrap'><a href='https:\/\/www.galerie-pfundt.de\/aktuell\/kuenstler\/hammans\/schwung\/' class='avia_image'  ><img decoding=\"async\" width=\"1280\" height=\"853\" class='wp-image-19817 avia-img-lazy-loading-not-19817 avia_image' src=\"https:\/\/www.galerie-pfundt.de\/wp-content\/uploads\/2021\/10\/Hammans-Schwung_3-Kopie.jpeg\" alt='' title='Hammans, Schwung_3 Kopie'  itemprop=\"thumbnailUrl\" srcset=\"https:\/\/www.galerie-pfundt.de\/wp-content\/uploads\/2021\/10\/Hammans-Schwung_3-Kopie.jpeg 1280w, https:\/\/www.galerie-pfundt.de\/wp-content\/uploads\/2021\/10\/Hammans-Schwung_3-Kopie-600x400.jpeg 600w, https:\/\/www.galerie-pfundt.de\/wp-content\/uploads\/2021\/10\/Hammans-Schwung_3-Kopie-400x267.jpeg 400w, https:\/\/www.galerie-pfundt.de\/wp-content\/uploads\/2021\/10\/Hammans-Schwung_3-Kopie-1030x686.jpeg 1030w, https:\/\/www.galerie-pfundt.de\/wp-content\/uploads\/2021\/10\/Hammans-Schwung_3-Kopie-768x512.jpeg 768w, https:\/\/www.galerie-pfundt.de\/wp-content\/uploads\/2021\/10\/Hammans-Schwung_3-Kopie-705x470.jpeg 705w\" sizes=\"(max-width: 1280px) 100vw, 1280px\" \/><\/a><\/div><\/div><\/div><\/div><div class=\"flex_column av_one_third  flex_column_div av-zero-column-padding   avia-builder-el-54  el_after_av_one_half  el_before_av_hr  \" style='border-radius:0px; '><div  class='avia-image-container  av-styling-    avia-builder-el-55  avia-builder-el-no-sibling  avia-align-center '  itemprop=\"image\" itemscope=\"itemscope\" itemtype=\"https:\/\/schema.org\/ImageObject\"  ><div class='avia-image-container-inner'><div class='avia-image-overlay-wrap'><a href='https:\/\/www.galerie-pfundt.de\/aktuell\/kuenstler\/hammans\/pinguine\/' class='avia_image'  ><img decoding=\"async\" class='wp-image-0 avia-img-lazy-loading-not-0 avia_image' src=\"https:\/\/www.galerie-pfundt.de\/wp-content\/uploads\/2021\/04\/Hamanns-Pinguine.jpg\" alt='' title=''  itemprop=\"thumbnailUrl\"  \/><\/a><\/div><\/div><\/div><\/div><div  style='height:90px' class='hr hr-invisible   avia-builder-el-56  el_after_av_one_third  el_before_av_one_fourth '><span class='hr-inner ' ><span class='hr-inner-style'><\/span><\/span><\/div>\n<div class=\"flex_column av_one_fourth  flex_column_div av-zero-column-padding first  avia-builder-el-57  el_after_av_hr  avia-builder-el-last  \" style='border-radius:0px; '><p><section class=\"av_textblock_section \"  itemscope=\"itemscope\" itemtype=\"https:\/\/schema.org\/CreativeWork\" ><div class='avia_textblock  '   itemprop=\"text\" ><p><span style=\"color: #808080;\"><strong>Bitte informieren Sie mich k\u00fcnftig per E-Mail \u00fcber Neuigkeiten.<\/strong><\/span><\/p>\n<\/div><\/section><br \/>\n<form action=\"https:\/\/www.galerie-pfundt.de\/aktuell\/kuenstler\/hammans\/\" method=\"post\"  data-av-custom-send='mailchimp_send' class=\"avia_ajax_form av-form-labels-hidden   avia-builder-el-59  el_after_av_textblock  avia-builder-el-last  av-custom-form-color av-dark-form avia-mailchimp-form \" data-avia-form-id=\"1\" data-avia-redirect='' ><fieldset><p class='  first_form  form_element form_fullwidth' id='element_avia_0_1'><label for=\"avia_0_1\">E-Mail-Addresse <abbr class=\"required\" title=\"ben\u00f6tigt\">*<\/abbr><\/label> <input name=\"avia_0_1\" class=\"text_input is_email\" type=\"text\" id=\"avia_0_1\" value=\"\"  placeholder='E-Mail-Addresse*'\/><\/p><p class='  first_form  form_element form_fullwidth' id='element_avia_2_1'><label for=\"avia_2_1\">Name<\/label> <input name=\"avia_2_1\" class=\"text_input \" type=\"text\" id=\"avia_2_1\" value=\"\"  placeholder='Name'\/><\/p><p class=\"form_element  first_form  form_element form_fullwidth av-last-visible-form-element modified_width\"><input type=\"hidden\" value=\"1\" name=\"avia_generated_form1\" \/><input type=\"submit\" value=\"Abonnieren\" class=\"button\"  data-sending-label=\"Sende\"\/><\/p><p class=\"hidden\"><input type=\"text\" name=\"avia_avia_username_1\" class=\"hidden \" id=\"avia_avia_username_1\" value=\"\" \/><\/p><\/fieldset><\/form><div id=\"ajaxresponse_1\" class=\"ajaxresponse ajaxresponse_1 hidden\"><\/div><\/p><\/div>\n","protected":false},"excerpt":{"rendered":"","protected":false},"author":2,"featured_media":0,"parent":14,"menu_order":0,"comment_status":"closed","ping_status":"closed","template":"","meta":{"footnotes":""},"class_list":["post-16606","page","type-page","status-publish","hentry"],"_links":{"self":[{"href":"https:\/\/www.galerie-pfundt.de\/aktuell\/wp-json\/wp\/v2\/pages\/16606","targetHints":{"allow":["GET"]}}],"collection":[{"href":"https:\/\/www.galerie-pfundt.de\/aktuell\/wp-json\/wp\/v2\/pages"}],"about":[{"href":"https:\/\/www.galerie-pfundt.de\/aktuell\/wp-json\/wp\/v2\/types\/page"}],"author":[{"embeddable":true,"href":"https:\/\/www.galerie-pfundt.de\/aktuell\/wp-json\/wp\/v2\/users\/2"}],"replies":[{"embeddable":true,"href":"https:\/\/www.galerie-pfundt.de\/aktuell\/wp-json\/wp\/v2\/comments?post=16606"}],"version-history":[{"count":0,"href":"https:\/\/www.galerie-pfundt.de\/aktuell\/wp-json\/wp\/v2\/pages\/16606\/revisions"}],"up":[{"embeddable":true,"href":"https:\/\/www.galerie-pfundt.de\/aktuell\/wp-json\/wp\/v2\/pages\/14"}],"wp:attachment":[{"href":"https:\/\/www.galerie-pfundt.de\/aktuell\/wp-json\/wp\/v2\/media?parent=16606"}],"curies":[{"name":"wp","href":"https:\/\/api.w.org\/{rel}","templated":true}]}}