{"id":2335,"date":"2018-03-29T16:51:29","date_gmt":"2018-03-29T14:51:29","guid":{"rendered":"https:\/\/www.galerie-pfundt.de\/kuenstler\/heiliger-2\/"},"modified":"2022-07-17T10:35:26","modified_gmt":"2022-07-17T08:35:26","slug":"martin","status":"publish","type":"page","link":"https:\/\/www.galerie-pfundt.de\/aktuell\/kuenstler\/martin\/","title":{"rendered":"Nicolas Martin"},"content":{"rendered":"<div class=\"flex_column av_one_fourth  flex_column_div av-zero-column-padding first  avia-builder-el-0  el_before_av_three_fourth  avia-builder-el-first  \" style='border-radius:0px; '><p><div  class='avia-image-container  av-styling-    avia-builder-el-1  el_before_av_textblock  avia-builder-el-first  avia-align-center '  itemprop=\"image\" itemscope=\"itemscope\" itemtype=\"https:\/\/schema.org\/ImageObject\"  ><div class='avia-image-container-inner'><div class='avia-image-overlay-wrap'><img decoding=\"async\" class='wp-image-2339 avia-img-lazy-loading-not-2339 avia_image' src=\"https:\/\/www.galerie-pfundt.de\/wp-content\/uploads\/2018\/03\/Portr\u00e4t-Marrtin-220x220.png\" alt='' title='Portr\u00e4t-Martin' height=\"220\" width=\"220\"  itemprop=\"thumbnailUrl\" srcset=\"https:\/\/www.galerie-pfundt.de\/wp-content\/uploads\/2018\/03\/Portr\u00e4t-Marrtin-220x220.png 220w, https:\/\/www.galerie-pfundt.de\/wp-content\/uploads\/2018\/03\/Portr\u00e4t-Marrtin-100x100.png 100w, https:\/\/www.galerie-pfundt.de\/wp-content\/uploads\/2018\/03\/Portr\u00e4t-Marrtin-200x200.png 200w, https:\/\/www.galerie-pfundt.de\/wp-content\/uploads\/2018\/03\/Portr\u00e4t-Marrtin-36x36.png 36w, https:\/\/www.galerie-pfundt.de\/wp-content\/uploads\/2018\/03\/Portr\u00e4t-Marrtin-180x180.png 180w, https:\/\/www.galerie-pfundt.de\/wp-content\/uploads\/2018\/03\/Portr\u00e4t-Marrtin-300x300.png 300w, https:\/\/www.galerie-pfundt.de\/wp-content\/uploads\/2018\/03\/Portr\u00e4t-Marrtin-450x450.png 450w, https:\/\/www.galerie-pfundt.de\/wp-content\/uploads\/2018\/03\/Portr\u00e4t-Marrtin.png 472w\" sizes=\"(max-width: 220px) 100vw, 220px\" \/><\/div><\/div><\/div><br \/>\n<section class=\"av_textblock_section \"  itemscope=\"itemscope\" itemtype=\"https:\/\/schema.org\/CreativeWork\" ><div class='avia_textblock  '   itemprop=\"text\" ><h6><span style=\"color: #ffffff;\">.<\/span><\/h6>\n<h3 style=\"text-align: center;\">Nicolas Martin<\/h3>\n<\/div><\/section><\/p><\/div>\n<div class=\"flex_column av_three_fourth  flex_column_div av-zero-column-padding   avia-builder-el-3  el_after_av_one_fourth  el_before_av_section  avia-builder-el-last  \" style='border-radius:0px; '><div  class=\"tabcontainer   top_tab   avia-builder-el-4  avia-builder-el-no-sibling \" role=\"tablist\">\n\n<section class=\"av_tab_section\"  itemscope=\"itemscope\" itemtype=\"https:\/\/schema.org\/CreativeWork\" ><div aria-controls=\"tab-id-1-content\" role=\"tab\" tabindex=\"0\" data-fake-id=\"#tab-id-1\" class=\"tab active_tab\"  itemprop=\"headline\" >Vita<\/div>\n<div id=\"tab-id-1-content\" class=\"tab_content active_tab_content\" aria-hidden=\"false\">\n<div class=\"tab_inner_content invers-color\"  itemprop=\"text\" >\n<p>1980 \u00a0 \u00a0 \u00a0 \u00a0 \u00a0 \u00a0 \u00a0 geboren in\u00a0Paris<\/p>\n<p>Studium in Paris an der renommierten Hochschule &#8218;Auguste Renoir&#8216;<\/p>\n<p>Graphik Design Studium an der Universit\u00e4t Laval in Quebec, Kanada<\/p>\n<p>2003 gewann Nicolas Martin den 1. Preis , ein Stipendium der \u201cLa Fondation de la Vocation&#8220;, Paris<\/p>\n<p>2013 erste Einzelausstellung in Paris in der Galerie &#8218;L\u2019Oeil du Prince&#8216;<\/p>\n<p>2015 erste Einzelausstellung in den USA (Abend Gallery in Denver)<\/p>\n<p>Finalist beim angesehenen ARC Salon<\/p>\n<p>Das prim\u00e4re Ziel von Monsieur Martin: st\u00e4ndige Weiterentwicklung<\/p>\n<p>heute lebt und arbeitet der K\u00fcnstler in Quebec<\/p>\n\n<\/div>\n<\/div>\n<\/section>\n\n<section class=\"av_tab_section\"  itemscope=\"itemscope\" itemtype=\"https:\/\/schema.org\/CreativeWork\" ><div aria-controls=\"tab-id-2-content\" role=\"tab\" tabindex=\"0\" data-fake-id=\"#tab-id-2\" class=\"tab \"  itemprop=\"headline\" >Ausstellungen (Auswahl der letzten Jahre)<\/div>\n<div id=\"tab-id-2-content\" class=\"tab_content \" aria-hidden=\"true\">\n<div class=\"tab_inner_content invers-color\"  itemprop=\"text\" >\n<p>2022\u00a0 Galerie Pfundt, Berlin;<\/p>\n<p>2021 \u00a0Galerie Pfundt, Berlin; Vanessa Rothe Fine Art, California; Courcelles Art Contemporary Gallery, Paris; Principle Gallery, Charleston;<\/p>\n<p>2020 \u00a0Abend Gallery, Denver; Oxholm Gallery, Kopenhagen; Vanessa Rothe Fine Art, Laguna Beach;<\/p>\n<p>2019 Oxholm Gallery, Kopenhagen; Abend Gallery, Denver\/USA; Salmagundi Club, New York; Dezemberausstellung in der Galerie Pfundt, Berlin<\/p>\n<p>2018 \u00a0 \u00a0Americans in Paris, Arcadia, Kalifornien \u00a0Americans in Paris, L&#8217;Oeil du Prince Gallery, Paris \u00a0L&#8217;Oeil du Prince Gallery, Paris \u00a0Art Karlsruhe mit Galerie Pfundt<\/p>\n<p>2017 \u00a0 \u00a0French Impressions, Vanessa Rothe Fine Art Gallery, Laguna Beach \u00a0Oxholm Gallery, Kopenhagen \u00a0Paris Seminar, Paris \u00a0Luminious, Abend Gallery, Denver \u00a0Realism Without Borders Presented by Vanessa Rothe Fine Art Gallery at Salmagundi Club, New York<\/p>\n<p>2016 \u00a0 \u00a0Contemporary Figuration, Abend Gallery, Denver \u00a0Landscape, Abend Gallery, Denver \u00a0Realism Without Borders, Vanessa Rothe Fine Art Gallery, Laguna Beach \u00a0Jetset Collection Exhibition, Vanessa Rothe Fine Art Gallery, Laguna Beach \u00a0SOLO SHOW Cinemascope, L&#8217;Oeil du Prince Gallery, Paris<\/p>\n<p>2015 \u00a0 \u00a0L&#8217;Oeil du Prince Gallery, Paris (EA) \u00a0Finalist International ARC Salon \u00a0Art Copenhagen mit Oxholm Gallery, Kopenhagen \u00a0Urban Life, Abend Gallery, Denver \u00a025th Annual Holiday Miniatures Show, Abend Gallery, Denver<\/p>\n\n<\/div>\n<\/div>\n<\/section>\n\n<\/div><\/div>\n<\/div><\/div><\/div><!-- close content main div --><\/div><\/div><div id='av_section_1'  class='avia-section main_color avia-section-default avia-no-border-styling  avia-bg-style-scroll  avia-builder-el-5  el_after_av_three_fourth  avia-builder-el-last   container_wrap fullsize' style='background-color: rgba(237,195,137,0.12);  '  ><div class='container' ><div class='template-page content  av-content-full alpha units'><div class='post-entry post-entry-type-page post-entry-2335'><div class='entry-content-wrapper clearfix'>\n<div class=\"flex_column av_four_fifth  flex_column_div av-zero-column-padding first  avia-builder-el-6  el_before_av_hr  avia-builder-el-first  \" style='border-radius:0px; '><section class=\"av_textblock_section \"  itemscope=\"itemscope\" itemtype=\"https:\/\/schema.org\/CreativeWork\" ><div class='avia_textblock  '   itemprop=\"text\" ><p>&#8220; Stille und ruhige Momente darzustellen, ist auch ein Merkmal meiner Arbeit, denn es ist ein Zustand, den ich suche. Ich finde, dass es mit Intimit\u00e4t einhergeht &#8211; es ist, als w\u00fcrde man den Klang eines Raums senken. Wenn ich alle meine Bilder nebeneinander lege, entsteht ein ruhiger und intimer Aspekt, auch wenn das Thema nicht in diese Kategorie fallen soll. &#8220; (Nicolas Martin)<\/p>\n<\/div><\/section><\/div><div  style='height:50px' class='hr hr-invisible   avia-builder-el-8  el_after_av_four_fifth  el_before_av_hr '><span class='hr-inner ' ><span class='hr-inner-style'><\/span><\/span><\/div>\n<div  style='height:50px' class='hr hr-invisible   avia-builder-el-9  el_after_av_hr  el_before_av_hr '><span class='hr-inner ' ><span class='hr-inner-style'><\/span><\/span><\/div>\n<div  style='height:50px' class='hr hr-invisible   avia-builder-el-10  el_after_av_hr  el_before_av_four_fifth '><span class='hr-inner ' ><span class='hr-inner-style'><\/span><\/span><\/div>\n<div class=\"flex_column av_four_fifth  flex_column_div av-zero-column-padding first  avia-builder-el-11  el_after_av_hr  el_before_av_one_fifth  \" style='border-radius:0px; '><div  class='avia-image-container  av-styling-    avia-builder-el-12  avia-builder-el-no-sibling  avia-align-center '  itemprop=\"image\" itemscope=\"itemscope\" itemtype=\"https:\/\/schema.org\/ImageObject\"  ><div class='avia-image-container-inner'><div class='avia-image-overlay-wrap'><a href='https:\/\/www.galerie-pfundt.de\/aktuell\/kuenstler\/martin\/casa\/' class='avia_image'  ><img decoding=\"async\" width=\"1010\" height=\"756\" class='wp-image-21680 avia-img-lazy-loading-not-21680 avia_image' src=\"https:\/\/www.galerie-pfundt.de\/wp-content\/uploads\/2022\/05\/22-Nicolas-Martin-Casa-1.jpg\" alt='' title='22-Nicolas Martin-Casa'  itemprop=\"thumbnailUrl\" srcset=\"https:\/\/www.galerie-pfundt.de\/wp-content\/uploads\/2022\/05\/22-Nicolas-Martin-Casa-1.jpg 1010w, https:\/\/www.galerie-pfundt.de\/wp-content\/uploads\/2022\/05\/22-Nicolas-Martin-Casa-1-600x449.jpg 600w, https:\/\/www.galerie-pfundt.de\/wp-content\/uploads\/2022\/05\/22-Nicolas-Martin-Casa-1-400x299.jpg 400w, https:\/\/www.galerie-pfundt.de\/wp-content\/uploads\/2022\/05\/22-Nicolas-Martin-Casa-1-768x575.jpg 768w, https:\/\/www.galerie-pfundt.de\/wp-content\/uploads\/2022\/05\/22-Nicolas-Martin-Casa-1-705x528.jpg 705w\" sizes=\"(max-width: 1010px) 100vw, 1010px\" \/><\/a><\/div><\/div><\/div><\/div><div class=\"flex_column av_one_fifth  flex_column_div av-zero-column-padding   avia-builder-el-13  el_after_av_four_fifth  el_before_av_hr  \" style='border-radius:0px; '><\/div><div  style='height:50px' class='hr hr-invisible   avia-builder-el-14  el_after_av_one_fifth  el_before_av_three_fifth '><span class='hr-inner ' ><span class='hr-inner-style'><\/span><\/span><\/div>\n<div class=\"flex_column av_three_fifth  flex_column_div av-zero-column-padding first  avia-builder-el-15  el_after_av_hr  el_before_av_hr  \" style='border-radius:0px; '><div  class='avia-image-container  av-styling-    avia-builder-el-16  avia-builder-el-no-sibling  avia-align-center '  itemprop=\"image\" itemscope=\"itemscope\" itemtype=\"https:\/\/schema.org\/ImageObject\"  ><div class='avia-image-container-inner'><div class='avia-image-overlay-wrap'><a href='https:\/\/www.galerie-pfundt.de\/aktuell\/kuenstler\/martin\/the-bathrooms-door\/' class='avia_image'  ><img decoding=\"async\" width=\"567\" height=\"756\" class='wp-image-21671 avia-img-lazy-loading-not-21671 avia_image' src=\"https:\/\/www.galerie-pfundt.de\/wp-content\/uploads\/2022\/05\/14-Nicolas-Martin-The-Bathrooms-Door.jpg\" alt='' title='14-Nicolas Martin-The Bathroom&#039;s Door'  itemprop=\"thumbnailUrl\" srcset=\"https:\/\/www.galerie-pfundt.de\/wp-content\/uploads\/2022\/05\/14-Nicolas-Martin-The-Bathrooms-Door.jpg 567w, https:\/\/www.galerie-pfundt.de\/wp-content\/uploads\/2022\/05\/14-Nicolas-Martin-The-Bathrooms-Door-300x400.jpg 300w, https:\/\/www.galerie-pfundt.de\/wp-content\/uploads\/2022\/05\/14-Nicolas-Martin-The-Bathrooms-Door-529x705.jpg 529w\" sizes=\"(max-width: 567px) 100vw, 567px\" \/><\/a><\/div><\/div><\/div><\/div><div  style='height:50px' class='hr hr-invisible   avia-builder-el-17  el_after_av_three_fifth  el_before_av_three_fifth '><span class='hr-inner ' ><span class='hr-inner-style'><\/span><\/span><\/div>\n<div class=\"flex_column av_three_fifth  flex_column_div av-zero-column-padding first  avia-builder-el-18  el_after_av_hr  el_before_av_hr  \" style='border-radius:0px; '><div  class='avia-image-container  av-styling-    avia-builder-el-19  avia-builder-el-no-sibling  avia-align-center '  itemprop=\"image\" itemscope=\"itemscope\" itemtype=\"https:\/\/schema.org\/ImageObject\"  ><div class='avia-image-container-inner'><div class='avia-image-overlay-wrap'><a href='https:\/\/www.galerie-pfundt.de\/aktuell\/kuenstler\/martin\/hotel_room\/' class='avia_image'  ><img decoding=\"async\" width=\"900\" height=\"1204\" class='wp-image-8636 avia-img-lazy-loading-not-8636 avia_image' src=\"https:\/\/www.galerie-pfundt.de\/wp-content\/uploads\/2019\/12\/Martin-HotelRoomInParis_2019_OaH_304x227.jpeg\" alt='' title='Martin-HotelRoomInParis_2019_OaH_30,4x22,7'  itemprop=\"thumbnailUrl\" srcset=\"https:\/\/www.galerie-pfundt.de\/wp-content\/uploads\/2019\/12\/Martin-HotelRoomInParis_2019_OaH_304x227.jpeg 900w, https:\/\/www.galerie-pfundt.de\/wp-content\/uploads\/2019\/12\/Martin-HotelRoomInParis_2019_OaH_304x227-600x803.jpeg 600w, https:\/\/www.galerie-pfundt.de\/wp-content\/uploads\/2019\/12\/Martin-HotelRoomInParis_2019_OaH_304x227-299x400.jpeg 299w, https:\/\/www.galerie-pfundt.de\/wp-content\/uploads\/2019\/12\/Martin-HotelRoomInParis_2019_OaH_304x227-770x1030.jpeg 770w, https:\/\/www.galerie-pfundt.de\/wp-content\/uploads\/2019\/12\/Martin-HotelRoomInParis_2019_OaH_304x227-768x1027.jpeg 768w, https:\/\/www.galerie-pfundt.de\/wp-content\/uploads\/2019\/12\/Martin-HotelRoomInParis_2019_OaH_304x227-527x705.jpeg 527w\" sizes=\"(max-width: 900px) 100vw, 900px\" \/><\/a><\/div><\/div><\/div><\/div><div  style='height:50px' class='hr hr-invisible   avia-builder-el-20  el_after_av_three_fifth  el_before_av_one_half '><span class='hr-inner ' ><span class='hr-inner-style'><\/span><\/span><\/div>\n<div class=\"flex_column av_one_half  flex_column_div av-zero-column-padding first  avia-builder-el-21  el_after_av_hr  el_before_av_hr  \" style='border-radius:0px; '><div  class='avia-image-container avia_animated_image avia_animate_when_almost_visible fade-in av-styling-    avia-builder-el-22  avia-builder-el-no-sibling  avia-align-center '  itemprop=\"image\" itemscope=\"itemscope\" itemtype=\"https:\/\/schema.org\/ImageObject\"  ><div class='avia-image-container-inner'><div class='avia-image-overlay-wrap'><a href='https:\/\/www.galerie-pfundt.de\/aktuell\/kuenstler\/martin\/lumiere-4\/' class='avia_image'  ><img decoding=\"async\" width=\"908\" height=\"907\" class='wp-image-17774 avia-img-lazy-loading-not-17774 avia_image' src=\"https:\/\/www.galerie-pfundt.de\/wp-content\/uploads\/2021\/04\/Martin-ChambreBaignantDansLaLumiere_21_20x20.jpeg\" alt='' title='Martin-ChambreBaignantDansLaLumiere_21_20x20'  itemprop=\"thumbnailUrl\" srcset=\"https:\/\/www.galerie-pfundt.de\/wp-content\/uploads\/2021\/04\/Martin-ChambreBaignantDansLaLumiere_21_20x20.jpeg 908w, https:\/\/www.galerie-pfundt.de\/wp-content\/uploads\/2021\/04\/Martin-ChambreBaignantDansLaLumiere_21_20x20-600x599.jpeg 600w, https:\/\/www.galerie-pfundt.de\/wp-content\/uploads\/2021\/04\/Martin-ChambreBaignantDansLaLumiere_21_20x20-100x100.jpeg 100w, https:\/\/www.galerie-pfundt.de\/wp-content\/uploads\/2021\/04\/Martin-ChambreBaignantDansLaLumiere_21_20x20-400x400.jpeg 400w, https:\/\/www.galerie-pfundt.de\/wp-content\/uploads\/2021\/04\/Martin-ChambreBaignantDansLaLumiere_21_20x20-220x220.jpeg 220w, https:\/\/www.galerie-pfundt.de\/wp-content\/uploads\/2021\/04\/Martin-ChambreBaignantDansLaLumiere_21_20x20-768x767.jpeg 768w, https:\/\/www.galerie-pfundt.de\/wp-content\/uploads\/2021\/04\/Martin-ChambreBaignantDansLaLumiere_21_20x20-36x36.jpeg 36w, https:\/\/www.galerie-pfundt.de\/wp-content\/uploads\/2021\/04\/Martin-ChambreBaignantDansLaLumiere_21_20x20-180x180.jpeg 180w, https:\/\/www.galerie-pfundt.de\/wp-content\/uploads\/2021\/04\/Martin-ChambreBaignantDansLaLumiere_21_20x20-705x705.jpeg 705w, https:\/\/www.galerie-pfundt.de\/wp-content\/uploads\/2021\/04\/Martin-ChambreBaignantDansLaLumiere_21_20x20-300x300.jpeg 300w\" sizes=\"(max-width: 908px) 100vw, 908px\" \/><\/a><\/div><\/div><\/div><\/div><div  style='height:50px' class='hr hr-invisible   avia-builder-el-23  el_after_av_one_half  el_before_av_three_fifth '><span class='hr-inner ' ><span class='hr-inner-style'><\/span><\/span><\/div>\n<div class=\"flex_column av_three_fifth  flex_column_div av-zero-column-padding first  avia-builder-el-24  el_after_av_hr  el_before_av_hr  \" style='border-radius:0px; '><div  class='avia-image-container  av-styling-    avia-builder-el-25  avia-builder-el-no-sibling  avia-align-center '  itemprop=\"image\" itemscope=\"itemscope\" itemtype=\"https:\/\/schema.org\/ImageObject\"  ><div class='avia-image-container-inner'><div class='avia-image-overlay-wrap'><a href='https:\/\/www.galerie-pfundt.de\/aktuell\/kuenstler\/martin\/canapes\/' class='avia_image'  ><img decoding=\"async\" width=\"1109\" height=\"831\" class='wp-image-10820 avia-img-lazy-loading-not-10820 avia_image' src=\"https:\/\/www.galerie-pfundt.de\/wp-content\/uploads\/2020\/03\/Martin-LesCanap\u00e9s_2019_OaH__96.jpg\" alt='' title='Martin-LesCanap\u00e9s_2019_OaH__96'  itemprop=\"thumbnailUrl\" srcset=\"https:\/\/www.galerie-pfundt.de\/wp-content\/uploads\/2020\/03\/Martin-LesCanap\u00e9s_2019_OaH__96.jpg 1109w, https:\/\/www.galerie-pfundt.de\/wp-content\/uploads\/2020\/03\/Martin-LesCanap\u00e9s_2019_OaH__96-600x450.jpg 600w, https:\/\/www.galerie-pfundt.de\/wp-content\/uploads\/2020\/03\/Martin-LesCanap\u00e9s_2019_OaH__96-400x300.jpg 400w, https:\/\/www.galerie-pfundt.de\/wp-content\/uploads\/2020\/03\/Martin-LesCanap\u00e9s_2019_OaH__96-768x575.jpg 768w, https:\/\/www.galerie-pfundt.de\/wp-content\/uploads\/2020\/03\/Martin-LesCanap\u00e9s_2019_OaH__96-705x528.jpg 705w\" sizes=\"(max-width: 1109px) 100vw, 1109px\" \/><\/a><\/div><\/div><\/div><\/div><div  style='height:50px' class='hr hr-invisible   avia-builder-el-26  el_after_av_three_fifth  el_before_av_one_third '><span class='hr-inner ' ><span class='hr-inner-style'><\/span><\/span><\/div>\n<div class=\"flex_column av_one_third  flex_column_div av-zero-column-padding first  avia-builder-el-27  el_after_av_hr  el_before_av_two_fifth  \" style='border-radius:0px; '><section class=\"av_textblock_section \"  itemscope=\"itemscope\" itemtype=\"https:\/\/schema.org\/CreativeWork\" ><div class='avia_textblock  '   itemprop=\"text\" ><p>&#8220; Ich suche nach Gedichten an Orten, die sie nicht immer haben. Ich mag die Banalit\u00e4t eines Ortes, der poetisch wird, wenn er vom Licht gestreichelt wird. Wenn ich mich so sehr f\u00fcr das Licht interessiere, dann aus diesem Grund &#8211; der Tatsache, dass Licht eine Realit\u00e4t ver\u00e4ndern kann. &#8220; (Nicolas Martin)<\/p>\n<\/div><\/section><\/div><div class=\"flex_column av_two_fifth  flex_column_div av-zero-column-padding   avia-builder-el-29  el_after_av_one_third  el_before_av_hr  \" style='border-radius:0px; '><div  class='avia-image-container  av-styling-    avia-builder-el-30  avia-builder-el-no-sibling  avia-align-center '  itemprop=\"image\" itemscope=\"itemscope\" itemtype=\"https:\/\/schema.org\/ImageObject\"  ><div class='avia-image-container-inner'><div class='avia-image-overlay-wrap'><a href='https:\/\/www.galerie-pfundt.de\/aktuell\/kuenstler\/martin\/lamp\/' class='avia_image'  ><img decoding=\"async\" width=\"1090\" height=\"756\" class='wp-image-21872 avia-img-lazy-loading-not-21872 avia_image' src=\"https:\/\/www.galerie-pfundt.de\/wp-content\/uploads\/2022\/05\/Nicolas-Martin-Portrait-3-1.jpg\" alt='' title='Nicolas Martin Portrait 3'  itemprop=\"thumbnailUrl\" srcset=\"https:\/\/www.galerie-pfundt.de\/wp-content\/uploads\/2022\/05\/Nicolas-Martin-Portrait-3-1.jpg 1090w, https:\/\/www.galerie-pfundt.de\/wp-content\/uploads\/2022\/05\/Nicolas-Martin-Portrait-3-1-600x416.jpg 600w, https:\/\/www.galerie-pfundt.de\/wp-content\/uploads\/2022\/05\/Nicolas-Martin-Portrait-3-1-400x277.jpg 400w, https:\/\/www.galerie-pfundt.de\/wp-content\/uploads\/2022\/05\/Nicolas-Martin-Portrait-3-1-1030x714.jpg 1030w, https:\/\/www.galerie-pfundt.de\/wp-content\/uploads\/2022\/05\/Nicolas-Martin-Portrait-3-1-768x533.jpg 768w, https:\/\/www.galerie-pfundt.de\/wp-content\/uploads\/2022\/05\/Nicolas-Martin-Portrait-3-1-705x489.jpg 705w\" sizes=\"(max-width: 1090px) 100vw, 1090px\" \/><\/a><\/div><\/div><\/div><\/div><div  style='height:50px' class='hr hr-invisible   avia-builder-el-31  el_after_av_two_fifth  el_before_av_one_half '><span class='hr-inner ' ><span class='hr-inner-style'><\/span><\/span><\/div>\n<div class=\"flex_column av_one_half  flex_column_div av-zero-column-padding   avia-builder-el-32  el_after_av_hr  el_before_av_one_half  \" style='border-radius:0px; '><section class=\"av_textblock_section \"  itemscope=\"itemscope\" itemtype=\"https:\/\/schema.org\/CreativeWork\" ><div class='avia_textblock  '   itemprop=\"text\" ><p>&#8220; Ich male oft gerne einsame Orte, weil ich den Betrachter einlade, die Figur des Gem\u00e4ldes zu werden. &#8230;. Ich habe mein Bild mit dem Wunsch komponiert, Menschen dazu einzuladen, darauf zu sitzen. Meine Bilder sind im Allgemeinen Einladungen. &#8220; (Nicolas Martin)<\/p>\n<\/div><\/section><\/div><div class=\"flex_column av_one_half  flex_column_div av-zero-column-padding first  avia-builder-el-34  el_after_av_one_half  avia-builder-el-last  column-top-margin\" style='border-radius:0px; '><div  class='avia-image-container  av-styling-    avia-builder-el-35  avia-builder-el-no-sibling  avia-align-center '  itemprop=\"image\" itemscope=\"itemscope\" itemtype=\"https:\/\/schema.org\/ImageObject\"  ><div class='avia-image-container-inner'><div class='avia-image-overlay-wrap'><img decoding=\"async\" class='wp-image-17855 avia-img-lazy-loading-not-17855 avia_image' src=\"https:\/\/www.galerie-pfundt.de\/wp-content\/uploads\/2021\/05\/Bildschirmfoto-2021-05-03-um-09.54.47-400x159.png\" alt='' title='Bildschirmfoto 2021-05-03 um 09.54.47' height=\"159\" width=\"400\"  itemprop=\"thumbnailUrl\" srcset=\"https:\/\/www.galerie-pfundt.de\/wp-content\/uploads\/2021\/05\/Bildschirmfoto-2021-05-03-um-09.54.47-400x159.png 400w, https:\/\/www.galerie-pfundt.de\/wp-content\/uploads\/2021\/05\/Bildschirmfoto-2021-05-03-um-09.54.47-600x239.png 600w, https:\/\/www.galerie-pfundt.de\/wp-content\/uploads\/2021\/05\/Bildschirmfoto-2021-05-03-um-09.54.47-768x306.png 768w, https:\/\/www.galerie-pfundt.de\/wp-content\/uploads\/2021\/05\/Bildschirmfoto-2021-05-03-um-09.54.47-705x281.png 705w, https:\/\/www.galerie-pfundt.de\/wp-content\/uploads\/2021\/05\/Bildschirmfoto-2021-05-03-um-09.54.47.png 1019w\" sizes=\"(max-width: 400px) 100vw, 400px\" \/><\/div><\/div><\/div><\/div>\n","protected":false},"excerpt":{"rendered":"","protected":false},"author":2,"featured_media":0,"parent":14,"menu_order":0,"comment_status":"closed","ping_status":"closed","template":"","meta":{"footnotes":""},"class_list":["post-2335","page","type-page","status-publish","hentry"],"_links":{"self":[{"href":"https:\/\/www.galerie-pfundt.de\/aktuell\/wp-json\/wp\/v2\/pages\/2335","targetHints":{"allow":["GET"]}}],"collection":[{"href":"https:\/\/www.galerie-pfundt.de\/aktuell\/wp-json\/wp\/v2\/pages"}],"about":[{"href":"https:\/\/www.galerie-pfundt.de\/aktuell\/wp-json\/wp\/v2\/types\/page"}],"author":[{"embeddable":true,"href":"https:\/\/www.galerie-pfundt.de\/aktuell\/wp-json\/wp\/v2\/users\/2"}],"replies":[{"embeddable":true,"href":"https:\/\/www.galerie-pfundt.de\/aktuell\/wp-json\/wp\/v2\/comments?post=2335"}],"version-history":[{"count":52,"href":"https:\/\/www.galerie-pfundt.de\/aktuell\/wp-json\/wp\/v2\/pages\/2335\/revisions"}],"predecessor-version":[{"id":22014,"href":"https:\/\/www.galerie-pfundt.de\/aktuell\/wp-json\/wp\/v2\/pages\/2335\/revisions\/22014"}],"up":[{"embeddable":true,"href":"https:\/\/www.galerie-pfundt.de\/aktuell\/wp-json\/wp\/v2\/pages\/14"}],"wp:attachment":[{"href":"https:\/\/www.galerie-pfundt.de\/aktuell\/wp-json\/wp\/v2\/media?parent=2335"}],"curies":[{"name":"wp","href":"https:\/\/api.w.org\/{rel}","templated":true}]}}