{"id":419,"date":"2017-04-12T15:12:35","date_gmt":"2017-04-12T13:12:35","guid":{"rendered":"https:\/\/www.galerie-pfundt.de\/?page_id=419"},"modified":"2023-05-13T16:50:57","modified_gmt":"2023-05-13T14:50:57","slug":"boelsums","status":"publish","type":"page","link":"https:\/\/www.galerie-pfundt.de\/aktuell\/kuenstler\/boelsums\/","title":{"rendered":"Saskia Boelsums"},"content":{"rendered":"<div class=\"flex_column av_one_fourth  flex_column_div av-zero-column-padding first  avia-builder-el-0  el_before_av_three_fourth  avia-builder-el-first  \" style='border-radius:0px; '><p><div  class='avia-image-container  av-styling-    avia-builder-el-1  el_before_av_textblock  avia-builder-el-first  avia-align-center '  itemprop=\"image\" itemscope=\"itemscope\" itemtype=\"https:\/\/schema.org\/ImageObject\"  ><div class='avia-image-container-inner'><div class='avia-image-overlay-wrap'><img decoding=\"async\" class='wp-image-9604 avia-img-lazy-loading-not-9604 avia_image' src=\"https:\/\/www.galerie-pfundt.de\/wp-content\/uploads\/2020\/03\/b_SaskiaBoelsums-220x220.jpg\" alt='' title='Boelsums-portrait' height=\"220\" width=\"220\"  itemprop=\"thumbnailUrl\" srcset=\"https:\/\/www.galerie-pfundt.de\/wp-content\/uploads\/2020\/03\/b_SaskiaBoelsums-220x220.jpg 220w, https:\/\/www.galerie-pfundt.de\/wp-content\/uploads\/2020\/03\/b_SaskiaBoelsums-600x600.jpg 600w, https:\/\/www.galerie-pfundt.de\/wp-content\/uploads\/2020\/03\/b_SaskiaBoelsums-100x100.jpg 100w, https:\/\/www.galerie-pfundt.de\/wp-content\/uploads\/2020\/03\/b_SaskiaBoelsums-400x400.jpg 400w, https:\/\/www.galerie-pfundt.de\/wp-content\/uploads\/2020\/03\/b_SaskiaBoelsums-768x768.jpg 768w, https:\/\/www.galerie-pfundt.de\/wp-content\/uploads\/2020\/03\/b_SaskiaBoelsums-1536x1536.jpg 1536w, https:\/\/www.galerie-pfundt.de\/wp-content\/uploads\/2020\/03\/b_SaskiaBoelsums-2048x2048.jpg 2048w, https:\/\/www.galerie-pfundt.de\/wp-content\/uploads\/2020\/03\/b_SaskiaBoelsums-36x36.jpg 36w, https:\/\/www.galerie-pfundt.de\/wp-content\/uploads\/2020\/03\/b_SaskiaBoelsums-180x180.jpg 180w, https:\/\/www.galerie-pfundt.de\/wp-content\/uploads\/2020\/03\/b_SaskiaBoelsums-1500x1500.jpg 1500w, https:\/\/www.galerie-pfundt.de\/wp-content\/uploads\/2020\/03\/b_SaskiaBoelsums-705x705.jpg 705w, https:\/\/www.galerie-pfundt.de\/wp-content\/uploads\/2020\/03\/b_SaskiaBoelsums-300x300.jpg 300w\" sizes=\"(max-width: 220px) 100vw, 220px\" \/><\/div><\/div><\/div><br \/>\n<section class=\"av_textblock_section \"  itemscope=\"itemscope\" itemtype=\"https:\/\/schema.org\/CreativeWork\" ><div class='avia_textblock  '   itemprop=\"text\" ><h6><span style=\"color: #ffffff;\">.<\/span><\/h6>\n<h3 style=\"text-align: center;\">Saskia Boelsums<\/h3>\n<\/div><\/section><\/p><\/div>\n<div class=\"flex_column av_three_fourth  flex_column_div av-zero-column-padding   avia-builder-el-3  el_after_av_one_fourth  el_before_av_hr  \" style='border-radius:0px; '><div  class=\"tabcontainer   top_tab   avia-builder-el-4  avia-builder-el-no-sibling \" role=\"tablist\">\n\n<section class=\"av_tab_section\"  itemscope=\"itemscope\" itemtype=\"https:\/\/schema.org\/CreativeWork\" ><div aria-controls=\"tab-id-1-content\" role=\"tab\" tabindex=\"0\" data-fake-id=\"#tab-id-1\" class=\"tab active_tab\"  itemprop=\"headline\" >Vita<\/div>\n<div id=\"tab-id-1-content\" class=\"tab_content active_tab_content\" aria-hidden=\"false\">\n<div class=\"tab_inner_content invers-color\"  itemprop=\"text\" >\n<p><strong>ARTIST OF THE YEAR 2020<\/strong><\/p>\n<p>Saskia Boelsums wird als K\u00fcnstlerin des Jahres 2020 ausgezeichnet: die beliebteste niederl\u00e4ndische bildende K\u00fcnstlerin<\/p>\n<p>1960 \u00a0 \u00a0\u00a0geboren in Nieuwer-Amstel, Niederlande.\u00a0Saskia Boelsums wuchs auf im Iran und auf Curacao. Studium an der Akademie Minerva in Groningen (Graphik und Raumgestaltung)<br \/>\nseit 2013 Konzentration auf die Photographie,\u00a0ausgezeichnet mit vielen Preisen und Nominierungen.<br \/>\nSaskia Boelsums ist Mitglied bei DuPho.<\/p>\n<p>Alle gezeigten Bilder sind urheberrechtlich gesch\u00fctzt.<\/p>\n\n<\/div>\n<\/div>\n<\/section>\n\n<section class=\"av_tab_section\"  itemscope=\"itemscope\" itemtype=\"https:\/\/schema.org\/CreativeWork\" ><div aria-controls=\"tab-id-2-content\" role=\"tab\" tabindex=\"0\" data-fake-id=\"#tab-id-2\" class=\"tab \"  itemprop=\"headline\" >Ausstellungen (Auswahl)<\/div>\n<div id=\"tab-id-2-content\" class=\"tab_content \" aria-hidden=\"true\">\n<div class=\"tab_inner_content invers-color\"  itemprop=\"text\" >\n<p>2021 \u00a0 \u00a0 \u00a0 Museum Buggenhagen,\u00a0Kleve (Koekkoek-Haus)<\/p>\n<p>2020 \u00a0 \u00a0 \u00a0AAF Hamburg, Nordart (B\u00fcdelsdorf)<\/p>\n<p>2019 \u00a0 \u00a0 \u00a0 \u00a0Kunsthalle, Kopenhagen, Februar 2019<\/p>\n<p>2018 \u00a0 \u00a0 \u00a0 PAN Kunstmesse, Amsterdam, November 2018<br \/>\nGalerie Pfundt, Berlin, Oktober 2018<br \/>\nNew York Center for Photographic Art, New York, Oktober 2018<br \/>\nAAF London, Oktober 2018<br \/>\nEduard Planting Gallery, Amsterdam, September 2018<br \/>\nNatuurmonumenten, Nieuwkoop, September\/Oktober 2018<br \/>\nFotofestival Amersfoort, August\/Oktober 2018<br \/>\nNoorderlicht In Vivo, Juli\/September 2018<br \/>\nArt Karlsruhe, Solo Artist Show, Februar 2018<br \/>\nMorris Adjmi Architects, New York City, Januar\/April 2018<br \/>\nFelix Schoeller Photo Award, Osnabr\u00fcck, Oktober 2017\/Februar 2018<\/p>\n<p>2017 \u00a0 \u00a0 \u00a0\u00a0Nordart, Kunstwerk Carlsh\u00fctte, B\u00fcdelsdorf, June-October 2017<br \/>\nZomerexpo, Museum de Fundatie, Zwolle, May-August 2017<br \/>\nFotofestival Naarden, May-June 2017<br \/>\nDutch Accent, Amsterdam, April 2017<br \/>\nGalerie Noordvleugel, Veenklooster, April 2017<br \/>\nSolo Exhibition Galerie Pfundt, Berlin, March-April 2017<br \/>\nProfessional Imaging, Wilcovak, March 2017<br \/>\nCAFAM museum, Los Angeles, USA, January-March 2017<br \/>\nContemporary Art Fair Sandvoort Gallery, Rotterdam, January 2017<br \/>\nDarkroom Gallery, Vermont, USA, January 2017<br \/>\nSolo exhibition Concordia, Enschede,December 2016-February 2017<\/p>\n<p>2016 \u00a0 \u00a0 \u00a0Pop-up Sandvoort Gallery, Amsterdam, December 2016<br \/>\nGalerie Waarkunst, Groningen, December 2016<br \/>\nDillewijn Ankeveen, Sandvoort Gallery, November 2016<br \/>\nAfforable Art Fair Sandvoort Gallery, Amsterdam, October 2016<br \/>\nBerliner Liste Art Fair, Sandvoort Gallery, September 2016<br \/>\nMIFA Photo Awards, Moscow, August 2016<br \/>\nKunstRai Art Amsterdam, Kunstruimte Wagemans, June 2016<br \/>\nBi\u00ebnnale Van Loon Galleries, Vught, May-June 2016<br \/>\nTorenkamerfestival, Vondel CS Opium op 4, Amsterdam, June 2016<br \/>\nSandvoort Gallery Amsterdam, March-May 2016<br \/>\nRefreshment Room Amsterdam, March 2016<br \/>\nJeffrey Leder Gallery, New York, February-March 2016<br \/>\nWerkplaats Emmen and working period the Lab, CBK Emmen, January-April 2016<br \/>\nWe Like Art Show SIZE MATTERS, Tetem, Enschede, December 2015-Maart 2016<br \/>\nDarkroom Gallery, Essex, Vermont, USA, December 2015-January 2016<\/p>\n<p>2015 \u00a0 \u00a0 \u00a0Frozen Fountain, Amsterdam, November- December 2015<br \/>\nFinalist neo:artprize, Bolton, Manchester, September 2015<br \/>\nPassion for Freedom London Art Festival 2015, September 2015<br \/>\nSeveral publications in the online glossy Pulp de Luxe 2014\/15<br \/>\nExhibition Grote Kerk, Emmen, July-September 2015<br \/>\nZomerexpo Gemeentemuseum Den Haag, July-September 2015<br \/>\nGuest\/performer radio program Opium op 4, july 2015<br \/>\nFotoFestival Naarden, May\/June 2015<br \/>\nRotterdam Contemporary Art Fair, February 2015<br \/>\nRealisme Amsterdam, January 2015<br \/>\nLondon Art Fair, January 2015<br \/>\nFour Colman Getty, London, January 2015<\/p>\n<p>2014 \u00a0 \u00a0 \u00a0Gupgallery New Dutch Photography Talent 2015, Amsterdam, November 2014<br \/>\nCynthia Corbett Gallery \/ Sphinx Fine Art, London, October 2014<br \/>\nEyeEm Awards, Berlin, September 2014<br \/>\nYoung Masters Art Prize, London, September-December 2014<\/p>\n\n<\/div>\n<\/div>\n<\/section>\n\n<\/div><\/div>\n<div   class='hr hr-default   avia-builder-el-5  el_after_av_three_fourth  el_before_av_one_full '><span class='hr-inner ' ><span class='hr-inner-style'><\/span><\/span><\/div>\n<div class=\"flex_column av_one_full  flex_column_div av-zero-column-padding first  avia-builder-el-6  el_after_av_hr  el_before_av_hr  \" style='border-radius:0px; '><section class=\"av_textblock_section \"  itemscope=\"itemscope\" itemtype=\"https:\/\/schema.org\/CreativeWork\" ><div class='avia_textblock  '   itemprop=\"text\" ><p>&#8222;Saskia f\u00fcgt alle ihre weiten Horizonte und wilden Landschaften feins\u00e4uberlich in die strengen formalen Grenzen des Quadrats.<\/p>\n<p>Das Quadrat ist pur. Das Quadrat ist modern.<\/p>\n<p>Das Quadrat ist die Grundeinheit des Grid und, als bestimmende Form unseres Instagramzeitalters, der Rahmen durch den viele von uns heute die Welt sehen und wahrnehmen.<\/p>\n<p>Schwelgend in den Zw\u00e4ngen, die das Quadrat ihr auferlegt, tr\u00e4gt Saskia sich mit jeder Arbeit auf, das Wirkliche (und das Magische) in der n\u00fcchternsten aller Formen einzufangen.&#8220;<\/p>\n<p style=\"text-align: center;\"><em>Morris Adjmi, Architekt, New York<\/em><\/p>\n<\/div><\/section><\/div>\n<div  style='height:95px' class='hr hr-invisible   avia-builder-el-8  el_after_av_one_full  el_before_av_section  avia-builder-el-last '><span class='hr-inner ' ><span class='hr-inner-style'><\/span><\/span><\/div>\n<\/div><\/div><\/div><!-- close content main div --><\/div><\/div><div id='av_section_1'  class='avia-section main_color avia-section-default avia-no-border-styling  avia-bg-style-scroll  avia-builder-el-9  el_after_av_hr  el_before_av_one_full   container_wrap fullsize' style='background-color: rgba(64,66,45,0.14);  '  ><div class='container' ><div class='template-page content  av-content-full alpha units'><div class='post-entry post-entry-type-page post-entry-419'><div class='entry-content-wrapper clearfix'>\n<div class=\"flex_column av_one_fifth  flex_column_div av-zero-column-padding first  avia-builder-el-10  el_before_av_two_third  avia-builder-el-first  \" style='border-radius:0px; '><\/div><div class=\"flex_column av_two_third  flex_column_div av-zero-column-padding   avia-builder-el-11  el_after_av_one_fifth  el_before_av_textblock  \" style='border-radius:0px; '><div  class='avia-image-container  av-styling- av-hover-grow noHover  av-overlay-on-hover   avia-builder-el-12  avia-builder-el-no-sibling  avia-align-center '  itemprop=\"image\" itemscope=\"itemscope\" itemtype=\"https:\/\/schema.org\/ImageObject\"  ><div class='avia-image-container-inner'><div class='avia-image-overlay-wrap'><a href='https:\/\/www.galerie-pfundt.de\/aktuell\/kuenstler\/boelsums\/landscape54\/' class='avia_image'  ><div class='av-image-caption-overlay'><div class='av-caption-image-overlay-bg' style='opacity:0.5; background-color:#000000; '><\/div><div class='av-image-caption-overlay-position'><div class='av-image-caption-overlay-center' style='color:#ffffff; '><p>Landscape #54<\/p>\n<\/div><\/div><\/div><img decoding=\"async\" width=\"1280\" height=\"1280\" class='wp-image-4977 avia-img-lazy-loading-not-4977 avia_image' src=\"https:\/\/www.galerie-pfundt.de\/wp-content\/uploads\/2019\/03\/Kinderdijk-molens.jpg\" alt='' title='Boelsums-#54'  itemprop=\"thumbnailUrl\" srcset=\"https:\/\/www.galerie-pfundt.de\/wp-content\/uploads\/2019\/03\/Kinderdijk-molens.jpg 1280w, https:\/\/www.galerie-pfundt.de\/wp-content\/uploads\/2019\/03\/Kinderdijk-molens-600x600.jpg 600w, https:\/\/www.galerie-pfundt.de\/wp-content\/uploads\/2019\/03\/Kinderdijk-molens-100x100.jpg 100w, https:\/\/www.galerie-pfundt.de\/wp-content\/uploads\/2019\/03\/Kinderdijk-molens-220x220.jpg 220w, https:\/\/www.galerie-pfundt.de\/wp-content\/uploads\/2019\/03\/Kinderdijk-molens-768x768.jpg 768w, https:\/\/www.galerie-pfundt.de\/wp-content\/uploads\/2019\/03\/Kinderdijk-molens-1030x1030.jpg 1030w, https:\/\/www.galerie-pfundt.de\/wp-content\/uploads\/2019\/03\/Kinderdijk-molens-36x36.jpg 36w, https:\/\/www.galerie-pfundt.de\/wp-content\/uploads\/2019\/03\/Kinderdijk-molens-180x180.jpg 180w, https:\/\/www.galerie-pfundt.de\/wp-content\/uploads\/2019\/03\/Kinderdijk-molens-705x705.jpg 705w, https:\/\/www.galerie-pfundt.de\/wp-content\/uploads\/2019\/03\/Kinderdijk-molens-300x300.jpg 300w\" sizes=\"(max-width: 1280px) 100vw, 1280px\" \/><\/a><\/div><\/div><\/div><\/div><section class=\"av_textblock_section \"  itemscope=\"itemscope\" itemtype=\"https:\/\/schema.org\/CreativeWork\" ><div class='avia_textblock  '   itemprop=\"text\" ><p>landscape # 54 \u00a0 30 x 30 cm \u00a0 \u20ac 1.650 gerahmt<\/p>\n<p>70 x 70 cm\u00a0\u00a0\u00a0 \u20ac 3.800 kaschiert auf Alu Dibond<\/p>\n<\/div><\/section>\n<div class=\"flex_column av_one_fifth  flex_column_div av-zero-column-padding first  avia-builder-el-14  el_after_av_textblock  el_before_av_two_third  column-top-margin\" style='border-radius:0px; '><\/div><div class=\"flex_column av_two_third  flex_column_div av-zero-column-padding   avia-builder-el-15  el_after_av_one_fifth  el_before_av_textblock  column-top-margin\" style='border-radius:0px; '><div  class='avia-image-container  av-styling-  noHover  av-overlay-on-hover   avia-builder-el-16  avia-builder-el-no-sibling  avia-align-center '  itemprop=\"image\" itemscope=\"itemscope\" itemtype=\"https:\/\/schema.org\/ImageObject\"  ><div class='avia-image-container-inner'><div class='avia-image-overlay-wrap'><a href='https:\/\/www.galerie-pfundt.de\/aktuell\/kuenstler\/boelsums\/landscape20\/' class='avia_image'  ><div class='av-image-caption-overlay'><div class='av-caption-image-overlay-bg' style='opacity:0.5; background-color:#000000; '><\/div><div class='av-image-caption-overlay-position'><div class='av-image-caption-overlay-center' style='color:#ffffff; '><p>#20<\/p>\n<\/div><\/div><\/div><img decoding=\"async\" width=\"1280\" height=\"1280\" class='wp-image-8885 avia-img-lazy-loading-not-8885 avia_image' src=\"https:\/\/www.galerie-pfundt.de\/wp-content\/uploads\/2020\/01\/Boelsums-Landscape20.jpg\" alt='' title='Boelsums-Landscape#20'  itemprop=\"thumbnailUrl\" srcset=\"https:\/\/www.galerie-pfundt.de\/wp-content\/uploads\/2020\/01\/Boelsums-Landscape20.jpg 1280w, https:\/\/www.galerie-pfundt.de\/wp-content\/uploads\/2020\/01\/Boelsums-Landscape20-600x600.jpg 600w, https:\/\/www.galerie-pfundt.de\/wp-content\/uploads\/2020\/01\/Boelsums-Landscape20-100x100.jpg 100w, https:\/\/www.galerie-pfundt.de\/wp-content\/uploads\/2020\/01\/Boelsums-Landscape20-400x400.jpg 400w, https:\/\/www.galerie-pfundt.de\/wp-content\/uploads\/2020\/01\/Boelsums-Landscape20-220x220.jpg 220w, https:\/\/www.galerie-pfundt.de\/wp-content\/uploads\/2020\/01\/Boelsums-Landscape20-768x768.jpg 768w, https:\/\/www.galerie-pfundt.de\/wp-content\/uploads\/2020\/01\/Boelsums-Landscape20-36x36.jpg 36w, https:\/\/www.galerie-pfundt.de\/wp-content\/uploads\/2020\/01\/Boelsums-Landscape20-180x180.jpg 180w, https:\/\/www.galerie-pfundt.de\/wp-content\/uploads\/2020\/01\/Boelsums-Landscape20-705x705.jpg 705w, https:\/\/www.galerie-pfundt.de\/wp-content\/uploads\/2020\/01\/Boelsums-Landscape20-300x300.jpg 300w\" sizes=\"(max-width: 1280px) 100vw, 1280px\" \/><\/a><\/div><\/div><\/div><\/div><section class=\"av_textblock_section \"  itemscope=\"itemscope\" itemtype=\"https:\/\/schema.org\/CreativeWork\" ><div class='avia_textblock  '   itemprop=\"text\" ><p>landscape # 20 \u00a0 30 x 30 cm \u00a0 \u20ac 1.650 gerahmt<\/p>\n<\/div><\/section>\n<div class=\"flex_column av_one_full  flex_column_div av-zero-column-padding first  avia-builder-el-18  el_after_av_textblock  el_before_av_one_third  column-top-margin\" style='border-radius:0px; '><section class=\"av_textblock_section \"  itemscope=\"itemscope\" itemtype=\"https:\/\/schema.org\/CreativeWork\" ><div class='avia_textblock  '   itemprop=\"text\" ><div style=\"border: 8px; border-color: #e8b0b0; border-style: solid; padding: 3em;\">\n<p><strong>Die Photographien von Saskia Boelsums erscheinen in Museumsqualit\u00e4t als Pigmentdrucke auf Canson Infinity-Papier in streng limitierten Auflagen. \u00a0In folgenden Ma\u00dfen sind die Photoarbeiten erh\u00e4ltlich:<\/strong><\/p>\n<ul>\n<li>30 x 30 cm, Auflage 10 + 1 AP, \u00a0\u20ac 1.650 (gerahmt unter Museumsglas)<\/li>\n<li>\u00a0 \u00a0 \u00a0 \u00a0 \u00a0 \u00a0 \u00a0 \u00a0 \u00a0 \u00a0 \u00a0 \u00a0 \u00a0 \u00a0 \u00a0 \u00a0 \u00a0 \u00a0 \u00a0 \u00a0 \u00a0 \u00a0 \u00a0 \u00a0 \u00a0 \u00a0 \u00a0 \u00a0\u00a0 \u20ac 1.650 (kaschiert auf Alu Dibond, o.R.)<\/li>\n<li>70 x 70 cm, Auflage 7 + 1 AP, \u00a0 \u20ac \u00a03.800 (kaschiert auf Alu Dibond, o.R.)<\/li>\n<li>\u00a0\u00a0\u00a0\u00a0\u00a0\u00a0\u00a0\u00a0\u00a0\u00a0\u00a0\u00a0\u00a0\u00a0\u00a0\u00a0\u00a0\u00a0\u00a0\u00a0\u00a0\u00a0\u00a0\u00a0\u00a0\u00a0\u00a0\u00a0\u00a0\u00a0\u00a0\u00a0\u00a0\u00a0\u00a0\u00a0\u00a0\u00a0\u00a0\u00a0\u00a0\u00a0\u00a0\u00a0\u00a0\u00a0\u00a0\u00a0\u00a0\u00a0\u00a0\u00a0\u00a0\u00a0\u00a0\u00a0 \u20ac 3.800 kaschiert auf Alu Dibond,<\/li>\n<li>\u00a0\u00a0\u00a0\u00a0\u00a0\u00a0\u00a0\u00a0\u00a0\u00a0\u00a0\u00a0\u00a0\u00a0\u00a0\u00a0\u00a0\u00a0\u00a0\u00a0\u00a0\u00a0\u00a0\u00a0\u00a0\u00a0\u00a0\u00a0\u00a0\u00a0\u00a0\u00a0\u00a0\u00a0\u00a0\u00a0\u00a0\u00a0\u00a0\u00a0\u00a0\u00a0\u00a0\u00a0\u00a0\u00a0\u00a0\u00a0\u00a0\u00a0\u00a0\u00a0\u00a0\u00a0\u00a0\u00a0\u00a0\u00a0\u00a0 gerahmt mit einer Schattenfuge<\/li>\n<li>100 x 100 cm\u00a0\u00a0\u00a0\u00a0\u00a0\u00a0\u00a0\u00a0\u00a0\u00a0\u00a0\u00a0\u00a0\u00a0\u00a0\u00a0\u00a0\u00a0\u00a0\u00a0\u00a0\u00a0\u00a0\u00a0\u00a0\u00a0\u00a0\u00a0\u00a0\u00a0\u00a0 \u20ac 5.700<\/li>\n<\/ul>\n<\/div>\n<\/div><\/section><\/div><div class=\"flex_column av_one_third  flex_column_div av-zero-column-padding first  avia-builder-el-20  el_after_av_one_full  el_before_av_one_third  column-top-margin\" style='border-radius:0px; '><div  class='avia-image-container  av-styling-  noHover  av-overlay-on-hover   avia-builder-el-21  avia-builder-el-no-sibling  avia-align-center '  itemprop=\"image\" itemscope=\"itemscope\" itemtype=\"https:\/\/schema.org\/ImageObject\"  ><div class='avia-image-container-inner'><div class='avia-image-overlay-wrap'><a href='https:\/\/www.galerie-pfundt.de\/aktuell\/kuenstler\/boelsums\/landscape50\/' class='avia_image'  ><div class='av-image-caption-overlay'><div class='av-caption-image-overlay-bg' style='opacity:0.5; background-color:#000000; '><\/div><div class='av-image-caption-overlay-position'><div class='av-image-caption-overlay-center' style='color:#ffffff; '><p>#50<\/p>\n<\/div><\/div><\/div><img decoding=\"async\" width=\"400\" height=\"400\" class='wp-image-11103 avia-img-lazy-loading-not-11103 avia_image' src=\"https:\/\/www.galerie-pfundt.de\/wp-content\/uploads\/2020\/04\/50-400x400.jpg\" alt='' title='Boelsums-Landscape#50'  itemprop=\"thumbnailUrl\" srcset=\"https:\/\/www.galerie-pfundt.de\/wp-content\/uploads\/2020\/04\/50-400x400.jpg 400w, https:\/\/www.galerie-pfundt.de\/wp-content\/uploads\/2020\/04\/50-600x600.jpg 600w, https:\/\/www.galerie-pfundt.de\/wp-content\/uploads\/2020\/04\/50-100x100.jpg 100w, https:\/\/www.galerie-pfundt.de\/wp-content\/uploads\/2020\/04\/50-220x220.jpg 220w, https:\/\/www.galerie-pfundt.de\/wp-content\/uploads\/2020\/04\/50-768x768.jpg 768w, https:\/\/www.galerie-pfundt.de\/wp-content\/uploads\/2020\/04\/50-36x36.jpg 36w, https:\/\/www.galerie-pfundt.de\/wp-content\/uploads\/2020\/04\/50-180x180.jpg 180w, https:\/\/www.galerie-pfundt.de\/wp-content\/uploads\/2020\/04\/50-705x705.jpg 705w, https:\/\/www.galerie-pfundt.de\/wp-content\/uploads\/2020\/04\/50-300x300.jpg 300w, https:\/\/www.galerie-pfundt.de\/wp-content\/uploads\/2020\/04\/50.jpg 1280w\" sizes=\"(max-width: 400px) 100vw, 400px\" \/><\/a><\/div><\/div><\/div><\/div><div class=\"flex_column av_one_third  flex_column_div av-zero-column-padding   avia-builder-el-22  el_after_av_one_third  el_before_av_one_third  column-top-margin\" style='border-radius:0px; '><div  class='avia-image-container  av-styling-  noHover  av-overlay-on-hover   avia-builder-el-23  avia-builder-el-no-sibling  avia-align-center '  itemprop=\"image\" itemscope=\"itemscope\" itemtype=\"https:\/\/schema.org\/ImageObject\"  ><div class='avia-image-container-inner'><div class='avia-image-overlay-wrap'><a href='https:\/\/www.galerie-pfundt.de\/aktuell\/kuenstler\/boelsums\/landscape36\/' class='avia_image'  ><div class='av-image-caption-overlay'><div class='av-caption-image-overlay-bg' style='opacity:0.5; background-color:#000000; '><\/div><div class='av-image-caption-overlay-position'><div class='av-image-caption-overlay-center' style='color:#ffffff; '><p>#36<\/p>\n<\/div><\/div><\/div><img decoding=\"async\" width=\"1030\" height=\"1030\" class='wp-image-8357 avia-img-lazy-loading-not-8357 avia_image' src=\"https:\/\/www.galerie-pfundt.de\/wp-content\/uploads\/2019\/11\/landscape_36-1030x1030.jpg\" alt='' title='Boelsums-landscape_36'  itemprop=\"thumbnailUrl\" srcset=\"https:\/\/www.galerie-pfundt.de\/wp-content\/uploads\/2019\/11\/landscape_36-1030x1030.jpg 1030w, https:\/\/www.galerie-pfundt.de\/wp-content\/uploads\/2019\/11\/landscape_36-600x600.jpg 600w, https:\/\/www.galerie-pfundt.de\/wp-content\/uploads\/2019\/11\/landscape_36-100x100.jpg 100w, https:\/\/www.galerie-pfundt.de\/wp-content\/uploads\/2019\/11\/landscape_36-400x400.jpg 400w, https:\/\/www.galerie-pfundt.de\/wp-content\/uploads\/2019\/11\/landscape_36-220x220.jpg 220w, https:\/\/www.galerie-pfundt.de\/wp-content\/uploads\/2019\/11\/landscape_36-768x768.jpg 768w, https:\/\/www.galerie-pfundt.de\/wp-content\/uploads\/2019\/11\/landscape_36-36x36.jpg 36w, https:\/\/www.galerie-pfundt.de\/wp-content\/uploads\/2019\/11\/landscape_36-180x180.jpg 180w, https:\/\/www.galerie-pfundt.de\/wp-content\/uploads\/2019\/11\/landscape_36-705x705.jpg 705w, https:\/\/www.galerie-pfundt.de\/wp-content\/uploads\/2019\/11\/landscape_36-300x300.jpg 300w, https:\/\/www.galerie-pfundt.de\/wp-content\/uploads\/2019\/11\/landscape_36.jpg 1280w\" sizes=\"(max-width: 1030px) 100vw, 1030px\" \/><\/a><\/div><\/div><\/div><\/div><div class=\"flex_column av_one_third  flex_column_div av-zero-column-padding   avia-builder-el-24  el_after_av_one_third  el_before_av_one_third  column-top-margin\" style='border-radius:0px; '><div  class='avia-image-container  av-styling-  noHover  av-overlay-on-hover   avia-builder-el-25  avia-builder-el-no-sibling  avia-align-center '  itemprop=\"image\" itemscope=\"itemscope\" itemtype=\"https:\/\/schema.org\/ImageObject\"  ><div class='avia-image-container-inner'><div class='avia-image-overlay-wrap'><a href='https:\/\/www.galerie-pfundt.de\/aktuell\/kuenstler\/boelsums\/landscape25\/' class='avia_image'  ><div class='av-image-caption-overlay'><div class='av-caption-image-overlay-bg' style='opacity:0.5; background-color:#000000; '><\/div><div class='av-image-caption-overlay-position'><div class='av-image-caption-overlay-center' style='color:#ffffff; '><p>#25<\/p>\n<\/div><\/div><\/div><img decoding=\"async\" width=\"400\" height=\"400\" class='wp-image-8341 avia-img-lazy-loading-not-8341 avia_image' src=\"https:\/\/www.galerie-pfundt.de\/wp-content\/uploads\/2019\/11\/landscape_25-400x400.jpg\" alt='' title='Boelsums-L#25'  itemprop=\"thumbnailUrl\" srcset=\"https:\/\/www.galerie-pfundt.de\/wp-content\/uploads\/2019\/11\/landscape_25-400x400.jpg 400w, https:\/\/www.galerie-pfundt.de\/wp-content\/uploads\/2019\/11\/landscape_25-600x600.jpg 600w, https:\/\/www.galerie-pfundt.de\/wp-content\/uploads\/2019\/11\/landscape_25-100x100.jpg 100w, https:\/\/www.galerie-pfundt.de\/wp-content\/uploads\/2019\/11\/landscape_25-1030x1030.jpg 1030w, https:\/\/www.galerie-pfundt.de\/wp-content\/uploads\/2019\/11\/landscape_25-220x220.jpg 220w, https:\/\/www.galerie-pfundt.de\/wp-content\/uploads\/2019\/11\/landscape_25-768x768.jpg 768w, https:\/\/www.galerie-pfundt.de\/wp-content\/uploads\/2019\/11\/landscape_25-36x36.jpg 36w, https:\/\/www.galerie-pfundt.de\/wp-content\/uploads\/2019\/11\/landscape_25-180x180.jpg 180w, https:\/\/www.galerie-pfundt.de\/wp-content\/uploads\/2019\/11\/landscape_25-705x705.jpg 705w, https:\/\/www.galerie-pfundt.de\/wp-content\/uploads\/2019\/11\/landscape_25-300x300.jpg 300w, https:\/\/www.galerie-pfundt.de\/wp-content\/uploads\/2019\/11\/landscape_25.jpg 1280w\" sizes=\"(max-width: 400px) 100vw, 400px\" \/><\/a><\/div><\/div><\/div><\/div><div class=\"flex_column av_one_third  flex_column_div av-zero-column-padding first  avia-builder-el-26  el_after_av_one_third  el_before_av_one_third  column-top-margin\" style='border-radius:0px; '><div  class='avia-image-container  av-styling-  noHover  av-overlay-on-hover   avia-builder-el-27  avia-builder-el-no-sibling  avia-align-center '  itemprop=\"image\" itemscope=\"itemscope\" itemtype=\"https:\/\/schema.org\/ImageObject\"  ><div class='avia-image-container-inner'><div class='avia-image-overlay-wrap'><a href='https:\/\/www.galerie-pfundt.de\/aktuell\/kuenstler\/boelsums\/flowers07\/' class='avia_image'  ><div class='av-image-caption-overlay'><div class='av-caption-image-overlay-bg' style='opacity:0.5; background-color:#000000; '><\/div><div class='av-image-caption-overlay-position'><div class='av-image-caption-overlay-center' style='color:#ffffff; '><p>Flowers #07<\/p>\n<\/div><\/div><\/div><img decoding=\"async\" width=\"400\" height=\"400\" class='wp-image-8883 avia-img-lazy-loading-not-8883 avia_image' src=\"https:\/\/www.galerie-pfundt.de\/wp-content\/uploads\/2020\/01\/Boelsums-flowers_07-400x400.jpg\" alt='' title='Boelsums-flowers_07'  itemprop=\"thumbnailUrl\" srcset=\"https:\/\/www.galerie-pfundt.de\/wp-content\/uploads\/2020\/01\/Boelsums-flowers_07-400x400.jpg 400w, https:\/\/www.galerie-pfundt.de\/wp-content\/uploads\/2020\/01\/Boelsums-flowers_07-600x600.jpg 600w, https:\/\/www.galerie-pfundt.de\/wp-content\/uploads\/2020\/01\/Boelsums-flowers_07-100x100.jpg 100w, https:\/\/www.galerie-pfundt.de\/wp-content\/uploads\/2020\/01\/Boelsums-flowers_07-220x220.jpg 220w, https:\/\/www.galerie-pfundt.de\/wp-content\/uploads\/2020\/01\/Boelsums-flowers_07-768x768.jpg 768w, https:\/\/www.galerie-pfundt.de\/wp-content\/uploads\/2020\/01\/Boelsums-flowers_07-36x36.jpg 36w, https:\/\/www.galerie-pfundt.de\/wp-content\/uploads\/2020\/01\/Boelsums-flowers_07-180x180.jpg 180w, https:\/\/www.galerie-pfundt.de\/wp-content\/uploads\/2020\/01\/Boelsums-flowers_07-705x705.jpg 705w, https:\/\/www.galerie-pfundt.de\/wp-content\/uploads\/2020\/01\/Boelsums-flowers_07-300x300.jpg 300w, https:\/\/www.galerie-pfundt.de\/wp-content\/uploads\/2020\/01\/Boelsums-flowers_07.jpg 1280w\" sizes=\"(max-width: 400px) 100vw, 400px\" \/><\/a><\/div><\/div><\/div><\/div><div class=\"flex_column av_one_third  flex_column_div av-zero-column-padding   avia-builder-el-28  el_after_av_one_third  el_before_av_one_third  column-top-margin\" style='border-radius:0px; '><div  class='avia-image-container  av-styling-  noHover  av-overlay-on-hover   avia-builder-el-29  avia-builder-el-no-sibling  avia-align-center '  itemprop=\"image\" itemscope=\"itemscope\" itemtype=\"https:\/\/schema.org\/ImageObject\"  ><div class='avia-image-container-inner'><div class='avia-image-overlay-wrap'><a href='https:\/\/www.galerie-pfundt.de\/aktuell\/kuenstler\/boelsums\/landscape17\/' class='avia_image'  ><div class='av-image-caption-overlay'><div class='av-caption-image-overlay-bg' style='opacity:0.5; background-color:#000000; '><\/div><div class='av-image-caption-overlay-position'><div class='av-image-caption-overlay-center' style='color:#ffffff; '><p>#17<\/p>\n<\/div><\/div><\/div><img decoding=\"async\" width=\"400\" height=\"400\" class='wp-image-8622 avia-img-lazy-loading-not-8622 avia_image' src=\"https:\/\/www.galerie-pfundt.de\/wp-content\/uploads\/2019\/12\/boelsums-landscape17-400x400.jpg\" alt='' title='boelsums-landscape#17'  itemprop=\"thumbnailUrl\" srcset=\"https:\/\/www.galerie-pfundt.de\/wp-content\/uploads\/2019\/12\/boelsums-landscape17-400x400.jpg 400w, https:\/\/www.galerie-pfundt.de\/wp-content\/uploads\/2019\/12\/boelsums-landscape17-600x600.jpg 600w, https:\/\/www.galerie-pfundt.de\/wp-content\/uploads\/2019\/12\/boelsums-landscape17-100x100.jpg 100w, https:\/\/www.galerie-pfundt.de\/wp-content\/uploads\/2019\/12\/boelsums-landscape17-1030x1030.jpg 1030w, https:\/\/www.galerie-pfundt.de\/wp-content\/uploads\/2019\/12\/boelsums-landscape17-220x220.jpg 220w, https:\/\/www.galerie-pfundt.de\/wp-content\/uploads\/2019\/12\/boelsums-landscape17-768x768.jpg 768w, https:\/\/www.galerie-pfundt.de\/wp-content\/uploads\/2019\/12\/boelsums-landscape17-36x36.jpg 36w, https:\/\/www.galerie-pfundt.de\/wp-content\/uploads\/2019\/12\/boelsums-landscape17-180x180.jpg 180w, https:\/\/www.galerie-pfundt.de\/wp-content\/uploads\/2019\/12\/boelsums-landscape17-705x705.jpg 705w, https:\/\/www.galerie-pfundt.de\/wp-content\/uploads\/2019\/12\/boelsums-landscape17-300x300.jpg 300w, https:\/\/www.galerie-pfundt.de\/wp-content\/uploads\/2019\/12\/boelsums-landscape17.jpg 1280w\" sizes=\"(max-width: 400px) 100vw, 400px\" \/><\/a><\/div><\/div><\/div><\/div><div class=\"flex_column av_one_third  flex_column_div av-zero-column-padding   avia-builder-el-30  el_after_av_one_third  el_before_av_one_third  column-top-margin\" style='border-radius:0px; '><div  class='avia-image-container  av-styling-  noHover  av-overlay-on-hover   avia-builder-el-31  avia-builder-el-no-sibling  avia-align-center '  itemprop=\"image\" itemscope=\"itemscope\" itemtype=\"https:\/\/schema.org\/ImageObject\"  ><div class='avia-image-container-inner'><div class='avia-image-overlay-wrap'><a href='https:\/\/www.galerie-pfundt.de\/aktuell\/kuenstler\/boelsums\/cows2\/' class='avia_image'  ><div class='av-image-caption-overlay'><div class='av-caption-image-overlay-bg' style='opacity:0.5; background-color:#000000; '><\/div><div class='av-image-caption-overlay-position'><div class='av-image-caption-overlay-center' style='color:#ffffff; '><p>Cows #02<\/p>\n<\/div><\/div><\/div><img decoding=\"async\" width=\"400\" height=\"400\" class='wp-image-5474 avia-img-lazy-loading-not-5474 avia_image' src=\"https:\/\/www.galerie-pfundt.de\/wp-content\/uploads\/2019\/04\/cows2SaskiaBoelsums-Kopie-400x400.jpg\" alt='' title='Boelsums-cows2'  itemprop=\"thumbnailUrl\" srcset=\"https:\/\/www.galerie-pfundt.de\/wp-content\/uploads\/2019\/04\/cows2SaskiaBoelsums-Kopie-400x400.jpg 400w, https:\/\/www.galerie-pfundt.de\/wp-content\/uploads\/2019\/04\/cows2SaskiaBoelsums-Kopie-600x600.jpg 600w, https:\/\/www.galerie-pfundt.de\/wp-content\/uploads\/2019\/04\/cows2SaskiaBoelsums-Kopie-100x100.jpg 100w, https:\/\/www.galerie-pfundt.de\/wp-content\/uploads\/2019\/04\/cows2SaskiaBoelsums-Kopie-220x220.jpg 220w, https:\/\/www.galerie-pfundt.de\/wp-content\/uploads\/2019\/04\/cows2SaskiaBoelsums-Kopie-768x768.jpg 768w, https:\/\/www.galerie-pfundt.de\/wp-content\/uploads\/2019\/04\/cows2SaskiaBoelsums-Kopie-1030x1030.jpg 1030w, https:\/\/www.galerie-pfundt.de\/wp-content\/uploads\/2019\/04\/cows2SaskiaBoelsums-Kopie-36x36.jpg 36w, https:\/\/www.galerie-pfundt.de\/wp-content\/uploads\/2019\/04\/cows2SaskiaBoelsums-Kopie-180x180.jpg 180w, https:\/\/www.galerie-pfundt.de\/wp-content\/uploads\/2019\/04\/cows2SaskiaBoelsums-Kopie-705x705.jpg 705w, https:\/\/www.galerie-pfundt.de\/wp-content\/uploads\/2019\/04\/cows2SaskiaBoelsums-Kopie-300x300.jpg 300w, https:\/\/www.galerie-pfundt.de\/wp-content\/uploads\/2019\/04\/cows2SaskiaBoelsums-Kopie.jpg 1280w\" sizes=\"(max-width: 400px) 100vw, 400px\" \/><\/a><\/div><\/div><\/div><\/div><div class=\"flex_column av_one_third  flex_column_div av-zero-column-padding first  avia-builder-el-32  el_after_av_one_third  el_before_av_one_third  column-top-margin\" style='border-radius:0px; '><section class=\"av_textblock_section \"  itemscope=\"itemscope\" itemtype=\"https:\/\/schema.org\/CreativeWork\" ><div class='avia_textblock  '   itemprop=\"text\" ><h3>Ausstellungsbesprechung<\/h3>\n<h5>von Christiane Meixner<\/h5>\n<\/div><\/section><br \/>\n<div  style='height:15px' class='hr hr-invisible   avia-builder-el-34  el_after_av_textblock  el_before_av_image '><span class='hr-inner ' ><span class='hr-inner-style'><\/span><\/span><\/div><br \/>\n<div  class='avia-image-container  av-styling- av-hover-grow   avia-builder-el-35  el_after_av_hr  avia-builder-el-last  avia-align-left '  itemprop=\"image\" itemscope=\"itemscope\" itemtype=\"https:\/\/schema.org\/ImageObject\"  ><div class='avia-image-container-inner'><div class='avia-image-overlay-wrap'><a href='https:\/\/www.galerie-pfundt.de\/aktuell\/kuenstler\/boelsums\/dkvds\/' class='avia_image'  ><img decoding=\"async\" width=\"220\" height=\"220\" class='wp-image-3687 avia-img-lazy-loading-not-3687 avia_image' src=\"https:\/\/www.galerie-pfundt.de\/wp-content\/uploads\/2018\/10\/Tsp__Boelsums-220x220.png\" alt='' title='Tsp__Boelsums'  itemprop=\"thumbnailUrl\" srcset=\"https:\/\/www.galerie-pfundt.de\/wp-content\/uploads\/2018\/10\/Tsp__Boelsums-220x220.png 220w, https:\/\/www.galerie-pfundt.de\/wp-content\/uploads\/2018\/10\/Tsp__Boelsums-100x100.png 100w, https:\/\/www.galerie-pfundt.de\/wp-content\/uploads\/2018\/10\/Tsp__Boelsums-36x36.png 36w, https:\/\/www.galerie-pfundt.de\/wp-content\/uploads\/2018\/10\/Tsp__Boelsums-180x180.png 180w, https:\/\/www.galerie-pfundt.de\/wp-content\/uploads\/2018\/10\/Tsp__Boelsums-300x300.png 300w\" sizes=\"(max-width: 220px) 100vw, 220px\" \/><\/a><\/div><\/div><\/div><\/p><\/div><div class=\"flex_column av_one_third  flex_column_div av-zero-column-padding   avia-builder-el-36  el_after_av_one_third  el_before_av_one_third  column-top-margin\" style='border-radius:0px; '><div  class='avia-image-container  av-styling-  noHover  av-overlay-on-hover   avia-builder-el-37  avia-builder-el-no-sibling  avia-align-center '  itemprop=\"image\" itemscope=\"itemscope\" itemtype=\"https:\/\/schema.org\/ImageObject\"  ><div class='avia-image-container-inner'><div class='avia-image-overlay-wrap'><a href='https:\/\/www.galerie-pfundt.de\/aktuell\/kuenstler\/boelsums\/flowers02\/' class='avia_image'  ><div class='av-image-caption-overlay'><div class='av-caption-image-overlay-bg' style='opacity:0.5; background-color:#000000; '><\/div><div class='av-image-caption-overlay-position'><div class='av-image-caption-overlay-center' style='color:#ffffff; '><p>Flowers #02<\/p>\n<\/div><\/div><\/div><img decoding=\"async\" width=\"400\" height=\"400\" class='wp-image-8882 avia-img-lazy-loading-not-8882 avia_image' src=\"https:\/\/www.galerie-pfundt.de\/wp-content\/uploads\/2020\/01\/Boelsums-flowers_02-400x400.jpg\" alt='' title='Boelsums-flowers_02'  itemprop=\"thumbnailUrl\" srcset=\"https:\/\/www.galerie-pfundt.de\/wp-content\/uploads\/2020\/01\/Boelsums-flowers_02-400x400.jpg 400w, https:\/\/www.galerie-pfundt.de\/wp-content\/uploads\/2020\/01\/Boelsums-flowers_02-600x600.jpg 600w, https:\/\/www.galerie-pfundt.de\/wp-content\/uploads\/2020\/01\/Boelsums-flowers_02-100x100.jpg 100w, https:\/\/www.galerie-pfundt.de\/wp-content\/uploads\/2020\/01\/Boelsums-flowers_02-220x220.jpg 220w, https:\/\/www.galerie-pfundt.de\/wp-content\/uploads\/2020\/01\/Boelsums-flowers_02-768x768.jpg 768w, https:\/\/www.galerie-pfundt.de\/wp-content\/uploads\/2020\/01\/Boelsums-flowers_02-36x36.jpg 36w, https:\/\/www.galerie-pfundt.de\/wp-content\/uploads\/2020\/01\/Boelsums-flowers_02-180x180.jpg 180w, https:\/\/www.galerie-pfundt.de\/wp-content\/uploads\/2020\/01\/Boelsums-flowers_02-705x705.jpg 705w, https:\/\/www.galerie-pfundt.de\/wp-content\/uploads\/2020\/01\/Boelsums-flowers_02-300x300.jpg 300w, https:\/\/www.galerie-pfundt.de\/wp-content\/uploads\/2020\/01\/Boelsums-flowers_02.jpg 1280w\" sizes=\"(max-width: 400px) 100vw, 400px\" \/><\/a><\/div><\/div><\/div><\/div><div class=\"flex_column av_one_third  flex_column_div av-zero-column-padding   avia-builder-el-38  el_after_av_one_third  el_before_av_hr  column-top-margin\" style='border-radius:0px; '><div  class='avia-image-container  av-styling-  noHover  av-overlay-on-hover   avia-builder-el-39  avia-builder-el-no-sibling  avia-align-center '  itemprop=\"image\" itemscope=\"itemscope\" itemtype=\"https:\/\/schema.org\/ImageObject\"  ><div class='avia-image-container-inner'><div class='avia-image-overlay-wrap'><a href='https:\/\/www.galerie-pfundt.de\/aktuell\/kuenstler\/boelsums\/landscape52\/' class='avia_image'  ><div class='av-image-caption-overlay'><div class='av-caption-image-overlay-bg' style='opacity:0.5; background-color:#000000; '><\/div><div class='av-image-caption-overlay-position'><div class='av-image-caption-overlay-center' style='color:#ffffff; '><p>#52<\/p>\n<\/div><\/div><\/div><img decoding=\"async\" width=\"400\" height=\"400\" class='wp-image-8892 avia-img-lazy-loading-not-8892 avia_image' src=\"https:\/\/www.galerie-pfundt.de\/wp-content\/uploads\/2020\/01\/Boelsums-Landscape52-400x400.jpg\" alt='' title='Boelsums-Landscape#52'  itemprop=\"thumbnailUrl\" srcset=\"https:\/\/www.galerie-pfundt.de\/wp-content\/uploads\/2020\/01\/Boelsums-Landscape52-400x400.jpg 400w, https:\/\/www.galerie-pfundt.de\/wp-content\/uploads\/2020\/01\/Boelsums-Landscape52-600x600.jpg 600w, https:\/\/www.galerie-pfundt.de\/wp-content\/uploads\/2020\/01\/Boelsums-Landscape52-100x100.jpg 100w, https:\/\/www.galerie-pfundt.de\/wp-content\/uploads\/2020\/01\/Boelsums-Landscape52-220x220.jpg 220w, https:\/\/www.galerie-pfundt.de\/wp-content\/uploads\/2020\/01\/Boelsums-Landscape52-768x768.jpg 768w, https:\/\/www.galerie-pfundt.de\/wp-content\/uploads\/2020\/01\/Boelsums-Landscape52-36x36.jpg 36w, https:\/\/www.galerie-pfundt.de\/wp-content\/uploads\/2020\/01\/Boelsums-Landscape52-180x180.jpg 180w, https:\/\/www.galerie-pfundt.de\/wp-content\/uploads\/2020\/01\/Boelsums-Landscape52-705x705.jpg 705w, https:\/\/www.galerie-pfundt.de\/wp-content\/uploads\/2020\/01\/Boelsums-Landscape52-300x300.jpg 300w, https:\/\/www.galerie-pfundt.de\/wp-content\/uploads\/2020\/01\/Boelsums-Landscape52.jpg 1280w\" sizes=\"(max-width: 400px) 100vw, 400px\" \/><\/a><\/div><\/div><\/div><\/div><div  style='height:50px' class='hr hr-invisible   avia-builder-el-40  el_after_av_one_third  el_before_av_one_third '><span class='hr-inner ' ><span class='hr-inner-style'><\/span><\/span><\/div>\n<div class=\"flex_column av_one_third  flex_column_div av-zero-column-padding first  avia-builder-el-41  el_after_av_hr  el_before_av_one_third  \" style='border-radius:0px; '><div  class='avia-image-container  av-styling-  noHover  av-overlay-on-hover   avia-builder-el-42  avia-builder-el-no-sibling  avia-align-center '  itemprop=\"image\" itemscope=\"itemscope\" itemtype=\"https:\/\/schema.org\/ImageObject\"  ><div class='avia-image-container-inner'><div class='avia-image-overlay-wrap'><a href='https:\/\/www.galerie-pfundt.de\/aktuell\/kuenstler\/boelsums\/landscape49\/' class='avia_image'  ><div class='av-image-caption-overlay'><div class='av-caption-image-overlay-bg' style='opacity:0.5; background-color:#000000; '><\/div><div class='av-image-caption-overlay-position'><div class='av-image-caption-overlay-center' style='color:#ffffff; '><p>#49<\/p>\n<\/div><\/div><\/div><img decoding=\"async\" width=\"400\" height=\"400\" class='wp-image-8891 avia-img-lazy-loading-not-8891 avia_image' src=\"https:\/\/www.galerie-pfundt.de\/wp-content\/uploads\/2020\/01\/Boelsums-Landscape49-400x400.jpg\" alt='' title='Boelsums-Landscape#49'  itemprop=\"thumbnailUrl\" srcset=\"https:\/\/www.galerie-pfundt.de\/wp-content\/uploads\/2020\/01\/Boelsums-Landscape49-400x400.jpg 400w, https:\/\/www.galerie-pfundt.de\/wp-content\/uploads\/2020\/01\/Boelsums-Landscape49-600x600.jpg 600w, https:\/\/www.galerie-pfundt.de\/wp-content\/uploads\/2020\/01\/Boelsums-Landscape49-100x100.jpg 100w, https:\/\/www.galerie-pfundt.de\/wp-content\/uploads\/2020\/01\/Boelsums-Landscape49-220x220.jpg 220w, https:\/\/www.galerie-pfundt.de\/wp-content\/uploads\/2020\/01\/Boelsums-Landscape49-768x768.jpg 768w, https:\/\/www.galerie-pfundt.de\/wp-content\/uploads\/2020\/01\/Boelsums-Landscape49-36x36.jpg 36w, https:\/\/www.galerie-pfundt.de\/wp-content\/uploads\/2020\/01\/Boelsums-Landscape49-180x180.jpg 180w, https:\/\/www.galerie-pfundt.de\/wp-content\/uploads\/2020\/01\/Boelsums-Landscape49-705x705.jpg 705w, https:\/\/www.galerie-pfundt.de\/wp-content\/uploads\/2020\/01\/Boelsums-Landscape49-300x300.jpg 300w, https:\/\/www.galerie-pfundt.de\/wp-content\/uploads\/2020\/01\/Boelsums-Landscape49.jpg 1280w\" sizes=\"(max-width: 400px) 100vw, 400px\" \/><\/a><\/div><\/div><\/div><\/div><div class=\"flex_column av_one_third  flex_column_div av-zero-column-padding   avia-builder-el-43  el_after_av_one_third  el_before_av_one_third  \" style='border-radius:0px; '><div  class='avia-image-container  av-styling-  noHover  av-overlay-on-hover   avia-builder-el-44  avia-builder-el-no-sibling  avia-align-center '  itemprop=\"image\" itemscope=\"itemscope\" itemtype=\"https:\/\/schema.org\/ImageObject\"  ><div class='avia-image-container-inner'><div class='avia-image-overlay-wrap'><a href='https:\/\/www.galerie-pfundt.de\/aktuell\/kuenstler\/boelsums\/landscape46\/' class='avia_image'  ><div class='av-image-caption-overlay'><div class='av-caption-image-overlay-bg' style='opacity:0.5; background-color:#000000; '><\/div><div class='av-image-caption-overlay-position'><div class='av-image-caption-overlay-center' style='color:#ffffff; '><p>#46<\/p>\n<\/div><\/div><\/div><img decoding=\"async\" width=\"400\" height=\"400\" class='wp-image-8890 avia-img-lazy-loading-not-8890 avia_image' src=\"https:\/\/www.galerie-pfundt.de\/wp-content\/uploads\/2020\/01\/Boelsums-Landscape46-400x400.jpg\" alt='' title='Boelsums-Landscape#46'  itemprop=\"thumbnailUrl\" srcset=\"https:\/\/www.galerie-pfundt.de\/wp-content\/uploads\/2020\/01\/Boelsums-Landscape46-400x400.jpg 400w, https:\/\/www.galerie-pfundt.de\/wp-content\/uploads\/2020\/01\/Boelsums-Landscape46-600x600.jpg 600w, https:\/\/www.galerie-pfundt.de\/wp-content\/uploads\/2020\/01\/Boelsums-Landscape46-100x100.jpg 100w, https:\/\/www.galerie-pfundt.de\/wp-content\/uploads\/2020\/01\/Boelsums-Landscape46-220x220.jpg 220w, https:\/\/www.galerie-pfundt.de\/wp-content\/uploads\/2020\/01\/Boelsums-Landscape46-768x768.jpg 768w, https:\/\/www.galerie-pfundt.de\/wp-content\/uploads\/2020\/01\/Boelsums-Landscape46-36x36.jpg 36w, https:\/\/www.galerie-pfundt.de\/wp-content\/uploads\/2020\/01\/Boelsums-Landscape46-180x180.jpg 180w, https:\/\/www.galerie-pfundt.de\/wp-content\/uploads\/2020\/01\/Boelsums-Landscape46-705x705.jpg 705w, https:\/\/www.galerie-pfundt.de\/wp-content\/uploads\/2020\/01\/Boelsums-Landscape46-300x300.jpg 300w, https:\/\/www.galerie-pfundt.de\/wp-content\/uploads\/2020\/01\/Boelsums-Landscape46.jpg 1280w\" sizes=\"(max-width: 400px) 100vw, 400px\" \/><\/a><\/div><\/div><\/div><\/div><div class=\"flex_column av_one_third  flex_column_div av-zero-column-padding   avia-builder-el-45  el_after_av_one_third  el_before_av_one_third  \" style='border-radius:0px; '><div  class='avia-image-container  av-styling-  noHover  av-overlay-on-hover   avia-builder-el-46  avia-builder-el-no-sibling  avia-align-center '  itemprop=\"image\" itemscope=\"itemscope\" itemtype=\"https:\/\/schema.org\/ImageObject\"  ><div class='avia-image-container-inner'><div class='avia-image-overlay-wrap'><a href='https:\/\/www.galerie-pfundt.de\/aktuell\/kuenstler\/boelsums\/landscape44\/' class='avia_image'  ><div class='av-image-caption-overlay'><div class='av-caption-image-overlay-bg' style='opacity:0.5; background-color:#000000; '><\/div><div class='av-image-caption-overlay-position'><div class='av-image-caption-overlay-center' style='color:#ffffff; '><p>#44<\/p>\n<\/div><\/div><\/div><img decoding=\"async\" width=\"400\" height=\"400\" class='wp-image-8889 avia-img-lazy-loading-not-8889 avia_image' src=\"https:\/\/www.galerie-pfundt.de\/wp-content\/uploads\/2020\/01\/Boelsums-Landscape44-400x400.jpg\" alt='' title='Boelsums-Landscape#44'  itemprop=\"thumbnailUrl\" srcset=\"https:\/\/www.galerie-pfundt.de\/wp-content\/uploads\/2020\/01\/Boelsums-Landscape44-400x400.jpg 400w, https:\/\/www.galerie-pfundt.de\/wp-content\/uploads\/2020\/01\/Boelsums-Landscape44-600x600.jpg 600w, https:\/\/www.galerie-pfundt.de\/wp-content\/uploads\/2020\/01\/Boelsums-Landscape44-100x100.jpg 100w, https:\/\/www.galerie-pfundt.de\/wp-content\/uploads\/2020\/01\/Boelsums-Landscape44-220x220.jpg 220w, https:\/\/www.galerie-pfundt.de\/wp-content\/uploads\/2020\/01\/Boelsums-Landscape44-768x768.jpg 768w, https:\/\/www.galerie-pfundt.de\/wp-content\/uploads\/2020\/01\/Boelsums-Landscape44-36x36.jpg 36w, https:\/\/www.galerie-pfundt.de\/wp-content\/uploads\/2020\/01\/Boelsums-Landscape44-180x180.jpg 180w, https:\/\/www.galerie-pfundt.de\/wp-content\/uploads\/2020\/01\/Boelsums-Landscape44-705x705.jpg 705w, https:\/\/www.galerie-pfundt.de\/wp-content\/uploads\/2020\/01\/Boelsums-Landscape44-300x300.jpg 300w, https:\/\/www.galerie-pfundt.de\/wp-content\/uploads\/2020\/01\/Boelsums-Landscape44.jpg 1280w\" sizes=\"(max-width: 400px) 100vw, 400px\" \/><\/a><\/div><\/div><\/div><\/div><div class=\"flex_column av_one_third  flex_column_div av-zero-column-padding first  avia-builder-el-47  el_after_av_one_third  el_before_av_one_third  column-top-margin\" style='border-radius:0px; '><div  class='avia-image-container  av-styling-  noHover  av-overlay-on-hover   avia-builder-el-48  avia-builder-el-no-sibling  avia-align-center '  itemprop=\"image\" itemscope=\"itemscope\" itemtype=\"https:\/\/schema.org\/ImageObject\"  ><div class='avia-image-container-inner'><div class='avia-image-overlay-wrap'><a href='https:\/\/www.galerie-pfundt.de\/aktuell\/kuenstler\/boelsums\/landscape39\/' class='avia_image'  ><div class='av-image-caption-overlay'><div class='av-caption-image-overlay-bg' style='opacity:0.5; background-color:#000000; '><\/div><div class='av-image-caption-overlay-position'><div class='av-image-caption-overlay-center' style='color:#ffffff; '><p>#39<\/p>\n<\/div><\/div><\/div><img decoding=\"async\" width=\"400\" height=\"400\" class='wp-image-8888 avia-img-lazy-loading-not-8888 avia_image' src=\"https:\/\/www.galerie-pfundt.de\/wp-content\/uploads\/2020\/01\/Boelsums-Landscape39-400x400.jpg\" alt='' title='Boelsums-Landscape#39'  itemprop=\"thumbnailUrl\" srcset=\"https:\/\/www.galerie-pfundt.de\/wp-content\/uploads\/2020\/01\/Boelsums-Landscape39-400x400.jpg 400w, https:\/\/www.galerie-pfundt.de\/wp-content\/uploads\/2020\/01\/Boelsums-Landscape39-600x600.jpg 600w, https:\/\/www.galerie-pfundt.de\/wp-content\/uploads\/2020\/01\/Boelsums-Landscape39-100x100.jpg 100w, https:\/\/www.galerie-pfundt.de\/wp-content\/uploads\/2020\/01\/Boelsums-Landscape39-220x220.jpg 220w, https:\/\/www.galerie-pfundt.de\/wp-content\/uploads\/2020\/01\/Boelsums-Landscape39-768x768.jpg 768w, https:\/\/www.galerie-pfundt.de\/wp-content\/uploads\/2020\/01\/Boelsums-Landscape39-36x36.jpg 36w, https:\/\/www.galerie-pfundt.de\/wp-content\/uploads\/2020\/01\/Boelsums-Landscape39-180x180.jpg 180w, https:\/\/www.galerie-pfundt.de\/wp-content\/uploads\/2020\/01\/Boelsums-Landscape39-705x705.jpg 705w, https:\/\/www.galerie-pfundt.de\/wp-content\/uploads\/2020\/01\/Boelsums-Landscape39-300x300.jpg 300w, https:\/\/www.galerie-pfundt.de\/wp-content\/uploads\/2020\/01\/Boelsums-Landscape39.jpg 1280w\" sizes=\"(max-width: 400px) 100vw, 400px\" \/><\/a><\/div><\/div><\/div><\/div><div class=\"flex_column av_one_third  flex_column_div av-zero-column-padding   avia-builder-el-49  el_after_av_one_third  el_before_av_one_third  column-top-margin\" style='border-radius:0px; '><div  class='avia-image-container  av-styling-  noHover  av-overlay-on-hover   avia-builder-el-50  avia-builder-el-no-sibling  avia-align-center '  itemprop=\"image\" itemscope=\"itemscope\" itemtype=\"https:\/\/schema.org\/ImageObject\"  ><div class='avia-image-container-inner'><div class='avia-image-overlay-wrap'><a href='https:\/\/www.galerie-pfundt.de\/aktuell\/kuenstler\/boelsums\/landscape42\/' class='avia_image'  ><div class='av-image-caption-overlay'><div class='av-caption-image-overlay-bg' style='opacity:0.5; background-color:#000000; '><\/div><div class='av-image-caption-overlay-position'><div class='av-image-caption-overlay-center' style='color:#ffffff; '><p>#42<\/p>\n<\/div><\/div><\/div><img decoding=\"async\" width=\"400\" height=\"400\" class='wp-image-8626 avia-img-lazy-loading-not-8626 avia_image' src=\"https:\/\/www.galerie-pfundt.de\/wp-content\/uploads\/2019\/12\/boelsums-landscape42-400x400.jpg\" alt='' title='boelsums-landscape42'  itemprop=\"thumbnailUrl\" srcset=\"https:\/\/www.galerie-pfundt.de\/wp-content\/uploads\/2019\/12\/boelsums-landscape42-400x400.jpg 400w, https:\/\/www.galerie-pfundt.de\/wp-content\/uploads\/2019\/12\/boelsums-landscape42-600x600.jpg 600w, https:\/\/www.galerie-pfundt.de\/wp-content\/uploads\/2019\/12\/boelsums-landscape42-100x100.jpg 100w, https:\/\/www.galerie-pfundt.de\/wp-content\/uploads\/2019\/12\/boelsums-landscape42-1030x1030.jpg 1030w, https:\/\/www.galerie-pfundt.de\/wp-content\/uploads\/2019\/12\/boelsums-landscape42-220x220.jpg 220w, https:\/\/www.galerie-pfundt.de\/wp-content\/uploads\/2019\/12\/boelsums-landscape42-768x768.jpg 768w, https:\/\/www.galerie-pfundt.de\/wp-content\/uploads\/2019\/12\/boelsums-landscape42-36x36.jpg 36w, https:\/\/www.galerie-pfundt.de\/wp-content\/uploads\/2019\/12\/boelsums-landscape42-180x180.jpg 180w, https:\/\/www.galerie-pfundt.de\/wp-content\/uploads\/2019\/12\/boelsums-landscape42-705x705.jpg 705w, https:\/\/www.galerie-pfundt.de\/wp-content\/uploads\/2019\/12\/boelsums-landscape42-300x300.jpg 300w, https:\/\/www.galerie-pfundt.de\/wp-content\/uploads\/2019\/12\/boelsums-landscape42.jpg 1280w\" sizes=\"(max-width: 400px) 100vw, 400px\" \/><\/a><\/div><\/div><\/div><\/div><div class=\"flex_column av_one_third  flex_column_div av-zero-column-padding   avia-builder-el-51  el_after_av_one_third  el_before_av_one_third  column-top-margin\" style='border-radius:0px; '><div  class='avia-image-container  av-styling-  noHover  av-overlay-on-hover   avia-builder-el-52  avia-builder-el-no-sibling  avia-align-center '  itemprop=\"image\" itemscope=\"itemscope\" itemtype=\"https:\/\/schema.org\/ImageObject\"  ><div class='avia-image-container-inner'><div class='avia-image-overlay-wrap'><a href='https:\/\/www.galerie-pfundt.de\/aktuell\/kuenstler\/boelsums\/landscape33\/' class='avia_image'  ><div class='av-image-caption-overlay'><div class='av-caption-image-overlay-bg' style='opacity:0.5; background-color:#000000; '><\/div><div class='av-image-caption-overlay-position'><div class='av-image-caption-overlay-center' style='color:#ffffff; '><p>#33<\/p>\n<\/div><\/div><\/div><img decoding=\"async\" width=\"400\" height=\"400\" class='wp-image-8887 avia-img-lazy-loading-not-8887 avia_image' src=\"https:\/\/www.galerie-pfundt.de\/wp-content\/uploads\/2020\/01\/Boelsums-Landscape33-400x400.jpg\" alt='' title='Boelsums-Landscape#33'  itemprop=\"thumbnailUrl\" srcset=\"https:\/\/www.galerie-pfundt.de\/wp-content\/uploads\/2020\/01\/Boelsums-Landscape33-400x400.jpg 400w, https:\/\/www.galerie-pfundt.de\/wp-content\/uploads\/2020\/01\/Boelsums-Landscape33-600x600.jpg 600w, https:\/\/www.galerie-pfundt.de\/wp-content\/uploads\/2020\/01\/Boelsums-Landscape33-100x100.jpg 100w, https:\/\/www.galerie-pfundt.de\/wp-content\/uploads\/2020\/01\/Boelsums-Landscape33-220x220.jpg 220w, https:\/\/www.galerie-pfundt.de\/wp-content\/uploads\/2020\/01\/Boelsums-Landscape33-768x768.jpg 768w, https:\/\/www.galerie-pfundt.de\/wp-content\/uploads\/2020\/01\/Boelsums-Landscape33-36x36.jpg 36w, https:\/\/www.galerie-pfundt.de\/wp-content\/uploads\/2020\/01\/Boelsums-Landscape33-180x180.jpg 180w, https:\/\/www.galerie-pfundt.de\/wp-content\/uploads\/2020\/01\/Boelsums-Landscape33-705x705.jpg 705w, https:\/\/www.galerie-pfundt.de\/wp-content\/uploads\/2020\/01\/Boelsums-Landscape33-300x300.jpg 300w, https:\/\/www.galerie-pfundt.de\/wp-content\/uploads\/2020\/01\/Boelsums-Landscape33.jpg 1280w\" sizes=\"(max-width: 400px) 100vw, 400px\" \/><\/a><\/div><\/div><\/div><\/div><div class=\"flex_column av_one_third  flex_column_div av-zero-column-padding first  avia-builder-el-53  el_after_av_one_third  el_before_av_one_third  column-top-margin\" style='border-radius:0px; '><p><section class=\"av_textblock_section \"  itemscope=\"itemscope\" itemtype=\"https:\/\/schema.org\/CreativeWork\" ><div class='avia_textblock  '   itemprop=\"text\" ><p><strong>Bitte informieren Sie mich k\u00fcnftig per E-Mail \u00fcber Neuigkeiten.<\/strong><\/p>\n<\/div><\/section><br \/>\n<form action=\"https:\/\/www.galerie-pfundt.de\/aktuell\/kuenstler\/boelsums\/\" method=\"post\"  data-av-custom-send='mailchimp_send' class=\"avia_ajax_form av-form-labels-hidden   avia-builder-el-55  el_after_av_textblock  avia-builder-el-last  av-custom-form-color av-dark-form avia-mailchimp-form \" data-avia-form-id=\"1\" data-avia-redirect='' ><fieldset><p class='  first_form  form_element form_fullwidth' id='element_avia_0_1'><label for=\"avia_0_1\">E-Mail <abbr class=\"required\" title=\"ben\u00f6tigt\">*<\/abbr><\/label> <input name=\"avia_0_1\" class=\"text_input is_email\" type=\"text\" id=\"avia_0_1\" value=\"\"  placeholder='E-Mail*'\/><\/p><p class='  first_form  form_element form_fullwidth' id='element_avia_2_1'><label for=\"avia_2_1\">Name<\/label> <input name=\"avia_2_1\" class=\"text_input \" type=\"text\" id=\"avia_2_1\" value=\"\"  placeholder='Name'\/><\/p><p class=\"form_element  first_form  form_element form_fullwidth av-last-visible-form-element modified_width\"><input type=\"hidden\" value=\"1\" name=\"avia_generated_form1\" \/><input type=\"submit\" value=\"Abonnieren\" class=\"button\"  data-sending-label=\"Sende\"\/><\/p><p class=\"hidden\"><input type=\"text\" name=\"avia_avia_username_1\" class=\"hidden \" id=\"avia_avia_username_1\" value=\"\" \/><\/p><\/fieldset><\/form><div id=\"ajaxresponse_1\" class=\"ajaxresponse ajaxresponse_1 hidden\"><\/div><\/p><\/div><div class=\"flex_column av_one_third  flex_column_div av-zero-column-padding   avia-builder-el-56  el_after_av_one_third  el_before_av_one_third  column-top-margin\" style='border-radius:0px; '><div  class='avia-image-container  av-styling-  noHover  av-overlay-on-hover   avia-builder-el-57  avia-builder-el-no-sibling  avia-align-center '  itemprop=\"image\" itemscope=\"itemscope\" itemtype=\"https:\/\/schema.org\/ImageObject\"  ><div class='avia-image-container-inner'><div class='avia-image-overlay-wrap'><a href='https:\/\/www.galerie-pfundt.de\/aktuell\/kuenstler\/boelsums\/landscape28\/' class='avia_image'  ><div class='av-image-caption-overlay'><div class='av-caption-image-overlay-bg' style='opacity:0.5; background-color:#000000; '><\/div><div class='av-image-caption-overlay-position'><div class='av-image-caption-overlay-center' style='color:#ffffff; '><p>#28<\/p>\n<\/div><\/div><\/div><img decoding=\"async\" width=\"400\" height=\"400\" class='wp-image-8886 avia-img-lazy-loading-not-8886 avia_image' src=\"https:\/\/www.galerie-pfundt.de\/wp-content\/uploads\/2020\/01\/Boelsums-Landscape28-400x400.jpg\" alt='' title='Boelsums-Landscape#28'  itemprop=\"thumbnailUrl\" srcset=\"https:\/\/www.galerie-pfundt.de\/wp-content\/uploads\/2020\/01\/Boelsums-Landscape28-400x400.jpg 400w, https:\/\/www.galerie-pfundt.de\/wp-content\/uploads\/2020\/01\/Boelsums-Landscape28-600x600.jpg 600w, https:\/\/www.galerie-pfundt.de\/wp-content\/uploads\/2020\/01\/Boelsums-Landscape28-100x100.jpg 100w, https:\/\/www.galerie-pfundt.de\/wp-content\/uploads\/2020\/01\/Boelsums-Landscape28-220x220.jpg 220w, https:\/\/www.galerie-pfundt.de\/wp-content\/uploads\/2020\/01\/Boelsums-Landscape28-768x768.jpg 768w, https:\/\/www.galerie-pfundt.de\/wp-content\/uploads\/2020\/01\/Boelsums-Landscape28-36x36.jpg 36w, https:\/\/www.galerie-pfundt.de\/wp-content\/uploads\/2020\/01\/Boelsums-Landscape28-180x180.jpg 180w, https:\/\/www.galerie-pfundt.de\/wp-content\/uploads\/2020\/01\/Boelsums-Landscape28-705x705.jpg 705w, https:\/\/www.galerie-pfundt.de\/wp-content\/uploads\/2020\/01\/Boelsums-Landscape28-300x300.jpg 300w, https:\/\/www.galerie-pfundt.de\/wp-content\/uploads\/2020\/01\/Boelsums-Landscape28.jpg 1280w\" sizes=\"(max-width: 400px) 100vw, 400px\" \/><\/a><\/div><\/div><\/div><\/div><div class=\"flex_column av_one_third  flex_column_div av-zero-column-padding   avia-builder-el-58  el_after_av_one_third  el_before_av_one_third  column-top-margin\" style='border-radius:0px; '><div  class='avia-image-container  av-styling-  noHover  av-overlay-on-hover   avia-builder-el-59  avia-builder-el-no-sibling  avia-align-center '  itemprop=\"image\" itemscope=\"itemscope\" itemtype=\"https:\/\/schema.org\/ImageObject\"  ><div class='avia-image-container-inner'><div class='avia-image-overlay-wrap'><a href='https:\/\/www.galerie-pfundt.de\/aktuell\/kuenstler\/boelsums\/landscape16\/' class='avia_image'  ><div class='av-image-caption-overlay'><div class='av-caption-image-overlay-bg' style='opacity:0.5; background-color:#000000; '><\/div><div class='av-image-caption-overlay-position'><div class='av-image-caption-overlay-center' style='color:#ffffff; '><p>#16<\/p>\n<\/div><\/div><\/div><img decoding=\"async\" width=\"400\" height=\"400\" class='wp-image-8884 avia-img-lazy-loading-not-8884 avia_image' src=\"https:\/\/www.galerie-pfundt.de\/wp-content\/uploads\/2020\/01\/Boelsums-Landscape16-400x400.jpg\" alt='' title='Boelsums-Landscape#16'  itemprop=\"thumbnailUrl\" srcset=\"https:\/\/www.galerie-pfundt.de\/wp-content\/uploads\/2020\/01\/Boelsums-Landscape16-400x400.jpg 400w, https:\/\/www.galerie-pfundt.de\/wp-content\/uploads\/2020\/01\/Boelsums-Landscape16-600x600.jpg 600w, https:\/\/www.galerie-pfundt.de\/wp-content\/uploads\/2020\/01\/Boelsums-Landscape16-100x100.jpg 100w, https:\/\/www.galerie-pfundt.de\/wp-content\/uploads\/2020\/01\/Boelsums-Landscape16-220x220.jpg 220w, https:\/\/www.galerie-pfundt.de\/wp-content\/uploads\/2020\/01\/Boelsums-Landscape16-768x768.jpg 768w, https:\/\/www.galerie-pfundt.de\/wp-content\/uploads\/2020\/01\/Boelsums-Landscape16-36x36.jpg 36w, https:\/\/www.galerie-pfundt.de\/wp-content\/uploads\/2020\/01\/Boelsums-Landscape16-180x180.jpg 180w, https:\/\/www.galerie-pfundt.de\/wp-content\/uploads\/2020\/01\/Boelsums-Landscape16-705x705.jpg 705w, https:\/\/www.galerie-pfundt.de\/wp-content\/uploads\/2020\/01\/Boelsums-Landscape16-300x300.jpg 300w, https:\/\/www.galerie-pfundt.de\/wp-content\/uploads\/2020\/01\/Boelsums-Landscape16.jpg 1280w\" sizes=\"(max-width: 400px) 100vw, 400px\" \/><\/a><\/div><\/div><\/div><\/div><div class=\"flex_column av_one_third  flex_column_div av-zero-column-padding first  avia-builder-el-60  el_after_av_one_third  el_before_av_one_third  column-top-margin\" style='border-radius:0px; '><div  class='avia-image-container  av-styling-    avia-builder-el-61  avia-builder-el-no-sibling  avia-align-center '  itemprop=\"image\" itemscope=\"itemscope\" itemtype=\"https:\/\/schema.org\/ImageObject\"  ><div class='avia-image-container-inner'><div class='avia-image-overlay-wrap'><img decoding=\"async\" class='wp-image-15058 avia-img-lazy-loading-not-15058 avia_image' src=\"https:\/\/www.galerie-pfundt.de\/wp-content\/uploads\/2020\/11\/Boelsums-Katalog.jpg\" alt='' title='Boelsums-Katalog' height=\"642\" width=\"521\"  itemprop=\"thumbnailUrl\" srcset=\"https:\/\/www.galerie-pfundt.de\/wp-content\/uploads\/2020\/11\/Boelsums-Katalog.jpg 521w, https:\/\/www.galerie-pfundt.de\/wp-content\/uploads\/2020\/11\/Boelsums-Katalog-325x400.jpg 325w, https:\/\/www.galerie-pfundt.de\/wp-content\/uploads\/2020\/11\/Boelsums-Katalog-487x600.jpg 487w\" sizes=\"(max-width: 521px) 100vw, 521px\" \/><\/div><\/div><\/div><\/div><div class=\"flex_column av_one_third  flex_column_div av-zero-column-padding   avia-builder-el-62  el_after_av_one_third  el_before_av_one_third  column-top-margin\" style='border-radius:0px; '><p><div  style='height:145px' class='hr hr-invisible   avia-builder-el-63  el_before_av_textblock  avia-builder-el-first '><span class='hr-inner ' ><span class='hr-inner-style'><\/span><\/span><\/div><br \/>\n<section class=\"av_textblock_section \"  itemscope=\"itemscope\" itemtype=\"https:\/\/schema.org\/CreativeWork\" ><div class='avia_textblock  '   itemprop=\"text\" ><p>Hardcover \u00a0208 Seiten<\/p>\n<p>Verlag: Lannoo Publishers (29. Februar 2020)<\/p>\n<p>Sprache: Englisch<\/p>\n<p>ISBN-10: 9089898107<\/p>\n<p>ISBN-13:978-9089898104<\/p>\n<p>24,8 x 30,5 cm<\/p>\n<\/div><\/section><br \/>\n<div  style='height:95px' class='hr hr-invisible   avia-builder-el-65  el_after_av_textblock  avia-builder-el-last '><span class='hr-inner ' ><span class='hr-inner-style'><\/span><\/span><\/div><\/p><\/div><div class=\"flex_column av_one_third  flex_column_div av-zero-column-padding   avia-builder-el-66  el_after_av_one_third  el_before_av_one_third  column-top-margin\" style='border-radius:0px; '><div  class='avia-image-container  av-styling-  noHover  av-overlay-on-hover   avia-builder-el-67  avia-builder-el-no-sibling  avia-align-center '  itemprop=\"image\" itemscope=\"itemscope\" itemtype=\"https:\/\/schema.org\/ImageObject\"  ><div class='avia-image-container-inner'><div class='avia-image-overlay-wrap'><a href='https:\/\/www.galerie-pfundt.de\/aktuell\/kuenstler\/boelsums\/landscape31\/' class='avia_image'  ><div class='av-image-caption-overlay'><div class='av-caption-image-overlay-bg' style='opacity:0.5; background-color:#000000; '><\/div><div class='av-image-caption-overlay-position'><div class='av-image-caption-overlay-center' style='color:#ffffff; '><p>#04<\/p>\n<\/div><\/div><\/div><img decoding=\"async\" width=\"400\" height=\"400\" class='wp-image-19032 avia-img-lazy-loading-not-19032 avia_image' src=\"https:\/\/www.galerie-pfundt.de\/wp-content\/uploads\/2021\/06\/Boelsums-landscape04-400x400.jpg\" alt='' title='Boelsums-landscape04'  itemprop=\"thumbnailUrl\" srcset=\"https:\/\/www.galerie-pfundt.de\/wp-content\/uploads\/2021\/06\/Boelsums-landscape04-400x400.jpg 400w, https:\/\/www.galerie-pfundt.de\/wp-content\/uploads\/2021\/06\/Boelsums-landscape04-600x600.jpg 600w, https:\/\/www.galerie-pfundt.de\/wp-content\/uploads\/2021\/06\/Boelsums-landscape04-100x100.jpg 100w, https:\/\/www.galerie-pfundt.de\/wp-content\/uploads\/2021\/06\/Boelsums-landscape04-1030x1030.jpg 1030w, https:\/\/www.galerie-pfundt.de\/wp-content\/uploads\/2021\/06\/Boelsums-landscape04-220x220.jpg 220w, https:\/\/www.galerie-pfundt.de\/wp-content\/uploads\/2021\/06\/Boelsums-landscape04-768x768.jpg 768w, https:\/\/www.galerie-pfundt.de\/wp-content\/uploads\/2021\/06\/Boelsums-landscape04-36x36.jpg 36w, https:\/\/www.galerie-pfundt.de\/wp-content\/uploads\/2021\/06\/Boelsums-landscape04-180x180.jpg 180w, https:\/\/www.galerie-pfundt.de\/wp-content\/uploads\/2021\/06\/Boelsums-landscape04-705x705.jpg 705w, https:\/\/www.galerie-pfundt.de\/wp-content\/uploads\/2021\/06\/Boelsums-landscape04-300x300.jpg 300w, https:\/\/www.galerie-pfundt.de\/wp-content\/uploads\/2021\/06\/Boelsums-landscape04.jpg 1280w\" sizes=\"(max-width: 400px) 100vw, 400px\" \/><\/a><\/div><\/div><\/div><\/div><div class=\"flex_column av_one_third  flex_column_div av-zero-column-padding first  avia-builder-el-68  el_after_av_one_third  el_before_av_one_third  column-top-margin\" style='border-radius:0px; '><div  class='avia-image-container  av-styling-  noHover  av-overlay-on-hover   avia-builder-el-69  avia-builder-el-no-sibling  avia-align-center '  itemprop=\"image\" itemscope=\"itemscope\" itemtype=\"https:\/\/schema.org\/ImageObject\"  ><div class='avia-image-container-inner'><div class='avia-image-overlay-wrap'><a href='https:\/\/www.galerie-pfundt.de\/aktuell\/kuenstler\/boelsums\/landscape16\/' class='avia_image'  ><div class='av-image-caption-overlay'><div class='av-caption-image-overlay-bg' style='opacity:0.5; background-color:#000000; '><\/div><div class='av-image-caption-overlay-position'><div class='av-image-caption-overlay-center' style='color:#ffffff; '><p>#11<\/p>\n<\/div><\/div><\/div><img decoding=\"async\" width=\"300\" height=\"300\" class='wp-image-286 avia-img-lazy-loading-not-286 avia_image' src=\"https:\/\/www.galerie-pfundt.de\/wp-content\/uploads\/2017\/04\/05-300x300.jpg\" alt='' title='Boelsums-Landscape#11'  itemprop=\"thumbnailUrl\" srcset=\"https:\/\/www.galerie-pfundt.de\/wp-content\/uploads\/2017\/04\/05-300x300.jpg 300w, https:\/\/www.galerie-pfundt.de\/wp-content\/uploads\/2017\/04\/05-600x600.jpg 600w, https:\/\/www.galerie-pfundt.de\/wp-content\/uploads\/2017\/04\/05-100x100.jpg 100w, https:\/\/www.galerie-pfundt.de\/wp-content\/uploads\/2017\/04\/05-80x80.jpg 80w, https:\/\/www.galerie-pfundt.de\/wp-content\/uploads\/2017\/04\/05-768x768.jpg 768w, https:\/\/www.galerie-pfundt.de\/wp-content\/uploads\/2017\/04\/05-36x36.jpg 36w, https:\/\/www.galerie-pfundt.de\/wp-content\/uploads\/2017\/04\/05-180x180.jpg 180w, https:\/\/www.galerie-pfundt.de\/wp-content\/uploads\/2017\/04\/05-705x705.jpg 705w, https:\/\/www.galerie-pfundt.de\/wp-content\/uploads\/2017\/04\/05.jpg 800w\" sizes=\"(max-width: 300px) 100vw, 300px\" \/><\/a><\/div><\/div><\/div><\/div><div class=\"flex_column av_one_third  flex_column_div av-zero-column-padding   avia-builder-el-70  el_after_av_one_third  el_before_av_one_third  column-top-margin\" style='border-radius:0px; '><div  class='avia-image-container  av-styling-  noHover  av-overlay-on-hover   avia-builder-el-71  avia-builder-el-no-sibling  avia-align-center '  itemprop=\"image\" itemscope=\"itemscope\" itemtype=\"https:\/\/schema.org\/ImageObject\"  ><div class='avia-image-container-inner'><div class='avia-image-overlay-wrap'><a href='https:\/\/www.galerie-pfundt.de\/aktuell\/kuenstler\/boelsums\/landscape31\/' class='avia_image'  ><div class='av-image-caption-overlay'><div class='av-caption-image-overlay-bg' style='opacity:0.5; background-color:#000000; '><\/div><div class='av-image-caption-overlay-position'><div class='av-image-caption-overlay-center' style='color:#ffffff; '><p>#31<\/p>\n<\/div><\/div><\/div><img decoding=\"async\" width=\"1030\" height=\"1030\" class='wp-image-1628 avia-img-lazy-loading-not-1628 avia_image' src=\"https:\/\/www.galerie-pfundt.de\/wp-content\/uploads\/2017\/07\/Landscape-31-1030x1030.jpg\" alt='' title='Boelsums-Landscape #31'  itemprop=\"thumbnailUrl\" srcset=\"https:\/\/www.galerie-pfundt.de\/wp-content\/uploads\/2017\/07\/Landscape-31-1030x1030.jpg 1030w, https:\/\/www.galerie-pfundt.de\/wp-content\/uploads\/2017\/07\/Landscape-31-600x600.jpg 600w, https:\/\/www.galerie-pfundt.de\/wp-content\/uploads\/2017\/07\/Landscape-31-100x100.jpg 100w, https:\/\/www.galerie-pfundt.de\/wp-content\/uploads\/2017\/07\/Landscape-31-220x220.jpg 220w, https:\/\/www.galerie-pfundt.de\/wp-content\/uploads\/2017\/07\/Landscape-31-768x768.jpg 768w, https:\/\/www.galerie-pfundt.de\/wp-content\/uploads\/2017\/07\/Landscape-31-36x36.jpg 36w, https:\/\/www.galerie-pfundt.de\/wp-content\/uploads\/2017\/07\/Landscape-31-180x180.jpg 180w, https:\/\/www.galerie-pfundt.de\/wp-content\/uploads\/2017\/07\/Landscape-31-705x705.jpg 705w, https:\/\/www.galerie-pfundt.de\/wp-content\/uploads\/2017\/07\/Landscape-31-300x300.jpg 300w, https:\/\/www.galerie-pfundt.de\/wp-content\/uploads\/2017\/07\/Landscape-31.jpg 1280w\" sizes=\"(max-width: 1030px) 100vw, 1030px\" \/><\/a><\/div><\/div><\/div><\/div><div class=\"flex_column av_one_third  flex_column_div av-zero-column-padding   avia-builder-el-72  el_after_av_one_third  el_before_av_one_third  column-top-margin\" style='border-radius:0px; '><div  class='avia-image-container  av-styling-  noHover  av-overlay-on-hover   avia-builder-el-73  avia-builder-el-no-sibling  avia-align-center '  itemprop=\"image\" itemscope=\"itemscope\" itemtype=\"https:\/\/schema.org\/ImageObject\"  ><div class='avia-image-container-inner'><div class='avia-image-overlay-wrap'><a href='https:\/\/www.galerie-pfundt.de\/aktuell\/kuenstler\/boelsums\/landscape26\/' class='avia_image'  ><div class='av-image-caption-overlay'><div class='av-caption-image-overlay-bg' style='opacity:0.5; background-color:#000000; '><\/div><div class='av-image-caption-overlay-position'><div class='av-image-caption-overlay-center' style='color:#ffffff; '><p>#26<\/p>\n<\/div><\/div><\/div><img decoding=\"async\" width=\"1030\" height=\"1030\" class='wp-image-1627 avia-img-lazy-loading-not-1627 avia_image' src=\"https:\/\/www.galerie-pfundt.de\/wp-content\/uploads\/2017\/07\/Landscape-26-1030x1030.jpg\" alt='' title='Boelsums-Landscape #26'  itemprop=\"thumbnailUrl\" srcset=\"https:\/\/www.galerie-pfundt.de\/wp-content\/uploads\/2017\/07\/Landscape-26-1030x1030.jpg 1030w, https:\/\/www.galerie-pfundt.de\/wp-content\/uploads\/2017\/07\/Landscape-26-600x600.jpg 600w, https:\/\/www.galerie-pfundt.de\/wp-content\/uploads\/2017\/07\/Landscape-26-100x100.jpg 100w, https:\/\/www.galerie-pfundt.de\/wp-content\/uploads\/2017\/07\/Landscape-26-220x220.jpg 220w, https:\/\/www.galerie-pfundt.de\/wp-content\/uploads\/2017\/07\/Landscape-26-768x768.jpg 768w, https:\/\/www.galerie-pfundt.de\/wp-content\/uploads\/2017\/07\/Landscape-26-36x36.jpg 36w, https:\/\/www.galerie-pfundt.de\/wp-content\/uploads\/2017\/07\/Landscape-26-180x180.jpg 180w, https:\/\/www.galerie-pfundt.de\/wp-content\/uploads\/2017\/07\/Landscape-26-705x705.jpg 705w, https:\/\/www.galerie-pfundt.de\/wp-content\/uploads\/2017\/07\/Landscape-26-300x300.jpg 300w, https:\/\/www.galerie-pfundt.de\/wp-content\/uploads\/2017\/07\/Landscape-26.jpg 1280w\" sizes=\"(max-width: 1030px) 100vw, 1030px\" \/><\/a><\/div><\/div><\/div><\/div><div class=\"flex_column av_one_third  flex_column_div av-zero-column-padding first  avia-builder-el-74  el_after_av_one_third  el_before_av_one_third  column-top-margin\" style='border-radius:0px; '><div  class='avia-image-container  av-styling- av-hover-grow noHover  av-overlay-on-hover   avia-builder-el-75  avia-builder-el-no-sibling  avia-align-center '  itemprop=\"image\" itemscope=\"itemscope\" itemtype=\"https:\/\/schema.org\/ImageObject\"  ><div class='avia-image-container-inner'><div class='avia-image-overlay-wrap'><a href='https:\/\/www.galerie-pfundt.de\/aktuell\/kuenstler\/boelsums\/landscape19\/' class='avia_image'  ><div class='av-image-caption-overlay'><div class='av-caption-image-overlay-bg' style='opacity:0.5; background-color:#000000; '><\/div><div class='av-image-caption-overlay-position'><div class='av-image-caption-overlay-center' style='color:#ffffff; '><p>#19<\/p>\n<\/div><\/div><\/div><img decoding=\"async\" width=\"400\" height=\"400\" class='wp-image-8624 avia-img-lazy-loading-not-8624 avia_image' src=\"https:\/\/www.galerie-pfundt.de\/wp-content\/uploads\/2019\/12\/boelsums-landscape19-400x400.jpg\" alt='' title='boelsums-landscape#19'  itemprop=\"thumbnailUrl\" srcset=\"https:\/\/www.galerie-pfundt.de\/wp-content\/uploads\/2019\/12\/boelsums-landscape19-400x400.jpg 400w, https:\/\/www.galerie-pfundt.de\/wp-content\/uploads\/2019\/12\/boelsums-landscape19-600x600.jpg 600w, https:\/\/www.galerie-pfundt.de\/wp-content\/uploads\/2019\/12\/boelsums-landscape19-100x100.jpg 100w, https:\/\/www.galerie-pfundt.de\/wp-content\/uploads\/2019\/12\/boelsums-landscape19-1030x1030.jpg 1030w, https:\/\/www.galerie-pfundt.de\/wp-content\/uploads\/2019\/12\/boelsums-landscape19-220x220.jpg 220w, https:\/\/www.galerie-pfundt.de\/wp-content\/uploads\/2019\/12\/boelsums-landscape19-768x768.jpg 768w, https:\/\/www.galerie-pfundt.de\/wp-content\/uploads\/2019\/12\/boelsums-landscape19-36x36.jpg 36w, https:\/\/www.galerie-pfundt.de\/wp-content\/uploads\/2019\/12\/boelsums-landscape19-180x180.jpg 180w, https:\/\/www.galerie-pfundt.de\/wp-content\/uploads\/2019\/12\/boelsums-landscape19-705x705.jpg 705w, https:\/\/www.galerie-pfundt.de\/wp-content\/uploads\/2019\/12\/boelsums-landscape19-300x300.jpg 300w, https:\/\/www.galerie-pfundt.de\/wp-content\/uploads\/2019\/12\/boelsums-landscape19.jpg 1280w\" sizes=\"(max-width: 400px) 100vw, 400px\" \/><\/a><\/div><\/div><\/div><\/div><div class=\"flex_column av_one_third  flex_column_div av-zero-column-padding   avia-builder-el-76  el_after_av_one_third  el_before_av_one_third  column-top-margin\" style='border-radius:0px; '><div  class='avia-image-container  av-styling- av-hover-grow noHover  av-overlay-on-hover   avia-builder-el-77  avia-builder-el-no-sibling  avia-align-center '  itemprop=\"image\" itemscope=\"itemscope\" itemtype=\"https:\/\/schema.org\/ImageObject\"  ><div class='avia-image-container-inner'><div class='avia-image-overlay-wrap'><a href='https:\/\/www.galerie-pfundt.de\/aktuell\/kuenstler\/boelsums\/landscape-51\/' class='avia_image'  ><div class='av-image-caption-overlay'><div class='av-caption-image-overlay-bg' style='opacity:0.5; background-color:#000000; '><\/div><div class='av-image-caption-overlay-position'><div class='av-image-caption-overlay-center' style='color:#ffffff; '><p>#51<\/p>\n<\/div><\/div><\/div><img decoding=\"async\" width=\"400\" height=\"400\" class='wp-image-18871 avia-img-lazy-loading-not-18871 avia_image' src=\"https:\/\/www.galerie-pfundt.de\/wp-content\/uploads\/2021\/06\/Landscape51-400x400.jpg\" alt='' title='Landscape#51'  itemprop=\"thumbnailUrl\" srcset=\"https:\/\/www.galerie-pfundt.de\/wp-content\/uploads\/2021\/06\/Landscape51-400x400.jpg 400w, https:\/\/www.galerie-pfundt.de\/wp-content\/uploads\/2021\/06\/Landscape51-600x600.jpg 600w, https:\/\/www.galerie-pfundt.de\/wp-content\/uploads\/2021\/06\/Landscape51-100x100.jpg 100w, https:\/\/www.galerie-pfundt.de\/wp-content\/uploads\/2021\/06\/Landscape51-1030x1030.jpg 1030w, https:\/\/www.galerie-pfundt.de\/wp-content\/uploads\/2021\/06\/Landscape51-220x220.jpg 220w, https:\/\/www.galerie-pfundt.de\/wp-content\/uploads\/2021\/06\/Landscape51-768x768.jpg 768w, https:\/\/www.galerie-pfundt.de\/wp-content\/uploads\/2021\/06\/Landscape51-36x36.jpg 36w, https:\/\/www.galerie-pfundt.de\/wp-content\/uploads\/2021\/06\/Landscape51-180x180.jpg 180w, https:\/\/www.galerie-pfundt.de\/wp-content\/uploads\/2021\/06\/Landscape51-705x705.jpg 705w, https:\/\/www.galerie-pfundt.de\/wp-content\/uploads\/2021\/06\/Landscape51-300x300.jpg 300w, https:\/\/www.galerie-pfundt.de\/wp-content\/uploads\/2021\/06\/Landscape51.jpg 1280w\" sizes=\"(max-width: 400px) 100vw, 400px\" \/><\/a><\/div><\/div><\/div><\/div><div class=\"flex_column av_one_third  flex_column_div av-zero-column-padding   avia-builder-el-78  el_after_av_one_third  el_before_av_one_third  column-top-margin\" style='border-radius:0px; '><div  class='avia-image-container avia_animated_image avia_animate_when_almost_visible av-rotateIn av-styling- av-hover-grow noHover  av-overlay-on-hover   avia-builder-el-79  avia-builder-el-no-sibling  avia-align-center '  itemprop=\"image\" itemscope=\"itemscope\" itemtype=\"https:\/\/schema.org\/ImageObject\"  ><div class='avia-image-container-inner'><div class='avia-image-overlay-wrap'><a href='https:\/\/www.galerie-pfundt.de\/aktuell\/kuenstler\/boelsums\/landscape18\/' class='avia_image'  ><div class='av-image-caption-overlay'><div class='av-caption-image-overlay-bg' style='opacity:0.5; background-color:#000000; '><\/div><div class='av-image-caption-overlay-position'><div class='av-image-caption-overlay-center' style='color:#ffffff; '><p>#18<\/p>\n<\/div><\/div><\/div><img decoding=\"async\" width=\"400\" height=\"400\" class='wp-image-8623 avia-img-lazy-loading-not-8623 avia_image' src=\"https:\/\/www.galerie-pfundt.de\/wp-content\/uploads\/2019\/12\/boelsums-landscape18-400x400.jpg\" alt='' title='boelsums-landscape#18'  itemprop=\"thumbnailUrl\" srcset=\"https:\/\/www.galerie-pfundt.de\/wp-content\/uploads\/2019\/12\/boelsums-landscape18-400x400.jpg 400w, https:\/\/www.galerie-pfundt.de\/wp-content\/uploads\/2019\/12\/boelsums-landscape18-600x600.jpg 600w, https:\/\/www.galerie-pfundt.de\/wp-content\/uploads\/2019\/12\/boelsums-landscape18-100x100.jpg 100w, https:\/\/www.galerie-pfundt.de\/wp-content\/uploads\/2019\/12\/boelsums-landscape18-1030x1030.jpg 1030w, https:\/\/www.galerie-pfundt.de\/wp-content\/uploads\/2019\/12\/boelsums-landscape18-220x220.jpg 220w, https:\/\/www.galerie-pfundt.de\/wp-content\/uploads\/2019\/12\/boelsums-landscape18-768x768.jpg 768w, https:\/\/www.galerie-pfundt.de\/wp-content\/uploads\/2019\/12\/boelsums-landscape18-36x36.jpg 36w, https:\/\/www.galerie-pfundt.de\/wp-content\/uploads\/2019\/12\/boelsums-landscape18-180x180.jpg 180w, https:\/\/www.galerie-pfundt.de\/wp-content\/uploads\/2019\/12\/boelsums-landscape18-705x705.jpg 705w, https:\/\/www.galerie-pfundt.de\/wp-content\/uploads\/2019\/12\/boelsums-landscape18-300x300.jpg 300w, https:\/\/www.galerie-pfundt.de\/wp-content\/uploads\/2019\/12\/boelsums-landscape18.jpg 1280w\" sizes=\"(max-width: 400px) 100vw, 400px\" \/><\/a><\/div><\/div><\/div><\/div><div class=\"flex_column av_one_third  flex_column_div av-zero-column-padding first  avia-builder-el-80  el_after_av_one_third  el_before_av_one_third  column-top-margin\" style='border-radius:0px; '><div  class='avia-image-container  av-styling- av-hover-grow noHover  av-overlay-on-hover   avia-builder-el-81  avia-builder-el-no-sibling  avia-align-center '  itemprop=\"image\" itemscope=\"itemscope\" itemtype=\"https:\/\/schema.org\/ImageObject\"  ><div class='avia-image-container-inner'><div class='avia-image-overlay-wrap'><a href='https:\/\/www.galerie-pfundt.de\/aktuell\/kuenstler\/boelsums\/landscape22\/' class='avia_image'  ><div class='av-image-caption-overlay'><div class='av-caption-image-overlay-bg' style='opacity:0.5; background-color:#000000; '><\/div><div class='av-image-caption-overlay-position'><div class='av-image-caption-overlay-center' style='color:#ffffff; '><p>#22<\/p>\n<\/div><\/div><\/div><img decoding=\"async\" width=\"1280\" height=\"1280\" class='wp-image-8625 avia-img-lazy-loading-not-8625 avia_image' src=\"https:\/\/www.galerie-pfundt.de\/wp-content\/uploads\/2019\/12\/boelsums-landscape22.jpg\" alt='' title='boelsums-landscape#22'  itemprop=\"thumbnailUrl\" srcset=\"https:\/\/www.galerie-pfundt.de\/wp-content\/uploads\/2019\/12\/boelsums-landscape22.jpg 1280w, https:\/\/www.galerie-pfundt.de\/wp-content\/uploads\/2019\/12\/boelsums-landscape22-600x600.jpg 600w, https:\/\/www.galerie-pfundt.de\/wp-content\/uploads\/2019\/12\/boelsums-landscape22-100x100.jpg 100w, https:\/\/www.galerie-pfundt.de\/wp-content\/uploads\/2019\/12\/boelsums-landscape22-400x400.jpg 400w, https:\/\/www.galerie-pfundt.de\/wp-content\/uploads\/2019\/12\/boelsums-landscape22-1030x1030.jpg 1030w, https:\/\/www.galerie-pfundt.de\/wp-content\/uploads\/2019\/12\/boelsums-landscape22-220x220.jpg 220w, https:\/\/www.galerie-pfundt.de\/wp-content\/uploads\/2019\/12\/boelsums-landscape22-768x768.jpg 768w, https:\/\/www.galerie-pfundt.de\/wp-content\/uploads\/2019\/12\/boelsums-landscape22-36x36.jpg 36w, https:\/\/www.galerie-pfundt.de\/wp-content\/uploads\/2019\/12\/boelsums-landscape22-180x180.jpg 180w, https:\/\/www.galerie-pfundt.de\/wp-content\/uploads\/2019\/12\/boelsums-landscape22-705x705.jpg 705w, https:\/\/www.galerie-pfundt.de\/wp-content\/uploads\/2019\/12\/boelsums-landscape22-300x300.jpg 300w\" sizes=\"(max-width: 1280px) 100vw, 1280px\" \/><\/a><\/div><\/div><\/div><\/div><div class=\"flex_column av_one_third  flex_column_div av-zero-column-padding   avia-builder-el-82  el_after_av_one_third  el_before_av_one_third  column-top-margin\" style='border-radius:0px; '><div  class='avia-image-container  av-styling-  noHover  av-overlay-on-hover   avia-builder-el-83  avia-builder-el-no-sibling  avia-align-center '  itemprop=\"image\" itemscope=\"itemscope\" itemtype=\"https:\/\/schema.org\/ImageObject\"  ><div class='avia-image-container-inner'><div class='avia-image-overlay-wrap'><a href='https:\/\/www.galerie-pfundt.de\/aktuell\/kuenstler\/boelsums\/landscape32\/' class='avia_image'  ><div class='av-image-caption-overlay'><div class='av-caption-image-overlay-bg' style='opacity:0.5; background-color:#000000; '><\/div><div class='av-image-caption-overlay-position'><div class='av-image-caption-overlay-center' style='color:#ffffff; '><p>#32<\/p>\n<\/div><\/div><\/div><img decoding=\"async\" width=\"1030\" height=\"1030\" class='wp-image-1629 avia-img-lazy-loading-not-1629 avia_image' src=\"https:\/\/www.galerie-pfundt.de\/wp-content\/uploads\/2017\/07\/Landscape-32-1030x1030.jpg\" alt='' title='Boelsums-Landscape#32'  itemprop=\"thumbnailUrl\" srcset=\"https:\/\/www.galerie-pfundt.de\/wp-content\/uploads\/2017\/07\/Landscape-32-1030x1030.jpg 1030w, https:\/\/www.galerie-pfundt.de\/wp-content\/uploads\/2017\/07\/Landscape-32-600x600.jpg 600w, https:\/\/www.galerie-pfundt.de\/wp-content\/uploads\/2017\/07\/Landscape-32-100x100.jpg 100w, https:\/\/www.galerie-pfundt.de\/wp-content\/uploads\/2017\/07\/Landscape-32-220x220.jpg 220w, https:\/\/www.galerie-pfundt.de\/wp-content\/uploads\/2017\/07\/Landscape-32-768x768.jpg 768w, https:\/\/www.galerie-pfundt.de\/wp-content\/uploads\/2017\/07\/Landscape-32-36x36.jpg 36w, https:\/\/www.galerie-pfundt.de\/wp-content\/uploads\/2017\/07\/Landscape-32-180x180.jpg 180w, https:\/\/www.galerie-pfundt.de\/wp-content\/uploads\/2017\/07\/Landscape-32-705x705.jpg 705w, https:\/\/www.galerie-pfundt.de\/wp-content\/uploads\/2017\/07\/Landscape-32-300x300.jpg 300w, https:\/\/www.galerie-pfundt.de\/wp-content\/uploads\/2017\/07\/Landscape-32.jpg 1280w\" sizes=\"(max-width: 1030px) 100vw, 1030px\" \/><\/a><\/div><\/div><\/div><\/div><div class=\"flex_column av_one_third  flex_column_div av-zero-column-padding   avia-builder-el-84  el_after_av_one_third  el_before_av_one_third  column-top-margin\" style='border-radius:0px; '><div  class='avia-image-container  av-styling-  noHover  av-overlay-on-hover   avia-builder-el-85  avia-builder-el-no-sibling  avia-align-center '  itemprop=\"image\" itemscope=\"itemscope\" itemtype=\"https:\/\/schema.org\/ImageObject\"  ><div class='avia-image-container-inner'><div class='avia-image-overlay-wrap'><a href='https:\/\/www.galerie-pfundt.de\/aktuell\/kuenstler\/boelsums\/landscape10\/' class='avia_image'  ><div class='av-image-caption-overlay'><div class='av-caption-image-overlay-bg' style='opacity:0.5; background-color:#000000; '><\/div><div class='av-image-caption-overlay-position'><div class='av-image-caption-overlay-center' style='color:#ffffff; '><p>#10<\/p>\n<\/div><\/div><\/div><img decoding=\"async\" width=\"400\" height=\"400\" class='wp-image-8620 avia-img-lazy-loading-not-8620 avia_image' src=\"https:\/\/www.galerie-pfundt.de\/wp-content\/uploads\/2019\/12\/boelsums-landscape10-400x400.jpg\" alt='' title='boelsums-landscape#10'  itemprop=\"thumbnailUrl\" srcset=\"https:\/\/www.galerie-pfundt.de\/wp-content\/uploads\/2019\/12\/boelsums-landscape10-400x400.jpg 400w, https:\/\/www.galerie-pfundt.de\/wp-content\/uploads\/2019\/12\/boelsums-landscape10-600x600.jpg 600w, https:\/\/www.galerie-pfundt.de\/wp-content\/uploads\/2019\/12\/boelsums-landscape10-100x100.jpg 100w, https:\/\/www.galerie-pfundt.de\/wp-content\/uploads\/2019\/12\/boelsums-landscape10-1030x1030.jpg 1030w, https:\/\/www.galerie-pfundt.de\/wp-content\/uploads\/2019\/12\/boelsums-landscape10-220x220.jpg 220w, https:\/\/www.galerie-pfundt.de\/wp-content\/uploads\/2019\/12\/boelsums-landscape10-768x768.jpg 768w, https:\/\/www.galerie-pfundt.de\/wp-content\/uploads\/2019\/12\/boelsums-landscape10-36x36.jpg 36w, https:\/\/www.galerie-pfundt.de\/wp-content\/uploads\/2019\/12\/boelsums-landscape10-180x180.jpg 180w, https:\/\/www.galerie-pfundt.de\/wp-content\/uploads\/2019\/12\/boelsums-landscape10-705x705.jpg 705w, https:\/\/www.galerie-pfundt.de\/wp-content\/uploads\/2019\/12\/boelsums-landscape10-300x300.jpg 300w, https:\/\/www.galerie-pfundt.de\/wp-content\/uploads\/2019\/12\/boelsums-landscape10.jpg 1280w\" sizes=\"(max-width: 400px) 100vw, 400px\" \/><\/a><\/div><\/div><\/div><\/div><div class=\"flex_column av_one_third  flex_column_div av-zero-column-padding first  avia-builder-el-86  el_after_av_one_third  el_before_av_one_third  column-top-margin\" style='border-radius:0px; '><div  class='avia-image-container  av-styling-  noHover  av-overlay-on-hover   avia-builder-el-87  avia-builder-el-no-sibling  avia-align-center '  itemprop=\"image\" itemscope=\"itemscope\" itemtype=\"https:\/\/schema.org\/ImageObject\"  ><div class='avia-image-container-inner'><div class='avia-image-overlay-wrap'><a href='https:\/\/www.galerie-pfundt.de\/aktuell\/kuenstler\/boelsums\/landscape09\/' class='avia_image'  ><div class='av-image-caption-overlay'><div class='av-caption-image-overlay-bg' style='opacity:0.5; background-color:#000000; '><\/div><div class='av-image-caption-overlay-position'><div class='av-image-caption-overlay-center' style='color:#ffffff; '><p>#09<\/p>\n<\/div><\/div><\/div><img decoding=\"async\" width=\"300\" height=\"300\" class='wp-image-292 avia-img-lazy-loading-not-292 avia_image' src=\"https:\/\/www.galerie-pfundt.de\/wp-content\/uploads\/2017\/04\/21-300x300.jpg\" alt='' title='Boelsums - Landscape #09'  itemprop=\"thumbnailUrl\" srcset=\"https:\/\/www.galerie-pfundt.de\/wp-content\/uploads\/2017\/04\/21-300x300.jpg 300w, https:\/\/www.galerie-pfundt.de\/wp-content\/uploads\/2017\/04\/21-600x600.jpg 600w, https:\/\/www.galerie-pfundt.de\/wp-content\/uploads\/2017\/04\/21-100x100.jpg 100w, https:\/\/www.galerie-pfundt.de\/wp-content\/uploads\/2017\/04\/21-80x80.jpg 80w, https:\/\/www.galerie-pfundt.de\/wp-content\/uploads\/2017\/04\/21-768x768.jpg 768w, https:\/\/www.galerie-pfundt.de\/wp-content\/uploads\/2017\/04\/21-36x36.jpg 36w, https:\/\/www.galerie-pfundt.de\/wp-content\/uploads\/2017\/04\/21-180x180.jpg 180w, https:\/\/www.galerie-pfundt.de\/wp-content\/uploads\/2017\/04\/21-705x705.jpg 705w, https:\/\/www.galerie-pfundt.de\/wp-content\/uploads\/2017\/04\/21.jpg 800w\" sizes=\"(max-width: 300px) 100vw, 300px\" \/><\/a><\/div><\/div><\/div><\/div><div class=\"flex_column av_one_third  flex_column_div av-zero-column-padding   avia-builder-el-88  el_after_av_one_third  el_before_av_one_third  column-top-margin\" style='border-radius:0px; '><div  class='avia-image-container  av-styling-  noHover  av-overlay-on-hover   avia-builder-el-89  avia-builder-el-no-sibling  avia-align-center '  itemprop=\"image\" itemscope=\"itemscope\" itemtype=\"https:\/\/schema.org\/ImageObject\"  ><div class='avia-image-container-inner'><div class='avia-image-overlay-wrap'><a href='https:\/\/www.galerie-pfundt.de\/aktuell\/kuenstler\/boelsums\/landscape03\/' class='avia_image'  ><div class='av-image-caption-overlay'><div class='av-caption-image-overlay-bg' style='opacity:0.5; background-color:#000000; '><\/div><div class='av-image-caption-overlay-position'><div class='av-image-caption-overlay-center' style='color:#ffffff; '><p>#03<\/p>\n<\/div><\/div><\/div><img decoding=\"async\" width=\"400\" height=\"400\" class='wp-image-8618 avia-img-lazy-loading-not-8618 avia_image' src=\"https:\/\/www.galerie-pfundt.de\/wp-content\/uploads\/2019\/12\/boelsums-landscape03-400x400.jpg\" alt='' title='boelsums-landscape#03'  itemprop=\"thumbnailUrl\" srcset=\"https:\/\/www.galerie-pfundt.de\/wp-content\/uploads\/2019\/12\/boelsums-landscape03-400x400.jpg 400w, https:\/\/www.galerie-pfundt.de\/wp-content\/uploads\/2019\/12\/boelsums-landscape03-600x600.jpg 600w, https:\/\/www.galerie-pfundt.de\/wp-content\/uploads\/2019\/12\/boelsums-landscape03-100x100.jpg 100w, https:\/\/www.galerie-pfundt.de\/wp-content\/uploads\/2019\/12\/boelsums-landscape03-1030x1030.jpg 1030w, https:\/\/www.galerie-pfundt.de\/wp-content\/uploads\/2019\/12\/boelsums-landscape03-220x220.jpg 220w, https:\/\/www.galerie-pfundt.de\/wp-content\/uploads\/2019\/12\/boelsums-landscape03-768x768.jpg 768w, https:\/\/www.galerie-pfundt.de\/wp-content\/uploads\/2019\/12\/boelsums-landscape03-36x36.jpg 36w, https:\/\/www.galerie-pfundt.de\/wp-content\/uploads\/2019\/12\/boelsums-landscape03-180x180.jpg 180w, https:\/\/www.galerie-pfundt.de\/wp-content\/uploads\/2019\/12\/boelsums-landscape03-705x705.jpg 705w, https:\/\/www.galerie-pfundt.de\/wp-content\/uploads\/2019\/12\/boelsums-landscape03-300x300.jpg 300w, https:\/\/www.galerie-pfundt.de\/wp-content\/uploads\/2019\/12\/boelsums-landscape03.jpg 1280w\" sizes=\"(max-width: 400px) 100vw, 400px\" \/><\/a><\/div><\/div><\/div><\/div><div class=\"flex_column av_one_third  flex_column_div av-zero-column-padding   avia-builder-el-90  el_after_av_one_third  el_before_av_one_third  column-top-margin\" style='border-radius:0px; '><div  class='avia-image-container  av-styling-  noHover  av-overlay-on-hover   avia-builder-el-91  avia-builder-el-no-sibling  avia-align-center '  itemprop=\"image\" itemscope=\"itemscope\" itemtype=\"https:\/\/schema.org\/ImageObject\"  ><div class='avia-image-container-inner'><div class='avia-image-overlay-wrap'><a href='https:\/\/www.galerie-pfundt.de\/aktuell\/kuenstler\/boelsums\/landscape02\/' class='avia_image'  ><div class='av-image-caption-overlay'><div class='av-caption-image-overlay-bg' style='opacity:0.5; background-color:#000000; '><\/div><div class='av-image-caption-overlay-position'><div class='av-image-caption-overlay-center' style='color:#ffffff; '><p>#02<\/p>\n<\/div><\/div><\/div><img decoding=\"async\" width=\"400\" height=\"400\" class='wp-image-8617 avia-img-lazy-loading-not-8617 avia_image' src=\"https:\/\/www.galerie-pfundt.de\/wp-content\/uploads\/2019\/12\/boelsums-landscape02-400x400.jpg\" alt='' title='boelsums-landscape#02'  itemprop=\"thumbnailUrl\" srcset=\"https:\/\/www.galerie-pfundt.de\/wp-content\/uploads\/2019\/12\/boelsums-landscape02-400x400.jpg 400w, https:\/\/www.galerie-pfundt.de\/wp-content\/uploads\/2019\/12\/boelsums-landscape02-600x600.jpg 600w, https:\/\/www.galerie-pfundt.de\/wp-content\/uploads\/2019\/12\/boelsums-landscape02-100x100.jpg 100w, https:\/\/www.galerie-pfundt.de\/wp-content\/uploads\/2019\/12\/boelsums-landscape02-1030x1030.jpg 1030w, https:\/\/www.galerie-pfundt.de\/wp-content\/uploads\/2019\/12\/boelsums-landscape02-220x220.jpg 220w, https:\/\/www.galerie-pfundt.de\/wp-content\/uploads\/2019\/12\/boelsums-landscape02-768x768.jpg 768w, https:\/\/www.galerie-pfundt.de\/wp-content\/uploads\/2019\/12\/boelsums-landscape02-36x36.jpg 36w, https:\/\/www.galerie-pfundt.de\/wp-content\/uploads\/2019\/12\/boelsums-landscape02-180x180.jpg 180w, https:\/\/www.galerie-pfundt.de\/wp-content\/uploads\/2019\/12\/boelsums-landscape02-705x705.jpg 705w, https:\/\/www.galerie-pfundt.de\/wp-content\/uploads\/2019\/12\/boelsums-landscape02-300x300.jpg 300w, https:\/\/www.galerie-pfundt.de\/wp-content\/uploads\/2019\/12\/boelsums-landscape02.jpg 1280w\" sizes=\"(max-width: 400px) 100vw, 400px\" \/><\/a><\/div><\/div><\/div><\/div><div class=\"flex_column av_one_third  flex_column_div av-zero-column-padding first  avia-builder-el-92  el_after_av_one_third  el_before_av_one_third  column-top-margin\" style='border-radius:0px; '><div  class='avia-image-container  av-styling-  noHover  av-overlay-on-hover   avia-builder-el-93  avia-builder-el-no-sibling  avia-align-center '  itemprop=\"image\" itemscope=\"itemscope\" itemtype=\"https:\/\/schema.org\/ImageObject\"  ><div class='avia-image-container-inner'><div class='avia-image-overlay-wrap'><a href='https:\/\/www.galerie-pfundt.de\/aktuell\/kuenstler\/boelsums\/landscape07\/' class='avia_image'  ><div class='av-image-caption-overlay'><div class='av-caption-image-overlay-bg' style='opacity:0.5; background-color:#000000; '><\/div><div class='av-image-caption-overlay-position'><div class='av-image-caption-overlay-center' style='color:#ffffff; '><p>#07<\/p>\n<\/div><\/div><\/div><img decoding=\"async\" width=\"400\" height=\"400\" class='wp-image-7058 avia-img-lazy-loading-not-7058 avia_image' src=\"https:\/\/www.galerie-pfundt.de\/wp-content\/uploads\/2019\/07\/landscape07-Kopie-2-400x400.jpg\" alt='' title='boelsums-landscape#07 Kopie 2'  itemprop=\"thumbnailUrl\" srcset=\"https:\/\/www.galerie-pfundt.de\/wp-content\/uploads\/2019\/07\/landscape07-Kopie-2-400x400.jpg 400w, https:\/\/www.galerie-pfundt.de\/wp-content\/uploads\/2019\/07\/landscape07-Kopie-2-600x600.jpg 600w, https:\/\/www.galerie-pfundt.de\/wp-content\/uploads\/2019\/07\/landscape07-Kopie-2-100x100.jpg 100w, https:\/\/www.galerie-pfundt.de\/wp-content\/uploads\/2019\/07\/landscape07-Kopie-2-220x220.jpg 220w, https:\/\/www.galerie-pfundt.de\/wp-content\/uploads\/2019\/07\/landscape07-Kopie-2-768x768.jpg 768w, https:\/\/www.galerie-pfundt.de\/wp-content\/uploads\/2019\/07\/landscape07-Kopie-2-36x36.jpg 36w, https:\/\/www.galerie-pfundt.de\/wp-content\/uploads\/2019\/07\/landscape07-Kopie-2-180x180.jpg 180w, https:\/\/www.galerie-pfundt.de\/wp-content\/uploads\/2019\/07\/landscape07-Kopie-2-705x705.jpg 705w, https:\/\/www.galerie-pfundt.de\/wp-content\/uploads\/2019\/07\/landscape07-Kopie-2-300x300.jpg 300w, https:\/\/www.galerie-pfundt.de\/wp-content\/uploads\/2019\/07\/landscape07-Kopie-2.jpg 794w\" sizes=\"(max-width: 400px) 100vw, 400px\" \/><\/a><\/div><\/div><\/div><\/div><div class=\"flex_column av_one_third  flex_column_div av-zero-column-padding   avia-builder-el-94  el_after_av_one_third  el_before_av_one_third  column-top-margin\" style='border-radius:0px; '><div  class='avia-image-container  av-styling-  noHover  av-overlay-on-hover   avia-builder-el-95  avia-builder-el-no-sibling  avia-align-center '  itemprop=\"image\" itemscope=\"itemscope\" itemtype=\"https:\/\/schema.org\/ImageObject\"  ><div class='avia-image-container-inner'><div class='avia-image-overlay-wrap'><a href='https:\/\/www.galerie-pfundt.de\/aktuell\/kuenstler\/boelsums\/landscape24\/' class='avia_image'  ><div class='av-image-caption-overlay'><div class='av-caption-image-overlay-bg' style='opacity:0.5; background-color:#000000; '><\/div><div class='av-image-caption-overlay-position'><div class='av-image-caption-overlay-center' style='color:#ffffff; '><p>#24<\/p>\n<\/div><\/div><\/div><img decoding=\"async\" width=\"800\" height=\"800\" class='wp-image-293 avia-img-lazy-loading-not-293 avia_image' src=\"https:\/\/www.galerie-pfundt.de\/wp-content\/uploads\/2017\/04\/22.jpg\" alt='' title='Boelsums-24'  itemprop=\"thumbnailUrl\" srcset=\"https:\/\/www.galerie-pfundt.de\/wp-content\/uploads\/2017\/04\/22.jpg 800w, https:\/\/www.galerie-pfundt.de\/wp-content\/uploads\/2017\/04\/22-600x600.jpg 600w, https:\/\/www.galerie-pfundt.de\/wp-content\/uploads\/2017\/04\/22-100x100.jpg 100w, https:\/\/www.galerie-pfundt.de\/wp-content\/uploads\/2017\/04\/22-80x80.jpg 80w, https:\/\/www.galerie-pfundt.de\/wp-content\/uploads\/2017\/04\/22-300x300.jpg 300w, https:\/\/www.galerie-pfundt.de\/wp-content\/uploads\/2017\/04\/22-768x768.jpg 768w, https:\/\/www.galerie-pfundt.de\/wp-content\/uploads\/2017\/04\/22-36x36.jpg 36w, https:\/\/www.galerie-pfundt.de\/wp-content\/uploads\/2017\/04\/22-180x180.jpg 180w, https:\/\/www.galerie-pfundt.de\/wp-content\/uploads\/2017\/04\/22-705x705.jpg 705w\" sizes=\"(max-width: 800px) 100vw, 800px\" \/><\/a><\/div><\/div><\/div><\/div><div class=\"flex_column av_one_third  flex_column_div av-zero-column-padding   avia-builder-el-96  el_after_av_one_third  el_before_av_one_third  column-top-margin\" style='border-radius:0px; '><div  class='avia-image-container  av-styling-  noHover  av-overlay-on-hover   avia-builder-el-97  avia-builder-el-no-sibling  avia-align-center '  itemprop=\"image\" itemscope=\"itemscope\" itemtype=\"https:\/\/schema.org\/ImageObject\"  ><div class='avia-image-container-inner'><div class='avia-image-overlay-wrap'><a href='https:\/\/www.galerie-pfundt.de\/aktuell\/kuenstler\/boelsums\/landscape06\/' class='avia_image'  ><div class='av-image-caption-overlay'><div class='av-caption-image-overlay-bg' style='opacity:0.5; background-color:#000000; '><\/div><div class='av-image-caption-overlay-position'><div class='av-image-caption-overlay-center' style='color:#ffffff; '><p>#06<\/p>\n<\/div><\/div><\/div><img decoding=\"async\" width=\"800\" height=\"800\" class='wp-image-290 avia-img-lazy-loading-not-290 avia_image' src=\"https:\/\/www.galerie-pfundt.de\/wp-content\/uploads\/2017\/04\/17.jpg\" alt='' title='Boelsums-06'  itemprop=\"thumbnailUrl\" srcset=\"https:\/\/www.galerie-pfundt.de\/wp-content\/uploads\/2017\/04\/17.jpg 800w, https:\/\/www.galerie-pfundt.de\/wp-content\/uploads\/2017\/04\/17-600x600.jpg 600w, https:\/\/www.galerie-pfundt.de\/wp-content\/uploads\/2017\/04\/17-100x100.jpg 100w, https:\/\/www.galerie-pfundt.de\/wp-content\/uploads\/2017\/04\/17-80x80.jpg 80w, https:\/\/www.galerie-pfundt.de\/wp-content\/uploads\/2017\/04\/17-300x300.jpg 300w, https:\/\/www.galerie-pfundt.de\/wp-content\/uploads\/2017\/04\/17-768x768.jpg 768w, https:\/\/www.galerie-pfundt.de\/wp-content\/uploads\/2017\/04\/17-36x36.jpg 36w, https:\/\/www.galerie-pfundt.de\/wp-content\/uploads\/2017\/04\/17-180x180.jpg 180w, https:\/\/www.galerie-pfundt.de\/wp-content\/uploads\/2017\/04\/17-705x705.jpg 705w\" sizes=\"(max-width: 800px) 100vw, 800px\" \/><\/a><\/div><\/div><\/div><\/div><div class=\"flex_column av_one_third  flex_column_div av-zero-column-padding first  avia-builder-el-98  el_after_av_one_third  el_before_av_one_third  column-top-margin\" style='border-radius:0px; '><div  class='avia-image-container  av-styling-  noHover  av-overlay-on-hover   avia-builder-el-99  avia-builder-el-no-sibling  avia-align-center '  itemprop=\"image\" itemscope=\"itemscope\" itemtype=\"https:\/\/schema.org\/ImageObject\"  ><div class='avia-image-container-inner'><div class='avia-image-overlay-wrap'><a href='https:\/\/www.galerie-pfundt.de\/aktuell\/kuenstler\/boelsums\/landscape_ch02\/' class='avia_image'  ><div class='av-image-caption-overlay'><div class='av-caption-image-overlay-bg' style='opacity:0.5; background-color:#000000; '><\/div><div class='av-image-caption-overlay-position'><div class='av-image-caption-overlay-center' style='color:#ffffff; '><p>CH#02<\/p>\n<\/div><\/div><\/div><img decoding=\"async\" width=\"400\" height=\"400\" class='wp-image-8344 avia-img-lazy-loading-not-8344 avia_image' src=\"https:\/\/www.galerie-pfundt.de\/wp-content\/uploads\/2019\/11\/\u00c9glise-Saint-Michel-Montvalezan-400x400.jpg\" alt='' title='Boelsums-\u00c9glise-Saint-Michel-Montvalezan'  itemprop=\"thumbnailUrl\" srcset=\"https:\/\/www.galerie-pfundt.de\/wp-content\/uploads\/2019\/11\/\u00c9glise-Saint-Michel-Montvalezan-400x400.jpg 400w, https:\/\/www.galerie-pfundt.de\/wp-content\/uploads\/2019\/11\/\u00c9glise-Saint-Michel-Montvalezan-600x600.jpg 600w, https:\/\/www.galerie-pfundt.de\/wp-content\/uploads\/2019\/11\/\u00c9glise-Saint-Michel-Montvalezan-100x100.jpg 100w, https:\/\/www.galerie-pfundt.de\/wp-content\/uploads\/2019\/11\/\u00c9glise-Saint-Michel-Montvalezan-1030x1030.jpg 1030w, https:\/\/www.galerie-pfundt.de\/wp-content\/uploads\/2019\/11\/\u00c9glise-Saint-Michel-Montvalezan-220x220.jpg 220w, https:\/\/www.galerie-pfundt.de\/wp-content\/uploads\/2019\/11\/\u00c9glise-Saint-Michel-Montvalezan-768x768.jpg 768w, https:\/\/www.galerie-pfundt.de\/wp-content\/uploads\/2019\/11\/\u00c9glise-Saint-Michel-Montvalezan-36x36.jpg 36w, https:\/\/www.galerie-pfundt.de\/wp-content\/uploads\/2019\/11\/\u00c9glise-Saint-Michel-Montvalezan-180x180.jpg 180w, https:\/\/www.galerie-pfundt.de\/wp-content\/uploads\/2019\/11\/\u00c9glise-Saint-Michel-Montvalezan-705x705.jpg 705w, https:\/\/www.galerie-pfundt.de\/wp-content\/uploads\/2019\/11\/\u00c9glise-Saint-Michel-Montvalezan-300x300.jpg 300w, https:\/\/www.galerie-pfundt.de\/wp-content\/uploads\/2019\/11\/\u00c9glise-Saint-Michel-Montvalezan.jpg 1280w\" sizes=\"(max-width: 400px) 100vw, 400px\" \/><\/a><\/div><\/div><\/div><\/div><div class=\"flex_column av_one_third  flex_column_div av-zero-column-padding   avia-builder-el-100  el_after_av_one_third  el_before_av_one_third  column-top-margin\" style='border-radius:0px; '><div  class='avia-image-container  av-styling-  noHover  av-overlay-on-hover   avia-builder-el-101  avia-builder-el-no-sibling  avia-align-center '  itemprop=\"image\" itemscope=\"itemscope\" itemtype=\"https:\/\/schema.org\/ImageObject\"  ><div class='avia-image-container-inner'><div class='avia-image-overlay-wrap'><a href='https:\/\/www.galerie-pfundt.de\/aktuell\/kuenstler\/boelsums\/flowers06\/' class='avia_image'  ><div class='av-image-caption-overlay'><div class='av-caption-image-overlay-bg' style='opacity:0.5; background-color:#000000; '><\/div><div class='av-image-caption-overlay-position'><div class='av-image-caption-overlay-center' style='color:#ffffff; '><p>F#06<\/p>\n<\/div><\/div><\/div><img decoding=\"async\" width=\"1030\" height=\"1030\" class='wp-image-8354 avia-img-lazy-loading-not-8354 avia_image' src=\"https:\/\/www.galerie-pfundt.de\/wp-content\/uploads\/2019\/11\/flowers_06-1030x1030.jpg\" alt='' title='boelsums-flowers_06'  itemprop=\"thumbnailUrl\" srcset=\"https:\/\/www.galerie-pfundt.de\/wp-content\/uploads\/2019\/11\/flowers_06-1030x1030.jpg 1030w, https:\/\/www.galerie-pfundt.de\/wp-content\/uploads\/2019\/11\/flowers_06-600x600.jpg 600w, https:\/\/www.galerie-pfundt.de\/wp-content\/uploads\/2019\/11\/flowers_06-100x100.jpg 100w, https:\/\/www.galerie-pfundt.de\/wp-content\/uploads\/2019\/11\/flowers_06-400x400.jpg 400w, https:\/\/www.galerie-pfundt.de\/wp-content\/uploads\/2019\/11\/flowers_06-220x220.jpg 220w, https:\/\/www.galerie-pfundt.de\/wp-content\/uploads\/2019\/11\/flowers_06-768x768.jpg 768w, https:\/\/www.galerie-pfundt.de\/wp-content\/uploads\/2019\/11\/flowers_06-36x36.jpg 36w, https:\/\/www.galerie-pfundt.de\/wp-content\/uploads\/2019\/11\/flowers_06-180x180.jpg 180w, https:\/\/www.galerie-pfundt.de\/wp-content\/uploads\/2019\/11\/flowers_06-705x705.jpg 705w, https:\/\/www.galerie-pfundt.de\/wp-content\/uploads\/2019\/11\/flowers_06-300x300.jpg 300w, https:\/\/www.galerie-pfundt.de\/wp-content\/uploads\/2019\/11\/flowers_06.jpg 1280w\" sizes=\"(max-width: 1030px) 100vw, 1030px\" \/><\/a><\/div><\/div><\/div><\/div><div class=\"flex_column av_one_third  flex_column_div av-zero-column-padding   avia-builder-el-102  el_after_av_one_third  el_before_av_one_third  column-top-margin\" style='border-radius:0px; '><div  class='avia-image-container  av-styling-  noHover  av-overlay-on-hover   avia-builder-el-103  avia-builder-el-no-sibling  avia-align-center '  itemprop=\"image\" itemscope=\"itemscope\" itemtype=\"https:\/\/schema.org\/ImageObject\"  ><div class='avia-image-container-inner'><div class='avia-image-overlay-wrap'><a href='https:\/\/www.galerie-pfundt.de\/aktuell\/kuenstler\/boelsums\/landscape35\/' class='avia_image'  ><div class='av-image-caption-overlay'><div class='av-caption-image-overlay-bg' style='opacity:0.5; background-color:#000000; '><\/div><div class='av-image-caption-overlay-position'><div class='av-image-caption-overlay-center' style='color:#ffffff; '><p>#35<\/p>\n<\/div><\/div><\/div><img decoding=\"async\" width=\"400\" height=\"400\" class='wp-image-8355 avia-img-lazy-loading-not-8355 avia_image' src=\"https:\/\/www.galerie-pfundt.de\/wp-content\/uploads\/2019\/11\/landscape_35-400x400.jpg\" alt='' title='Boelsums-landscape_35'  itemprop=\"thumbnailUrl\" srcset=\"https:\/\/www.galerie-pfundt.de\/wp-content\/uploads\/2019\/11\/landscape_35-400x400.jpg 400w, https:\/\/www.galerie-pfundt.de\/wp-content\/uploads\/2019\/11\/landscape_35-600x600.jpg 600w, https:\/\/www.galerie-pfundt.de\/wp-content\/uploads\/2019\/11\/landscape_35-100x100.jpg 100w, https:\/\/www.galerie-pfundt.de\/wp-content\/uploads\/2019\/11\/landscape_35-1030x1030.jpg 1030w, https:\/\/www.galerie-pfundt.de\/wp-content\/uploads\/2019\/11\/landscape_35-220x220.jpg 220w, https:\/\/www.galerie-pfundt.de\/wp-content\/uploads\/2019\/11\/landscape_35-768x768.jpg 768w, https:\/\/www.galerie-pfundt.de\/wp-content\/uploads\/2019\/11\/landscape_35-36x36.jpg 36w, https:\/\/www.galerie-pfundt.de\/wp-content\/uploads\/2019\/11\/landscape_35-180x180.jpg 180w, https:\/\/www.galerie-pfundt.de\/wp-content\/uploads\/2019\/11\/landscape_35-705x705.jpg 705w, https:\/\/www.galerie-pfundt.de\/wp-content\/uploads\/2019\/11\/landscape_35-300x300.jpg 300w, https:\/\/www.galerie-pfundt.de\/wp-content\/uploads\/2019\/11\/landscape_35.jpg 1280w\" sizes=\"(max-width: 400px) 100vw, 400px\" \/><\/a><\/div><\/div><\/div><\/div><div class=\"flex_column av_one_third  flex_column_div av-zero-column-padding first  avia-builder-el-104  el_after_av_one_third  el_before_av_one_third  column-top-margin\" style='border-radius:0px; '><div  class='avia-image-container  av-styling-  noHover  av-overlay-on-hover   avia-builder-el-105  avia-builder-el-no-sibling  avia-align-center '  itemprop=\"image\" itemscope=\"itemscope\" itemtype=\"https:\/\/schema.org\/ImageObject\"  ><div class='avia-image-container-inner'><div class='avia-image-overlay-wrap'><a href='https:\/\/www.galerie-pfundt.de\/aktuell\/kuenstler\/boelsums\/landscape21\/' class='avia_image'  ><div class='av-image-caption-overlay'><div class='av-caption-image-overlay-bg' style='opacity:0.5; background-color:#000000; '><\/div><div class='av-image-caption-overlay-position'><div class='av-image-caption-overlay-center' style='color:#ffffff; '><p>#21<\/p>\n<\/div><\/div><\/div><img decoding=\"async\" width=\"400\" height=\"400\" class='wp-image-8352 avia-img-lazy-loading-not-8352 avia_image' src=\"https:\/\/www.galerie-pfundt.de\/wp-content\/uploads\/2019\/11\/landscape_21-400x400.jpg\" alt='' title='Boelsums-landscape_21'  itemprop=\"thumbnailUrl\" srcset=\"https:\/\/www.galerie-pfundt.de\/wp-content\/uploads\/2019\/11\/landscape_21-400x400.jpg 400w, https:\/\/www.galerie-pfundt.de\/wp-content\/uploads\/2019\/11\/landscape_21-600x600.jpg 600w, https:\/\/www.galerie-pfundt.de\/wp-content\/uploads\/2019\/11\/landscape_21-100x100.jpg 100w, https:\/\/www.galerie-pfundt.de\/wp-content\/uploads\/2019\/11\/landscape_21-1030x1030.jpg 1030w, https:\/\/www.galerie-pfundt.de\/wp-content\/uploads\/2019\/11\/landscape_21-220x220.jpg 220w, https:\/\/www.galerie-pfundt.de\/wp-content\/uploads\/2019\/11\/landscape_21-768x768.jpg 768w, https:\/\/www.galerie-pfundt.de\/wp-content\/uploads\/2019\/11\/landscape_21-36x36.jpg 36w, https:\/\/www.galerie-pfundt.de\/wp-content\/uploads\/2019\/11\/landscape_21-180x180.jpg 180w, https:\/\/www.galerie-pfundt.de\/wp-content\/uploads\/2019\/11\/landscape_21-705x705.jpg 705w, https:\/\/www.galerie-pfundt.de\/wp-content\/uploads\/2019\/11\/landscape_21-300x300.jpg 300w, https:\/\/www.galerie-pfundt.de\/wp-content\/uploads\/2019\/11\/landscape_21.jpg 1280w\" sizes=\"(max-width: 400px) 100vw, 400px\" \/><\/a><\/div><\/div><\/div><\/div><div class=\"flex_column av_one_third  flex_column_div av-zero-column-padding   avia-builder-el-106  el_after_av_one_third  el_before_av_one_third  column-top-margin\" style='border-radius:0px; '><div  class='avia-image-container  av-styling-  noHover  av-overlay-on-hover   avia-builder-el-107  avia-builder-el-no-sibling  avia-align-center '  itemprop=\"image\" itemscope=\"itemscope\" itemtype=\"https:\/\/schema.org\/ImageObject\"  ><div class='avia-image-container-inner'><div class='avia-image-overlay-wrap'><a href='https:\/\/www.galerie-pfundt.de\/aktuell\/kuenstler\/boelsums\/landscape34\/' class='avia_image'  ><div class='av-image-caption-overlay'><div class='av-caption-image-overlay-bg' style='opacity:0.5; background-color:#000000; '><\/div><div class='av-image-caption-overlay-position'><div class='av-image-caption-overlay-center' style='color:#ffffff; '><p>#34<\/p>\n<\/div><\/div><\/div><img decoding=\"async\" width=\"400\" height=\"400\" class='wp-image-8351 avia-img-lazy-loading-not-8351 avia_image' src=\"https:\/\/www.galerie-pfundt.de\/wp-content\/uploads\/2019\/11\/landscape_34-400x400.jpg\" alt='' title='Boelsums-landscape_34'  itemprop=\"thumbnailUrl\" srcset=\"https:\/\/www.galerie-pfundt.de\/wp-content\/uploads\/2019\/11\/landscape_34-400x400.jpg 400w, https:\/\/www.galerie-pfundt.de\/wp-content\/uploads\/2019\/11\/landscape_34-600x600.jpg 600w, https:\/\/www.galerie-pfundt.de\/wp-content\/uploads\/2019\/11\/landscape_34-100x100.jpg 100w, https:\/\/www.galerie-pfundt.de\/wp-content\/uploads\/2019\/11\/landscape_34-1030x1030.jpg 1030w, https:\/\/www.galerie-pfundt.de\/wp-content\/uploads\/2019\/11\/landscape_34-220x220.jpg 220w, https:\/\/www.galerie-pfundt.de\/wp-content\/uploads\/2019\/11\/landscape_34-768x768.jpg 768w, https:\/\/www.galerie-pfundt.de\/wp-content\/uploads\/2019\/11\/landscape_34-36x36.jpg 36w, https:\/\/www.galerie-pfundt.de\/wp-content\/uploads\/2019\/11\/landscape_34-180x180.jpg 180w, https:\/\/www.galerie-pfundt.de\/wp-content\/uploads\/2019\/11\/landscape_34-705x705.jpg 705w, https:\/\/www.galerie-pfundt.de\/wp-content\/uploads\/2019\/11\/landscape_34-300x300.jpg 300w, https:\/\/www.galerie-pfundt.de\/wp-content\/uploads\/2019\/11\/landscape_34.jpg 1280w\" sizes=\"(max-width: 400px) 100vw, 400px\" \/><\/a><\/div><\/div><\/div><\/div><div class=\"flex_column av_one_third  flex_column_div av-zero-column-padding   avia-builder-el-108  el_after_av_one_third  el_before_av_one_fourth  column-top-margin\" style='border-radius:0px; '><p><div  style='height:120px' class='hr hr-invisible   avia-builder-el-109  el_before_av_video  avia-builder-el-first '><span class='hr-inner ' ><span class='hr-inner-style'><\/span><\/span><\/div><br \/>\n<div  class='avia-video avia-video-16-9   av-lazyload-immediate  av-lazyload-video-embed  '   itemprop=\"video\" itemtype=\"https:\/\/schema.org\/VideoObject\"  data-original_url='https:\/\/youtu.be\/plV_e99AySQ' ><script type='text\/html' class='av-video-tmpl'><div class='avia-iframe-wrap'><iframe loading=\"lazy\" width=\"1500\" height=\"844\" src=\"https:\/\/www.youtube.com\/embed\/plV_e99AySQ?feature=oembed&autoplay=0&loop=0&controls=1&mute=0\" frameborder=\"0\" allow=\"accelerometer; autoplay; encrypted-media; gyroscope; picture-in-picture\" allowfullscreen><\/iframe><\/div><\/script><div class='av-click-to-play-overlay'><div class=\"avia_playpause_icon\"><\/div><\/div><\/div><\/p><\/div><div class=\"flex_column av_one_fourth  flex_column_div av-zero-column-padding first  avia-builder-el-111  el_after_av_one_third  avia-builder-el-last  column-top-margin\" style='border-radius:0px; '><form action=\"https:\/\/www.galerie-pfundt.de\/aktuell\/kuenstler\/boelsums\/\" method=\"post\"  class=\"avia_ajax_form av-form-labels-visible   avia-builder-el-112  avia-builder-el-no-sibling  av-custom-form-color av-light-form \" data-avia-form-id=\"2\" data-avia-redirect='' ><h3 class=''>Sie m\u00f6chten mehr wissen? Senden Sie uns eine E-Mail!<\/h3><fieldset><p class='  first_form  form_element form_fullwidth' id='element_avia_1_2'><label for=\"avia_1_2\">Name<\/label> <input name=\"avia_1_2\" class=\"text_input \" type=\"text\" id=\"avia_1_2\" value=\"\" \/><\/p><p class='  first_form  form_element form_fullwidth' id='element_avia_2_2'><label for=\"avia_2_2\">E-Mail <abbr class=\"required\" title=\"ben\u00f6tigt\">*<\/abbr><\/label> <input name=\"avia_2_2\" class=\"text_input is_email\" type=\"text\" id=\"avia_2_2\" value=\"\" \/><\/p><p class='  first_form  form_element form_fullwidth' id='element_avia_3_2'><label for=\"avia_3_2\">Betreff <abbr class=\"required\" title=\"ben\u00f6tigt\">*<\/abbr><\/label> <input name=\"avia_3_2\" class=\"text_input is_empty\" type=\"text\" id=\"avia_3_2\" value=\"\" \/><\/p><p class='  first_form  form_element form_fullwidth' id='element_avia_4_2'><label for=\"avia_4_2\" class=\"textare_label hidden textare_label_avia_4_2\">Nachricht <abbr class=\"required\" title=\"ben\u00f6tigt\">*<\/abbr><\/label><textarea  name=\"avia_4_2\" class=\"text_area is_empty\" cols=\"40\" rows=\"7\" id=\"avia_4_2\" ><\/textarea><\/p><p class=\"hidden\"><input type=\"text\" name=\"avia_5_2\" class=\"hidden \" id=\"avia_5_2\" value=\"\" \/><\/p><p class='av_form_privacy_check av_contact_privacy_check first_form  form_element form_fullwidth' id='element_avia_6_2'>    <input  name=\"avia_6_2\" class=\"input_checkbox is_empty\" type=\"checkbox\" id=\"avia_6_2\" value=\"true\"\/><label class=\"input_checkbox_label\" for=\"avia_6_2\">Ich habe die <a href=\"https:\/\/www.galerie-pfundt.de\/kontakt\/impressum\/\" target=\"_blank\" rel=\"noopener\">Datenschutzerkl\u00e4rung<\/a> gelesen und stimme dem Versand zu. <abbr class=\"required\" title=\"ben\u00f6tigt\">*<\/abbr><\/label><\/p><p class=\"form_element \"><input type=\"hidden\" value=\"1\" name=\"avia_generated_form2\" \/><input type=\"submit\" value=\"Senden\" class=\"button\"  data-sending-label=\"Sende\"\/><\/p><\/fieldset><\/form><div id=\"ajaxresponse_2\" class=\"ajaxresponse ajaxresponse_2 hidden\"><\/div><\/div><\/div><\/div><\/div><!-- close content main div --><\/div><\/div><div id='after_section_1'  class='main_color av_default_container_wrap container_wrap fullsize' style=' '  ><div class='container' ><div class='template-page content  av-content-full alpha units'><div class='post-entry post-entry-type-page post-entry-419'><div class='entry-content-wrapper clearfix'><div class=\"flex_column av_one_full  flex_column_div av-zero-column-padding first  avia-builder-el-113  el_after_av_section  avia-builder-el-no-sibling  \" style='border-radius:0px; '><\/div><\/p>\n","protected":false},"excerpt":{"rendered":"","protected":false},"author":2,"featured_media":0,"parent":14,"menu_order":0,"comment_status":"closed","ping_status":"closed","template":"","meta":{"footnotes":""},"class_list":["post-419","page","type-page","status-publish","hentry"],"_links":{"self":[{"href":"https:\/\/www.galerie-pfundt.de\/aktuell\/wp-json\/wp\/v2\/pages\/419","targetHints":{"allow":["GET"]}}],"collection":[{"href":"https:\/\/www.galerie-pfundt.de\/aktuell\/wp-json\/wp\/v2\/pages"}],"about":[{"href":"https:\/\/www.galerie-pfundt.de\/aktuell\/wp-json\/wp\/v2\/types\/page"}],"author":[{"embeddable":true,"href":"https:\/\/www.galerie-pfundt.de\/aktuell\/wp-json\/wp\/v2\/users\/2"}],"replies":[{"embeddable":true,"href":"https:\/\/www.galerie-pfundt.de\/aktuell\/wp-json\/wp\/v2\/comments?post=419"}],"version-history":[{"count":8,"href":"https:\/\/www.galerie-pfundt.de\/aktuell\/wp-json\/wp\/v2\/pages\/419\/revisions"}],"predecessor-version":[{"id":22302,"href":"https:\/\/www.galerie-pfundt.de\/aktuell\/wp-json\/wp\/v2\/pages\/419\/revisions\/22302"}],"up":[{"embeddable":true,"href":"https:\/\/www.galerie-pfundt.de\/aktuell\/wp-json\/wp\/v2\/pages\/14"}],"wp:attachment":[{"href":"https:\/\/www.galerie-pfundt.de\/aktuell\/wp-json\/wp\/v2\/media?parent=419"}],"curies":[{"name":"wp","href":"https:\/\/api.w.org\/{rel}","templated":true}]}}