{"id":5980,"date":"2019-04-18T16:44:20","date_gmt":"2019-04-18T14:44:20","guid":{"rendered":"https:\/\/www.galerie-pfundt.de\/kuenstler\/schlesselmann-2\/"},"modified":"2022-01-20T17:11:18","modified_gmt":"2022-01-20T16:11:18","slug":"brussen","status":"publish","type":"page","link":"https:\/\/www.galerie-pfundt.de\/aktuell\/kuenstler\/brussen\/","title":{"rendered":"Sonja Brussen"},"content":{"rendered":"<div class=\"flex_column av_one_fourth  flex_column_div av-zero-column-padding first  avia-builder-el-0  el_before_av_three_fourth  avia-builder-el-first  \" style='border-radius:0px; '><p><div  class='avia-image-container  av-styling-    avia-builder-el-1  el_before_av_textblock  avia-builder-el-first  avia-align-center '  itemprop=\"image\" itemscope=\"itemscope\" itemtype=\"https:\/\/schema.org\/ImageObject\"  ><div class='avia-image-container-inner'><div class='avia-image-overlay-wrap'><img decoding=\"async\" class='wp-image-5982 avia-img-lazy-loading-not-5982 avia_image' src=\"https:\/\/www.galerie-pfundt.de\/wp-content\/uploads\/2019\/04\/Sonja-Brussen-220x220.jpg\" alt='' title='Sonja Brussen' height=\"220\" width=\"220\"  itemprop=\"thumbnailUrl\" srcset=\"https:\/\/www.galerie-pfundt.de\/wp-content\/uploads\/2019\/04\/Sonja-Brussen-220x220.jpg 220w, https:\/\/www.galerie-pfundt.de\/wp-content\/uploads\/2019\/04\/Sonja-Brussen-100x100.jpg 100w, https:\/\/www.galerie-pfundt.de\/wp-content\/uploads\/2019\/04\/Sonja-Brussen-200x200.jpg 200w, https:\/\/www.galerie-pfundt.de\/wp-content\/uploads\/2019\/04\/Sonja-Brussen-400x400.jpg 400w, https:\/\/www.galerie-pfundt.de\/wp-content\/uploads\/2019\/04\/Sonja-Brussen-36x36.jpg 36w, https:\/\/www.galerie-pfundt.de\/wp-content\/uploads\/2019\/04\/Sonja-Brussen-180x180.jpg 180w, https:\/\/www.galerie-pfundt.de\/wp-content\/uploads\/2019\/04\/Sonja-Brussen.jpg 425w\" sizes=\"(max-width: 220px) 100vw, 220px\" \/><\/div><\/div><\/div><br \/>\n<section class=\"av_textblock_section \"  itemscope=\"itemscope\" itemtype=\"https:\/\/schema.org\/CreativeWork\" ><div class='avia_textblock  '   itemprop=\"text\" ><h6><span style=\"color: #ffffff;\">.<\/span><\/h6>\n<h3 style=\"text-align: center;\">Sonja Brussen<\/h3>\n<\/div><\/section><\/p><\/div>\n<div class=\"flex_column av_three_fourth  flex_column_div av-zero-column-padding   avia-builder-el-3  el_after_av_one_fourth  el_before_av_hr  \" style='border-radius:0px; '><div  class=\"tabcontainer   top_tab   avia-builder-el-4  avia-builder-el-no-sibling \" role=\"tablist\">\n\n<section class=\"av_tab_section\"  itemscope=\"itemscope\" itemtype=\"https:\/\/schema.org\/CreativeWork\" ><div aria-controls=\"tab-id-1-content\" role=\"tab\" tabindex=\"0\" data-fake-id=\"#tab-id-1\" class=\"tab active_tab\"  itemprop=\"headline\" >Vita<\/div>\n<div id=\"tab-id-1-content\" class=\"tab_content active_tab_content\" aria-hidden=\"false\">\n<div class=\"tab_inner_content invers-color\"  itemprop=\"text\" >\n<p>1974 \u00a0 \u00a0 \u00a0 \u00a0 \u00a0 geboren<\/p>\n<p>Studium an der ArteZ (niederl\u00e4ndische Universit\u00e4t der K\u00fcnste)<\/p>\n<p>seit 1998 \u00a0 freischaffende K\u00fcnstlerin<\/p>\n<p>2013 \u00a0 \u00a0 \u00a0 \u00a0 \u00a01. Preis Art in the Open Contest, Irland<\/p>\n<p>2015 \u00a0 \u00a0 \u00a0 \u00a0 \u00a0nominiert im Royal Talens Rembrandt Painting Awards, Noordwijk, NL<\/p>\n<p>2016 \u00a0 \u00a0 \u00a0 \u00a0 \u00a01. Preis Royal Talens Rembrandt Painting Awards<\/p>\n<p>Seit 2016 ist sie Mitglied im niederl\u00e4ndischen Verband der Marinemaler<\/p>\n<p>2017 \u00a0 \u00a0 \u00a0 \u00a0 \u00a0 Artist-in-residence Lamu, Kenia<\/p>\n<p>2018 \u00a0 \u00a0 \u00a0 \u00a0 \u00a0Artist-inresidence Urk, NL<\/p>\n<p>2019 \u00a0 \u00a0 \u00a0 \u00a0 \u00a0Artist-in-residence Nordwijk, NL<\/p>\n\n<\/div>\n<\/div>\n<\/section>\n\n<section class=\"av_tab_section\"  itemscope=\"itemscope\" itemtype=\"https:\/\/schema.org\/CreativeWork\" ><div aria-controls=\"tab-id-2-content\" role=\"tab\" tabindex=\"0\" data-fake-id=\"#tab-id-2\" class=\"tab \"  itemprop=\"headline\" >Ausstellungen (Auswahl)<\/div>\n<div id=\"tab-id-2-content\" class=\"tab_content \" aria-hidden=\"true\">\n<div class=\"tab_inner_content invers-color\"  itemprop=\"text\" >\n<div id=\"jw-element-80451019\" class=\" jw-tree-node jw-element jw-image-text jw-node-is-first-child jw-text\" data-jw-element-id=\"80451019\">\n<h3 class=\"jw-heading-70\">2021<\/h3>\n<\/div>\n<div id=\"jw-element-80451020\" class=\" jw-tree-node jw-element jw-image-text jw-text\" data-jw-element-id=\"80451020\">\n<div class=\"jw-element-imagetext-text\">\n<ul>\n<li>Huntenkunst 2021, Ulft<\/li>\n<li>Galerie Pfundt, Berlin, Dezemberausstellung<\/li>\n<li>Katwijk en Plein Air<\/li>\n<li>Watermuseum, Arnhem (Sonsbeek)<\/li>\n<li>Museum Staal, Solo expositie, Almen<\/li>\n<\/ul>\n<\/div>\n<\/div>\n<p>2020<\/p>\n<ul>\n<li>Museum Staal, Solo, Almen<\/li>\n<li>Museum M\u00f8hlmann, ORT<\/li>\n<li>Galerie Posthuys, De Koog<\/li>\n<li>Galerie Ann\u00e9e, &#8222;En plein air&#8220;, Haarlem<\/li>\n<li>Galerie Pfundt, Berlijn, dezemberaustellung<\/li>\n<li>Galerie\u00a0 Ann\u00e9e, Haarlem<\/li>\n<li>Museum M\u00f8hlmann, Appingedam<\/li>\n<li>Galerie TON, Rucphen<\/li>\n<li>Galerie Ann\u00e9e, Haarlem<\/li>\n<li>Watermuseum, Arnhem<\/li>\n<\/ul>\n<p><span style=\"font-size: medium;\">&#8211; Naarden The Art Fair, Naarden, Galerie Ann\u00e9e<br \/>\n&#8211; Galerie Ruigewaert, Appingedam<br \/>\n&#8211; Galerie Drentsche Aa, Balloo<br \/>\n&#8211; Huntenkunst 2020, Ulft<br \/>\n&#8211; Museum Staal, Solo expositie, Almen<br \/>\n&#8211; Watermuseum, Arnhem (Sonsbeek)<br \/>\n&#8211; Schilderfestival Noordwijk, Noordwijk<br \/>\n&#8211; Katwijk en Plein Air, Katwijk<\/span><\/p>\n<p>2019<\/p>\n<p><span style=\"font-size: medium;\">&#8211; Galerie An\u00e9e, Haarlem, &#8222;en plein air&#8220; 24 nov t\/m 28 dec 2019.<br \/>\n&#8211; Affordable Artfair, Amsterdam, Galerie Ann\u00e9e 31 okt t\/m 3 nov.<br \/>\n&#8211; Galerie Ann\u00e9e, Haarlem, juli t\/m sept, 2019.<br \/>\n&#8211; Galerie Posthuys, De Koog, 13 juli t\/m 29 sept 2019.<br \/>\n&#8211; Museum M\u00f8hlmann, 21e ORT 22 sept t\/m 22 dec 2019.<br \/>\n&#8211; Galerie Tolg \u00c1rt, Wierden, 29 augustus t\/m 5 oktober 2019.<br \/>\n&#8211; Galerie TON, Rucphen, juli t\/m 1 september 2019.<br \/>\n\u200b- Gallery Ritsart, Maassluis, 14 juni t\/m sept 2019.<br \/>\n&#8211; Galerie Ruigewaert, Appingedam, 3 mei t\/m 9 juni 2019.<br \/>\n&#8211; Galerie Drentsche Aa, Balloo, 12 mei t\/m 13 juli 2019.<br \/>\n&#8211; Galerie Het Raadhuis, Eenrum, 18 mei t\/m 14 juli 2019.<br \/>\n&#8211; Museum M\u00f8hlmann, Appingedam, 30 juni t\/m 15 sept 2019.<br \/>\n\u200b- Galerie Drentsche Aa, Balloo 25 aug t\/m 22 sept 2019.<br \/>\n&#8211; Galerie Ann\u00e9e, Haarlem, Winter-expositie.2019\/2020.<br \/>\n\u200b- Schilderfestival Noordwijk, 17 t\/m 23 juni 2019.<br \/>\n&#8211; Huntenkunst 2019, Ulft, 24, 25, 26 mei 2019.<br \/>\n&#8211; Museum Muzee, Scheveningen, 5 april t\/m 19 mei 2019.<br \/>\n&#8211; Galerie Ann\u00e9e, Haarlem, 9 jan t\/m febr 2019.<br \/>\n&#8211; Galerie Pfundt, Berlijn, 5 dec t\/m jan 2019.<br \/>\n&#8211; Galerie Ruigewaert, Appingedam, 2019.<br \/>\n&#8211; Artist-in-residence Schilderfestival Noordwijk, 2019.\u200b<\/span>\u200b<\/p>\n<p>2018 \u00a0 \u00a0Galerie Het Raadhuis, Eenrum, Museum De Casteelse Poort, Wageningen, &#8222;Ode aan de Ploeg&#8220;, Galerie Het Raadhuis, \u00a0\u00a0&#8222;Sea and Coast&#8220;, Galerie van Strien, Nieuw-Amsterdam, Wintersalon, Galerie Drentsche Aa, Balloo<\/p>\n<p>2017 \u00a0 \u00a0 Galerie Ruigewaert, Appingedam, Galerie Tolg A&#8217;rt, Wierden, Dutch Association of Sea painters, Gallery Wind, Rotterdam, \u00a0Gallery Polhus, Nijkerk, &#8222;Everything around the body&#8220;, Morren Galleries, Utrecht, Dutch Association of Sea painters, Fries Scheepvaart Museum, Sneek, &#8222;En Plein Air&#8220;, Galerie Posthuys, De Koog, Winter salon, Galerie De Burgerij, Vorden<\/p>\n<p>2016 \u00a0 \u00a0Galerie Vis\u00e9e, Diepenheim, &#8222;De Sloot&#8220;, Museum Opsterland, Gorredijk, Plein Air Impressionisten, Galerie Ann\u00e9e, Haarlem, Dutch Association of Sea painters, Museum Mohlmann, Appingedam, Morren Galleries, Amsterdam<\/p>\n<p>2015 \u00a0 Galerie Raadhuis &#8211; Appingedam<\/p>\n\n<\/div>\n<\/div>\n<\/section>\n\n<\/div><\/div>\n<div   class='hr hr-default   avia-builder-el-5  el_after_av_three_fourth  el_before_av_section  avia-builder-el-last '><span class='hr-inner ' ><span class='hr-inner-style'><\/span><\/span><\/div>\n<\/div><\/div><\/div><!-- close content main div --><\/div><\/div><div id='av_section_1'  class='avia-section main_color avia-section-default avia-no-border-styling  avia-bg-style-scroll  avia-builder-el-6  el_after_av_hr  el_before_av_one_third   container_wrap fullsize' style='background-color: rgba(0,5,28,0.73);  '  ><div class='container' ><div class='template-page content  av-content-full alpha units'><div class='post-entry post-entry-type-page post-entry-5980'><div class='entry-content-wrapper clearfix'>\n<div class=\"flex_column av_one_fifth  flex_column_div av-zero-column-padding first  avia-builder-el-7  el_before_av_two_third  avia-builder-el-first  \" style='border-radius:0px; '><\/div><div class=\"flex_column av_two_third  flex_column_div av-zero-column-padding   avia-builder-el-8  el_after_av_one_fifth  el_before_av_one_fifth  \" style='border-radius:0px; '><div  class='avia-image-container  av-styling-  noHover  av-overlay-on-hover   avia-builder-el-9  avia-builder-el-no-sibling  avia-align-center '  itemprop=\"image\" itemscope=\"itemscope\" itemtype=\"https:\/\/schema.org\/ImageObject\"  ><div class='avia-image-container-inner'><div class='avia-image-overlay-wrap'><a href='https:\/\/www.galerie-pfundt.de\/aktuell\/kuenstler\/brussen\/hidden-nature\/' class='avia_image'  ><div class='av-image-caption-overlay'><div class='av-caption-image-overlay-bg' style='opacity:0.4; background-color:#000000; '><\/div><div class='av-image-caption-overlay-position'><div class='av-image-caption-overlay-center' style='color:#ffffff; '><p>Hidden nature<br \/>\n80 x 100 cm<\/p>\n<\/div><\/div><\/div><img decoding=\"async\" width=\"2560\" height=\"2064\" class='wp-image-19843 avia-img-lazy-loading-not-19843 avia_image' src=\"https:\/\/www.galerie-pfundt.de\/wp-content\/uploads\/2021\/10\/Brussen-Hidden-nature-80-x-100-cm-2021-Kopie-scaled.jpg\" alt='' title='Brussen, Hidden nature, 80 x 100 cm, 2021 Kopie'  itemprop=\"thumbnailUrl\" srcset=\"https:\/\/www.galerie-pfundt.de\/wp-content\/uploads\/2021\/10\/Brussen-Hidden-nature-80-x-100-cm-2021-Kopie-scaled.jpg 2560w, https:\/\/www.galerie-pfundt.de\/wp-content\/uploads\/2021\/10\/Brussen-Hidden-nature-80-x-100-cm-2021-Kopie-scaled-600x484.jpg 600w, https:\/\/www.galerie-pfundt.de\/wp-content\/uploads\/2021\/10\/Brussen-Hidden-nature-80-x-100-cm-2021-Kopie-400x322.jpg 400w, https:\/\/www.galerie-pfundt.de\/wp-content\/uploads\/2021\/10\/Brussen-Hidden-nature-80-x-100-cm-2021-Kopie-1030x830.jpg 1030w, https:\/\/www.galerie-pfundt.de\/wp-content\/uploads\/2021\/10\/Brussen-Hidden-nature-80-x-100-cm-2021-Kopie-768x619.jpg 768w, https:\/\/www.galerie-pfundt.de\/wp-content\/uploads\/2021\/10\/Brussen-Hidden-nature-80-x-100-cm-2021-Kopie-1536x1238.jpg 1536w, https:\/\/www.galerie-pfundt.de\/wp-content\/uploads\/2021\/10\/Brussen-Hidden-nature-80-x-100-cm-2021-Kopie-2048x1651.jpg 2048w, https:\/\/www.galerie-pfundt.de\/wp-content\/uploads\/2021\/10\/Brussen-Hidden-nature-80-x-100-cm-2021-Kopie-1500x1209.jpg 1500w, https:\/\/www.galerie-pfundt.de\/wp-content\/uploads\/2021\/10\/Brussen-Hidden-nature-80-x-100-cm-2021-Kopie-495x400.jpg 495w, https:\/\/www.galerie-pfundt.de\/wp-content\/uploads\/2021\/10\/Brussen-Hidden-nature-80-x-100-cm-2021-Kopie-705x568.jpg 705w\" sizes=\"(max-width: 2560px) 100vw, 2560px\" \/><\/a><\/div><\/div><\/div><\/div><div class=\"flex_column av_one_fifth  flex_column_div av-zero-column-padding first  avia-builder-el-10  el_after_av_two_third  el_before_av_two_third  column-top-margin\" style='border-radius:0px; '><\/div><div class=\"flex_column av_two_third  flex_column_div av-zero-column-padding   avia-builder-el-11  el_after_av_one_fifth  el_before_av_one_fifth  column-top-margin\" style='border-radius:0px; '><div  class='avia-image-container  av-styling-  noHover  av-overlay-on-hover   avia-builder-el-12  avia-builder-el-no-sibling  avia-align-center '  itemprop=\"image\" itemscope=\"itemscope\" itemtype=\"https:\/\/schema.org\/ImageObject\"  ><div class='avia-image-container-inner'><div class='avia-image-overlay-wrap'><a href='https:\/\/www.galerie-pfundt.de\/aktuell\/kuenstler\/brussen\/new-friend\/' class='avia_image'  ><div class='av-image-caption-overlay'><div class='av-caption-image-overlay-bg' style='opacity:0.4; background-color:#000000; '><\/div><div class='av-image-caption-overlay-position'><div class='av-image-caption-overlay-center' style='color:#ffffff; '><p>New friend<br \/>\n80 x 100 cm<\/p>\n<\/div><\/div><\/div><img decoding=\"async\" width=\"1030\" height=\"808\" class='wp-image-19857 avia-img-lazy-loading-not-19857 avia_image' src=\"https:\/\/www.galerie-pfundt.de\/wp-content\/uploads\/2021\/10\/03-New-friend-oil-on-canvas-80-x-100-cm-2021.-2-1030x808.jpg\" alt='' title='03 New friend, oil on canvas, 80 x 100 cm, 2021.'  itemprop=\"thumbnailUrl\" srcset=\"https:\/\/www.galerie-pfundt.de\/wp-content\/uploads\/2021\/10\/03-New-friend-oil-on-canvas-80-x-100-cm-2021.-2-1030x808.jpg 1030w, https:\/\/www.galerie-pfundt.de\/wp-content\/uploads\/2021\/10\/03-New-friend-oil-on-canvas-80-x-100-cm-2021.-2-scaled-600x471.jpg 600w, https:\/\/www.galerie-pfundt.de\/wp-content\/uploads\/2021\/10\/03-New-friend-oil-on-canvas-80-x-100-cm-2021.-2-400x314.jpg 400w, https:\/\/www.galerie-pfundt.de\/wp-content\/uploads\/2021\/10\/03-New-friend-oil-on-canvas-80-x-100-cm-2021.-2-768x603.jpg 768w, https:\/\/www.galerie-pfundt.de\/wp-content\/uploads\/2021\/10\/03-New-friend-oil-on-canvas-80-x-100-cm-2021.-2-1536x1205.jpg 1536w, https:\/\/www.galerie-pfundt.de\/wp-content\/uploads\/2021\/10\/03-New-friend-oil-on-canvas-80-x-100-cm-2021.-2-2048x1607.jpg 2048w, https:\/\/www.galerie-pfundt.de\/wp-content\/uploads\/2021\/10\/03-New-friend-oil-on-canvas-80-x-100-cm-2021.-2-1500x1177.jpg 1500w, https:\/\/www.galerie-pfundt.de\/wp-content\/uploads\/2021\/10\/03-New-friend-oil-on-canvas-80-x-100-cm-2021.-2-705x553.jpg 705w\" sizes=\"(max-width: 1030px) 100vw, 1030px\" \/><\/a><\/div><\/div><\/div><\/div><div class=\"flex_column av_one_fifth  flex_column_div av-zero-column-padding first  avia-builder-el-13  el_after_av_two_third  el_before_av_two_third  column-top-margin\" style='border-radius:0px; '><\/div><div class=\"flex_column av_two_third  flex_column_div av-zero-column-padding   avia-builder-el-14  el_after_av_one_fifth  el_before_av_one_third  column-top-margin\" style='border-radius:0px; '><div  class='avia-image-container  av-styling-  noHover  av-overlay-on-hover   avia-builder-el-15  avia-builder-el-no-sibling  avia-align-center '  itemprop=\"image\" itemscope=\"itemscope\" itemtype=\"https:\/\/schema.org\/ImageObject\"  ><div class='avia-image-container-inner'><div class='avia-image-overlay-wrap'><a href='https:\/\/www.galerie-pfundt.de\/aktuell\/kuenstler\/brussen\/away-in-the-forest\/' class='avia_image'  ><div class='av-image-caption-overlay'><div class='av-caption-image-overlay-bg' style='opacity:0.4; background-color:#000000; '><\/div><div class='av-image-caption-overlay-position'><div class='av-image-caption-overlay-center' style='color:#ffffff; '><p>Away in the forest<br \/>\n80 x 100 cm<\/p>\n<\/div><\/div><\/div><img decoding=\"async\" width=\"2560\" height=\"2040\" class='wp-image-19861 avia-img-lazy-loading-not-19861 avia_image' src=\"https:\/\/www.galerie-pfundt.de\/wp-content\/uploads\/2021\/10\/01-Away-in-the-forest-80-x-100-cm-scaled.jpg\" alt='' title='01 Away in the forest, 80 x 100 cm'  itemprop=\"thumbnailUrl\" srcset=\"https:\/\/www.galerie-pfundt.de\/wp-content\/uploads\/2021\/10\/01-Away-in-the-forest-80-x-100-cm-scaled.jpg 2560w, https:\/\/www.galerie-pfundt.de\/wp-content\/uploads\/2021\/10\/01-Away-in-the-forest-80-x-100-cm-scaled-600x478.jpg 600w, https:\/\/www.galerie-pfundt.de\/wp-content\/uploads\/2021\/10\/01-Away-in-the-forest-80-x-100-cm-400x319.jpg 400w, https:\/\/www.galerie-pfundt.de\/wp-content\/uploads\/2021\/10\/01-Away-in-the-forest-80-x-100-cm-1030x821.jpg 1030w, https:\/\/www.galerie-pfundt.de\/wp-content\/uploads\/2021\/10\/01-Away-in-the-forest-80-x-100-cm-768x612.jpg 768w, https:\/\/www.galerie-pfundt.de\/wp-content\/uploads\/2021\/10\/01-Away-in-the-forest-80-x-100-cm-1536x1224.jpg 1536w, https:\/\/www.galerie-pfundt.de\/wp-content\/uploads\/2021\/10\/01-Away-in-the-forest-80-x-100-cm-2048x1632.jpg 2048w, https:\/\/www.galerie-pfundt.de\/wp-content\/uploads\/2021\/10\/01-Away-in-the-forest-80-x-100-cm-1500x1195.jpg 1500w, https:\/\/www.galerie-pfundt.de\/wp-content\/uploads\/2021\/10\/01-Away-in-the-forest-80-x-100-cm-705x562.jpg 705w\" sizes=\"(max-width: 2560px) 100vw, 2560px\" \/><\/a><\/div><\/div><\/div><\/div><div class=\"flex_column av_one_third  flex_column_div av-zero-column-padding first  avia-builder-el-16  el_after_av_two_third  el_before_av_one_third  column-top-margin\" style='border-radius:0px; '><div  class='avia-image-container  av-styling-  noHover  av-overlay-on-hover   avia-builder-el-17  avia-builder-el-no-sibling  avia-align-center '  itemprop=\"image\" itemscope=\"itemscope\" itemtype=\"https:\/\/schema.org\/ImageObject\"  ><div class='avia-image-container-inner'><div class='avia-image-overlay-wrap'><a href='https:\/\/www.galerie-pfundt.de\/aktuell\/kuenstler\/brussen\/see-you\/' class='avia_image'  ><div class='av-image-caption-overlay'><div class='av-caption-image-overlay-bg' style='opacity:0.4; background-color:#000000; '><\/div><div class='av-image-caption-overlay-position'><div class='av-image-caption-overlay-center' style='color:#ffffff; '><p>See you<br \/>\n40 x 50 cm<\/p>\n<\/div><\/div><\/div><img decoding=\"async\" width=\"2560\" height=\"2045\" class='wp-image-19748 avia-img-lazy-loading-not-19748 avia_image' src=\"https:\/\/www.galerie-pfundt.de\/wp-content\/uploads\/2021\/10\/05-See-you-oil-on-canvas-40-x-50-cm-2021.-1-scaled.jpg\" alt='' title='05 See you, oil on canvas, 40 x 50 cm, 2021.'  itemprop=\"thumbnailUrl\" srcset=\"https:\/\/www.galerie-pfundt.de\/wp-content\/uploads\/2021\/10\/05-See-you-oil-on-canvas-40-x-50-cm-2021.-1-scaled.jpg 2560w, https:\/\/www.galerie-pfundt.de\/wp-content\/uploads\/2021\/10\/05-See-you-oil-on-canvas-40-x-50-cm-2021.-1-scaled-600x479.jpg 600w, https:\/\/www.galerie-pfundt.de\/wp-content\/uploads\/2021\/10\/05-See-you-oil-on-canvas-40-x-50-cm-2021.-1-400x320.jpg 400w, https:\/\/www.galerie-pfundt.de\/wp-content\/uploads\/2021\/10\/05-See-you-oil-on-canvas-40-x-50-cm-2021.-1-1030x823.jpg 1030w, https:\/\/www.galerie-pfundt.de\/wp-content\/uploads\/2021\/10\/05-See-you-oil-on-canvas-40-x-50-cm-2021.-1-768x613.jpg 768w, https:\/\/www.galerie-pfundt.de\/wp-content\/uploads\/2021\/10\/05-See-you-oil-on-canvas-40-x-50-cm-2021.-1-1536x1227.jpg 1536w, https:\/\/www.galerie-pfundt.de\/wp-content\/uploads\/2021\/10\/05-See-you-oil-on-canvas-40-x-50-cm-2021.-1-2048x1636.jpg 2048w, https:\/\/www.galerie-pfundt.de\/wp-content\/uploads\/2021\/10\/05-See-you-oil-on-canvas-40-x-50-cm-2021.-1-1500x1198.jpg 1500w, https:\/\/www.galerie-pfundt.de\/wp-content\/uploads\/2021\/10\/05-See-you-oil-on-canvas-40-x-50-cm-2021.-1-705x563.jpg 705w\" sizes=\"(max-width: 2560px) 100vw, 2560px\" \/><\/a><\/div><\/div><\/div><\/div><div class=\"flex_column av_one_third  flex_column_div av-zero-column-padding   avia-builder-el-18  el_after_av_one_third  el_before_av_one_third  column-top-margin\" style='border-radius:0px; '><div  class='avia-image-container  av-styling-  noHover  av-overlay-on-hover   avia-builder-el-19  avia-builder-el-no-sibling  avia-align-center '  itemprop=\"image\" itemscope=\"itemscope\" itemtype=\"https:\/\/schema.org\/ImageObject\"  ><div class='avia-image-container-inner'><div class='avia-image-overlay-wrap'><a href='https:\/\/www.galerie-pfundt.de\/aktuell\/kuenstler\/brussen\/spring-path\/' class='avia_image'  ><div class='av-image-caption-overlay'><div class='av-caption-image-overlay-bg' style='opacity:0.4; background-color:#000000; '><\/div><div class='av-image-caption-overlay-position'><div class='av-image-caption-overlay-center' style='color:#ffffff; '><p>Spring path<br \/>\n24 x 30 cm<\/p>\n<\/div><\/div><\/div><img decoding=\"async\" width=\"2560\" height=\"1999\" class='wp-image-19730 avia-img-lazy-loading-not-19730 avia_image' src=\"https:\/\/www.galerie-pfundt.de\/wp-content\/uploads\/2021\/10\/06-Spring-path-oil-on-canvas-24-x-30-cm-2021..JPG-scaled.jpg\" alt='' title='06 Spring path, oil on canvas, 24 x 30 cm, 2021..JPG'  itemprop=\"thumbnailUrl\" srcset=\"https:\/\/www.galerie-pfundt.de\/wp-content\/uploads\/2021\/10\/06-Spring-path-oil-on-canvas-24-x-30-cm-2021..JPG-scaled.jpg 2560w, https:\/\/www.galerie-pfundt.de\/wp-content\/uploads\/2021\/10\/06-Spring-path-oil-on-canvas-24-x-30-cm-2021..JPG-scaled-600x469.jpg 600w, https:\/\/www.galerie-pfundt.de\/wp-content\/uploads\/2021\/10\/06-Spring-path-oil-on-canvas-24-x-30-cm-2021..JPG-400x312.jpg 400w, https:\/\/www.galerie-pfundt.de\/wp-content\/uploads\/2021\/10\/06-Spring-path-oil-on-canvas-24-x-30-cm-2021..JPG-1030x804.jpg 1030w, https:\/\/www.galerie-pfundt.de\/wp-content\/uploads\/2021\/10\/06-Spring-path-oil-on-canvas-24-x-30-cm-2021..JPG-768x600.jpg 768w, https:\/\/www.galerie-pfundt.de\/wp-content\/uploads\/2021\/10\/06-Spring-path-oil-on-canvas-24-x-30-cm-2021..JPG-1536x1199.jpg 1536w, https:\/\/www.galerie-pfundt.de\/wp-content\/uploads\/2021\/10\/06-Spring-path-oil-on-canvas-24-x-30-cm-2021..JPG-2048x1599.jpg 2048w, https:\/\/www.galerie-pfundt.de\/wp-content\/uploads\/2021\/10\/06-Spring-path-oil-on-canvas-24-x-30-cm-2021..JPG-1500x1171.jpg 1500w, https:\/\/www.galerie-pfundt.de\/wp-content\/uploads\/2021\/10\/06-Spring-path-oil-on-canvas-24-x-30-cm-2021..JPG-705x550.jpg 705w\" sizes=\"(max-width: 2560px) 100vw, 2560px\" \/><\/a><\/div><\/div><\/div><\/div><div class=\"flex_column av_one_third  flex_column_div av-zero-column-padding   avia-builder-el-20  el_after_av_one_third  el_before_av_one_third  column-top-margin\" style='border-radius:0px; '><div  class='avia-image-container  av-styling-  noHover  av-overlay-on-hover   avia-builder-el-21  avia-builder-el-no-sibling  avia-align-center '  itemprop=\"image\" itemscope=\"itemscope\" itemtype=\"https:\/\/schema.org\/ImageObject\"  ><div class='avia-image-container-inner'><div class='avia-image-overlay-wrap'><a href='https:\/\/www.galerie-pfundt.de\/aktuell\/kuenstler\/brussen\/wieden\/' class='avia_image'  ><div class='av-image-caption-overlay'><div class='av-caption-image-overlay-bg' style='opacity:0.4; background-color:#000000; '><\/div><div class='av-image-caption-overlay-position'><div class='av-image-caption-overlay-center' style='color:#ffffff; '><p>Wieden<br \/>\n40 x 50 cm<\/p>\n<\/div><\/div><\/div><img decoding=\"async\" width=\"2560\" height=\"2033\" class='wp-image-19740 avia-img-lazy-loading-not-19740 avia_image' src=\"https:\/\/www.galerie-pfundt.de\/wp-content\/uploads\/2021\/10\/08-Wieden-oil-on-canvas-40-x-50-cm-2021.-scaled.jpg\" alt='' title='08 Wieden, oil on canvas, 40 x 50 cm, 2021.'  itemprop=\"thumbnailUrl\" srcset=\"https:\/\/www.galerie-pfundt.de\/wp-content\/uploads\/2021\/10\/08-Wieden-oil-on-canvas-40-x-50-cm-2021.-scaled.jpg 2560w, https:\/\/www.galerie-pfundt.de\/wp-content\/uploads\/2021\/10\/08-Wieden-oil-on-canvas-40-x-50-cm-2021.-scaled-600x476.jpg 600w, https:\/\/www.galerie-pfundt.de\/wp-content\/uploads\/2021\/10\/08-Wieden-oil-on-canvas-40-x-50-cm-2021.-400x318.jpg 400w, https:\/\/www.galerie-pfundt.de\/wp-content\/uploads\/2021\/10\/08-Wieden-oil-on-canvas-40-x-50-cm-2021.-1030x818.jpg 1030w, https:\/\/www.galerie-pfundt.de\/wp-content\/uploads\/2021\/10\/08-Wieden-oil-on-canvas-40-x-50-cm-2021.-768x610.jpg 768w, https:\/\/www.galerie-pfundt.de\/wp-content\/uploads\/2021\/10\/08-Wieden-oil-on-canvas-40-x-50-cm-2021.-1536x1220.jpg 1536w, https:\/\/www.galerie-pfundt.de\/wp-content\/uploads\/2021\/10\/08-Wieden-oil-on-canvas-40-x-50-cm-2021.-2048x1627.jpg 2048w, https:\/\/www.galerie-pfundt.de\/wp-content\/uploads\/2021\/10\/08-Wieden-oil-on-canvas-40-x-50-cm-2021.-1500x1191.jpg 1500w, https:\/\/www.galerie-pfundt.de\/wp-content\/uploads\/2021\/10\/08-Wieden-oil-on-canvas-40-x-50-cm-2021.-705x560.jpg 705w\" sizes=\"(max-width: 2560px) 100vw, 2560px\" \/><\/a><\/div><\/div><\/div><\/div><div class=\"flex_column av_one_third  flex_column_div av-zero-column-padding first  avia-builder-el-22  el_after_av_one_third  el_before_av_one_third  column-top-margin\" style='border-radius:0px; '><div  class='avia-image-container  av-styling-  noHover  av-overlay-on-hover   avia-builder-el-23  avia-builder-el-no-sibling  avia-align-center '  itemprop=\"image\" itemscope=\"itemscope\" itemtype=\"https:\/\/schema.org\/ImageObject\"  ><div class='avia-image-container-inner'><div class='avia-image-overlay-wrap'><a href='https:\/\/www.galerie-pfundt.de\/aktuell\/kuenstler\/brussen\/summer-reflections\/' class='avia_image'  ><div class='av-image-caption-overlay'><div class='av-caption-image-overlay-bg' style='opacity:0.4; background-color:#000000; '><\/div><div class='av-image-caption-overlay-position'><div class='av-image-caption-overlay-center' style='color:#ffffff; '><p>Summer reflections<br \/>\n30 x 24 cm<\/p>\n<\/div><\/div><\/div><img decoding=\"async\" width=\"330\" height=\"400\" class='wp-image-19734 avia-img-lazy-loading-not-19734 avia_image' src=\"https:\/\/www.galerie-pfundt.de\/wp-content\/uploads\/2021\/10\/10-Summer-reflections-oil-on-canvas-30-x-24-cm-2021.-330x400.jpg\" alt='' title='10 Summer reflections, oil on canvas, 30 x 24 cm, 2021.'  itemprop=\"thumbnailUrl\" srcset=\"https:\/\/www.galerie-pfundt.de\/wp-content\/uploads\/2021\/10\/10-Summer-reflections-oil-on-canvas-30-x-24-cm-2021.-330x400.jpg 330w, https:\/\/www.galerie-pfundt.de\/wp-content\/uploads\/2021\/10\/10-Summer-reflections-oil-on-canvas-30-x-24-cm-2021.-scaled-600x727.jpg 600w, https:\/\/www.galerie-pfundt.de\/wp-content\/uploads\/2021\/10\/10-Summer-reflections-oil-on-canvas-30-x-24-cm-2021.-850x1030.jpg 850w, https:\/\/www.galerie-pfundt.de\/wp-content\/uploads\/2021\/10\/10-Summer-reflections-oil-on-canvas-30-x-24-cm-2021.-768x930.jpg 768w, https:\/\/www.galerie-pfundt.de\/wp-content\/uploads\/2021\/10\/10-Summer-reflections-oil-on-canvas-30-x-24-cm-2021.-1268x1536.jpg 1268w, https:\/\/www.galerie-pfundt.de\/wp-content\/uploads\/2021\/10\/10-Summer-reflections-oil-on-canvas-30-x-24-cm-2021.-1691x2048.jpg 1691w, https:\/\/www.galerie-pfundt.de\/wp-content\/uploads\/2021\/10\/10-Summer-reflections-oil-on-canvas-30-x-24-cm-2021.-1239x1500.jpg 1239w, https:\/\/www.galerie-pfundt.de\/wp-content\/uploads\/2021\/10\/10-Summer-reflections-oil-on-canvas-30-x-24-cm-2021.-582x705.jpg 582w\" sizes=\"(max-width: 330px) 100vw, 330px\" \/><\/a><\/div><\/div><\/div><\/div><div class=\"flex_column av_one_third  flex_column_div av-zero-column-padding   avia-builder-el-24  el_after_av_one_third  avia-builder-el-last  column-top-margin\" style='border-radius:0px; '><div  class='avia-image-container  av-styling-  noHover  av-overlay-on-hover   avia-builder-el-25  avia-builder-el-no-sibling  avia-align-center '  itemprop=\"image\" itemscope=\"itemscope\" itemtype=\"https:\/\/schema.org\/ImageObject\"  ><div class='avia-image-container-inner'><div class='avia-image-overlay-wrap'><a href='https:\/\/www.galerie-pfundt.de\/aktuell\/kuenstler\/brussen\/weed-is-singing\/' class='avia_image'  ><div class='av-image-caption-overlay'><div class='av-caption-image-overlay-bg' style='opacity:0.4; background-color:#000000; '><\/div><div class='av-image-caption-overlay-position'><div class='av-image-caption-overlay-center' style='color:#ffffff; '><p>Weed is singing<br \/>\n40 x 50 cm<\/p>\n<\/div><\/div><\/div><img decoding=\"async\" width=\"2560\" height=\"2043\" class='wp-image-19737 avia-img-lazy-loading-not-19737 avia_image' src=\"https:\/\/www.galerie-pfundt.de\/wp-content\/uploads\/2021\/10\/07-Weed-is-singing-oil-on-canvas-40-x-50-cm-2021.-scaled.jpg\" alt='' title='07 Weed is singing, oil on canvas, 40 x 50 cm, 2021.'  itemprop=\"thumbnailUrl\" srcset=\"https:\/\/www.galerie-pfundt.de\/wp-content\/uploads\/2021\/10\/07-Weed-is-singing-oil-on-canvas-40-x-50-cm-2021.-scaled.jpg 2560w, https:\/\/www.galerie-pfundt.de\/wp-content\/uploads\/2021\/10\/07-Weed-is-singing-oil-on-canvas-40-x-50-cm-2021.-scaled-600x479.jpg 600w, https:\/\/www.galerie-pfundt.de\/wp-content\/uploads\/2021\/10\/07-Weed-is-singing-oil-on-canvas-40-x-50-cm-2021.-400x319.jpg 400w, https:\/\/www.galerie-pfundt.de\/wp-content\/uploads\/2021\/10\/07-Weed-is-singing-oil-on-canvas-40-x-50-cm-2021.-1030x822.jpg 1030w, https:\/\/www.galerie-pfundt.de\/wp-content\/uploads\/2021\/10\/07-Weed-is-singing-oil-on-canvas-40-x-50-cm-2021.-768x613.jpg 768w, https:\/\/www.galerie-pfundt.de\/wp-content\/uploads\/2021\/10\/07-Weed-is-singing-oil-on-canvas-40-x-50-cm-2021.-1536x1226.jpg 1536w, https:\/\/www.galerie-pfundt.de\/wp-content\/uploads\/2021\/10\/07-Weed-is-singing-oil-on-canvas-40-x-50-cm-2021.-2048x1634.jpg 2048w, https:\/\/www.galerie-pfundt.de\/wp-content\/uploads\/2021\/10\/07-Weed-is-singing-oil-on-canvas-40-x-50-cm-2021.-1500x1197.jpg 1500w, https:\/\/www.galerie-pfundt.de\/wp-content\/uploads\/2021\/10\/07-Weed-is-singing-oil-on-canvas-40-x-50-cm-2021.-705x563.jpg 705w\" sizes=\"(max-width: 2560px) 100vw, 2560px\" \/><\/a><\/div><\/div><\/div><\/div><\/div><\/div><\/div><!-- close content main div --><\/div><\/div><div id='after_section_1'  class='main_color av_default_container_wrap container_wrap fullsize' style=' '  ><div class='container' ><div class='template-page content  av-content-full alpha units'><div class='post-entry post-entry-type-page post-entry-5980'><div class='entry-content-wrapper clearfix'><div class=\"flex_column av_one_third  flex_column_div av-zero-column-padding first  avia-builder-el-26  el_after_av_section  avia-builder-el-no-sibling  \" style='border-radius:0px; '><p><section class=\"av_textblock_section \"  itemscope=\"itemscope\" itemtype=\"https:\/\/schema.org\/CreativeWork\" ><div class='avia_textblock  '   itemprop=\"text\" ><p><strong>Bitte informieren Sie mich k\u00fcnftig per E-Mail \u00fcber Neuigkeiten.<\/strong><\/p>\n<\/div><\/section><br \/>\n<form action=\"https:\/\/www.galerie-pfundt.de\/aktuell\/kuenstler\/brussen\/\" method=\"post\"  data-av-custom-send='mailchimp_send' class=\"avia_ajax_form av-form-labels-hidden   avia-builder-el-28  el_after_av_textblock  avia-builder-el-last  av-custom-form-color av-dark-form avia-mailchimp-form \" data-avia-form-id=\"1\" data-avia-redirect='' ><fieldset><p class='  first_form  form_element form_fullwidth' id='element_avia_0_1'><label for=\"avia_0_1\">E-Mailadresse <abbr class=\"required\" title=\"ben\u00f6tigt\">*<\/abbr><\/label> <input name=\"avia_0_1\" class=\"text_input is_email\" type=\"text\" id=\"avia_0_1\" value=\"\"  placeholder='E-Mailadresse*'\/><\/p><p class='  first_form  form_element form_fullwidth' id='element_avia_2_1'><label for=\"avia_2_1\">Name<\/label> <input name=\"avia_2_1\" class=\"text_input \" type=\"text\" id=\"avia_2_1\" value=\"\"  placeholder='Name'\/><\/p><p class=\"form_element  first_form  form_element form_fullwidth av-last-visible-form-element modified_width\"><input type=\"hidden\" value=\"1\" name=\"avia_generated_form1\" \/><input type=\"submit\" value=\"Abonnieren\" class=\"button\"  data-sending-label=\"Sende\"\/><\/p><p class=\"hidden\"><input type=\"text\" name=\"avia_avia_username_1\" class=\"hidden \" id=\"avia_avia_username_1\" value=\"\" \/><\/p><\/fieldset><\/form><div id=\"ajaxresponse_1\" class=\"ajaxresponse ajaxresponse_1 hidden\"><\/div><\/p><\/div><\/p>\n","protected":false},"excerpt":{"rendered":"","protected":false},"author":2,"featured_media":0,"parent":14,"menu_order":0,"comment_status":"closed","ping_status":"closed","template":"","meta":{"footnotes":""},"class_list":["post-5980","page","type-page","status-publish","hentry"],"_links":{"self":[{"href":"https:\/\/www.galerie-pfundt.de\/aktuell\/wp-json\/wp\/v2\/pages\/5980","targetHints":{"allow":["GET"]}}],"collection":[{"href":"https:\/\/www.galerie-pfundt.de\/aktuell\/wp-json\/wp\/v2\/pages"}],"about":[{"href":"https:\/\/www.galerie-pfundt.de\/aktuell\/wp-json\/wp\/v2\/types\/page"}],"author":[{"embeddable":true,"href":"https:\/\/www.galerie-pfundt.de\/aktuell\/wp-json\/wp\/v2\/users\/2"}],"replies":[{"embeddable":true,"href":"https:\/\/www.galerie-pfundt.de\/aktuell\/wp-json\/wp\/v2\/comments?post=5980"}],"version-history":[{"count":0,"href":"https:\/\/www.galerie-pfundt.de\/aktuell\/wp-json\/wp\/v2\/pages\/5980\/revisions"}],"up":[{"embeddable":true,"href":"https:\/\/www.galerie-pfundt.de\/aktuell\/wp-json\/wp\/v2\/pages\/14"}],"wp:attachment":[{"href":"https:\/\/www.galerie-pfundt.de\/aktuell\/wp-json\/wp\/v2\/media?parent=5980"}],"curies":[{"name":"wp","href":"https:\/\/api.w.org\/{rel}","templated":true}]}}