{"id":670,"date":"2017-05-11T17:08:20","date_gmt":"2017-05-11T15:08:20","guid":{"rendered":"https:\/\/www.galerie-pfundt.de\/kuenstler\/couloumy-2\/"},"modified":"2023-11-21T04:28:30","modified_gmt":"2023-11-21T03:28:30","slug":"dobritz","status":"publish","type":"page","link":"https:\/\/www.galerie-pfundt.de\/aktuell\/kuenstler\/dobritz\/","title":{"rendered":"Stefan Dobritz"},"content":{"rendered":"<div class=\"flex_column av_one_fourth  flex_column_div av-zero-column-padding first  avia-builder-el-0  el_before_av_three_fourth  avia-builder-el-first  \" style='border-radius:0px; '><p><div  class='avia-image-container  av-styling-    avia-builder-el-1  el_before_av_textblock  avia-builder-el-first  avia-align-center '  itemprop=\"image\" itemscope=\"itemscope\" itemtype=\"https:\/\/schema.org\/ImageObject\"  ><div class='avia-image-container-inner'><div class='avia-image-overlay-wrap'><img decoding=\"async\" class='wp-image-11442 avia-img-lazy-loading-not-11442 avia_image' src=\"https:\/\/www.galerie-pfundt.de\/wp-content\/uploads\/2020\/04\/Dobritz-Portrait-20-220x220.jpg\" alt='' title='Dobritz-Portrait-20' height=\"220\" width=\"220\"  itemprop=\"thumbnailUrl\" srcset=\"https:\/\/www.galerie-pfundt.de\/wp-content\/uploads\/2020\/04\/Dobritz-Portrait-20-220x220.jpg 220w, https:\/\/www.galerie-pfundt.de\/wp-content\/uploads\/2020\/04\/Dobritz-Portrait-20-600x600.jpg 600w, https:\/\/www.galerie-pfundt.de\/wp-content\/uploads\/2020\/04\/Dobritz-Portrait-20-100x100.jpg 100w, https:\/\/www.galerie-pfundt.de\/wp-content\/uploads\/2020\/04\/Dobritz-Portrait-20-400x400.jpg 400w, https:\/\/www.galerie-pfundt.de\/wp-content\/uploads\/2020\/04\/Dobritz-Portrait-20-768x768.jpg 768w, https:\/\/www.galerie-pfundt.de\/wp-content\/uploads\/2020\/04\/Dobritz-Portrait-20-36x36.jpg 36w, https:\/\/www.galerie-pfundt.de\/wp-content\/uploads\/2020\/04\/Dobritz-Portrait-20-180x180.jpg 180w, https:\/\/www.galerie-pfundt.de\/wp-content\/uploads\/2020\/04\/Dobritz-Portrait-20-705x705.jpg 705w, https:\/\/www.galerie-pfundt.de\/wp-content\/uploads\/2020\/04\/Dobritz-Portrait-20-300x300.jpg 300w, https:\/\/www.galerie-pfundt.de\/wp-content\/uploads\/2020\/04\/Dobritz-Portrait-20.jpg 1343w\" sizes=\"(max-width: 220px) 100vw, 220px\" \/><\/div><\/div><\/div><br \/>\n<section class=\"av_textblock_section \"  itemscope=\"itemscope\" itemtype=\"https:\/\/schema.org\/CreativeWork\" ><div class='avia_textblock  '   itemprop=\"text\" ><h6><span style=\"color: #ffffff;\">.<\/span><\/h6>\n<h3 style=\"text-align: center;\">Stefan Dobritz<\/h3>\n<\/div><\/section><\/p><\/div>\n<div class=\"flex_column av_three_fourth  flex_column_div av-zero-column-padding   avia-builder-el-3  el_after_av_one_fourth  el_before_av_hr  \" style='border-radius:0px; '><div  class=\"tabcontainer   top_tab   avia-builder-el-4  avia-builder-el-no-sibling \" role=\"tablist\">\n\n<section class=\"av_tab_section\"  itemscope=\"itemscope\" itemtype=\"https:\/\/schema.org\/CreativeWork\" ><div aria-controls=\"tab-id-1-content\" role=\"tab\" tabindex=\"0\" data-fake-id=\"#tab-id-1\" class=\"tab active_tab\"  itemprop=\"headline\" >Vita<\/div>\n<div id=\"tab-id-1-content\" class=\"tab_content active_tab_content\" aria-hidden=\"false\">\n<div class=\"tab_inner_content invers-color\"  itemprop=\"text\" >\n<p>Stefan Dobritz wurde 1965 in L\u00fcbeck geboren. Parallel zu einem Medizinstudium widmete sich Dobritz schon fr\u00fch theoretischen und praktischen Studien in diversen Maltechniken. Begegnungen mit Malern aus dem norddeutschen Raum setzten dabei Akzente in der Stilfindung. Besonders J\u00fcrgen Runge ist hier zu nennen, der lange Jahre im Klosterdorf Cismar an der Ostsee arbeitete. 1995 schlo\u00df Dobritz sein Studium mit der Promotion ab und widmet sich seither ganz der Malerei.<\/p>\n<p>Die ausgestellten Arbeiten von Stefan Dobritz f\u00fchren eine stetige Entwicklung des K\u00fcnstlers aus den letzten zwei Jahrzehnten fort. Neben der oft reduktiven Darstellung, dem Nebeneinander von komplement\u00e4ren, oft intensiven Farbwirkungen ist es vor allem das gezielte Herausarbeiten von Licht und Schatten, mit denen Dobritz versucht, die jedem Objekt innewohnende \u201eSch\u00f6nheit des besonderen Augenblicks\u201c herauszuarbeiten. Er arbeitet dabei ausschlie\u00dflich mit Spachtel und \u00d6lfarbe.<\/p>\n<p>Im Fundus des K\u00fcnstlers finden sich neben Hafen- und Schiffportr\u00e4ts oft gro\u00dfformatige Landschaftsbilder und Stadtansichten; auf Malreisen durch Europa entstanden u.a. reizvolle Alpen-, Toskana- und Venedigbilder. Bei Ausf\u00fchrung und Motivwahl zeigt sich in den Bildern des K\u00fcnstlers dabei stets seine Verbundenheit zur norddeutschen Heimat und dem Wasser. So finden sich in der vorliegenden Auswahl nicht zuf\u00e4llig immer wieder das Hamburger Hafen- und Stadtgebiet, das den K\u00fcnstler in seiner Vielseitigkeit zu stets neuen, besonderen Blickwinkeln inspiriert.<\/p>\n<p>(Text Klaus J\u00f8rgensen)<\/p>\n\n<\/div>\n<\/div>\n<\/section>\n\n<\/div><\/div>\n<div   class='hr hr-default   avia-builder-el-5  el_after_av_three_fourth  el_before_av_section  avia-builder-el-last '><span class='hr-inner ' ><span class='hr-inner-style'><\/span><\/span><\/div>\n<\/div><\/div><\/div><!-- close content main div --><\/div><\/div><div id='av_section_1'  class='avia-section main_color avia-section-default avia-no-border-styling  avia-bg-style-scroll  avia-builder-el-6  el_after_av_hr  avia-builder-el-last   container_wrap fullsize' style='background-color: rgba(26,31,63,0.81);  '  ><div class='container' ><div class='template-page content  av-content-full alpha units'><div class='post-entry post-entry-type-page post-entry-670'><div class='entry-content-wrapper clearfix'>\n<div  style='height:50px' class='hr hr-invisible   avia-builder-el-7  el_before_av_one_half  avia-builder-el-first '><span class='hr-inner ' ><span class='hr-inner-style'><\/span><\/span><\/div>\n<div class=\"flex_column av_one_half  flex_column_div av-zero-column-padding first  avia-builder-el-8  el_after_av_hr  el_before_av_one_half  \" style='border-radius:0px; '><div  class='avia-image-container  av-styling-    avia-builder-el-9  avia-builder-el-no-sibling  avia-align-center '  itemprop=\"image\" itemscope=\"itemscope\" itemtype=\"https:\/\/schema.org\/ImageObject\"  ><div class='avia-image-container-inner'><div class='avia-image-overlay-wrap'><a href='https:\/\/www.galerie-pfundt.de\/aktuell\/kuenstler\/dobritz\/morgenstimmung-am-stranf\/' class='avia_image'  ><img decoding=\"async\" width=\"1030\" height=\"507\" class='wp-image-20480 avia-img-lazy-loading-not-20480 avia_image' src=\"https:\/\/www.galerie-pfundt.de\/wp-content\/uploads\/2021\/12\/Dobritz-Morgenstimmung_96-1030x507.jpg\" alt='' title='Dobritz-Morgenstimmung_96'  itemprop=\"thumbnailUrl\" srcset=\"https:\/\/www.galerie-pfundt.de\/wp-content\/uploads\/2021\/12\/Dobritz-Morgenstimmung_96-1030x507.jpg 1030w, https:\/\/www.galerie-pfundt.de\/wp-content\/uploads\/2021\/12\/Dobritz-Morgenstimmung_96-600x295.jpg 600w, https:\/\/www.galerie-pfundt.de\/wp-content\/uploads\/2021\/12\/Dobritz-Morgenstimmung_96-400x197.jpg 400w, https:\/\/www.galerie-pfundt.de\/wp-content\/uploads\/2021\/12\/Dobritz-Morgenstimmung_96-768x378.jpg 768w, https:\/\/www.galerie-pfundt.de\/wp-content\/uploads\/2021\/12\/Dobritz-Morgenstimmung_96-1536x756.jpg 1536w, https:\/\/www.galerie-pfundt.de\/wp-content\/uploads\/2021\/12\/Dobritz-Morgenstimmung_96-1500x738.jpg 1500w, https:\/\/www.galerie-pfundt.de\/wp-content\/uploads\/2021\/12\/Dobritz-Morgenstimmung_96-705x347.jpg 705w, https:\/\/www.galerie-pfundt.de\/wp-content\/uploads\/2021\/12\/Dobritz-Morgenstimmung_96.jpg 1689w\" sizes=\"(max-width: 1030px) 100vw, 1030px\" \/><\/a><\/div><\/div><\/div><\/div><div class=\"flex_column av_one_half  flex_column_div av-zero-column-padding   avia-builder-el-10  el_after_av_one_half  el_before_av_hr  \" style='border-radius:0px; '><div  class='avia-image-container  av-styling-    avia-builder-el-11  avia-builder-el-no-sibling  avia-align-center '  itemprop=\"image\" itemscope=\"itemscope\" itemtype=\"https:\/\/schema.org\/ImageObject\"  ><div class='avia-image-container-inner'><div class='avia-image-overlay-wrap'><a href='https:\/\/www.galerie-pfundt.de\/aktuell\/kuenstler\/dobritz\/mondaufgang-ueber-der-ostsee\/' class='avia_image'  ><img decoding=\"async\" width=\"1030\" height=\"614\" class='wp-image-21256 avia-img-lazy-loading-not-21256 avia_image' src=\"https:\/\/www.galerie-pfundt.de\/wp-content\/uploads\/2022\/03\/Dobritz-MondaufgangUeberDerOstsee_21_30x50-1030x614.jpg\" alt='' title='Dobritz-MondaufgangUeberDerOstsee_21_30x50'  itemprop=\"thumbnailUrl\" srcset=\"https:\/\/www.galerie-pfundt.de\/wp-content\/uploads\/2022\/03\/Dobritz-MondaufgangUeberDerOstsee_21_30x50-1030x614.jpg 1030w, https:\/\/www.galerie-pfundt.de\/wp-content\/uploads\/2022\/03\/Dobritz-MondaufgangUeberDerOstsee_21_30x50-600x357.jpg 600w, https:\/\/www.galerie-pfundt.de\/wp-content\/uploads\/2022\/03\/Dobritz-MondaufgangUeberDerOstsee_21_30x50-400x238.jpg 400w, https:\/\/www.galerie-pfundt.de\/wp-content\/uploads\/2022\/03\/Dobritz-MondaufgangUeberDerOstsee_21_30x50-768x457.jpg 768w, https:\/\/www.galerie-pfundt.de\/wp-content\/uploads\/2022\/03\/Dobritz-MondaufgangUeberDerOstsee_21_30x50-1536x915.jpg 1536w, https:\/\/www.galerie-pfundt.de\/wp-content\/uploads\/2022\/03\/Dobritz-MondaufgangUeberDerOstsee_21_30x50-1500x894.jpg 1500w, https:\/\/www.galerie-pfundt.de\/wp-content\/uploads\/2022\/03\/Dobritz-MondaufgangUeberDerOstsee_21_30x50-705x420.jpg 705w, https:\/\/www.galerie-pfundt.de\/wp-content\/uploads\/2022\/03\/Dobritz-MondaufgangUeberDerOstsee_21_30x50.jpg 1803w\" sizes=\"(max-width: 1030px) 100vw, 1030px\" \/><\/a><\/div><\/div><\/div><\/div><div  style='height:50px' class='hr hr-invisible   avia-builder-el-12  el_after_av_one_half  el_before_av_three_fifth '><span class='hr-inner ' ><span class='hr-inner-style'><\/span><\/span><\/div>\n<div class=\"flex_column av_three_fifth  flex_column_div av-zero-column-padding first  avia-builder-el-13  el_after_av_hr  el_before_av_hr  \" style='border-radius:0px; '><div  class='avia-image-container  av-styling-    avia-builder-el-14  avia-builder-el-no-sibling  avia-align-center '  itemprop=\"image\" itemscope=\"itemscope\" itemtype=\"https:\/\/schema.org\/ImageObject\"  ><div class='avia-image-container-inner'><div class='avia-image-overlay-wrap'><a href='https:\/\/www.galerie-pfundt.de\/aktuell\/kuenstler\/dobritz\/rapsfelder_am_ploener_see\/' class='avia_image'  ><img decoding=\"async\" width=\"1024\" height=\"522\" class='wp-image-2624 avia-img-lazy-loading-not-2624 avia_image' src=\"https:\/\/www.galerie-pfundt.de\/wp-content\/uploads\/2018\/05\/Dobritz-Rapsfelder-am-Pl\u00f6ner-See_2017_\u00d6aL_60x120.jpg\" alt='' title='Dobritz-Rapsfelder am Pl\u00f6ner See_2017_\u00d6aL_60x120'  itemprop=\"thumbnailUrl\" srcset=\"https:\/\/www.galerie-pfundt.de\/wp-content\/uploads\/2018\/05\/Dobritz-Rapsfelder-am-Pl\u00f6ner-See_2017_\u00d6aL_60x120.jpg 1024w, https:\/\/www.galerie-pfundt.de\/wp-content\/uploads\/2018\/05\/Dobritz-Rapsfelder-am-Pl\u00f6ner-See_2017_\u00d6aL_60x120-600x306.jpg 600w, https:\/\/www.galerie-pfundt.de\/wp-content\/uploads\/2018\/05\/Dobritz-Rapsfelder-am-Pl\u00f6ner-See_2017_\u00d6aL_60x120-220x112.jpg 220w, https:\/\/www.galerie-pfundt.de\/wp-content\/uploads\/2018\/05\/Dobritz-Rapsfelder-am-Pl\u00f6ner-See_2017_\u00d6aL_60x120-768x392.jpg 768w, https:\/\/www.galerie-pfundt.de\/wp-content\/uploads\/2018\/05\/Dobritz-Rapsfelder-am-Pl\u00f6ner-See_2017_\u00d6aL_60x120-705x359.jpg 705w\" sizes=\"(max-width: 1024px) 100vw, 1024px\" \/><\/a><\/div><\/div><\/div><\/div><div  style='height:58px' class='hr hr-invisible   avia-builder-el-15  el_after_av_three_fifth  el_before_av_one_fifth '><span class='hr-inner ' ><span class='hr-inner-style'><\/span><\/span><\/div>\n<div class=\"flex_column av_one_fifth  flex_column_div av-zero-column-padding first  avia-builder-el-16  el_after_av_hr  el_before_av_two_third  \" style='border-radius:0px; '><\/div><div class=\"flex_column av_two_third  flex_column_div av-zero-column-padding   avia-builder-el-17  el_after_av_one_fifth  el_before_av_hr  \" style='border-radius:0px; '><div  class='avia-image-container  av-styling-    avia-builder-el-18  avia-builder-el-no-sibling  avia-align-center '  itemprop=\"image\" itemscope=\"itemscope\" itemtype=\"https:\/\/schema.org\/ImageObject\"  ><div class='avia-image-container-inner'><div class='avia-image-overlay-wrap'><a href='https:\/\/www.galerie-pfundt.de\/aktuell\/kuenstler\/dobritz\/gegenlicht-am-weststrand\/' class='avia_image'  ><img decoding=\"async\" width=\"1030\" height=\"408\" class='wp-image-20506 avia-img-lazy-loading-not-20506 avia_image' src=\"https:\/\/www.galerie-pfundt.de\/wp-content\/uploads\/2021\/12\/Dobritz-Gegenlicht-am-Weststrand_96-1030x408.jpg\" alt='' title='Dobritz-Gegenlicht am Weststrand_96'  itemprop=\"thumbnailUrl\" srcset=\"https:\/\/www.galerie-pfundt.de\/wp-content\/uploads\/2021\/12\/Dobritz-Gegenlicht-am-Weststrand_96-1030x408.jpg 1030w, https:\/\/www.galerie-pfundt.de\/wp-content\/uploads\/2021\/12\/Dobritz-Gegenlicht-am-Weststrand_96-600x238.jpg 600w, https:\/\/www.galerie-pfundt.de\/wp-content\/uploads\/2021\/12\/Dobritz-Gegenlicht-am-Weststrand_96-400x159.jpg 400w, https:\/\/www.galerie-pfundt.de\/wp-content\/uploads\/2021\/12\/Dobritz-Gegenlicht-am-Weststrand_96-768x304.jpg 768w, https:\/\/www.galerie-pfundt.de\/wp-content\/uploads\/2021\/12\/Dobritz-Gegenlicht-am-Weststrand_96-1536x609.jpg 1536w, https:\/\/www.galerie-pfundt.de\/wp-content\/uploads\/2021\/12\/Dobritz-Gegenlicht-am-Weststrand_96-1500x595.jpg 1500w, https:\/\/www.galerie-pfundt.de\/wp-content\/uploads\/2021\/12\/Dobritz-Gegenlicht-am-Weststrand_96-705x279.jpg 705w, https:\/\/www.galerie-pfundt.de\/wp-content\/uploads\/2021\/12\/Dobritz-Gegenlicht-am-Weststrand_96.jpg 1574w\" sizes=\"(max-width: 1030px) 100vw, 1030px\" \/><\/a><\/div><\/div><\/div><\/div><div  style='height:58px' class='hr hr-invisible   avia-builder-el-19  el_after_av_two_third  el_before_av_two_fifth '><span class='hr-inner ' ><span class='hr-inner-style'><\/span><\/span><\/div>\n<div class=\"flex_column av_two_fifth  flex_column_div av-zero-column-padding first  avia-builder-el-20  el_after_av_hr  el_before_av_three_fifth  \" style='border-radius:0px; '><div  class='avia-image-container  av-styling-    avia-builder-el-21  avia-builder-el-no-sibling  avia-align-center '  itemprop=\"image\" itemscope=\"itemscope\" itemtype=\"https:\/\/schema.org\/ImageObject\"  ><div class='avia-image-container-inner'><div class='avia-image-overlay-wrap'><a href='https:\/\/www.galerie-pfundt.de\/aktuell\/kuenstler\/dobritz\/watt_kampen\/' class='avia_image'  ><img decoding=\"async\" width=\"1188\" height=\"794\" class='wp-image-8662 avia-img-lazy-loading-not-8662 avia_image' src=\"https:\/\/www.galerie-pfundt.de\/wp-content\/uploads\/2019\/12\/Dobritz-AmWattBeiKampen_2019_OaL_40x60-Kopie.jpg\" alt='' title='Dobritz-AmWattBeiKampen_2019_OaL_40x60 Kopie'  itemprop=\"thumbnailUrl\" srcset=\"https:\/\/www.galerie-pfundt.de\/wp-content\/uploads\/2019\/12\/Dobritz-AmWattBeiKampen_2019_OaL_40x60-Kopie.jpg 1188w, https:\/\/www.galerie-pfundt.de\/wp-content\/uploads\/2019\/12\/Dobritz-AmWattBeiKampen_2019_OaL_40x60-Kopie-600x401.jpg 600w, https:\/\/www.galerie-pfundt.de\/wp-content\/uploads\/2019\/12\/Dobritz-AmWattBeiKampen_2019_OaL_40x60-Kopie-400x267.jpg 400w, https:\/\/www.galerie-pfundt.de\/wp-content\/uploads\/2019\/12\/Dobritz-AmWattBeiKampen_2019_OaL_40x60-Kopie-1030x688.jpg 1030w, https:\/\/www.galerie-pfundt.de\/wp-content\/uploads\/2019\/12\/Dobritz-AmWattBeiKampen_2019_OaL_40x60-Kopie-768x513.jpg 768w, https:\/\/www.galerie-pfundt.de\/wp-content\/uploads\/2019\/12\/Dobritz-AmWattBeiKampen_2019_OaL_40x60-Kopie-705x471.jpg 705w\" sizes=\"(max-width: 1188px) 100vw, 1188px\" \/><\/a><\/div><\/div><\/div><\/div><div class=\"flex_column av_three_fifth  flex_column_div av-zero-column-padding   avia-builder-el-22  el_after_av_two_fifth  el_before_av_hr  \" style='border-radius:0px; '><div  class='avia-image-container  av-styling-    avia-builder-el-23  avia-builder-el-no-sibling  avia-align-center '  itemprop=\"image\" itemscope=\"itemscope\" itemtype=\"https:\/\/schema.org\/ImageObject\"  ><div class='avia-image-container-inner'><div class='avia-image-overlay-wrap'><a href='https:\/\/www.galerie-pfundt.de\/aktuell\/kuenstler\/dobritz\/brandungswellen\/' class='avia_image'  ><img decoding=\"async\" width=\"1030\" height=\"508\" class='wp-image-21255 avia-img-lazy-loading-not-21255 avia_image' src=\"https:\/\/www.galerie-pfundt.de\/wp-content\/uploads\/2022\/03\/Dobritz-BrandungAmWeststrandSylt_22_60x120-1030x508.jpg\" alt='' title='Dobritz-BrandungAmWeststrandSylt_22_60x120'  itemprop=\"thumbnailUrl\" srcset=\"https:\/\/www.galerie-pfundt.de\/wp-content\/uploads\/2022\/03\/Dobritz-BrandungAmWeststrandSylt_22_60x120-1030x508.jpg 1030w, https:\/\/www.galerie-pfundt.de\/wp-content\/uploads\/2022\/03\/Dobritz-BrandungAmWeststrandSylt_22_60x120-600x296.jpg 600w, https:\/\/www.galerie-pfundt.de\/wp-content\/uploads\/2022\/03\/Dobritz-BrandungAmWeststrandSylt_22_60x120-400x197.jpg 400w, https:\/\/www.galerie-pfundt.de\/wp-content\/uploads\/2022\/03\/Dobritz-BrandungAmWeststrandSylt_22_60x120-768x379.jpg 768w, https:\/\/www.galerie-pfundt.de\/wp-content\/uploads\/2022\/03\/Dobritz-BrandungAmWeststrandSylt_22_60x120-1536x758.jpg 1536w, https:\/\/www.galerie-pfundt.de\/wp-content\/uploads\/2022\/03\/Dobritz-BrandungAmWeststrandSylt_22_60x120-2048x1011.jpg 2048w, https:\/\/www.galerie-pfundt.de\/wp-content\/uploads\/2022\/03\/Dobritz-BrandungAmWeststrandSylt_22_60x120-1500x740.jpg 1500w, https:\/\/www.galerie-pfundt.de\/wp-content\/uploads\/2022\/03\/Dobritz-BrandungAmWeststrandSylt_22_60x120-705x348.jpg 705w\" sizes=\"(max-width: 1030px) 100vw, 1030px\" \/><\/a><\/div><\/div><\/div><\/div><div  style='height:58px' class='hr hr-invisible   avia-builder-el-24  el_after_av_three_fifth  el_before_av_three_fifth '><span class='hr-inner ' ><span class='hr-inner-style'><\/span><\/span><\/div>\n<div class=\"flex_column av_three_fifth  flex_column_div av-zero-column-padding first  avia-builder-el-25  el_after_av_hr  el_before_av_hr  \" style='border-radius:0px; '><p><div  class='avia-image-container  av-styling-    avia-builder-el-26  el_before_av_hr  avia-builder-el-first  avia-align-center '  itemprop=\"image\" itemscope=\"itemscope\" itemtype=\"https:\/\/schema.org\/ImageObject\"  ><div class='avia-image-container-inner'><div class='avia-image-overlay-wrap'><a href='https:\/\/www.galerie-pfundt.de\/aktuell\/kuenstler\/dobritz\/haus_kiffende-kampen\/' class='avia_image'  ><img decoding=\"async\" width=\"1024\" height=\"406\" class='wp-image-2724 avia-img-lazy-loading-not-2724 avia_image' src=\"https:\/\/www.galerie-pfundt.de\/wp-content\/uploads\/2018\/06\/Dobritz-Haus-Kliffende-Kampen_2017_\u00d6aL_40x100.jpg\" alt='' title='Dobritz-Haus Kliffende, Kampen_2017_\u00d6aL_40x100'  itemprop=\"thumbnailUrl\" srcset=\"https:\/\/www.galerie-pfundt.de\/wp-content\/uploads\/2018\/06\/Dobritz-Haus-Kliffende-Kampen_2017_\u00d6aL_40x100.jpg 1024w, https:\/\/www.galerie-pfundt.de\/wp-content\/uploads\/2018\/06\/Dobritz-Haus-Kliffende-Kampen_2017_\u00d6aL_40x100-600x238.jpg 600w, https:\/\/www.galerie-pfundt.de\/wp-content\/uploads\/2018\/06\/Dobritz-Haus-Kliffende-Kampen_2017_\u00d6aL_40x100-220x87.jpg 220w, https:\/\/www.galerie-pfundt.de\/wp-content\/uploads\/2018\/06\/Dobritz-Haus-Kliffende-Kampen_2017_\u00d6aL_40x100-768x305.jpg 768w, https:\/\/www.galerie-pfundt.de\/wp-content\/uploads\/2018\/06\/Dobritz-Haus-Kliffende-Kampen_2017_\u00d6aL_40x100-705x280.jpg 705w\" sizes=\"(max-width: 1024px) 100vw, 1024px\" \/><\/a><\/div><\/div><\/div><br \/>\n<div  style='height:50px' class='hr hr-invisible   avia-builder-el-27  el_after_av_image  el_before_av_image '><span class='hr-inner ' ><span class='hr-inner-style'><\/span><\/span><\/div><br \/>\n<div  class='avia-image-container  av-styling-    avia-builder-el-28  el_after_av_hr  avia-builder-el-last  avia-align-center '  itemprop=\"image\" itemscope=\"itemscope\" itemtype=\"https:\/\/schema.org\/ImageObject\"  ><div class='avia-image-container-inner'><div class='avia-image-overlay-wrap'><a href='https:\/\/www.galerie-pfundt.de\/aktuell\/kuenstler\/dobritz\/morsumkliff\/' class='avia_image'  ><img decoding=\"async\" width=\"2081\" height=\"794\" class='wp-image-8665 avia-img-lazy-loading-not-8665 avia_image' src=\"https:\/\/www.galerie-pfundt.de\/wp-content\/uploads\/2019\/12\/Dobritz-Morsumkliff_2019_OaL_30x80-Kopie.jpg\" alt='' title='Dobritz-Morsumkliff_2019_OaL_30x80 Kopie'  itemprop=\"thumbnailUrl\" srcset=\"https:\/\/www.galerie-pfundt.de\/wp-content\/uploads\/2019\/12\/Dobritz-Morsumkliff_2019_OaL_30x80-Kopie.jpg 2081w, https:\/\/www.galerie-pfundt.de\/wp-content\/uploads\/2019\/12\/Dobritz-Morsumkliff_2019_OaL_30x80-Kopie-600x229.jpg 600w, https:\/\/www.galerie-pfundt.de\/wp-content\/uploads\/2019\/12\/Dobritz-Morsumkliff_2019_OaL_30x80-Kopie-400x153.jpg 400w, https:\/\/www.galerie-pfundt.de\/wp-content\/uploads\/2019\/12\/Dobritz-Morsumkliff_2019_OaL_30x80-Kopie-1030x393.jpg 1030w, https:\/\/www.galerie-pfundt.de\/wp-content\/uploads\/2019\/12\/Dobritz-Morsumkliff_2019_OaL_30x80-Kopie-768x293.jpg 768w, https:\/\/www.galerie-pfundt.de\/wp-content\/uploads\/2019\/12\/Dobritz-Morsumkliff_2019_OaL_30x80-Kopie-1536x586.jpg 1536w, https:\/\/www.galerie-pfundt.de\/wp-content\/uploads\/2019\/12\/Dobritz-Morsumkliff_2019_OaL_30x80-Kopie-2048x781.jpg 2048w, https:\/\/www.galerie-pfundt.de\/wp-content\/uploads\/2019\/12\/Dobritz-Morsumkliff_2019_OaL_30x80-Kopie-1500x572.jpg 1500w, https:\/\/www.galerie-pfundt.de\/wp-content\/uploads\/2019\/12\/Dobritz-Morsumkliff_2019_OaL_30x80-Kopie-705x269.jpg 705w, https:\/\/www.galerie-pfundt.de\/wp-content\/uploads\/2019\/12\/Dobritz-Morsumkliff_2019_OaL_30x80-Kopie-845x321.jpg 845w\" sizes=\"(max-width: 2081px) 100vw, 2081px\" \/><\/a><\/div><\/div><\/div><\/p><\/div><div  style='height:58px' class='hr hr-invisible   avia-builder-el-29  el_after_av_three_fifth  el_before_av_one_half '><span class='hr-inner ' ><span class='hr-inner-style'><\/span><\/span><\/div>\n<div class=\"flex_column av_one_half  flex_column_div av-zero-column-padding first  avia-builder-el-30  el_after_av_hr  el_before_av_one_third  \" style='border-radius:0px; '><div  class='avia-image-container  av-styling-    avia-builder-el-31  avia-builder-el-no-sibling  avia-align-center '  itemprop=\"image\" itemscope=\"itemscope\" itemtype=\"https:\/\/schema.org\/ImageObject\"  ><div class='avia-image-container-inner'><div class='avia-image-overlay-wrap'><a href='https:\/\/www.galerie-pfundt.de\/aktuell\/kuenstler\/dobritz\/strandzugang\/' class='avia_image'  ><img decoding=\"async\" width=\"1684\" height=\"2560\" class='wp-image-20462 avia-img-lazy-loading-not-20462 avia_image' src=\"https:\/\/www.galerie-pfundt.de\/wp-content\/uploads\/2021\/12\/Dobritz-Strandzugang-Ellenbogen-Gema\u0308lde_byAntoniaRichter_16-scaled.jpg\" alt='' title='Dobritz, Strandzugang Ellenbogen Gema\u0308lde_byAntoniaRichter_16'  itemprop=\"thumbnailUrl\" srcset=\"https:\/\/www.galerie-pfundt.de\/wp-content\/uploads\/2021\/12\/Dobritz-Strandzugang-Ellenbogen-Gema\u0308lde_byAntoniaRichter_16-scaled.jpg 1684w, https:\/\/www.galerie-pfundt.de\/wp-content\/uploads\/2021\/12\/Dobritz-Strandzugang-Ellenbogen-Gema\u0308lde_byAntoniaRichter_16-scaled-600x912.jpg 600w, https:\/\/www.galerie-pfundt.de\/wp-content\/uploads\/2021\/12\/Dobritz-Strandzugang-Ellenbogen-Gema\u0308lde_byAntoniaRichter_16-263x400.jpg 263w, https:\/\/www.galerie-pfundt.de\/wp-content\/uploads\/2021\/12\/Dobritz-Strandzugang-Ellenbogen-Gema\u0308lde_byAntoniaRichter_16-678x1030.jpg 678w, https:\/\/www.galerie-pfundt.de\/wp-content\/uploads\/2021\/12\/Dobritz-Strandzugang-Ellenbogen-Gema\u0308lde_byAntoniaRichter_16-768x1167.jpg 768w, https:\/\/www.galerie-pfundt.de\/wp-content\/uploads\/2021\/12\/Dobritz-Strandzugang-Ellenbogen-Gema\u0308lde_byAntoniaRichter_16-1011x1536.jpg 1011w, https:\/\/www.galerie-pfundt.de\/wp-content\/uploads\/2021\/12\/Dobritz-Strandzugang-Ellenbogen-Gema\u0308lde_byAntoniaRichter_16-1347x2048.jpg 1347w, https:\/\/www.galerie-pfundt.de\/wp-content\/uploads\/2021\/12\/Dobritz-Strandzugang-Ellenbogen-Gema\u0308lde_byAntoniaRichter_16-987x1500.jpg 987w, https:\/\/www.galerie-pfundt.de\/wp-content\/uploads\/2021\/12\/Dobritz-Strandzugang-Ellenbogen-Gema\u0308lde_byAntoniaRichter_16-464x705.jpg 464w\" sizes=\"(max-width: 1684px) 100vw, 1684px\" \/><\/a><\/div><\/div><\/div><\/div><div class=\"flex_column av_one_third  flex_column_div av-zero-column-padding   avia-builder-el-32  el_after_av_one_half  el_before_av_hr  \" style='border-radius:0px; '><div  class='avia-image-container  av-styling-    avia-builder-el-33  avia-builder-el-no-sibling  avia-align-center '  itemprop=\"image\" itemscope=\"itemscope\" itemtype=\"https:\/\/schema.org\/ImageObject\"  ><div class='avia-image-container-inner'><div class='avia-image-overlay-wrap'><a href='https:\/\/www.galerie-pfundt.de\/aktuell\/kuenstler\/dobritz\/steilufer_raps\/' class='avia_image'  ><img decoding=\"async\" width=\"605\" height=\"1410\" class='wp-image-19364 avia-img-lazy-loading-not-19364 avia_image' src=\"https:\/\/www.galerie-pfundt.de\/wp-content\/uploads\/2021\/08\/Dobritz-SteiluferMitRaps_21_96.jpg\" alt='' title='Dobritz-SteiluferMitRaps_21_96'  itemprop=\"thumbnailUrl\" srcset=\"https:\/\/www.galerie-pfundt.de\/wp-content\/uploads\/2021\/08\/Dobritz-SteiluferMitRaps_21_96.jpg 605w, https:\/\/www.galerie-pfundt.de\/wp-content\/uploads\/2021\/08\/Dobritz-SteiluferMitRaps_21_96-600x1398.jpg 600w, https:\/\/www.galerie-pfundt.de\/wp-content\/uploads\/2021\/08\/Dobritz-SteiluferMitRaps_21_96-172x400.jpg 172w, https:\/\/www.galerie-pfundt.de\/wp-content\/uploads\/2021\/08\/Dobritz-SteiluferMitRaps_21_96-442x1030.jpg 442w, https:\/\/www.galerie-pfundt.de\/wp-content\/uploads\/2021\/08\/Dobritz-SteiluferMitRaps_21_96-303x705.jpg 303w\" sizes=\"(max-width: 605px) 100vw, 605px\" \/><\/a><\/div><\/div><\/div><\/div><div  style='height:58px' class='hr hr-invisible   avia-builder-el-34  el_after_av_one_third  el_before_av_two_fifth '><span class='hr-inner ' ><span class='hr-inner-style'><\/span><\/span><\/div>\n<div class=\"flex_column av_two_fifth  flex_column_div av-zero-column-padding first  avia-builder-el-35  el_after_av_hr  el_before_av_two_fifth  \" style='border-radius:0px; '><div  class='avia-image-container  av-styling-    avia-builder-el-36  avia-builder-el-no-sibling  avia-align-center '  itemprop=\"image\" itemscope=\"itemscope\" itemtype=\"https:\/\/schema.org\/ImageObject\"  ><div class='avia-image-container-inner'><div class='avia-image-overlay-wrap'><a href='https:\/\/www.galerie-pfundt.de\/aktuell\/kuenstler\/dobritz\/spuren-am-strand\/' class='avia_image'  ><img decoding=\"async\" width=\"681\" height=\"1030\" class='wp-image-21257 avia-img-lazy-loading-not-21257 avia_image' src=\"https:\/\/www.galerie-pfundt.de\/wp-content\/uploads\/2022\/03\/Dobritz-SpurenAmWeststrandSylt_22_120x80-681x1030.jpg\" alt='' title='Dobritz-SpurenAmWeststrandSylt_22_120x80'  itemprop=\"thumbnailUrl\" srcset=\"https:\/\/www.galerie-pfundt.de\/wp-content\/uploads\/2022\/03\/Dobritz-SpurenAmWeststrandSylt_22_120x80-681x1030.jpg 681w, https:\/\/www.galerie-pfundt.de\/wp-content\/uploads\/2022\/03\/Dobritz-SpurenAmWeststrandSylt_22_120x80-600x907.jpg 600w, https:\/\/www.galerie-pfundt.de\/wp-content\/uploads\/2022\/03\/Dobritz-SpurenAmWeststrandSylt_22_120x80-265x400.jpg 265w, https:\/\/www.galerie-pfundt.de\/wp-content\/uploads\/2022\/03\/Dobritz-SpurenAmWeststrandSylt_22_120x80-768x1161.jpg 768w, https:\/\/www.galerie-pfundt.de\/wp-content\/uploads\/2022\/03\/Dobritz-SpurenAmWeststrandSylt_22_120x80-1016x1536.jpg 1016w, https:\/\/www.galerie-pfundt.de\/wp-content\/uploads\/2022\/03\/Dobritz-SpurenAmWeststrandSylt_22_120x80-1355x2048.jpg 1355w, https:\/\/www.galerie-pfundt.de\/wp-content\/uploads\/2022\/03\/Dobritz-SpurenAmWeststrandSylt_22_120x80-992x1500.jpg 992w, https:\/\/www.galerie-pfundt.de\/wp-content\/uploads\/2022\/03\/Dobritz-SpurenAmWeststrandSylt_22_120x80-466x705.jpg 466w, https:\/\/www.galerie-pfundt.de\/wp-content\/uploads\/2022\/03\/Dobritz-SpurenAmWeststrandSylt_22_120x80-scaled.jpg 1694w\" sizes=\"(max-width: 681px) 100vw, 681px\" \/><\/a><\/div><\/div><\/div><\/div><div class=\"flex_column av_two_fifth  flex_column_div av-zero-column-padding   avia-builder-el-37  el_after_av_two_fifth  avia-builder-el-last  \" style='border-radius:0px; '><div  class='avia-image-container  av-styling-    avia-builder-el-38  avia-builder-el-no-sibling  avia-align-center '  itemprop=\"image\" itemscope=\"itemscope\" itemtype=\"https:\/\/schema.org\/ImageObject\"  ><div class='avia-image-container-inner'><div class='avia-image-overlay-wrap'><a href='https:\/\/www.galerie-pfundt.de\/aktuell\/kuenstler\/dobritz\/wasserreflexe-am-strand\/' class='avia_image'  ><img decoding=\"async\" width=\"764\" height=\"1030\" class='wp-image-21258 avia-img-lazy-loading-not-21258 avia_image' src=\"https:\/\/www.galerie-pfundt.de\/wp-content\/uploads\/2022\/03\/Dobritz-WasserreflexeAmStrand_21_80x60-764x1030.jpg\" alt='' title='Dobritz-WasserreflexeAmStrand_21_80x60'  itemprop=\"thumbnailUrl\" srcset=\"https:\/\/www.galerie-pfundt.de\/wp-content\/uploads\/2022\/03\/Dobritz-WasserreflexeAmStrand_21_80x60-764x1030.jpg 764w, https:\/\/www.galerie-pfundt.de\/wp-content\/uploads\/2022\/03\/Dobritz-WasserreflexeAmStrand_21_80x60-600x809.jpg 600w, https:\/\/www.galerie-pfundt.de\/wp-content\/uploads\/2022\/03\/Dobritz-WasserreflexeAmStrand_21_80x60-297x400.jpg 297w, https:\/\/www.galerie-pfundt.de\/wp-content\/uploads\/2022\/03\/Dobritz-WasserreflexeAmStrand_21_80x60-768x1036.jpg 768w, https:\/\/www.galerie-pfundt.de\/wp-content\/uploads\/2022\/03\/Dobritz-WasserreflexeAmStrand_21_80x60-1139x1536.jpg 1139w, https:\/\/www.galerie-pfundt.de\/wp-content\/uploads\/2022\/03\/Dobritz-WasserreflexeAmStrand_21_80x60-1112x1500.jpg 1112w, https:\/\/www.galerie-pfundt.de\/wp-content\/uploads\/2022\/03\/Dobritz-WasserreflexeAmStrand_21_80x60-523x705.jpg 523w, https:\/\/www.galerie-pfundt.de\/wp-content\/uploads\/2022\/03\/Dobritz-WasserreflexeAmStrand_21_80x60.jpg 1386w\" sizes=\"(max-width: 764px) 100vw, 764px\" \/><\/a><\/div><\/div><\/div><\/div>\n","protected":false},"excerpt":{"rendered":"","protected":false},"author":2,"featured_media":0,"parent":14,"menu_order":0,"comment_status":"closed","ping_status":"closed","template":"","meta":{"footnotes":""},"class_list":["post-670","page","type-page","status-publish","hentry"],"_links":{"self":[{"href":"https:\/\/www.galerie-pfundt.de\/aktuell\/wp-json\/wp\/v2\/pages\/670","targetHints":{"allow":["GET"]}}],"collection":[{"href":"https:\/\/www.galerie-pfundt.de\/aktuell\/wp-json\/wp\/v2\/pages"}],"about":[{"href":"https:\/\/www.galerie-pfundt.de\/aktuell\/wp-json\/wp\/v2\/types\/page"}],"author":[{"embeddable":true,"href":"https:\/\/www.galerie-pfundt.de\/aktuell\/wp-json\/wp\/v2\/users\/2"}],"replies":[{"embeddable":true,"href":"https:\/\/www.galerie-pfundt.de\/aktuell\/wp-json\/wp\/v2\/comments?post=670"}],"version-history":[{"count":16,"href":"https:\/\/www.galerie-pfundt.de\/aktuell\/wp-json\/wp\/v2\/pages\/670\/revisions"}],"predecessor-version":[{"id":22355,"href":"https:\/\/www.galerie-pfundt.de\/aktuell\/wp-json\/wp\/v2\/pages\/670\/revisions\/22355"}],"up":[{"embeddable":true,"href":"https:\/\/www.galerie-pfundt.de\/aktuell\/wp-json\/wp\/v2\/pages\/14"}],"wp:attachment":[{"href":"https:\/\/www.galerie-pfundt.de\/aktuell\/wp-json\/wp\/v2\/media?parent=670"}],"curies":[{"name":"wp","href":"https:\/\/api.w.org\/{rel}","templated":true}]}}