{"id":6765,"date":"2019-06-13T17:32:11","date_gmt":"2019-06-13T15:32:11","guid":{"rendered":"https:\/\/www.galerie-pfundt.de\/kuenstler\/r_petermann-2\/"},"modified":"2021-09-16T16:42:31","modified_gmt":"2021-09-16T14:42:31","slug":"baillaud","status":"publish","type":"page","link":"https:\/\/www.galerie-pfundt.de\/aktuell\/kuenstler\/baillaud\/","title":{"rendered":"Alice Baillaud"},"content":{"rendered":"<div class=\"flex_column av_one_fourth  flex_column_div av-zero-column-padding first  avia-builder-el-0  el_before_av_three_fourth  avia-builder-el-first  \" style='border-radius:0px; '><p><div  class='avia-image-container  av-styling-    avia-builder-el-1  el_before_av_textblock  avia-builder-el-first  avia-align-center '  itemprop=\"image\" itemscope=\"itemscope\" itemtype=\"https:\/\/schema.org\/ImageObject\"  ><div class='avia-image-container-inner'><div class='avia-image-overlay-wrap'><img decoding=\"async\" class='wp-image-18171 avia-img-lazy-loading-not-18171 avia_image' src=\"https:\/\/www.galerie-pfundt.de\/wp-content\/uploads\/2021\/05\/Portraet-Baillaud-220x220.jpg\" alt='' title='Portr\u00e4t Baillaud' height=\"220\" width=\"220\"  itemprop=\"thumbnailUrl\" srcset=\"https:\/\/www.galerie-pfundt.de\/wp-content\/uploads\/2021\/05\/Portraet-Baillaud-220x220.jpg 220w, https:\/\/www.galerie-pfundt.de\/wp-content\/uploads\/2021\/05\/Portraet-Baillaud-600x600.jpg 600w, https:\/\/www.galerie-pfundt.de\/wp-content\/uploads\/2021\/05\/Portraet-Baillaud-100x100.jpg 100w, https:\/\/www.galerie-pfundt.de\/wp-content\/uploads\/2021\/05\/Portraet-Baillaud-36x36.jpg 36w, https:\/\/www.galerie-pfundt.de\/wp-content\/uploads\/2021\/05\/Portraet-Baillaud-180x180.jpg 180w, https:\/\/www.galerie-pfundt.de\/wp-content\/uploads\/2021\/05\/Portraet-Baillaud-300x300.jpg 300w\" sizes=\"(max-width: 220px) 100vw, 220px\" \/><\/div><\/div><\/div><br \/>\n<section class=\"av_textblock_section \"  itemscope=\"itemscope\" itemtype=\"https:\/\/schema.org\/CreativeWork\" ><div class='avia_textblock  '   itemprop=\"text\" ><h6><span style=\"color: #ffffff;\">.<\/span><\/h6>\n<h3 style=\"text-align: center;\">Alice Baillaud<\/h3>\n<\/div><\/section><\/p><\/div>\n<div class=\"flex_column av_three_fourth  flex_column_div av-zero-column-padding   avia-builder-el-3  el_after_av_one_fourth  el_before_av_hr  \" style='border-radius:0px; '><div  class=\"tabcontainer   top_tab   avia-builder-el-4  avia-builder-el-no-sibling \" role=\"tablist\">\n\n<section class=\"av_tab_section\"  itemscope=\"itemscope\" itemtype=\"https:\/\/schema.org\/CreativeWork\" ><div aria-controls=\"tab-id-1-content\" role=\"tab\" tabindex=\"0\" data-fake-id=\"#tab-id-1\" class=\"tab active_tab\"  itemprop=\"headline\" >Vita<\/div>\n<div id=\"tab-id-1-content\" class=\"tab_content active_tab_content\" aria-hidden=\"false\">\n<div class=\"tab_inner_content invers-color\"  itemprop=\"text\" >\n<p>1975 \u00a0 \u00a0 \u00a0 \u00a0 \u00a0 \u00a0geboren in Frankreich<\/p>\n<p>1996 \u00a0 \u00a0 \u00a0 \u00a0 \u00a0 \u00a0&#8222;licence&#8220; in Biologie an der Universit\u00e9 Claude Bernard, Lyon<\/p>\n<p>2000 \u00a0 \u00a0 \u00a0 \u00a0 \u00a0 Landschaftsarchitektin DPLG &#8211; mit \u2018F\u00e9licitations du jury\u2019, \u00c9cole Nationale Sup\u00e9rieure du Paysage, Versailles<\/p>\n<p>2002 \u00a0 \u00a0 \u00a0 \u00a0 \u00a0 Schauspielerin &#8211; \u00c9cole Florent, Paris<\/p>\n<p>internationale Ausstellungst\u00e4tigkeit seit 2005<\/p>\n<div class=\"field field-type-text field-field-bio-year\"><\/div>\n\n<\/div>\n<\/div>\n<\/section>\n\n<section class=\"av_tab_section\"  itemscope=\"itemscope\" itemtype=\"https:\/\/schema.org\/CreativeWork\" ><div aria-controls=\"tab-id-2-content\" role=\"tab\" tabindex=\"0\" data-fake-id=\"#tab-id-2\" class=\"tab \"  itemprop=\"headline\" >Ausstellungen der letzten Jahre (Auswahl)<\/div>\n<div id=\"tab-id-2-content\" class=\"tab_content \" aria-hidden=\"true\">\n<div class=\"tab_inner_content invers-color\"  itemprop=\"text\" >\n<div class=\"page\" title=\"Page 2\">\n<div class=\"layoutArea\">\n<div class=\"column\">\n<div class=\"page\" title=\"Page 3\">\n<div class=\"layoutArea\">\n<div class=\"column\">\n<p>2019 \u00a0 \u00a0 \u00a0Commune Pr\u00e9sence, Espace Saint Laurent, Verneuil sur Avre (FR); Clouds of perception, GH36 gallery, Berlin (DE)<\/p>\n<\/div>\n<\/div>\n<\/div>\n<\/div>\n<\/div>\n<\/div>\n<p>2018 \u00a0 \u00a0 \u00a0 \u00a0 \u00a0Galerie Pfundt, Berlin; Les Marcheurs r\u00eaveurs\u2019, Maison du Parc d\u00e9partemental Jean-Moulin les Guilands, FR, \u00a0 \u00a0 Workshop \u2018Object of Emotion\u2019, Studio, Body matters, Berlin, \u00a010 Jahre (Kurator Jason Merril Benedict), Werkstadt, Berlin<\/p>\n<p>2017 \u00a0 \u00a0 \u00a0 \u00a0 \u00a0En Passant, Galerie im Saalbau, Berlin<\/p>\n<p>2016 \u00a0 \u00a0 \u00a0 \u00a0 \u00a0Cabinet de curiosit\u00e9s, mus\u00e9e de l\u2019\u00e9corch\u00e9 d\u2019anatomie, Neubourg, FR, \u00a0Konform (Kuratorin Charlotte Perrin), Lemgo<\/p>\n<p>2015 \u00a0 \u00a0 \u00a0 \u00a0 \u00a0Unbewu\u00dfte Kreaturen, Wege Museum, Wusterhausen, \u00a0Skulptur \u2018Die Liebenden\u2019, \u00a0Treptower Park, Berlin, \u00a0Die Spur des Anderen, galerie weisser elefant, Berlin, \u00a0 Weiterreichung (Kuratorin Deborah Philipps), Kunstraum T27, Berlin, \u00a0Zyklisch (Kuratorin Sina Ness), ebenda<\/p>\n<p>2014 \u00a0 \u00a0 \u00a0 \u00a0 \u00a0S\u00e9rie D\u00e9sir, galerie wei\u00dfer elefant, Berlin, \u00a0Threshold (Kuratorin Juanu Fiddler), \u00a0Kunsthalle Wei\u00dfensee, Berlin, \u00a0Metamophilia\/ Metamorphobia, (Kurator Jason Merril Benedict), Kanepes Kulturas Centrs SIA, Riga<\/p>\n\n<\/div>\n<\/div>\n<\/section>\n\n<\/div><\/div>\n<div   class='hr hr-default   avia-builder-el-5  el_after_av_three_fourth  el_before_av_section  avia-builder-el-last '><span class='hr-inner ' ><span class='hr-inner-style'><\/span><\/span><\/div>\n<\/div><\/div><\/div><!-- close content main div --><\/div><\/div><div id='av_section_1'  class='avia-section main_color avia-section-default avia-no-border-styling  avia-bg-style-scroll  avia-builder-el-6  el_after_av_hr  avia-builder-el-last   av-mini-hide container_wrap fullsize' style='background-color: rgba(43,0,33,0.72);  '  ><div class='container' ><div class='template-page content  av-content-full alpha units'><div class='post-entry post-entry-type-page post-entry-6765'><div class='entry-content-wrapper clearfix'>\n<div class=\"flex_column av_one_fourth  flex_column_div av-zero-column-padding first  avia-builder-el-7  el_before_av_one_half  avia-builder-el-first  \" style='border-radius:0px; '><\/div><div class=\"flex_column av_one_half  flex_column_div av-zero-column-padding   avia-builder-el-8  el_after_av_one_fourth  el_before_av_hr  \" style='border-radius:0px; '><div  class='avia-image-container  av-styling-    avia-builder-el-9  avia-builder-el-no-sibling  avia-align-center '  itemprop=\"image\" itemscope=\"itemscope\" itemtype=\"https:\/\/schema.org\/ImageObject\"  ><div class='avia-image-container-inner'><div class='avia-image-overlay-wrap'><a href='https:\/\/www.galerie-pfundt.de\/aktuell\/kuenstler\/baillaud\/no33\/' class='avia_image'  ><img decoding=\"async\" width=\"2560\" height=\"2533\" class='wp-image-12458 avia-img-lazy-loading-not-12458 avia_image' src=\"https:\/\/www.galerie-pfundt.de\/wp-content\/uploads\/2020\/06\/Baillaud-FRUITS-Poire-scaled.jpg\" alt='' title='Baillaud-Poire'  itemprop=\"thumbnailUrl\" srcset=\"https:\/\/www.galerie-pfundt.de\/wp-content\/uploads\/2020\/06\/Baillaud-FRUITS-Poire-scaled.jpg 2560w, https:\/\/www.galerie-pfundt.de\/wp-content\/uploads\/2020\/06\/Baillaud-FRUITS-Poire-scaled-100x100.jpg 100w, https:\/\/www.galerie-pfundt.de\/wp-content\/uploads\/2020\/06\/Baillaud-FRUITS-Poire-scaled-600x594.jpg 600w, https:\/\/www.galerie-pfundt.de\/wp-content\/uploads\/2020\/06\/Baillaud-FRUITS-Poire-400x396.jpg 400w, https:\/\/www.galerie-pfundt.de\/wp-content\/uploads\/2020\/06\/Baillaud-FRUITS-Poire-768x760.jpg 768w, https:\/\/www.galerie-pfundt.de\/wp-content\/uploads\/2020\/06\/Baillaud-FRUITS-Poire-1536x1520.jpg 1536w, https:\/\/www.galerie-pfundt.de\/wp-content\/uploads\/2020\/06\/Baillaud-FRUITS-Poire-2048x2027.jpg 2048w, https:\/\/www.galerie-pfundt.de\/wp-content\/uploads\/2020\/06\/Baillaud-FRUITS-Poire-36x36.jpg 36w, https:\/\/www.galerie-pfundt.de\/wp-content\/uploads\/2020\/06\/Baillaud-FRUITS-Poire-1500x1484.jpg 1500w, https:\/\/www.galerie-pfundt.de\/wp-content\/uploads\/2020\/06\/Baillaud-FRUITS-Poire-705x698.jpg 705w\" sizes=\"(max-width: 2560px) 100vw, 2560px\" \/><\/a><\/div><\/div><\/div><\/div><div  style='height:50px' class='hr hr-invisible   avia-builder-el-10  el_after_av_one_half  el_before_av_one_third '><span class='hr-inner ' ><span class='hr-inner-style'><\/span><\/span><\/div>\n<div class=\"flex_column av_one_third  flex_column_div av-zero-column-padding first  avia-builder-el-11  el_after_av_hr  el_before_av_one_third  \" style='border-radius:0px; '><div  class='avia-image-container  av-styling-    avia-builder-el-12  avia-builder-el-no-sibling  avia-align-center '  itemprop=\"image\" itemscope=\"itemscope\" itemtype=\"https:\/\/schema.org\/ImageObject\"  ><div class='avia-image-container-inner'><div class='avia-image-overlay-wrap'><a href='https:\/\/www.galerie-pfundt.de\/aktuell\/kuenstler\/baillaud\/abricot_entre\/' class='avia_image'  ><img decoding=\"async\" width=\"400\" height=\"396\" class='wp-image-12457 avia-img-lazy-loading-not-12457 avia_image' src=\"https:\/\/www.galerie-pfundt.de\/wp-content\/uploads\/2020\/06\/Baillaud-FRUITS-abricot-400x396.jpg\" alt='' title='Lens Position: 483811536'  itemprop=\"thumbnailUrl\" srcset=\"https:\/\/www.galerie-pfundt.de\/wp-content\/uploads\/2020\/06\/Baillaud-FRUITS-abricot-400x396.jpg 400w, https:\/\/www.galerie-pfundt.de\/wp-content\/uploads\/2020\/06\/Baillaud-FRUITS-abricot-scaled-100x100.jpg 100w, https:\/\/www.galerie-pfundt.de\/wp-content\/uploads\/2020\/06\/Baillaud-FRUITS-abricot-scaled-600x594.jpg 600w, https:\/\/www.galerie-pfundt.de\/wp-content\/uploads\/2020\/06\/Baillaud-FRUITS-abricot-768x760.jpg 768w, https:\/\/www.galerie-pfundt.de\/wp-content\/uploads\/2020\/06\/Baillaud-FRUITS-abricot-1536x1520.jpg 1536w, https:\/\/www.galerie-pfundt.de\/wp-content\/uploads\/2020\/06\/Baillaud-FRUITS-abricot-2048x2027.jpg 2048w, https:\/\/www.galerie-pfundt.de\/wp-content\/uploads\/2020\/06\/Baillaud-FRUITS-abricot-36x36.jpg 36w, https:\/\/www.galerie-pfundt.de\/wp-content\/uploads\/2020\/06\/Baillaud-FRUITS-abricot-1500x1484.jpg 1500w, https:\/\/www.galerie-pfundt.de\/wp-content\/uploads\/2020\/06\/Baillaud-FRUITS-abricot-705x698.jpg 705w\" sizes=\"(max-width: 400px) 100vw, 400px\" \/><\/a><\/div><\/div><\/div><\/div><div class=\"flex_column av_one_third  flex_column_div av-zero-column-padding   avia-builder-el-13  el_after_av_one_third  el_before_av_one_third  \" style='border-radius:0px; '><div  class='avia-image-container  av-styling-    avia-builder-el-14  avia-builder-el-no-sibling  avia-align-center '  itemprop=\"image\" itemscope=\"itemscope\" itemtype=\"https:\/\/schema.org\/ImageObject\"  ><div class='avia-image-container-inner'><div class='avia-image-overlay-wrap'><a href='https:\/\/www.galerie-pfundt.de\/wp-content\/uploads\/2020\/06\/Baillaud-Fuits-Citron-600x597.jpg' class='avia_image'  ><img decoding=\"async\" width=\"400\" height=\"398\" class='wp-image-12459 avia-img-lazy-loading-not-12459 avia_image' src=\"https:\/\/www.galerie-pfundt.de\/wp-content\/uploads\/2020\/06\/Baillaud-Fuits-Citron-400x398.jpg\" alt='' title='Baillaud-Fuits-Citron'  itemprop=\"thumbnailUrl\" srcset=\"https:\/\/www.galerie-pfundt.de\/wp-content\/uploads\/2020\/06\/Baillaud-Fuits-Citron-400x398.jpg 400w, https:\/\/www.galerie-pfundt.de\/wp-content\/uploads\/2020\/06\/Baillaud-Fuits-Citron-scaled-100x100.jpg 100w, https:\/\/www.galerie-pfundt.de\/wp-content\/uploads\/2020\/06\/Baillaud-Fuits-Citron-scaled-600x597.jpg 600w, https:\/\/www.galerie-pfundt.de\/wp-content\/uploads\/2020\/06\/Baillaud-Fuits-Citron-220x220.jpg 220w, https:\/\/www.galerie-pfundt.de\/wp-content\/uploads\/2020\/06\/Baillaud-Fuits-Citron-768x764.jpg 768w, https:\/\/www.galerie-pfundt.de\/wp-content\/uploads\/2020\/06\/Baillaud-Fuits-Citron-1536x1528.jpg 1536w, https:\/\/www.galerie-pfundt.de\/wp-content\/uploads\/2020\/06\/Baillaud-Fuits-Citron-2048x2038.jpg 2048w, https:\/\/www.galerie-pfundt.de\/wp-content\/uploads\/2020\/06\/Baillaud-Fuits-Citron-36x36.jpg 36w, https:\/\/www.galerie-pfundt.de\/wp-content\/uploads\/2020\/06\/Baillaud-Fuits-Citron-180x180.jpg 180w, https:\/\/www.galerie-pfundt.de\/wp-content\/uploads\/2020\/06\/Baillaud-Fuits-Citron-1500x1493.jpg 1500w, https:\/\/www.galerie-pfundt.de\/wp-content\/uploads\/2020\/06\/Baillaud-Fuits-Citron-705x702.jpg 705w, https:\/\/www.galerie-pfundt.de\/wp-content\/uploads\/2020\/06\/Baillaud-Fuits-Citron-scaled-300x300.jpg 300w\" sizes=\"(max-width: 400px) 100vw, 400px\" \/><\/a><\/div><\/div><\/div><\/div><div class=\"flex_column av_one_third  flex_column_div av-zero-column-padding   avia-builder-el-15  el_after_av_one_third  el_before_av_hr  \" style='border-radius:0px; '><div  class='avia-image-container  av-styling-    avia-builder-el-16  avia-builder-el-no-sibling  avia-align-center '  itemprop=\"image\" itemscope=\"itemscope\" itemtype=\"https:\/\/schema.org\/ImageObject\"  ><div class='avia-image-container-inner'><div class='avia-image-overlay-wrap'><a href='https:\/\/www.galerie-pfundt.de\/aktuell\/kuenstler\/baillaud\/abricot_ouvert\/' class='avia_image'  ><img decoding=\"async\" width=\"400\" height=\"400\" class='wp-image-12456 avia-img-lazy-loading-not-12456 avia_image' src=\"https:\/\/www.galerie-pfundt.de\/wp-content\/uploads\/2020\/06\/Baillaud-FRUITS-abricot-ouvert-400x400.jpg\" alt='' title='Baillaud-FRUITS-abricot ouvert'  itemprop=\"thumbnailUrl\" srcset=\"https:\/\/www.galerie-pfundt.de\/wp-content\/uploads\/2020\/06\/Baillaud-FRUITS-abricot-ouvert-400x400.jpg 400w, https:\/\/www.galerie-pfundt.de\/wp-content\/uploads\/2020\/06\/Baillaud-FRUITS-abricot-ouvert-scaled-600x600.jpg 600w, https:\/\/www.galerie-pfundt.de\/wp-content\/uploads\/2020\/06\/Baillaud-FRUITS-abricot-ouvert-scaled-100x100.jpg 100w, https:\/\/www.galerie-pfundt.de\/wp-content\/uploads\/2020\/06\/Baillaud-FRUITS-abricot-ouvert-220x220.jpg 220w, https:\/\/www.galerie-pfundt.de\/wp-content\/uploads\/2020\/06\/Baillaud-FRUITS-abricot-ouvert-768x769.jpg 768w, https:\/\/www.galerie-pfundt.de\/wp-content\/uploads\/2020\/06\/Baillaud-FRUITS-abricot-ouvert-1536x1536.jpg 1536w, https:\/\/www.galerie-pfundt.de\/wp-content\/uploads\/2020\/06\/Baillaud-FRUITS-abricot-ouvert-2048x2048.jpg 2048w, https:\/\/www.galerie-pfundt.de\/wp-content\/uploads\/2020\/06\/Baillaud-FRUITS-abricot-ouvert-36x36.jpg 36w, https:\/\/www.galerie-pfundt.de\/wp-content\/uploads\/2020\/06\/Baillaud-FRUITS-abricot-ouvert-180x180.jpg 180w, https:\/\/www.galerie-pfundt.de\/wp-content\/uploads\/2020\/06\/Baillaud-FRUITS-abricot-ouvert-1500x1500.jpg 1500w, https:\/\/www.galerie-pfundt.de\/wp-content\/uploads\/2020\/06\/Baillaud-FRUITS-abricot-ouvert-705x705.jpg 705w, https:\/\/www.galerie-pfundt.de\/wp-content\/uploads\/2020\/06\/Baillaud-FRUITS-abricot-ouvert-scaled-300x300.jpg 300w\" sizes=\"(max-width: 400px) 100vw, 400px\" \/><\/a><\/div><\/div><\/div><\/div><div  style='height:50px' class='hr hr-invisible   avia-builder-el-17  el_after_av_one_third  el_before_av_one_third '><span class='hr-inner ' ><span class='hr-inner-style'><\/span><\/span><\/div>\n<div class=\"flex_column av_one_third  flex_column_div av-zero-column-padding first  avia-builder-el-18  el_after_av_hr  el_before_av_one_third  \" style='border-radius:0px; '><p><div  style='height:46px' class='hr hr-invisible   avia-builder-el-19  el_before_av_image  avia-builder-el-first '><span class='hr-inner ' ><span class='hr-inner-style'><\/span><\/span><\/div><br \/>\n<div  class='avia-image-container  av-styling-    avia-builder-el-20  el_after_av_hr  avia-builder-el-last  avia-align-center '  itemprop=\"image\" itemscope=\"itemscope\" itemtype=\"https:\/\/schema.org\/ImageObject\"  ><div class='avia-image-container-inner'><div class='avia-image-overlay-wrap'><a href='https:\/\/www.galerie-pfundt.de\/aktuell\/kuenstler\/baillaud\/no33\/' class='avia_image'  ><img decoding=\"async\" width=\"1030\" height=\"728\" class='wp-image-6771 avia-img-lazy-loading-not-6771 avia_image' src=\"https:\/\/www.galerie-pfundt.de\/wp-content\/uploads\/2019\/06\/DSC7218-1-1030x728.jpg\" alt='' title='Baillaud-S\u00e9rieD\u00e9sirNo33'  itemprop=\"thumbnailUrl\" srcset=\"https:\/\/www.galerie-pfundt.de\/wp-content\/uploads\/2019\/06\/DSC7218-1-1030x728.jpg 1030w, https:\/\/www.galerie-pfundt.de\/wp-content\/uploads\/2019\/06\/DSC7218-1-scaled-600x424.jpg 600w, https:\/\/www.galerie-pfundt.de\/wp-content\/uploads\/2019\/06\/DSC7218-1-400x283.jpg 400w, https:\/\/www.galerie-pfundt.de\/wp-content\/uploads\/2019\/06\/DSC7218-1-768x543.jpg 768w, https:\/\/www.galerie-pfundt.de\/wp-content\/uploads\/2019\/06\/DSC7218-1-1500x1060.jpg 1500w, https:\/\/www.galerie-pfundt.de\/wp-content\/uploads\/2019\/06\/DSC7218-1-260x185.jpg 260w, https:\/\/www.galerie-pfundt.de\/wp-content\/uploads\/2019\/06\/DSC7218-1-705x498.jpg 705w\" sizes=\"(max-width: 1030px) 100vw, 1030px\" \/><\/a><\/div><\/div><\/div><\/p><\/div><div class=\"flex_column av_one_third  flex_column_div av-zero-column-padding   avia-builder-el-21  el_after_av_one_third  el_before_av_one_third  \" style='border-radius:0px; '><div  class='avia-image-container  av-styling-    avia-builder-el-22  avia-builder-el-no-sibling  avia-align-center '  itemprop=\"image\" itemscope=\"itemscope\" itemtype=\"https:\/\/schema.org\/ImageObject\"  ><div class='avia-image-container-inner'><div class='avia-image-overlay-wrap'><a href='https:\/\/www.galerie-pfundt.de\/aktuell\/kuenstler\/baillaud\/fdc_i\/' class='avia_image'  ><img decoding=\"async\" width=\"400\" height=\"397\" class='wp-image-6776 avia-img-lazy-loading-not-6776 avia_image' src=\"https:\/\/www.galerie-pfundt.de\/wp-content\/uploads\/2019\/06\/A_B-28832-doux-Kopie-400x397.jpg\" alt='' title='Baillaud-A_B-28832-doux Kopie'  itemprop=\"thumbnailUrl\" srcset=\"https:\/\/www.galerie-pfundt.de\/wp-content\/uploads\/2019\/06\/A_B-28832-doux-Kopie-400x397.jpg 400w, https:\/\/www.galerie-pfundt.de\/wp-content\/uploads\/2019\/06\/A_B-28832-doux-Kopie-100x100.jpg 100w, https:\/\/www.galerie-pfundt.de\/wp-content\/uploads\/2019\/06\/A_B-28832-doux-Kopie-600x595.jpg 600w, https:\/\/www.galerie-pfundt.de\/wp-content\/uploads\/2019\/06\/A_B-28832-doux-Kopie-768x762.jpg 768w, https:\/\/www.galerie-pfundt.de\/wp-content\/uploads\/2019\/06\/A_B-28832-doux-Kopie-36x36.jpg 36w, https:\/\/www.galerie-pfundt.de\/wp-content\/uploads\/2019\/06\/A_B-28832-doux-Kopie-180x180.jpg 180w, https:\/\/www.galerie-pfundt.de\/wp-content\/uploads\/2019\/06\/A_B-28832-doux-Kopie-705x700.jpg 705w, https:\/\/www.galerie-pfundt.de\/wp-content\/uploads\/2019\/06\/A_B-28832-doux-Kopie.jpg 774w\" sizes=\"(max-width: 400px) 100vw, 400px\" \/><\/a><\/div><\/div><\/div><\/div><div class=\"flex_column av_one_third  flex_column_div av-zero-column-padding   avia-builder-el-23  el_after_av_one_third  el_before_av_hr  \" style='border-radius:0px; '><div  class='avia-image-container  av-styling-    avia-builder-el-24  avia-builder-el-no-sibling  avia-align-center '  itemprop=\"image\" itemscope=\"itemscope\" itemtype=\"https:\/\/schema.org\/ImageObject\"  ><div class='avia-image-container-inner'><div class='avia-image-overlay-wrap'><a href='https:\/\/www.galerie-pfundt.de\/aktuell\/kuenstler\/baillaud\/fdc_ii\/' class='avia_image'  ><img decoding=\"async\" width=\"400\" height=\"400\" class='wp-image-12455 avia-img-lazy-loading-not-12455 avia_image' src=\"https:\/\/www.galerie-pfundt.de\/wp-content\/uploads\/2020\/06\/Baillaud-FleursdeChair-N12-400x400.jpg\" alt='' title='Baillaud-FleursdeChair-N12'  itemprop=\"thumbnailUrl\" srcset=\"https:\/\/www.galerie-pfundt.de\/wp-content\/uploads\/2020\/06\/Baillaud-FleursdeChair-N12-400x400.jpg 400w, https:\/\/www.galerie-pfundt.de\/wp-content\/uploads\/2020\/06\/Baillaud-FleursdeChair-N12-scaled-600x602.jpg 600w, https:\/\/www.galerie-pfundt.de\/wp-content\/uploads\/2020\/06\/Baillaud-FleursdeChair-N12-scaled-100x100.jpg 100w, https:\/\/www.galerie-pfundt.de\/wp-content\/uploads\/2020\/06\/Baillaud-FleursdeChair-N12-598x600.jpg 598w, https:\/\/www.galerie-pfundt.de\/wp-content\/uploads\/2020\/06\/Baillaud-FleursdeChair-N12-220x220.jpg 220w, https:\/\/www.galerie-pfundt.de\/wp-content\/uploads\/2020\/06\/Baillaud-FleursdeChair-N12-1531x1536.jpg 1531w, https:\/\/www.galerie-pfundt.de\/wp-content\/uploads\/2020\/06\/Baillaud-FleursdeChair-N12-2041x2048.jpg 2041w, https:\/\/www.galerie-pfundt.de\/wp-content\/uploads\/2020\/06\/Baillaud-FleursdeChair-N12-36x36.jpg 36w, https:\/\/www.galerie-pfundt.de\/wp-content\/uploads\/2020\/06\/Baillaud-FleursdeChair-N12-180x180.jpg 180w, https:\/\/www.galerie-pfundt.de\/wp-content\/uploads\/2020\/06\/Baillaud-FleursdeChair-N12-1495x1500.jpg 1495w, https:\/\/www.galerie-pfundt.de\/wp-content\/uploads\/2020\/06\/Baillaud-FleursdeChair-N12-703x705.jpg 703w, https:\/\/www.galerie-pfundt.de\/wp-content\/uploads\/2020\/06\/Baillaud-FleursdeChair-N12-scaled-300x300.jpg 300w\" sizes=\"(max-width: 400px) 100vw, 400px\" \/><\/a><\/div><\/div><\/div><\/div><div  style='height:50px' class='hr hr-invisible   avia-builder-el-25  el_after_av_one_third  el_before_av_one_half '><span class='hr-inner ' ><span class='hr-inner-style'><\/span><\/span><\/div>\n<div class=\"flex_column av_one_half  flex_column_div av-zero-column-padding first  avia-builder-el-26  el_after_av_hr  el_before_av_one_half  \" style='border-radius:0px; '><div  class='avia-image-container  av-styling-    avia-builder-el-27  avia-builder-el-no-sibling  avia-align-center '  itemprop=\"image\" itemscope=\"itemscope\" itemtype=\"https:\/\/schema.org\/ImageObject\"  ><div class='avia-image-container-inner'><div class='avia-image-overlay-wrap'><a href='https:\/\/www.galerie-pfundt.de\/wp-content\/uploads\/2019\/09\/Baillaud-nuages_2.jpg' class='avia_image'  ><img decoding=\"async\" width=\"800\" height=\"600\" class='wp-image-7728 avia-img-lazy-loading-not-7728 avia_image' src=\"https:\/\/www.galerie-pfundt.de\/wp-content\/uploads\/2019\/09\/Baillaud-nuages_2.jpg\" alt='' title='Baillaud-nuages_2'  itemprop=\"thumbnailUrl\" srcset=\"https:\/\/www.galerie-pfundt.de\/wp-content\/uploads\/2019\/09\/Baillaud-nuages_2.jpg 800w, https:\/\/www.galerie-pfundt.de\/wp-content\/uploads\/2019\/09\/Baillaud-nuages_2-600x450.jpg 600w, https:\/\/www.galerie-pfundt.de\/wp-content\/uploads\/2019\/09\/Baillaud-nuages_2-400x300.jpg 400w, https:\/\/www.galerie-pfundt.de\/wp-content\/uploads\/2019\/09\/Baillaud-nuages_2-768x576.jpg 768w, https:\/\/www.galerie-pfundt.de\/wp-content\/uploads\/2019\/09\/Baillaud-nuages_2-705x529.jpg 705w\" sizes=\"(max-width: 800px) 100vw, 800px\" \/><\/a><\/div><\/div><\/div><\/div><div class=\"flex_column av_one_half  flex_column_div av-zero-column-padding   avia-builder-el-28  el_after_av_one_half  el_before_av_two_third  \" style='border-radius:0px; '><div  class='avia-image-container  av-styling-    avia-builder-el-29  avia-builder-el-no-sibling  avia-align-center '  itemprop=\"image\" itemscope=\"itemscope\" itemtype=\"https:\/\/schema.org\/ImageObject\"  ><div class='avia-image-container-inner'><div class='avia-image-overlay-wrap'><a href='https:\/\/www.galerie-pfundt.de\/wp-content\/uploads\/2019\/09\/Baillaud-nuages_1.jpg' class='avia_image'  ><img decoding=\"async\" width=\"800\" height=\"600\" class='wp-image-7727 avia-img-lazy-loading-not-7727 avia_image' src=\"https:\/\/www.galerie-pfundt.de\/wp-content\/uploads\/2019\/09\/Baillaud-nuages_1.jpg\" alt='' title='Baillaud-nuages_1'  itemprop=\"thumbnailUrl\" srcset=\"https:\/\/www.galerie-pfundt.de\/wp-content\/uploads\/2019\/09\/Baillaud-nuages_1.jpg 800w, https:\/\/www.galerie-pfundt.de\/wp-content\/uploads\/2019\/09\/Baillaud-nuages_1-600x450.jpg 600w, https:\/\/www.galerie-pfundt.de\/wp-content\/uploads\/2019\/09\/Baillaud-nuages_1-400x300.jpg 400w, https:\/\/www.galerie-pfundt.de\/wp-content\/uploads\/2019\/09\/Baillaud-nuages_1-768x576.jpg 768w, https:\/\/www.galerie-pfundt.de\/wp-content\/uploads\/2019\/09\/Baillaud-nuages_1-705x529.jpg 705w\" sizes=\"(max-width: 800px) 100vw, 800px\" \/><\/a><\/div><\/div><\/div><\/div><div class=\"flex_column av_two_third  flex_column_div av-zero-column-padding first  avia-builder-el-30  el_after_av_one_half  el_before_av_hr  column-top-margin\" style='border-radius:0px; '><div  class='avia-video avia-video-16-9   av-lazyload-immediate  av-lazyload-video-embed  ' style='background-image:url(\"https:\/\/www.galerie-pfundt.de\/wp-content\/uploads\/2019\/09\/FENTE-04.jpg\");'  itemprop=\"video\" itemtype=\"https:\/\/schema.org\/VideoObject\"  data-original_url='https:\/\/vimeo.com\/356039600' ><script type='text\/html' class='av-video-tmpl'><div class='avia-iframe-wrap'><iframe loading=\"lazy\" title=\"Noix nuageuse\" src=\"https:\/\/player.vimeo.com\/video\/356039600?dnt=1&amp;app_id=122963&autoplay=0&loop=0&controls=1&muted=0\" width=\"1500\" height=\"844\" frameborder=\"0\" allow=\"autoplay; fullscreen\" allowfullscreen><\/iframe><\/div><\/script><div class='av-click-to-play-overlay'><div class=\"avia_playpause_icon\"><\/div><\/div><\/div><\/div><div  style='height:50px' class='hr hr-invisible   avia-builder-el-32  el_after_av_two_third  el_before_av_two_fifth '><span class='hr-inner ' ><span class='hr-inner-style'><\/span><\/span><\/div>\n<div class=\"flex_column av_two_fifth  flex_column_div av-zero-column-padding first  avia-builder-el-33  el_after_av_hr  el_before_av_two_fifth  \" style='border-radius:0px; '><div  class='avia-image-container  av-styling-    avia-builder-el-34  avia-builder-el-no-sibling  avia-align-center '  itemprop=\"image\" itemscope=\"itemscope\" itemtype=\"https:\/\/schema.org\/ImageObject\"  ><div class='avia-image-container-inner'><div class='avia-image-overlay-wrap'><img decoding=\"async\" class='wp-image-13257 avia-img-lazy-loading-not-13257 avia_image' src=\"https:\/\/www.galerie-pfundt.de\/wp-content\/uploads\/2020\/06\/Baillaud-LaPartManquante-01-400x393.jpg\" alt='' title='Baillaud-LaPartManquante-01' height=\"393\" width=\"400\"  itemprop=\"thumbnailUrl\" srcset=\"https:\/\/www.galerie-pfundt.de\/wp-content\/uploads\/2020\/06\/Baillaud-LaPartManquante-01-400x393.jpg 400w, https:\/\/www.galerie-pfundt.de\/wp-content\/uploads\/2020\/06\/Baillaud-LaPartManquante-01-600x590.jpg 600w, https:\/\/www.galerie-pfundt.de\/wp-content\/uploads\/2020\/06\/Baillaud-LaPartManquante-01-768x755.jpg 768w, https:\/\/www.galerie-pfundt.de\/wp-content\/uploads\/2020\/06\/Baillaud-LaPartManquante-01-1536x1510.jpg 1536w, https:\/\/www.galerie-pfundt.de\/wp-content\/uploads\/2020\/06\/Baillaud-LaPartManquante-01-2048x2014.jpg 2048w, https:\/\/www.galerie-pfundt.de\/wp-content\/uploads\/2020\/06\/Baillaud-LaPartManquante-01-36x36.jpg 36w, https:\/\/www.galerie-pfundt.de\/wp-content\/uploads\/2020\/06\/Baillaud-LaPartManquante-01-1500x1475.jpg 1500w, https:\/\/www.galerie-pfundt.de\/wp-content\/uploads\/2020\/06\/Baillaud-LaPartManquante-01-705x693.jpg 705w\" sizes=\"(max-width: 400px) 100vw, 400px\" \/><\/div><\/div><\/div><\/div><div class=\"flex_column av_two_fifth  flex_column_div av-zero-column-padding   avia-builder-el-35  el_after_av_two_fifth  el_before_av_one_full  \" style='border-radius:0px; '><div  class='avia-image-container  av-styling-    avia-builder-el-36  avia-builder-el-no-sibling  avia-align-center '  itemprop=\"image\" itemscope=\"itemscope\" itemtype=\"https:\/\/schema.org\/ImageObject\"  ><div class='avia-image-container-inner'><div class='avia-image-overlay-wrap'><img decoding=\"async\" class='wp-image-13258 avia-img-lazy-loading-not-13258 avia_image' src=\"https:\/\/www.galerie-pfundt.de\/wp-content\/uploads\/2020\/06\/Baillaud-LaPartManquante-02-400x396.jpg\" alt='' title='Baillaud-LaPartManquante-02' height=\"396\" width=\"400\"  itemprop=\"thumbnailUrl\" srcset=\"https:\/\/www.galerie-pfundt.de\/wp-content\/uploads\/2020\/06\/Baillaud-LaPartManquante-02-400x396.jpg 400w, https:\/\/www.galerie-pfundt.de\/wp-content\/uploads\/2020\/06\/Baillaud-LaPartManquante-02-100x100.jpg 100w, https:\/\/www.galerie-pfundt.de\/wp-content\/uploads\/2020\/06\/Baillaud-LaPartManquante-02-600x593.jpg 600w, https:\/\/www.galerie-pfundt.de\/wp-content\/uploads\/2020\/06\/Baillaud-LaPartManquante-02-768x760.jpg 768w, https:\/\/www.galerie-pfundt.de\/wp-content\/uploads\/2020\/06\/Baillaud-LaPartManquante-02-36x36.jpg 36w, https:\/\/www.galerie-pfundt.de\/wp-content\/uploads\/2020\/06\/Baillaud-LaPartManquante-02-705x697.jpg 705w, https:\/\/www.galerie-pfundt.de\/wp-content\/uploads\/2020\/06\/Baillaud-LaPartManquante-02.jpg 1000w\" sizes=\"(max-width: 400px) 100vw, 400px\" \/><\/div><\/div><\/div><\/div><div class=\"flex_column av_one_full  flex_column_div av-zero-column-padding first  avia-builder-el-37  el_after_av_two_fifth  el_before_av_hr  \" style='border-radius:0px; '><section class=\"av_textblock_section \"  itemscope=\"itemscope\" itemtype=\"https:\/\/schema.org\/CreativeWork\" ><div class='avia_textblock  av_inherit_color '  style='color:#fef5e2; '  itemprop=\"text\" ><h5><br class=\"avia-permanent-lb\" \/><br class=\"avia-permanent-lb\" \/>Das fehlende Etwas<\/h5>\n<h6><br class=\"avia-permanent-lb\" \/>Es sind oft die kleinen, unscheinbaren\u00a0Begebenheiten im pers\u00f6nlichen Alltag, die mich derart ber\u00fchren, dass daraus die Lust auf eine Zeichnung erw\u00e4chst.<\/h6>\n<h6>Die Idee zu der neuen Serie \u00bbPart manquante\u00ab kam mir, als ich um eine Avocado zu essen, aus der Frucht den gro\u00dfen Kern entfernte, den ich anschlie\u00dfend wegwarf.<\/h6>\n<h6>Zuerst belustigt, dann mit wachsender Aufmerksamkeit nahm ich die fast perfekt elliptische, klaffende Wunde wahr, die sich als glatte Negativform ins Fleisch eingepr\u00e4gt hatte.<\/h6>\n<h6>War dieses Fleisch das Nest, in dem der Kern wie ein Ei deponiert worden war ? Oder das Werkzeug, das den Kern produziert hatte? Dieses fehlende St\u00fcck, diese Abwesenheit im Fleisch der Frucht wurde zu einer Anwesenheit und es entspann sich daraus etwas Geheimnisvolles, ja sogar Kostbares, als ob der weggeworfene Kern ein verlorener Schatz w\u00e4re \u2013 \u00e4hnlich dem Leben im Verlauf der Zeit, unseren Erfahrungen,\u00a0 den Begegnungen mit anderen Menschen&#8230; All das pr\u00e4gt uns vielleicht so, dass hinterlassene Eindr\u00fccke in Form von Hohlr\u00e4umen in uns zur\u00fcckbleiben.<\/h6>\n<\/div><\/section><\/div><div  style='height:50px' class='hr hr-invisible   avia-builder-el-39  el_after_av_one_full  el_before_av_one_fifth '><span class='hr-inner ' ><span class='hr-inner-style'><\/span><\/span><\/div>\n<div class=\"flex_column av_one_fifth  flex_column_div av-zero-column-padding first  avia-builder-el-40  el_after_av_hr  el_before_av_two_fifth  \" style='background: #b3b3b3; border-width:12px; border-color:#b3b3b3; border-style:solid; background-color:#b3b3b3; border-radius:0px; '><p><section class=\"av_textblock_section \"  itemscope=\"itemscope\" itemtype=\"https:\/\/schema.org\/CreativeWork\" ><div class='avia_textblock  av_inherit_color '  style='color:#eeee22; '  itemprop=\"text\" ><p><strong>Bitte informieren Sie mich k\u00fcnftig per E-Mail \u00fcber Neuigkeiten.<\/strong><\/p>\n<\/div><\/section><br \/>\n<form action=\"https:\/\/www.galerie-pfundt.de\/aktuell\/kuenstler\/baillaud\/\" method=\"post\"  data-av-custom-send='mailchimp_send' class=\"avia_ajax_form av-form-labels-hidden   avia-builder-el-42  el_after_av_textblock  avia-builder-el-last  av-custom-form-color av-dark-form avia-mailchimp-form \" data-avia-form-id=\"1\" data-avia-redirect='' ><fieldset><p class='  first_form  form_element form_fullwidth' id='element_avia_0_1'><label for=\"avia_0_1\">E-Mail-Addresse <abbr class=\"required\" title=\"ben\u00f6tigt\">*<\/abbr><\/label> <input name=\"avia_0_1\" class=\"text_input is_email\" type=\"text\" id=\"avia_0_1\" value=\"\"  placeholder='E-Mail-Addresse*'\/><\/p><p class='  first_form  form_element form_fullwidth' id='element_avia_2_1'><label for=\"avia_2_1\">Name<\/label> <input name=\"avia_2_1\" class=\"text_input \" type=\"text\" id=\"avia_2_1\" value=\"\"  placeholder='Name'\/><\/p><p class=\"form_element  first_form  form_element form_fullwidth av-last-visible-form-element modified_width\"><input type=\"hidden\" value=\"1\" name=\"avia_generated_form1\" \/><input type=\"submit\" value=\"Abonnieren\" class=\"button\"  data-sending-label=\"Sende\"\/><\/p><p class=\"hidden\"><input type=\"text\" name=\"avia_avia_username_1\" class=\"hidden \" id=\"avia_avia_username_1\" value=\"\" \/><\/p><\/fieldset><\/form><div id=\"ajaxresponse_1\" class=\"ajaxresponse ajaxresponse_1 hidden\"><\/div><\/p><\/div><div class=\"flex_column av_two_fifth  flex_column_div av-zero-column-padding   avia-builder-el-43  el_after_av_one_fifth  el_before_av_two_fifth  \" style='border-radius:0px; '><div  class='avia-image-container  av-styling-    avia-builder-el-44  avia-builder-el-no-sibling  avia-align-center '  itemprop=\"image\" itemscope=\"itemscope\" itemtype=\"https:\/\/schema.org\/ImageObject\"  ><div class='avia-image-container-inner'><div class='avia-image-overlay-wrap'><a href='https:\/\/www.galerie-pfundt.de\/aktuell\/kuenstler\/baillaud\/zwischen17\/' class='avia_image'  ><img decoding=\"async\" width=\"397\" height=\"400\" class='wp-image-12465 avia-img-lazy-loading-not-12465 avia_image' src=\"https:\/\/www.galerie-pfundt.de\/wp-content\/uploads\/2020\/06\/Baillaud-Zwischen-N17-397x400.jpg\" alt='' title='Baillaud-Zwischen-N17'  itemprop=\"thumbnailUrl\" srcset=\"https:\/\/www.galerie-pfundt.de\/wp-content\/uploads\/2020\/06\/Baillaud-Zwischen-N17-397x400.jpg 397w, https:\/\/www.galerie-pfundt.de\/wp-content\/uploads\/2020\/06\/Baillaud-Zwischen-N17-100x100.jpg 100w, https:\/\/www.galerie-pfundt.de\/wp-content\/uploads\/2020\/06\/Baillaud-Zwischen-N17-600x604.jpg 600w, https:\/\/www.galerie-pfundt.de\/wp-content\/uploads\/2020\/06\/Baillaud-Zwischen-N17-596x600.jpg 596w, https:\/\/www.galerie-pfundt.de\/wp-content\/uploads\/2020\/06\/Baillaud-Zwischen-N17-768x774.jpg 768w, https:\/\/www.galerie-pfundt.de\/wp-content\/uploads\/2020\/06\/Baillaud-Zwischen-N17-1525x1536.jpg 1525w, https:\/\/www.galerie-pfundt.de\/wp-content\/uploads\/2020\/06\/Baillaud-Zwischen-N17-2033x2048.jpg 2033w, https:\/\/www.galerie-pfundt.de\/wp-content\/uploads\/2020\/06\/Baillaud-Zwischen-N17-36x36.jpg 36w, https:\/\/www.galerie-pfundt.de\/wp-content\/uploads\/2020\/06\/Baillaud-Zwischen-N17-180x180.jpg 180w, https:\/\/www.galerie-pfundt.de\/wp-content\/uploads\/2020\/06\/Baillaud-Zwischen-N17-1489x1500.jpg 1489w, https:\/\/www.galerie-pfundt.de\/wp-content\/uploads\/2020\/06\/Baillaud-Zwischen-N17-700x705.jpg 700w\" sizes=\"(max-width: 397px) 100vw, 397px\" \/><\/a><\/div><\/div><\/div><\/div><div class=\"flex_column av_two_fifth  flex_column_div av-zero-column-padding   avia-builder-el-45  el_after_av_two_fifth  el_before_av_hr  \" style='border-radius:0px; '><div  class='avia-image-container  av-styling-    avia-builder-el-46  avia-builder-el-no-sibling  avia-align-center '  itemprop=\"image\" itemscope=\"itemscope\" itemtype=\"https:\/\/schema.org\/ImageObject\"  ><div class='avia-image-container-inner'><div class='avia-image-overlay-wrap'><a href='https:\/\/www.galerie-pfundt.de\/aktuell\/kuenstler\/baillaud\/zwischen22\/' class='avia_image'  ><img decoding=\"async\" width=\"400\" height=\"400\" class='wp-image-12463 avia-img-lazy-loading-not-12463 avia_image' src=\"https:\/\/www.galerie-pfundt.de\/wp-content\/uploads\/2020\/06\/Baillaud-Zwischen-N22-400x400.jpg\" alt='' title='Baillaud-Zwischen-N22'  itemprop=\"thumbnailUrl\" srcset=\"https:\/\/www.galerie-pfundt.de\/wp-content\/uploads\/2020\/06\/Baillaud-Zwischen-N22-400x400.jpg 400w, https:\/\/www.galerie-pfundt.de\/wp-content\/uploads\/2020\/06\/Baillaud-Zwischen-N22-600x601.jpg 600w, https:\/\/www.galerie-pfundt.de\/wp-content\/uploads\/2020\/06\/Baillaud-Zwischen-N22-100x100.jpg 100w, https:\/\/www.galerie-pfundt.de\/wp-content\/uploads\/2020\/06\/Baillaud-Zwischen-N22-220x220.jpg 220w, https:\/\/www.galerie-pfundt.de\/wp-content\/uploads\/2020\/06\/Baillaud-Zwischen-N22-768x770.jpg 768w, https:\/\/www.galerie-pfundt.de\/wp-content\/uploads\/2020\/06\/Baillaud-Zwischen-N22-1532x1536.jpg 1532w, https:\/\/www.galerie-pfundt.de\/wp-content\/uploads\/2020\/06\/Baillaud-Zwischen-N22-2043x2048.jpg 2043w, https:\/\/www.galerie-pfundt.de\/wp-content\/uploads\/2020\/06\/Baillaud-Zwischen-N22-36x36.jpg 36w, https:\/\/www.galerie-pfundt.de\/wp-content\/uploads\/2020\/06\/Baillaud-Zwischen-N22-180x180.jpg 180w, https:\/\/www.galerie-pfundt.de\/wp-content\/uploads\/2020\/06\/Baillaud-Zwischen-N22-1496x1500.jpg 1496w, https:\/\/www.galerie-pfundt.de\/wp-content\/uploads\/2020\/06\/Baillaud-Zwischen-N22-703x705.jpg 703w, https:\/\/www.galerie-pfundt.de\/wp-content\/uploads\/2020\/06\/Baillaud-Zwischen-N22-300x300.jpg 300w\" sizes=\"(max-width: 400px) 100vw, 400px\" \/><\/a><\/div><\/div><\/div><\/div><div  style='height:50px' class='hr hr-invisible   avia-builder-el-47  el_after_av_two_fifth  el_before_av_two_fifth '><span class='hr-inner ' ><span class='hr-inner-style'><\/span><\/span><\/div>\n<div class=\"flex_column av_two_fifth  flex_column_div av-zero-column-padding first  avia-builder-el-48  el_after_av_hr  el_before_av_two_fifth  \" style='border-radius:0px; '><div  class='avia-image-container  av-styling-    avia-builder-el-49  avia-builder-el-no-sibling  avia-align-center '  itemprop=\"image\" itemscope=\"itemscope\" itemtype=\"https:\/\/schema.org\/ImageObject\"  ><div class='avia-image-container-inner'><div class='avia-image-overlay-wrap'><a href='https:\/\/www.galerie-pfundt.de\/aktuell\/kuenstler\/baillaud\/zwischen13\/' class='avia_image'  ><img decoding=\"async\" width=\"2478\" height=\"2537\" class='wp-image-12461 avia-img-lazy-loading-not-12461 avia_image' src=\"https:\/\/www.galerie-pfundt.de\/wp-content\/uploads\/2020\/06\/Baillaud-Zwischen-N13.jpg\" alt='' title='Baillaud-Zwischen-N13'  itemprop=\"thumbnailUrl\" srcset=\"https:\/\/www.galerie-pfundt.de\/wp-content\/uploads\/2020\/06\/Baillaud-Zwischen-N13.jpg 2478w, https:\/\/www.galerie-pfundt.de\/wp-content\/uploads\/2020\/06\/Baillaud-Zwischen-N13-600x614.jpg 600w, https:\/\/www.galerie-pfundt.de\/wp-content\/uploads\/2020\/06\/Baillaud-Zwischen-N13-391x400.jpg 391w, https:\/\/www.galerie-pfundt.de\/wp-content\/uploads\/2020\/06\/Baillaud-Zwischen-N13-586x600.jpg 586w, https:\/\/www.galerie-pfundt.de\/wp-content\/uploads\/2020\/06\/Baillaud-Zwischen-N13-768x786.jpg 768w, https:\/\/www.galerie-pfundt.de\/wp-content\/uploads\/2020\/06\/Baillaud-Zwischen-N13-1500x1536.jpg 1500w, https:\/\/www.galerie-pfundt.de\/wp-content\/uploads\/2020\/06\/Baillaud-Zwischen-N13-2000x2048.jpg 2000w, https:\/\/www.galerie-pfundt.de\/wp-content\/uploads\/2020\/06\/Baillaud-Zwischen-N13-36x36.jpg 36w, https:\/\/www.galerie-pfundt.de\/wp-content\/uploads\/2020\/06\/Baillaud-Zwischen-N13-1465x1500.jpg 1465w, https:\/\/www.galerie-pfundt.de\/wp-content\/uploads\/2020\/06\/Baillaud-Zwischen-N13-689x705.jpg 689w\" sizes=\"(max-width: 2478px) 100vw, 2478px\" \/><\/a><\/div><\/div><\/div><\/div><div class=\"flex_column av_two_fifth  flex_column_div av-zero-column-padding   avia-builder-el-50  el_after_av_two_fifth  el_before_av_hr  \" style='border-radius:0px; '><div  class='avia-image-container  av-styling-    avia-builder-el-51  avia-builder-el-no-sibling  avia-align-center '  itemprop=\"image\" itemscope=\"itemscope\" itemtype=\"https:\/\/schema.org\/ImageObject\"  ><div class='avia-image-container-inner'><div class='avia-image-overlay-wrap'><a href='https:\/\/www.galerie-pfundt.de\/aktuell\/kuenstler\/baillaud\/zwischen11\/' class='avia_image'  ><img decoding=\"async\" width=\"400\" height=\"400\" class='wp-image-12460 avia-img-lazy-loading-not-12460 avia_image' src=\"https:\/\/www.galerie-pfundt.de\/wp-content\/uploads\/2020\/06\/Baillaud-Zwischen-N11-400x400.jpg\" alt='' title='Baillaud-Zwischen-N11'  itemprop=\"thumbnailUrl\" srcset=\"https:\/\/www.galerie-pfundt.de\/wp-content\/uploads\/2020\/06\/Baillaud-Zwischen-N11-400x400.jpg 400w, https:\/\/www.galerie-pfundt.de\/wp-content\/uploads\/2020\/06\/Baillaud-Zwischen-N11-600x600.jpg 600w, https:\/\/www.galerie-pfundt.de\/wp-content\/uploads\/2020\/06\/Baillaud-Zwischen-N11-100x100.jpg 100w, https:\/\/www.galerie-pfundt.de\/wp-content\/uploads\/2020\/06\/Baillaud-Zwischen-N11-220x220.jpg 220w, https:\/\/www.galerie-pfundt.de\/wp-content\/uploads\/2020\/06\/Baillaud-Zwischen-N11-768x767.jpg 768w, https:\/\/www.galerie-pfundt.de\/wp-content\/uploads\/2020\/06\/Baillaud-Zwischen-N11-1536x1536.jpg 1536w, https:\/\/www.galerie-pfundt.de\/wp-content\/uploads\/2020\/06\/Baillaud-Zwischen-N11-2048x2046.jpg 2048w, https:\/\/www.galerie-pfundt.de\/wp-content\/uploads\/2020\/06\/Baillaud-Zwischen-N11-36x36.jpg 36w, https:\/\/www.galerie-pfundt.de\/wp-content\/uploads\/2020\/06\/Baillaud-Zwischen-N11-180x180.jpg 180w, https:\/\/www.galerie-pfundt.de\/wp-content\/uploads\/2020\/06\/Baillaud-Zwischen-N11-1500x1500.jpg 1500w, https:\/\/www.galerie-pfundt.de\/wp-content\/uploads\/2020\/06\/Baillaud-Zwischen-N11-705x705.jpg 705w, https:\/\/www.galerie-pfundt.de\/wp-content\/uploads\/2020\/06\/Baillaud-Zwischen-N11-300x300.jpg 300w\" sizes=\"(max-width: 400px) 100vw, 400px\" \/><\/a><\/div><\/div><\/div><\/div><div  style='height:50px' class='hr hr-invisible   avia-builder-el-52  el_after_av_two_fifth  el_before_av_one_full '><span class='hr-inner ' ><span class='hr-inner-style'><\/span><\/span><\/div>\n<div class=\"flex_column av_one_full  flex_column_div av-zero-column-padding first  avia-builder-el-53  el_after_av_hr  avia-builder-el-last  \" style='border-radius:0px; '><div   data-size='no scaling'  data-lightbox_size='large'  data-animation='fade'  data-conditional_play=''  data-ids='7689,7682,7688,7682,7687,7682,7686,7682,7685,7682,7684,7682,7683,7682'  data-video_counter='0'  data-autoplay='true'  data-bg_slider='false'  data-slide_height=''  data-handle='av_slideshow'  data-interval='2'  data-class=' avia-builder-el-54  avia-builder-el-no-sibling  '  data-el_id=''  data-css_id=''  data-scroll_down=''  data-control_layout='av-control-hidden'  data-custom_markup=''  data-perma_caption=''  data-autoplay_stopper=''  data-image_attachment=''  data-min_height='0px'  data-lazy_loading='disabled'  class='avia-slideshow avia-slideshow-1  av-control-hidden av-default-height-applied avia-slideshow-no scaling av_slideshow  avia-builder-el-54  avia-builder-el-no-sibling   avia-fade-slider '  itemprop=\"image\" itemscope=\"itemscope\" itemtype=\"https:\/\/schema.org\/ImageObject\" ><ul class='avia-slideshow-inner ' style='padding-bottom: 34.848484848485%;' ><li  class=' slide-1 ' ><a href='https:\/\/www.galerie-pfundt.de\/aktuell\/kuenstler\/baillaud\/monotypien\/' data-rel='slideshow-1' class='avia-slide-wrap '   ><img decoding=\"async\" class=\"wp-image-7689 avia-img-lazy-loading-not-7689\"  src=\"https:\/\/www.galerie-pfundt.de\/wp-content\/uploads\/2019\/09\/Baillaud-Monotype-MarcheursR\u00eaveurs2-86.png\" width=\"1518\" height=\"529\" title='Baillaud-Monotype-MarcheursR\u00eaveurs2-86' alt=''  itemprop=\"thumbnailUrl\" srcset=\"https:\/\/www.galerie-pfundt.de\/wp-content\/uploads\/2019\/09\/Baillaud-Monotype-MarcheursR\u00eaveurs2-86.png 1518w, https:\/\/www.galerie-pfundt.de\/wp-content\/uploads\/2019\/09\/Baillaud-Monotype-MarcheursR\u00eaveurs2-86-600x209.png 600w, https:\/\/www.galerie-pfundt.de\/wp-content\/uploads\/2019\/09\/Baillaud-Monotype-MarcheursR\u00eaveurs2-86-400x139.png 400w, https:\/\/www.galerie-pfundt.de\/wp-content\/uploads\/2019\/09\/Baillaud-Monotype-MarcheursR\u00eaveurs2-86-768x268.png 768w, https:\/\/www.galerie-pfundt.de\/wp-content\/uploads\/2019\/09\/Baillaud-Monotype-MarcheursR\u00eaveurs2-86-1030x359.png 1030w, https:\/\/www.galerie-pfundt.de\/wp-content\/uploads\/2019\/09\/Baillaud-Monotype-MarcheursR\u00eaveurs2-86-1500x523.png 1500w, https:\/\/www.galerie-pfundt.de\/wp-content\/uploads\/2019\/09\/Baillaud-Monotype-MarcheursR\u00eaveurs2-86-705x246.png 705w, https:\/\/www.galerie-pfundt.de\/wp-content\/uploads\/2019\/09\/Baillaud-Monotype-MarcheursR\u00eaveurs2-86-1210x423.png 1210w\" sizes=\"(max-width: 1518px) 100vw, 1518px\" \/><\/a><\/li><li  class=' slide-2 ' ><a href='https:\/\/www.galerie-pfundt.de\/aktuell\/kuenstler\/baillaud\/monotypien\/' data-rel='slideshow-1' class='avia-slide-wrap '   ><img decoding=\"async\" class=\"wp-image-7682 avia-img-lazy-loading-not-7682\"  src=\"https:\/\/www.galerie-pfundt.de\/wp-content\/uploads\/2019\/09\/Baillaud-blanko.png\" width=\"1532\" height=\"529\" title='Baillaud-blanko' alt=''  itemprop=\"thumbnailUrl\" srcset=\"https:\/\/www.galerie-pfundt.de\/wp-content\/uploads\/2019\/09\/Baillaud-blanko.png 1532w, https:\/\/www.galerie-pfundt.de\/wp-content\/uploads\/2019\/09\/Baillaud-blanko-600x207.png 600w, https:\/\/www.galerie-pfundt.de\/wp-content\/uploads\/2019\/09\/Baillaud-blanko-400x138.png 400w, https:\/\/www.galerie-pfundt.de\/wp-content\/uploads\/2019\/09\/Baillaud-blanko-768x265.png 768w, https:\/\/www.galerie-pfundt.de\/wp-content\/uploads\/2019\/09\/Baillaud-blanko-1030x356.png 1030w, https:\/\/www.galerie-pfundt.de\/wp-content\/uploads\/2019\/09\/Baillaud-blanko-1500x518.png 1500w, https:\/\/www.galerie-pfundt.de\/wp-content\/uploads\/2019\/09\/Baillaud-blanko-705x243.png 705w\" sizes=\"(max-width: 1532px) 100vw, 1532px\" \/><\/a><\/li><li  class=' slide-3 ' ><a href='https:\/\/www.galerie-pfundt.de\/aktuell\/kuenstler\/baillaud\/monotypien\/' data-rel='slideshow-1' class='avia-slide-wrap '   ><img decoding=\"async\" class=\"wp-image-7688 avia-img-lazy-loading-not-7688\"  src=\"https:\/\/www.galerie-pfundt.de\/wp-content\/uploads\/2019\/09\/Baillaud-Monotype-MarcheursR\u00eav\u00e9s-187.png\" width=\"1532\" height=\"529\" title='Baillaud-Monotype-MarcheursR\u00eav\u00e9s-187' alt=''  itemprop=\"thumbnailUrl\" srcset=\"https:\/\/www.galerie-pfundt.de\/wp-content\/uploads\/2019\/09\/Baillaud-Monotype-MarcheursR\u00eav\u00e9s-187.png 1532w, https:\/\/www.galerie-pfundt.de\/wp-content\/uploads\/2019\/09\/Baillaud-Monotype-MarcheursR\u00eav\u00e9s-187-600x207.png 600w, https:\/\/www.galerie-pfundt.de\/wp-content\/uploads\/2019\/09\/Baillaud-Monotype-MarcheursR\u00eav\u00e9s-187-400x138.png 400w, https:\/\/www.galerie-pfundt.de\/wp-content\/uploads\/2019\/09\/Baillaud-Monotype-MarcheursR\u00eav\u00e9s-187-768x265.png 768w, https:\/\/www.galerie-pfundt.de\/wp-content\/uploads\/2019\/09\/Baillaud-Monotype-MarcheursR\u00eav\u00e9s-187-1030x356.png 1030w, https:\/\/www.galerie-pfundt.de\/wp-content\/uploads\/2019\/09\/Baillaud-Monotype-MarcheursR\u00eav\u00e9s-187-1500x518.png 1500w, https:\/\/www.galerie-pfundt.de\/wp-content\/uploads\/2019\/09\/Baillaud-Monotype-MarcheursR\u00eav\u00e9s-187-705x243.png 705w\" sizes=\"(max-width: 1532px) 100vw, 1532px\" \/><\/a><\/li><li  class=' slide-4 ' ><a href='https:\/\/www.galerie-pfundt.de\/aktuell\/kuenstler\/baillaud\/monotypien\/' data-rel='slideshow-1' class='avia-slide-wrap '   ><img decoding=\"async\" class=\"wp-image-7682 avia-img-lazy-loading-not-7682\"  src=\"https:\/\/www.galerie-pfundt.de\/wp-content\/uploads\/2019\/09\/Baillaud-blanko.png\" width=\"1532\" height=\"529\" title='Baillaud-blanko' alt=''  itemprop=\"thumbnailUrl\" srcset=\"https:\/\/www.galerie-pfundt.de\/wp-content\/uploads\/2019\/09\/Baillaud-blanko.png 1532w, https:\/\/www.galerie-pfundt.de\/wp-content\/uploads\/2019\/09\/Baillaud-blanko-600x207.png 600w, https:\/\/www.galerie-pfundt.de\/wp-content\/uploads\/2019\/09\/Baillaud-blanko-400x138.png 400w, https:\/\/www.galerie-pfundt.de\/wp-content\/uploads\/2019\/09\/Baillaud-blanko-768x265.png 768w, https:\/\/www.galerie-pfundt.de\/wp-content\/uploads\/2019\/09\/Baillaud-blanko-1030x356.png 1030w, https:\/\/www.galerie-pfundt.de\/wp-content\/uploads\/2019\/09\/Baillaud-blanko-1500x518.png 1500w, https:\/\/www.galerie-pfundt.de\/wp-content\/uploads\/2019\/09\/Baillaud-blanko-705x243.png 705w\" sizes=\"(max-width: 1532px) 100vw, 1532px\" \/><\/a><\/li><li  class=' slide-5 ' ><a href='https:\/\/www.galerie-pfundt.de\/aktuell\/kuenstler\/baillaud\/monotypien\/' data-rel='slideshow-1' class='avia-slide-wrap '   ><img decoding=\"async\" class=\"wp-image-7687 avia-img-lazy-loading-not-7687\"  src=\"https:\/\/www.galerie-pfundt.de\/wp-content\/uploads\/2019\/09\/Baillaud-MONOTYPE-MarcheurR\u00eaveur-192.png\" width=\"1534\" height=\"529\" title='Baillaud-MONOTYPE-MarcheurR\u00eaveur-192' alt=''  itemprop=\"thumbnailUrl\" srcset=\"https:\/\/www.galerie-pfundt.de\/wp-content\/uploads\/2019\/09\/Baillaud-MONOTYPE-MarcheurR\u00eaveur-192.png 1534w, https:\/\/www.galerie-pfundt.de\/wp-content\/uploads\/2019\/09\/Baillaud-MONOTYPE-MarcheurR\u00eaveur-192-600x207.png 600w, https:\/\/www.galerie-pfundt.de\/wp-content\/uploads\/2019\/09\/Baillaud-MONOTYPE-MarcheurR\u00eaveur-192-400x138.png 400w, https:\/\/www.galerie-pfundt.de\/wp-content\/uploads\/2019\/09\/Baillaud-MONOTYPE-MarcheurR\u00eaveur-192-768x265.png 768w, https:\/\/www.galerie-pfundt.de\/wp-content\/uploads\/2019\/09\/Baillaud-MONOTYPE-MarcheurR\u00eaveur-192-1030x355.png 1030w, https:\/\/www.galerie-pfundt.de\/wp-content\/uploads\/2019\/09\/Baillaud-MONOTYPE-MarcheurR\u00eaveur-192-1500x517.png 1500w, https:\/\/www.galerie-pfundt.de\/wp-content\/uploads\/2019\/09\/Baillaud-MONOTYPE-MarcheurR\u00eaveur-192-705x243.png 705w\" sizes=\"(max-width: 1534px) 100vw, 1534px\" \/><\/a><\/li><li  class=' slide-6 ' ><a href='https:\/\/www.galerie-pfundt.de\/aktuell\/kuenstler\/baillaud\/monotypien\/' data-rel='slideshow-1' class='avia-slide-wrap '   ><img decoding=\"async\" class=\"wp-image-7682 avia-img-lazy-loading-not-7682\"  src=\"https:\/\/www.galerie-pfundt.de\/wp-content\/uploads\/2019\/09\/Baillaud-blanko.png\" width=\"1532\" height=\"529\" title='Baillaud-blanko' alt=''  itemprop=\"thumbnailUrl\" srcset=\"https:\/\/www.galerie-pfundt.de\/wp-content\/uploads\/2019\/09\/Baillaud-blanko.png 1532w, https:\/\/www.galerie-pfundt.de\/wp-content\/uploads\/2019\/09\/Baillaud-blanko-600x207.png 600w, https:\/\/www.galerie-pfundt.de\/wp-content\/uploads\/2019\/09\/Baillaud-blanko-400x138.png 400w, https:\/\/www.galerie-pfundt.de\/wp-content\/uploads\/2019\/09\/Baillaud-blanko-768x265.png 768w, https:\/\/www.galerie-pfundt.de\/wp-content\/uploads\/2019\/09\/Baillaud-blanko-1030x356.png 1030w, https:\/\/www.galerie-pfundt.de\/wp-content\/uploads\/2019\/09\/Baillaud-blanko-1500x518.png 1500w, https:\/\/www.galerie-pfundt.de\/wp-content\/uploads\/2019\/09\/Baillaud-blanko-705x243.png 705w\" sizes=\"(max-width: 1532px) 100vw, 1532px\" \/><\/a><\/li><li  class=' slide-7 ' ><a href='https:\/\/www.galerie-pfundt.de\/aktuell\/kuenstler\/baillaud\/monotypien\/' data-rel='slideshow-1' class='avia-slide-wrap '   ><img decoding=\"async\" class=\"wp-image-7686 avia-img-lazy-loading-not-7686\"  src=\"https:\/\/www.galerie-pfundt.de\/wp-content\/uploads\/2019\/09\/Baillaud-Monotype-MarcheurR\u00eav\u00e9-188.png\" width=\"1531\" height=\"529\" title='Baillaud-Monotype-MarcheurR\u00eav\u00e9-188' alt=''  itemprop=\"thumbnailUrl\" srcset=\"https:\/\/www.galerie-pfundt.de\/wp-content\/uploads\/2019\/09\/Baillaud-Monotype-MarcheurR\u00eav\u00e9-188.png 1531w, https:\/\/www.galerie-pfundt.de\/wp-content\/uploads\/2019\/09\/Baillaud-Monotype-MarcheurR\u00eav\u00e9-188-600x207.png 600w, https:\/\/www.galerie-pfundt.de\/wp-content\/uploads\/2019\/09\/Baillaud-Monotype-MarcheurR\u00eav\u00e9-188-400x138.png 400w, https:\/\/www.galerie-pfundt.de\/wp-content\/uploads\/2019\/09\/Baillaud-Monotype-MarcheurR\u00eav\u00e9-188-768x265.png 768w, https:\/\/www.galerie-pfundt.de\/wp-content\/uploads\/2019\/09\/Baillaud-Monotype-MarcheurR\u00eav\u00e9-188-1030x356.png 1030w, https:\/\/www.galerie-pfundt.de\/wp-content\/uploads\/2019\/09\/Baillaud-Monotype-MarcheurR\u00eav\u00e9-188-1500x518.png 1500w, https:\/\/www.galerie-pfundt.de\/wp-content\/uploads\/2019\/09\/Baillaud-Monotype-MarcheurR\u00eav\u00e9-188-705x244.png 705w\" sizes=\"(max-width: 1531px) 100vw, 1531px\" \/><\/a><\/li><li  class=' slide-8 ' ><a href='https:\/\/www.galerie-pfundt.de\/aktuell\/kuenstler\/baillaud\/monotypien\/' data-rel='slideshow-1' class='avia-slide-wrap '   ><img decoding=\"async\" class=\"wp-image-7682 avia-img-lazy-loading-not-7682\"  src=\"https:\/\/www.galerie-pfundt.de\/wp-content\/uploads\/2019\/09\/Baillaud-blanko.png\" width=\"1532\" height=\"529\" title='Baillaud-blanko' alt=''  itemprop=\"thumbnailUrl\" srcset=\"https:\/\/www.galerie-pfundt.de\/wp-content\/uploads\/2019\/09\/Baillaud-blanko.png 1532w, https:\/\/www.galerie-pfundt.de\/wp-content\/uploads\/2019\/09\/Baillaud-blanko-600x207.png 600w, https:\/\/www.galerie-pfundt.de\/wp-content\/uploads\/2019\/09\/Baillaud-blanko-400x138.png 400w, https:\/\/www.galerie-pfundt.de\/wp-content\/uploads\/2019\/09\/Baillaud-blanko-768x265.png 768w, https:\/\/www.galerie-pfundt.de\/wp-content\/uploads\/2019\/09\/Baillaud-blanko-1030x356.png 1030w, https:\/\/www.galerie-pfundt.de\/wp-content\/uploads\/2019\/09\/Baillaud-blanko-1500x518.png 1500w, https:\/\/www.galerie-pfundt.de\/wp-content\/uploads\/2019\/09\/Baillaud-blanko-705x243.png 705w\" sizes=\"(max-width: 1532px) 100vw, 1532px\" \/><\/a><\/li><li  class=' slide-9 ' ><a href='https:\/\/www.galerie-pfundt.de\/aktuell\/kuenstler\/baillaud\/monotypien\/' data-rel='slideshow-1' class='avia-slide-wrap '   ><img decoding=\"async\" class=\"wp-image-7685 avia-img-lazy-loading-not-7685\"  src=\"https:\/\/www.galerie-pfundt.de\/wp-content\/uploads\/2019\/09\/Baillaud-MONOTYPE-EnPassant-195.png\" width=\"1532\" height=\"529\" title='Baillaud-MONOTYPE-EnPassant-195' alt=''  itemprop=\"thumbnailUrl\" srcset=\"https:\/\/www.galerie-pfundt.de\/wp-content\/uploads\/2019\/09\/Baillaud-MONOTYPE-EnPassant-195.png 1532w, https:\/\/www.galerie-pfundt.de\/wp-content\/uploads\/2019\/09\/Baillaud-MONOTYPE-EnPassant-195-600x207.png 600w, https:\/\/www.galerie-pfundt.de\/wp-content\/uploads\/2019\/09\/Baillaud-MONOTYPE-EnPassant-195-400x138.png 400w, https:\/\/www.galerie-pfundt.de\/wp-content\/uploads\/2019\/09\/Baillaud-MONOTYPE-EnPassant-195-768x265.png 768w, https:\/\/www.galerie-pfundt.de\/wp-content\/uploads\/2019\/09\/Baillaud-MONOTYPE-EnPassant-195-1030x356.png 1030w, https:\/\/www.galerie-pfundt.de\/wp-content\/uploads\/2019\/09\/Baillaud-MONOTYPE-EnPassant-195-1500x518.png 1500w, https:\/\/www.galerie-pfundt.de\/wp-content\/uploads\/2019\/09\/Baillaud-MONOTYPE-EnPassant-195-705x243.png 705w\" sizes=\"(max-width: 1532px) 100vw, 1532px\" \/><\/a><\/li><li  class=' slide-10 ' ><a href='https:\/\/www.galerie-pfundt.de\/aktuell\/kuenstler\/baillaud\/monotypien\/' data-rel='slideshow-1' class='avia-slide-wrap '   ><img decoding=\"async\" class=\"wp-image-7682 avia-img-lazy-loading-not-7682\"  src=\"https:\/\/www.galerie-pfundt.de\/wp-content\/uploads\/2019\/09\/Baillaud-blanko.png\" width=\"1532\" height=\"529\" title='Baillaud-blanko' alt=''  itemprop=\"thumbnailUrl\" srcset=\"https:\/\/www.galerie-pfundt.de\/wp-content\/uploads\/2019\/09\/Baillaud-blanko.png 1532w, https:\/\/www.galerie-pfundt.de\/wp-content\/uploads\/2019\/09\/Baillaud-blanko-600x207.png 600w, https:\/\/www.galerie-pfundt.de\/wp-content\/uploads\/2019\/09\/Baillaud-blanko-400x138.png 400w, https:\/\/www.galerie-pfundt.de\/wp-content\/uploads\/2019\/09\/Baillaud-blanko-768x265.png 768w, https:\/\/www.galerie-pfundt.de\/wp-content\/uploads\/2019\/09\/Baillaud-blanko-1030x356.png 1030w, https:\/\/www.galerie-pfundt.de\/wp-content\/uploads\/2019\/09\/Baillaud-blanko-1500x518.png 1500w, https:\/\/www.galerie-pfundt.de\/wp-content\/uploads\/2019\/09\/Baillaud-blanko-705x243.png 705w\" sizes=\"(max-width: 1532px) 100vw, 1532px\" \/><\/a><\/li><li  class=' slide-11 ' ><a href='https:\/\/www.galerie-pfundt.de\/aktuell\/kuenstler\/baillaud\/monotypien\/' data-rel='slideshow-1' class='avia-slide-wrap '   ><img decoding=\"async\" class=\"wp-image-7684 avia-img-lazy-loading-not-7684\"  src=\"https:\/\/www.galerie-pfundt.de\/wp-content\/uploads\/2019\/09\/Baillaud-MONOTYPE-EnPassant-194-b.png\" width=\"1537\" height=\"529\" title='Baillaud-MONOTYPE-EnPassant-194-b' alt=''  itemprop=\"thumbnailUrl\" srcset=\"https:\/\/www.galerie-pfundt.de\/wp-content\/uploads\/2019\/09\/Baillaud-MONOTYPE-EnPassant-194-b.png 1537w, https:\/\/www.galerie-pfundt.de\/wp-content\/uploads\/2019\/09\/Baillaud-MONOTYPE-EnPassant-194-b-600x207.png 600w, https:\/\/www.galerie-pfundt.de\/wp-content\/uploads\/2019\/09\/Baillaud-MONOTYPE-EnPassant-194-b-400x138.png 400w, https:\/\/www.galerie-pfundt.de\/wp-content\/uploads\/2019\/09\/Baillaud-MONOTYPE-EnPassant-194-b-768x264.png 768w, https:\/\/www.galerie-pfundt.de\/wp-content\/uploads\/2019\/09\/Baillaud-MONOTYPE-EnPassant-194-b-1030x355.png 1030w, https:\/\/www.galerie-pfundt.de\/wp-content\/uploads\/2019\/09\/Baillaud-MONOTYPE-EnPassant-194-b-1500x516.png 1500w, https:\/\/www.galerie-pfundt.de\/wp-content\/uploads\/2019\/09\/Baillaud-MONOTYPE-EnPassant-194-b-705x243.png 705w\" sizes=\"(max-width: 1537px) 100vw, 1537px\" \/><\/a><\/li><li  class=' slide-12 ' ><a href='https:\/\/www.galerie-pfundt.de\/aktuell\/kuenstler\/baillaud\/monotypien\/' data-rel='slideshow-1' class='avia-slide-wrap '   ><img decoding=\"async\" class=\"wp-image-7682 avia-img-lazy-loading-not-7682\"  src=\"https:\/\/www.galerie-pfundt.de\/wp-content\/uploads\/2019\/09\/Baillaud-blanko.png\" width=\"1532\" height=\"529\" title='Baillaud-blanko' alt=''  itemprop=\"thumbnailUrl\" srcset=\"https:\/\/www.galerie-pfundt.de\/wp-content\/uploads\/2019\/09\/Baillaud-blanko.png 1532w, https:\/\/www.galerie-pfundt.de\/wp-content\/uploads\/2019\/09\/Baillaud-blanko-600x207.png 600w, https:\/\/www.galerie-pfundt.de\/wp-content\/uploads\/2019\/09\/Baillaud-blanko-400x138.png 400w, https:\/\/www.galerie-pfundt.de\/wp-content\/uploads\/2019\/09\/Baillaud-blanko-768x265.png 768w, https:\/\/www.galerie-pfundt.de\/wp-content\/uploads\/2019\/09\/Baillaud-blanko-1030x356.png 1030w, https:\/\/www.galerie-pfundt.de\/wp-content\/uploads\/2019\/09\/Baillaud-blanko-1500x518.png 1500w, https:\/\/www.galerie-pfundt.de\/wp-content\/uploads\/2019\/09\/Baillaud-blanko-705x243.png 705w\" sizes=\"(max-width: 1532px) 100vw, 1532px\" \/><\/a><\/li><li  class=' slide-13 ' ><a href='https:\/\/www.galerie-pfundt.de\/aktuell\/kuenstler\/baillaud\/monotypien\/' data-rel='slideshow-1' class='avia-slide-wrap '   ><img decoding=\"async\" class=\"wp-image-7683 avia-img-lazy-loading-not-7683\"  src=\"https:\/\/www.galerie-pfundt.de\/wp-content\/uploads\/2019\/09\/Baillaud-MONOTYPE-EnPassant-193-b.png\" width=\"1535\" height=\"529\" title='Baillaud-MONOTYPE-EnPassant-193-b' alt=''  itemprop=\"thumbnailUrl\" srcset=\"https:\/\/www.galerie-pfundt.de\/wp-content\/uploads\/2019\/09\/Baillaud-MONOTYPE-EnPassant-193-b.png 1535w, https:\/\/www.galerie-pfundt.de\/wp-content\/uploads\/2019\/09\/Baillaud-MONOTYPE-EnPassant-193-b-600x207.png 600w, https:\/\/www.galerie-pfundt.de\/wp-content\/uploads\/2019\/09\/Baillaud-MONOTYPE-EnPassant-193-b-400x138.png 400w, https:\/\/www.galerie-pfundt.de\/wp-content\/uploads\/2019\/09\/Baillaud-MONOTYPE-EnPassant-193-b-768x265.png 768w, https:\/\/www.galerie-pfundt.de\/wp-content\/uploads\/2019\/09\/Baillaud-MONOTYPE-EnPassant-193-b-1030x355.png 1030w, https:\/\/www.galerie-pfundt.de\/wp-content\/uploads\/2019\/09\/Baillaud-MONOTYPE-EnPassant-193-b-1500x517.png 1500w, https:\/\/www.galerie-pfundt.de\/wp-content\/uploads\/2019\/09\/Baillaud-MONOTYPE-EnPassant-193-b-705x243.png 705w\" sizes=\"(max-width: 1535px) 100vw, 1535px\" \/><\/a><\/li><li  class=' slide-14 ' ><a href='https:\/\/www.galerie-pfundt.de\/aktuell\/kuenstler\/baillaud\/monotypien\/' data-rel='slideshow-1' class='avia-slide-wrap '   ><img decoding=\"async\" class=\"wp-image-7682 avia-img-lazy-loading-not-7682\"  src=\"https:\/\/www.galerie-pfundt.de\/wp-content\/uploads\/2019\/09\/Baillaud-blanko.png\" width=\"1532\" height=\"529\" title='Baillaud-blanko' alt=''  itemprop=\"thumbnailUrl\" srcset=\"https:\/\/www.galerie-pfundt.de\/wp-content\/uploads\/2019\/09\/Baillaud-blanko.png 1532w, https:\/\/www.galerie-pfundt.de\/wp-content\/uploads\/2019\/09\/Baillaud-blanko-600x207.png 600w, https:\/\/www.galerie-pfundt.de\/wp-content\/uploads\/2019\/09\/Baillaud-blanko-400x138.png 400w, https:\/\/www.galerie-pfundt.de\/wp-content\/uploads\/2019\/09\/Baillaud-blanko-768x265.png 768w, https:\/\/www.galerie-pfundt.de\/wp-content\/uploads\/2019\/09\/Baillaud-blanko-1030x356.png 1030w, https:\/\/www.galerie-pfundt.de\/wp-content\/uploads\/2019\/09\/Baillaud-blanko-1500x518.png 1500w, https:\/\/www.galerie-pfundt.de\/wp-content\/uploads\/2019\/09\/Baillaud-blanko-705x243.png 705w\" sizes=\"(max-width: 1532px) 100vw, 1532px\" \/><\/a><\/li><\/ul><div class='avia-slideshow-arrows avia-slideshow-controls'><a href='#prev' class='prev-slide' aria-hidden='true' data-av_icon='\ue87c' data-av_iconfont='entypo-fontello'>Zur\u00fcck<\/a><a href='#next' class='next-slide' aria-hidden='true' data-av_icon='\ue87d' data-av_iconfont='entypo-fontello'>Weiter<\/a><\/div><div class='avia-slideshow-dots avia-slideshow-controls'><a href='#1' class='goto-slide active' >1<\/a><a href='#2' class='goto-slide ' >2<\/a><a href='#3' class='goto-slide ' >3<\/a><a href='#4' class='goto-slide ' >4<\/a><a href='#5' class='goto-slide ' >5<\/a><a href='#6' class='goto-slide ' >6<\/a><a href='#7' class='goto-slide ' >7<\/a><a href='#8' class='goto-slide ' >8<\/a><a href='#9' class='goto-slide ' >9<\/a><a href='#10' class='goto-slide ' >10<\/a><a href='#11' class='goto-slide ' >11<\/a><a href='#12' class='goto-slide ' >12<\/a><a href='#13' class='goto-slide ' >13<\/a><a href='#14' class='goto-slide ' >14<\/a><\/div><\/div><\/div>\n","protected":false},"excerpt":{"rendered":"","protected":false},"author":2,"featured_media":0,"parent":14,"menu_order":0,"comment_status":"closed","ping_status":"closed","template":"","meta":{"footnotes":""},"class_list":["post-6765","page","type-page","status-publish","hentry"],"_links":{"self":[{"href":"https:\/\/www.galerie-pfundt.de\/aktuell\/wp-json\/wp\/v2\/pages\/6765","targetHints":{"allow":["GET"]}}],"collection":[{"href":"https:\/\/www.galerie-pfundt.de\/aktuell\/wp-json\/wp\/v2\/pages"}],"about":[{"href":"https:\/\/www.galerie-pfundt.de\/aktuell\/wp-json\/wp\/v2\/types\/page"}],"author":[{"embeddable":true,"href":"https:\/\/www.galerie-pfundt.de\/aktuell\/wp-json\/wp\/v2\/users\/2"}],"replies":[{"embeddable":true,"href":"https:\/\/www.galerie-pfundt.de\/aktuell\/wp-json\/wp\/v2\/comments?post=6765"}],"version-history":[{"count":0,"href":"https:\/\/www.galerie-pfundt.de\/aktuell\/wp-json\/wp\/v2\/pages\/6765\/revisions"}],"up":[{"embeddable":true,"href":"https:\/\/www.galerie-pfundt.de\/aktuell\/wp-json\/wp\/v2\/pages\/14"}],"wp:attachment":[{"href":"https:\/\/www.galerie-pfundt.de\/aktuell\/wp-json\/wp\/v2\/media?parent=6765"}],"curies":[{"name":"wp","href":"https:\/\/api.w.org\/{rel}","templated":true}]}}