{"id":7026,"date":"2019-07-10T16:51:30","date_gmt":"2019-07-10T14:51:30","guid":{"rendered":"https:\/\/www.galerie-pfundt.de\/kuenstler\/baillaud-2\/"},"modified":"2021-10-09T13:15:53","modified_gmt":"2021-10-09T11:15:53","slug":"moenster","status":"publish","type":"page","link":"https:\/\/www.galerie-pfundt.de\/aktuell\/kuenstler\/moenster\/","title":{"rendered":"Jub M\u00f6nster"},"content":{"rendered":"<div class=\"flex_column av_one_fourth  flex_column_div av-zero-column-padding first  avia-builder-el-0  el_before_av_three_fourth  avia-builder-el-first  \" style='border-radius:0px; '><p><div  class='avia-image-container  av-styling-    avia-builder-el-1  el_before_av_textblock  avia-builder-el-first  avia-align-center '  itemprop=\"image\" itemscope=\"itemscope\" itemtype=\"https:\/\/schema.org\/ImageObject\"  ><div class='avia-image-container-inner'><div class='avia-image-overlay-wrap'><img decoding=\"async\" class='wp-image-7617 avia-img-lazy-loading-not-7617 avia_image' src=\"https:\/\/www.galerie-pfundt.de\/wp-content\/uploads\/2019\/09\/Portrait_Moenster-220x220.jpg\" alt='' title='Portrait_M\u00f6nster' height=\"220\" width=\"220\"  itemprop=\"thumbnailUrl\" srcset=\"https:\/\/www.galerie-pfundt.de\/wp-content\/uploads\/2019\/09\/Portrait_Moenster-220x220.jpg 220w, https:\/\/www.galerie-pfundt.de\/wp-content\/uploads\/2019\/09\/Portrait_Moenster-100x100.jpg 100w, https:\/\/www.galerie-pfundt.de\/wp-content\/uploads\/2019\/09\/Portrait_Moenster-200x200.jpg 200w, https:\/\/www.galerie-pfundt.de\/wp-content\/uploads\/2019\/09\/Portrait_Moenster-36x36.jpg 36w, https:\/\/www.galerie-pfundt.de\/wp-content\/uploads\/2019\/09\/Portrait_Moenster-180x180.jpg 180w, https:\/\/www.galerie-pfundt.de\/wp-content\/uploads\/2019\/09\/Portrait_Moenster.jpg 378w\" sizes=\"(max-width: 220px) 100vw, 220px\" \/><\/div><\/div><\/div><br \/>\n<section class=\"av_textblock_section \"  itemscope=\"itemscope\" itemtype=\"https:\/\/schema.org\/CreativeWork\" ><div class='avia_textblock  '   itemprop=\"text\" ><h6><span style=\"color: #ffffff;\">.<\/span><\/h6>\n<h3 style=\"text-align: center;\">Jub M\u00f6nster<\/h3>\n<\/div><\/section><\/p><\/div>\n<div class=\"flex_column av_three_fourth  flex_column_div av-zero-column-padding   avia-builder-el-3  el_after_av_one_fourth  el_before_av_hr  \" style='border-radius:0px; '><p><div  class=\"tabcontainer   top_tab   avia-builder-el-4  el_before_av_video  avia-builder-el-first \" role=\"tablist\">\n\n<section class=\"av_tab_section\"  itemscope=\"itemscope\" itemtype=\"https:\/\/schema.org\/CreativeWork\" ><div aria-controls=\"tab-id-1-content\" role=\"tab\" tabindex=\"0\" data-fake-id=\"#tab-id-1\" class=\"tab active_tab\"  itemprop=\"headline\" >Vita<\/div>\n<div id=\"tab-id-1-content\" class=\"tab_content active_tab_content\" aria-hidden=\"false\">\n<div class=\"tab_inner_content invers-color\"  itemprop=\"text\" >\n<p>1949 \u00a0 \u00a0 \u00a0 \u00a0 \u00a0 \u00a0\u00a0geboren in Oldenburg<\/p>\n<p>1970-72 \u00a0 \u00a0 \u00a0 Fachoberschule f\u00fcr Gestaltung, Bremen\u00a0-Bildhauerei und Malerei-<\/p>\n<p>1972-75 \u00a0 \u00a0 \u00a0 Hochschule f\u00fcr Gestaltung, Bremen\u00a0-Malerei-<\/p>\n<p>1976 \u00a0 \u00a0 \u00a0 \u00a0 \u00a0 \u00a0 -Film-<\/p>\n<p>1978 \u00a0 \u00a0 \u00a0 \u00a0 \u00a0 \u00a0Kulturaustausch durch das Ausw\u00e4rtige Amt, Voss, Norwegen<\/p>\n<p>1980 \u00a0 \u00a0 \u00a0 \u00a0 \u00a0 \u00a0Gr\u00fcndungsmitglied der Gesellschaft f\u00fcr Aktuelle Kunst<\/p>\n<p>1983 \u00a0 \u00a0 \u00a0 \u00a0 \u00a0 \u00a0Stipendium der Stadt Wilhelmshaven<\/p>\n<p>1983 \u00a0 \u00a0 \u00a0 \u00a0 \u00a0 \u00a01. Preistr\u00e4ger Wettbewerb \u201eRadio Bremen\u201c und Ausf\u00fchrung<\/p>\n<p>1989 \u00a0 \u00a0 \u00a0 \u00a0 \u00a0 \u00a02. Preistr\u00e4ger Wettbewerb \u201eBremer Parkplatz GmbH\u201c und Ausf\u00fchrung<\/p>\n<p>1989 \u00a0 \u00a0 \u00a0 \u00a0 \u00a0 \u00a0Guest-Teaching, Kunstakademie Trondheim, Norwegen<\/p>\n<p>1991 \u00a0 \u00a0 \u00a0 \u00a0 \u00a0 \u00a0 3. Preis, Wandbemalung der Stadt Ibbenb\u00fcren<\/p>\n<p>2000 \u00a0 \u00a0 \u00a0 \u00a0 \u00a0 \u00a0Atelier-Stipendium, Vallauris, Frankreich<\/p>\n<p>2005 \u00a0 \u00a0 \u00a0 \u00a0 \u00a0 \u00a02. Preistr\u00e4ger, \u201eImke Folkerts Preis f\u00fcr bildende Kunst\u201c<\/p>\n<p>2007 \u00a0 \u00a0 \u00a0 \u00a0 \u00a0 \u00a0Atelier-Stipendium, Berlin, durch den Senator f\u00fcr Wissenschaft und Kunst,\u00a0Bremen<\/p>\n<p>2008 \u00a0 \u00a0 \u00a0 \u00a0 \u00a0 \u00a0Atelier-Stipendium auf Elba, Italien, durch die Stiftung Dr. Robert und Lina\u00a0Thyll-D\u00fcrr, Schweiz<\/p>\n<p>2010 \u00a0 \u00a0 \u00a0 \u00a0 \u00a0 \u00a0European Festival of Monumental Painting 2010, Danzig, Polen<\/p>\n<p>2016\u00a0\u00a0\u00a0\u00a0\u00a0\u00a0\u00a0\u00a0\u00a0\u00a0\u00a0 Mitglied im Deutschen K\u00fcnstlerbund e.V.<\/p>\n<div class=\"field field-type-text field-field-bio-year\"><\/div>\n\n<\/div>\n<\/div>\n<\/section>\n\n<section class=\"av_tab_section\"  itemscope=\"itemscope\" itemtype=\"https:\/\/schema.org\/CreativeWork\" ><div aria-controls=\"tab-id-2-content\" role=\"tab\" tabindex=\"0\" data-fake-id=\"#tab-id-2\" class=\"tab \"  itemprop=\"headline\" >Ausstellungen der letzten Jahre (Auswahl)<\/div>\n<div id=\"tab-id-2-content\" class=\"tab_content \" aria-hidden=\"true\">\n<div class=\"tab_inner_content invers-color\"  itemprop=\"text\" >\n<p>2020 \u00a0 \u00a0 \u00a0 Galerie Pfundt, Berlin; \u00a0Galerie Kramer, Bremen; Galerie M\u00fchlfeld &amp; Stohrer, Frankfurt am Main; Bomann Museum, Celle; Kunsthaus Marburg; Kunstverein Potsdam; Galerie Klose, Essen<\/p>\n<p>2019 \u00a0 \u00a0 \u00a0 \u00a0Neuerwerbungen Artothek, Oldenburg; \u00a0Syker Vorwerk, Syke; \u00a0Kunstverein Potsdam; \u00a0Galerie Moderne, Bad Zwischenahn; Galerie Schemm, M\u00fcnster; Kunstverein Eschwege; Haus der Kunst, Graz; Galerie G\u00f6ttinger Verlag der Kunst; Dt. K\u00fcnstlerbund, Berlin; Stadtmuseum Oldenburg; Galerie Holthoff-Makross, Hamburg; Artdocks, Bremen; Galerie Pfundt, Berlin<\/p>\n<p>2018 \u00a0 \u00a0 \u00a0 \u00a0Galerie Moderne, Bad Zwischenahn, \u00a0Galerie Gerlach, Sottrum, \u00a0Galerie Klose, Essen, \u00a0Kunstverein Rotenburg, Rotenburg, \u00a0Galerie M\u00fchlfeld &amp; Stohrer, Frankfurt, \u00a0&#8218;Kein Thema II&#8216;, Kunstverein Potsdam, \u00a021st Edition&#8216;, Holthoff-Mokross Galerie, Hamburg, \u00a0&#8218;Sightzeichen 18&#8216;, Galerie Klose, Essen, \u00a0Galerie Lendl, Graz, \u00d6sterreich<\/p>\n<p>2017 \u00a0 \u00a0 \u00a0 \u00a0Galerie Kramer, Bremen, \u00a0Galerie Holthoff-Mokross, Hamburg, \u00a0Artfein Gallery, Berlin, \u00a0Galerie Gerlach, Sottrum, \u00a0&#8218;Sightzeichen 17&#8216;, Galerie Klose, Essen, \u00a016 Jahre Galerie M\u00fchlfeld &amp; Stohrer, Frankfurt a.\/M., \u00a0Galerie K\u00fchn, Lilienthal, \u00a0&#8218;Lichtenberg Reloaded&#8216;, Altes Rathaus, G\u00f6ttingen, \u00a0&#8218;Open Call&#8216;, FAQ, Bremen<\/p>\n<p>2016 \u00a0 \u00a0 \u00a0 \u00a0&#8218;Doppeldotter&#8216;, Kunstverein Potsdam, \u00a0Galerie Wildeshausen, \u00a0Werkstatt-Galerie, Gelsenkirchen, \u00a0&#8218;Sightzeichen 16&#8216;, Galerie Klose, Essen, \u00a0Paper Works, Holthoff-Mokross Galerie, Hamburg, \u00a0&#8218;Lichtenberg Reloaded&#8216;, Romantikerhaus, Jena, \u00a015 Jahre Galerie M\u00fchlfeld &amp; Stohrer, Frankfurt a.\/M., \u00a0Galerie K\u00fchn, Lilienthal, \u00a0ART Z\u00dcRICH, Galerie M\u00fchlfeld &amp; Stohrer, Frankfurt a.\/M.<\/p>\n<p>2015 \u00a0 \u00a0 \u00a0 \u00a0&#8218;Gaz de Paris&#8216;, Antiquariat und Galerie, \u00a0&#8218;Seitenblick&#8216;, Bremen, \u00a0&#8218;M\u00f6rtelmaker&#8216;, &#8211; tempor\u00e4re Installation, Hamburg, \u00a0Beringstra\u00dfe 38, Galerie, \u00a0Holthoff-Mokross, Hamburg, \u00a0Jahresgaben, Kunstverein Potsdam, \u00a0&#8218;Lichtenberg-Reloaded&#8216;, Wilhelm-Busch-Museum, Hannover, \u00a0&#8218;Hidden-Heroes&#8216;, Dublin, Castle Coach House, Ireland, \u00a0&#8218;Lichtenbeg-Reloaded&#8216;, kunsthalle Marburg, \u00a0Arbeiten aus dem Magazin der Sammlung St\u00e4dtische Galerie Bremen,\u00a0Gebr\u00fcder Wright Galerie, Bremen, \u00a0&#8218;Sommer \u2013 Nacht \u2013 Traum&#8216;, Sammlung Kl\u00f6cker, Museum Sinclair-Haus,\u00a0Bad Homburg, \u00a0&#8218;Why so serious&#8216;, Galerie Kramer, Bremen, \u00a0&#8218;Hidden Heroes&#8216;, Lodz Art Center, Polen, \u00a0&#8218;Raumstationen&#8216;, Galerie vom Zufall und vom Gl\u00fcck, Hannover, \u00a0Galerie K\u00fchn, Lilienthal<\/p>\n<p>2014 \u00a0 \u00a0 \u00a0 \u00a0Art Unit Galerie, D\u00fcsseldorf, \u00a0Galerie Holthoff-Mokross, Hamburg<\/p>\n<p>2013 \u00a0 \u00a0 \u00a0 \u00a0Galerie Kulturboden, Scharnebeck, \u00a0Villa Ichon, Bremen, \u00a0Galerie M\u00fchlfeld &amp; Stohrer, Frankfurt, \u00a0&#8218;899 km Bremen \u2013 Salzburg&#8216;, Tr\u00e4nklehaus, Salzburg, \u00d6sterreich, \u00a0&#8218;Art Karksruhe&#8216;, Galerie M\u00fchlfeld &amp; Stohrer, Frankfurt a.\/M., \u00a0&#8218;Frauen \u2013 Liebe und Leben&#8216;, Sammlung Kl\u00f6cker, LehmbruckMuseum,\u00a0Duisburg, \u00a0&#8218;Hidden Heroes&#8216;, MIT Museum, Massachusetts, USA, \u00a0Artdocks, Bremen, \u00a0&#8218;On the Road&#8216;, Galerie Klose, Essen, \u00a0&#8218;Der Norden im S\u00fcden&#8216;, Schloss Adelsheim, Berchtesgaden,\u00a0&#8218;Hidden Heroes&#8216;, Museum of Art, San Jos\u00e9, California, USA, \u00a0\u00a0&#8218;Greenart 2&#8216;, Landesmuseum f\u00fcr Kunst und Kulturgeschichte,\u00a0Oldenburger Schloss, \u00a0Galerie K\u00fchn, Lilienthal<\/p>\n\n<\/div>\n<\/div>\n<\/section>\n\n<\/div>\n<br \/>\n<div  class='avia-video avia-video-16-9   av-lazyload-immediate  av-lazyload-video-embed  '   itemprop=\"video\" itemtype=\"https:\/\/schema.org\/VideoObject\"  data-original_url='https:\/\/www.dailymotion.com\/video\/x7t91o7' ><script type='text\/html' class='av-video-tmpl'><div class='avia-iframe-wrap'><iframe loading=\"lazy\" title=\"12 Tage mit Jub M\u00f6nster\" frameborder=\"0\" width=\"1500\" height=\"833\" src=\"https:\/\/www.dailymotion.com\/embed\/video\/x7t91o7\" allowfullscreen allow=\"autoplay\"><\/iframe><\/div><\/script><div class='av-click-to-play-overlay'><div class=\"avia_playpause_icon\"><\/div><\/div><\/div><\/p><\/div><div   class='hr hr-default   avia-builder-el-6  el_after_av_three_fourth  el_before_av_one_half '><span class='hr-inner ' ><span class='hr-inner-style'><\/span><\/span><\/div><\/p>\n<div class=\"flex_column av_one_half  flex_column_div av-zero-column-padding first  avia-builder-el-7  el_after_av_hr  el_before_av_one_half  \" style='border-radius:0px; '><div  class='avia-image-container  av-styling- av-hover-grow av-hide-overflow   avia-builder-el-8  avia-builder-el-no-sibling  avia-align-center '  itemprop=\"image\" itemscope=\"itemscope\" itemtype=\"https:\/\/schema.org\/ImageObject\"  ><div class='avia-image-container-inner'><div class='avia-image-overlay-wrap'><a href='https:\/\/www.galerie-pfundt.de\/aktuell\/kuenstler\/moenster\/tristan-1\/' class='avia_image'  ><img decoding=\"async\" width=\"600\" height=\"596\" class='wp-image-15271 avia-img-lazy-loading-not-15271 avia_image' src=\"https:\/\/www.galerie-pfundt.de\/wp-content\/uploads\/2020\/11\/Moenster-TristansTod-1_2017_Cartier-Rot-KugelschreiberAufGessoBoard_40x40-600x596.jpg\" alt='' title='M\u00f6nster-TristansTod (1)_2017_Cartier-Rot-KugelschreiberAufGessoBoard,_40x40'  itemprop=\"thumbnailUrl\" srcset=\"https:\/\/www.galerie-pfundt.de\/wp-content\/uploads\/2020\/11\/Moenster-TristansTod-1_2017_Cartier-Rot-KugelschreiberAufGessoBoard_40x40-600x596.jpg 600w, https:\/\/www.galerie-pfundt.de\/wp-content\/uploads\/2020\/11\/Moenster-TristansTod-1_2017_Cartier-Rot-KugelschreiberAufGessoBoard_40x40-100x100.jpg 100w, https:\/\/www.galerie-pfundt.de\/wp-content\/uploads\/2020\/11\/Moenster-TristansTod-1_2017_Cartier-Rot-KugelschreiberAufGessoBoard_40x40-400x398.jpg 400w, https:\/\/www.galerie-pfundt.de\/wp-content\/uploads\/2020\/11\/Moenster-TristansTod-1_2017_Cartier-Rot-KugelschreiberAufGessoBoard_40x40-220x220.jpg 220w, https:\/\/www.galerie-pfundt.de\/wp-content\/uploads\/2020\/11\/Moenster-TristansTod-1_2017_Cartier-Rot-KugelschreiberAufGessoBoard_40x40-768x763.jpg 768w, https:\/\/www.galerie-pfundt.de\/wp-content\/uploads\/2020\/11\/Moenster-TristansTod-1_2017_Cartier-Rot-KugelschreiberAufGessoBoard_40x40-36x36.jpg 36w, https:\/\/www.galerie-pfundt.de\/wp-content\/uploads\/2020\/11\/Moenster-TristansTod-1_2017_Cartier-Rot-KugelschreiberAufGessoBoard_40x40-180x180.jpg 180w, https:\/\/www.galerie-pfundt.de\/wp-content\/uploads\/2020\/11\/Moenster-TristansTod-1_2017_Cartier-Rot-KugelschreiberAufGessoBoard_40x40-705x701.jpg 705w, https:\/\/www.galerie-pfundt.de\/wp-content\/uploads\/2020\/11\/Moenster-TristansTod-1_2017_Cartier-Rot-KugelschreiberAufGessoBoard_40x40.jpg 1186w\" sizes=\"(max-width: 600px) 100vw, 600px\" \/><\/a><\/div><\/div><\/div><\/div>\n<div class=\"flex_column av_one_half  flex_column_div av-zero-column-padding   avia-builder-el-9  el_after_av_one_half  el_before_av_hr  \" style='border-radius:0px; '><div  class='avia-image-container  av-styling- av-hover-grow av-hide-overflow   avia-builder-el-10  avia-builder-el-no-sibling  avia-align-center '  itemprop=\"image\" itemscope=\"itemscope\" itemtype=\"https:\/\/schema.org\/ImageObject\"  ><div class='avia-image-container-inner'><div class='avia-image-overlay-wrap'><a href='https:\/\/www.galerie-pfundt.de\/aktuell\/kuenstler\/moenster\/tristan-2\/' class='avia_image'  ><img decoding=\"async\" width=\"597\" height=\"600\" class='wp-image-15273 avia-img-lazy-loading-not-15273 avia_image' src=\"https:\/\/www.galerie-pfundt.de\/wp-content\/uploads\/2020\/11\/Moenster-TristansTod-2_2017_Cartier-Rot-KugelschreiberAufGessoBoard_40x40-597x600.jpg\" alt='' title='M\u00f6nster-TristansTod (2)_2017_Cartier-Rot-KugelschreiberAufGessoBoard,_40x40'  itemprop=\"thumbnailUrl\" srcset=\"https:\/\/www.galerie-pfundt.de\/wp-content\/uploads\/2020\/11\/Moenster-TristansTod-2_2017_Cartier-Rot-KugelschreiberAufGessoBoard_40x40-597x600.jpg 597w, https:\/\/www.galerie-pfundt.de\/wp-content\/uploads\/2020\/11\/Moenster-TristansTod-2_2017_Cartier-Rot-KugelschreiberAufGessoBoard_40x40-100x100.jpg 100w, https:\/\/www.galerie-pfundt.de\/wp-content\/uploads\/2020\/11\/Moenster-TristansTod-2_2017_Cartier-Rot-KugelschreiberAufGessoBoard_40x40-600x603.jpg 600w, https:\/\/www.galerie-pfundt.de\/wp-content\/uploads\/2020\/11\/Moenster-TristansTod-2_2017_Cartier-Rot-KugelschreiberAufGessoBoard_40x40-398x400.jpg 398w, https:\/\/www.galerie-pfundt.de\/wp-content\/uploads\/2020\/11\/Moenster-TristansTod-2_2017_Cartier-Rot-KugelschreiberAufGessoBoard_40x40-220x220.jpg 220w, https:\/\/www.galerie-pfundt.de\/wp-content\/uploads\/2020\/11\/Moenster-TristansTod-2_2017_Cartier-Rot-KugelschreiberAufGessoBoard_40x40-768x772.jpg 768w, https:\/\/www.galerie-pfundt.de\/wp-content\/uploads\/2020\/11\/Moenster-TristansTod-2_2017_Cartier-Rot-KugelschreiberAufGessoBoard_40x40-36x36.jpg 36w, https:\/\/www.galerie-pfundt.de\/wp-content\/uploads\/2020\/11\/Moenster-TristansTod-2_2017_Cartier-Rot-KugelschreiberAufGessoBoard_40x40-180x180.jpg 180w, https:\/\/www.galerie-pfundt.de\/wp-content\/uploads\/2020\/11\/Moenster-TristansTod-2_2017_Cartier-Rot-KugelschreiberAufGessoBoard_40x40-701x705.jpg 701w, https:\/\/www.galerie-pfundt.de\/wp-content\/uploads\/2020\/11\/Moenster-TristansTod-2_2017_Cartier-Rot-KugelschreiberAufGessoBoard_40x40.jpg 1173w\" sizes=\"(max-width: 597px) 100vw, 597px\" \/><\/a><\/div><\/div><\/div><\/div>\n<div   class='hr hr-default   avia-builder-el-11  el_after_av_one_half  el_before_av_one_third '><span class='hr-inner ' ><span class='hr-inner-style'><\/span><\/span><\/div>\n<div class=\"flex_column av_one_third  flex_column_div av-zero-column-padding first  avia-builder-el-12  el_after_av_hr  el_before_av_one_third  \" style='border-radius:0px; '><\/div>\n<div class=\"flex_column av_one_third  flex_column_div av-zero-column-padding   avia-builder-el-13  el_after_av_one_third  el_before_av_one_third  \" style='border-radius:0px; '><div  class='avia-image-container  av-styling-    avia-builder-el-14  avia-builder-el-no-sibling  avia-align-center '  itemprop=\"image\" itemscope=\"itemscope\" itemtype=\"https:\/\/schema.org\/ImageObject\"  ><div class='avia-image-container-inner'><div class='avia-image-overlay-wrap'><a href='https:\/\/www.galerie-pfundt.de\/aktuell\/kuenstler\/moenster\/eisig\/' class='avia_image'  ><img decoding=\"async\" width=\"298\" height=\"400\" class='wp-image-16637 avia-img-lazy-loading-not-16637 avia_image' src=\"https:\/\/www.galerie-pfundt.de\/wp-content\/uploads\/2021\/01\/Moenster-Eisig_2017_OaL_235x175-298x400.jpg\" alt='' title='Moenster-Eisig_2017_OaL_23,5x17,5'  itemprop=\"thumbnailUrl\" srcset=\"https:\/\/www.galerie-pfundt.de\/wp-content\/uploads\/2021\/01\/Moenster-Eisig_2017_OaL_235x175-298x400.jpg 298w, https:\/\/www.galerie-pfundt.de\/wp-content\/uploads\/2021\/01\/Moenster-Eisig_2017_OaL_235x175-600x805.jpg 600w, https:\/\/www.galerie-pfundt.de\/wp-content\/uploads\/2021\/01\/Moenster-Eisig_2017_OaL_235x175-768x1031.jpg 768w, https:\/\/www.galerie-pfundt.de\/wp-content\/uploads\/2021\/01\/Moenster-Eisig_2017_OaL_235x175-525x705.jpg 525w, https:\/\/www.galerie-pfundt.de\/wp-content\/uploads\/2021\/01\/Moenster-Eisig_2017_OaL_235x175.jpg 845w\" sizes=\"(max-width: 298px) 100vw, 298px\" \/><\/a><\/div><\/div><\/div><\/div>\n<div class=\"flex_column av_one_third  flex_column_div av-zero-column-padding   avia-builder-el-15  el_after_av_one_third  el_before_av_one_third  \" style='border-radius:0px; '><div  class='avia-image-container  av-styling-    avia-builder-el-16  avia-builder-el-no-sibling  avia-align-center '  itemprop=\"image\" itemscope=\"itemscope\" itemtype=\"https:\/\/schema.org\/ImageObject\"  ><div class='avia-image-container-inner'><div class='avia-image-overlay-wrap'><a href='https:\/\/www.galerie-pfundt.de\/aktuell\/kuenstler\/moenster\/hochwasser\/' class='avia_image'  ><img decoding=\"async\" width=\"318\" height=\"400\" class='wp-image-8594 avia-img-lazy-loading-not-8594 avia_image' src=\"https:\/\/www.galerie-pfundt.de\/wp-content\/uploads\/2019\/12\/48-Hochwasser-Oel-auf-Rollo-Stoff-294-x-235-cm-2015-Kopie-Kopie-e1584622173833-318x400.jpg\" alt='' title='M\u00f6nster-Hochwasser_2015_OelAufRollo-Stoff_29,4x23,5'  itemprop=\"thumbnailUrl\" srcset=\"https:\/\/www.galerie-pfundt.de\/wp-content\/uploads\/2019\/12\/48-Hochwasser-Oel-auf-Rollo-Stoff-294-x-235-cm-2015-Kopie-Kopie-e1584622173833-318x400.jpg 318w, https:\/\/www.galerie-pfundt.de\/wp-content\/uploads\/2019\/12\/48-Hochwasser-Oel-auf-Rollo-Stoff-294-x-235-cm-2015-Kopie-Kopie-e1584622173833-450x566.jpg 450w, https:\/\/www.galerie-pfundt.de\/wp-content\/uploads\/2019\/12\/48-Hochwasser-Oel-auf-Rollo-Stoff-294-x-235-cm-2015-Kopie-Kopie-e1584622173833.jpg 528w\" sizes=\"(max-width: 318px) 100vw, 318px\" \/><\/a><\/div><\/div><\/div><\/div>\n<div class=\"flex_column av_one_third  flex_column_div av-zero-column-padding first  avia-builder-el-17  el_after_av_one_third  el_before_av_one_third  column-top-margin\" style='border-radius:0px; '><p><section class=\"av_textblock_section \"  itemscope=\"itemscope\" itemtype=\"https:\/\/schema.org\/CreativeWork\" ><div class='avia_textblock  av_inherit_color '  style='color:#eeee22; '  itemprop=\"text\" ><p><strong>Bitte informieren Sie mich k\u00fcnftig per E-Mail \u00fcber Neuigkeiten.<\/strong><\/p>\n<\/div><\/section><br \/>\n<form action=\"https:\/\/www.galerie-pfundt.de\/aktuell\/kuenstler\/moenster\/\" method=\"post\"  data-av-custom-send='mailchimp_send' class=\"avia_ajax_form av-form-labels-hidden   avia-builder-el-19  el_after_av_textblock  avia-builder-el-last  av-custom-form-color av-dark-form avia-mailchimp-form \" data-avia-form-id=\"1\" data-avia-redirect='' ><fieldset><p class='  first_form  form_element form_fullwidth' id='element_avia_0_1'><label for=\"avia_0_1\">E-Mail-Adresse <abbr class=\"required\" title=\"ben\u00f6tigt\">*<\/abbr><\/label> <input name=\"avia_0_1\" class=\"text_input is_email\" type=\"text\" id=\"avia_0_1\" value=\"\"  placeholder='E-Mail-Adresse*'\/><\/p><p class='  first_form  form_element form_fullwidth' id='element_avia_2_1'><label for=\"avia_2_1\">Name<\/label> <input name=\"avia_2_1\" class=\"text_input \" type=\"text\" id=\"avia_2_1\" value=\"\"  placeholder='Name'\/><\/p><p class=\"form_element  first_form  form_element form_fullwidth av-last-visible-form-element modified_width\"><input type=\"hidden\" value=\"1\" name=\"avia_generated_form1\" \/><input type=\"submit\" value=\"Abonnieren\" class=\"button\"  data-sending-label=\"Sende\"\/><\/p><p class=\"hidden\"><input type=\"text\" name=\"avia_avia_username_1\" class=\"hidden \" id=\"avia_avia_username_1\" value=\"\" \/><\/p><\/fieldset><\/form><div id=\"ajaxresponse_1\" class=\"ajaxresponse ajaxresponse_1 hidden\"><\/div><\/p><\/div>\n<div class=\"flex_column av_one_third  flex_column_div av-zero-column-padding   avia-builder-el-20  el_after_av_one_third  el_before_av_one_third  column-top-margin\" style='border-radius:0px; '><div  class='avia-image-container  av-styling-    avia-builder-el-21  avia-builder-el-no-sibling  avia-align-center '  itemprop=\"image\" itemscope=\"itemscope\" itemtype=\"https:\/\/schema.org\/ImageObject\"  ><div class='avia-image-container-inner'><div class='avia-image-overlay-wrap'><a href='https:\/\/www.galerie-pfundt.de\/aktuell\/kuenstler\/moenster\/eissel\/' class='avia_image'  ><img decoding=\"async\" width=\"400\" height=\"317\" class='wp-image-8595 avia-img-lazy-loading-not-8595 avia_image' src=\"https:\/\/www.galerie-pfundt.de\/wp-content\/uploads\/2019\/12\/49-Wasser-u\u00cc\u0088ber-Eissel-Oel-auf-Rollo-Stoff-235-x-295-cm-2014-Kopie-e1584622208586-400x317.jpg\" alt='' title='M\u00f6nster-WasserUeberEissel_2014_OelAufRollo-Stoff_23,5x 29,5'  itemprop=\"thumbnailUrl\" srcset=\"https:\/\/www.galerie-pfundt.de\/wp-content\/uploads\/2019\/12\/49-Wasser-u\u00cc\u0088ber-Eissel-Oel-auf-Rollo-Stoff-235-x-295-cm-2014-Kopie-e1584622208586-400x317.jpg 400w, https:\/\/www.galerie-pfundt.de\/wp-content\/uploads\/2019\/12\/49-Wasser-u\u00cc\u0088ber-Eissel-Oel-auf-Rollo-Stoff-235-x-295-cm-2014-Kopie-e1584622208586-600x476.jpg 600w, https:\/\/www.galerie-pfundt.de\/wp-content\/uploads\/2019\/12\/49-Wasser-u\u00cc\u0088ber-Eissel-Oel-auf-Rollo-Stoff-235-x-295-cm-2014-Kopie-e1584622208586.jpg 662w\" sizes=\"(max-width: 400px) 100vw, 400px\" \/><\/a><\/div><\/div><\/div><\/div>\n<div class=\"flex_column av_one_third  flex_column_div av-zero-column-padding   avia-builder-el-22  el_after_av_one_third  el_before_av_one_third  column-top-margin\" style='border-radius:0px; '><div  class='avia-image-container  av-styling-    avia-builder-el-23  avia-builder-el-no-sibling  avia-align-center '  itemprop=\"image\" itemscope=\"itemscope\" itemtype=\"https:\/\/schema.org\/ImageObject\"  ><div class='avia-image-container-inner'><div class='avia-image-overlay-wrap'><a href='https:\/\/www.galerie-pfundt.de\/aktuell\/kuenstler\/moenster\/grenz-erfahrung\/' class='avia_image'  ><img decoding=\"async\" width=\"600\" height=\"667\" class='wp-image-8596 avia-img-lazy-loading-not-8596 avia_image' src=\"https:\/\/www.galerie-pfundt.de\/wp-content\/uploads\/2019\/12\/50-Grenz-Erfahrung-Oel-auf-Leinen-30-x-27-cm-2017-e1584622240708.jpg\" alt='' title='M\u00f6nster-Grenz-Erfahrung_2017_OelAufLeinen_30x27'  itemprop=\"thumbnailUrl\" srcset=\"https:\/\/www.galerie-pfundt.de\/wp-content\/uploads\/2019\/12\/50-Grenz-Erfahrung-Oel-auf-Leinen-30-x-27-cm-2017-e1584622240708.jpg 600w, https:\/\/www.galerie-pfundt.de\/wp-content\/uploads\/2019\/12\/50-Grenz-Erfahrung-Oel-auf-Leinen-30-x-27-cm-2017-e1584622240708-360x400.jpg 360w, https:\/\/www.galerie-pfundt.de\/wp-content\/uploads\/2019\/12\/50-Grenz-Erfahrung-Oel-auf-Leinen-30-x-27-cm-2017-e1584622240708-450x500.jpg 450w\" sizes=\"(max-width: 600px) 100vw, 600px\" \/><\/a><\/div><\/div><\/div><\/div>\n<div class=\"flex_column av_one_third  flex_column_div av-zero-column-padding first  avia-builder-el-24  el_after_av_one_third  el_before_av_one_third  column-top-margin\" style='border-radius:0px; '><div  class='avia-image-container  av-styling-    avia-builder-el-25  avia-builder-el-no-sibling  avia-align-center '  itemprop=\"image\" itemscope=\"itemscope\" itemtype=\"https:\/\/schema.org\/ImageObject\"  ><div class='avia-image-container-inner'><div class='avia-image-overlay-wrap'><a href='https:\/\/www.galerie-pfundt.de\/aktuell\/kuenstler\/moenster\/petit_bar\/' class='avia_image'  ><img decoding=\"async\" width=\"287\" height=\"400\" class='wp-image-8593 avia-img-lazy-loading-not-8593 avia_image' src=\"https:\/\/www.galerie-pfundt.de\/wp-content\/uploads\/2019\/12\/LE-PETIT-BAR-Kugelschreiber-auf-Resopal-15-x-21-cm-2019-Kopie-1-e1584622138335-287x400.jpg\" alt='' title='M\u00f6nster-LePetitBar_2019_Kugelschreiber auf Resopal_15x21'  itemprop=\"thumbnailUrl\" srcset=\"https:\/\/www.galerie-pfundt.de\/wp-content\/uploads\/2019\/12\/LE-PETIT-BAR-Kugelschreiber-auf-Resopal-15-x-21-cm-2019-Kopie-1-e1584622138335-287x400.jpg 287w, https:\/\/www.galerie-pfundt.de\/wp-content\/uploads\/2019\/12\/LE-PETIT-BAR-Kugelschreiber-auf-Resopal-15-x-21-cm-2019-Kopie-1-e1584622138335-600x836.jpg 600w, https:\/\/www.galerie-pfundt.de\/wp-content\/uploads\/2019\/12\/LE-PETIT-BAR-Kugelschreiber-auf-Resopal-15-x-21-cm-2019-Kopie-1-e1584622138335-506x705.jpg 506w, https:\/\/www.galerie-pfundt.de\/wp-content\/uploads\/2019\/12\/LE-PETIT-BAR-Kugelschreiber-auf-Resopal-15-x-21-cm-2019-Kopie-1-e1584622138335.jpg 612w\" sizes=\"(max-width: 287px) 100vw, 287px\" \/><\/a><\/div><\/div><\/div><\/div>\n<div class=\"flex_column av_one_third  flex_column_div av-zero-column-padding   avia-builder-el-26  el_after_av_one_third  el_before_av_one_third  column-top-margin\" style='border-radius:0px; '><div  class='avia-image-container  av-styling-    avia-builder-el-27  avia-builder-el-no-sibling  avia-align-center '  itemprop=\"image\" itemscope=\"itemscope\" itemtype=\"https:\/\/schema.org\/ImageObject\"  ><div class='avia-image-container-inner'><div class='avia-image-overlay-wrap'><a href='https:\/\/www.galerie-pfundt.de\/aktuell\/kuenstler\/moenster\/mauvais_garcons\/' class='avia_image'  ><img decoding=\"async\" width=\"282\" height=\"400\" class='wp-image-8592 avia-img-lazy-loading-not-8592 avia_image' src=\"https:\/\/www.galerie-pfundt.de\/wp-content\/uploads\/2019\/12\/BAR-DES-MAUVAIS-GARC\u00cc\u00a7ONS-Kugelschreiber-auf-Resopal-15-x-21-cm-2019-1-e1584622093675-282x400.jpg\" alt='' title='M\u00f6nster-BarDesMauvaisGarcons_2019_KugelschreiberAufResopal_15x21'  itemprop=\"thumbnailUrl\" srcset=\"https:\/\/www.galerie-pfundt.de\/wp-content\/uploads\/2019\/12\/BAR-DES-MAUVAIS-GARC\u00cc\u00a7ONS-Kugelschreiber-auf-Resopal-15-x-21-cm-2019-1-e1584622093675-282x400.jpg 282w, https:\/\/www.galerie-pfundt.de\/wp-content\/uploads\/2019\/12\/BAR-DES-MAUVAIS-GARC\u00cc\u00a7ONS-Kugelschreiber-auf-Resopal-15-x-21-cm-2019-1-e1584622093675-600x851.jpg 600w, https:\/\/www.galerie-pfundt.de\/wp-content\/uploads\/2019\/12\/BAR-DES-MAUVAIS-GARC\u00cc\u00a7ONS-Kugelschreiber-auf-Resopal-15-x-21-cm-2019-1-e1584622093675-497x705.jpg 497w, https:\/\/www.galerie-pfundt.de\/wp-content\/uploads\/2019\/12\/BAR-DES-MAUVAIS-GARC\u00cc\u00a7ONS-Kugelschreiber-auf-Resopal-15-x-21-cm-2019-1-e1584622093675.jpg 612w\" sizes=\"(max-width: 282px) 100vw, 282px\" \/><\/a><\/div><\/div><\/div><\/div>\n<div class=\"flex_column av_one_third  flex_column_div av-zero-column-padding   avia-builder-el-28  el_after_av_one_third  el_before_av_one_third  column-top-margin\" style='border-radius:0px; '><\/div>\n<div class=\"flex_column av_one_third  flex_column_div av-zero-column-padding first  avia-builder-el-29  el_after_av_one_third  el_before_av_one_third  column-top-margin\" style='border-radius:0px; '><div  class='avia-image-container  av-styling-    avia-builder-el-30  avia-builder-el-no-sibling  avia-align-center '  itemprop=\"image\" itemscope=\"itemscope\" itemtype=\"https:\/\/schema.org\/ImageObject\"  ><div class='avia-image-container-inner'><div class='avia-image-overlay-wrap'><a href='https:\/\/www.galerie-pfundt.de\/aktuell\/kuenstler\/moenster\/camenna\/' class='avia_image'  ><img decoding=\"async\" width=\"400\" height=\"333\" class='wp-image-8591 avia-img-lazy-loading-not-8591 avia_image' src=\"https:\/\/www.galerie-pfundt.de\/wp-content\/uploads\/2019\/12\/Tanzbar-Hotel-Carmenna-Arosa-Kugelschreiber-auf-lackierter-Hartfaser-50-x-60-cm-2016-400x333.jpg\" alt='' title='M\u00f6nster-TanzbarHotelCarmennaArosa_2016_KugelschreiberAufLackierterHartfaser_50x60'  itemprop=\"thumbnailUrl\" srcset=\"https:\/\/www.galerie-pfundt.de\/wp-content\/uploads\/2019\/12\/Tanzbar-Hotel-Carmenna-Arosa-Kugelschreiber-auf-lackierter-Hartfaser-50-x-60-cm-2016-400x333.jpg 400w, https:\/\/www.galerie-pfundt.de\/wp-content\/uploads\/2019\/12\/Tanzbar-Hotel-Carmenna-Arosa-Kugelschreiber-auf-lackierter-Hartfaser-50-x-60-cm-2016-600x500.jpg 600w, https:\/\/www.galerie-pfundt.de\/wp-content\/uploads\/2019\/12\/Tanzbar-Hotel-Carmenna-Arosa-Kugelschreiber-auf-lackierter-Hartfaser-50-x-60-cm-2016-768x640.jpg 768w, https:\/\/www.galerie-pfundt.de\/wp-content\/uploads\/2019\/12\/Tanzbar-Hotel-Carmenna-Arosa-Kugelschreiber-auf-lackierter-Hartfaser-50-x-60-cm-2016-705x588.jpg 705w, https:\/\/www.galerie-pfundt.de\/wp-content\/uploads\/2019\/12\/Tanzbar-Hotel-Carmenna-Arosa-Kugelschreiber-auf-lackierter-Hartfaser-50-x-60-cm-2016.jpg 992w\" sizes=\"(max-width: 400px) 100vw, 400px\" \/><\/a><\/div><\/div><\/div><\/div>\n<div class=\"flex_column av_one_third  flex_column_div av-zero-column-padding   avia-builder-el-31  el_after_av_one_third  el_before_av_one_third  column-top-margin\" style='border-radius:0px; '><div  class='avia-image-container  av-styling-    avia-builder-el-32  avia-builder-el-no-sibling  avia-align-center '  itemprop=\"image\" itemscope=\"itemscope\" itemtype=\"https:\/\/schema.org\/ImageObject\"  ><div class='avia-image-container-inner'><div class='avia-image-overlay-wrap'><a href='https:\/\/www.galerie-pfundt.de\/aktuell\/kuenstler\/moenster\/haus_altmarkt\/' class='avia_image'  ><img decoding=\"async\" width=\"400\" height=\"330\" class='wp-image-8590 avia-img-lazy-loading-not-8590 avia_image' src=\"https:\/\/www.galerie-pfundt.de\/wp-content\/uploads\/2019\/12\/Tanzbar-Haus-Altmarkt-Dresden-Kugelschreiber-auf-lackierter-Hartfaser-50-x-60-cm-2016-Kopie-1-400x330.jpg\" alt='' title='M\u00f6nster-TanzbarHausAltmarktDresden_2016_KugelschreiberAufLackierterHartfaser_50x60'  itemprop=\"thumbnailUrl\" srcset=\"https:\/\/www.galerie-pfundt.de\/wp-content\/uploads\/2019\/12\/Tanzbar-Haus-Altmarkt-Dresden-Kugelschreiber-auf-lackierter-Hartfaser-50-x-60-cm-2016-Kopie-1-400x330.jpg 400w, https:\/\/www.galerie-pfundt.de\/wp-content\/uploads\/2019\/12\/Tanzbar-Haus-Altmarkt-Dresden-Kugelschreiber-auf-lackierter-Hartfaser-50-x-60-cm-2016-Kopie-1-600x495.jpg 600w, https:\/\/www.galerie-pfundt.de\/wp-content\/uploads\/2019\/12\/Tanzbar-Haus-Altmarkt-Dresden-Kugelschreiber-auf-lackierter-Hartfaser-50-x-60-cm-2016-Kopie-1-768x634.jpg 768w, https:\/\/www.galerie-pfundt.de\/wp-content\/uploads\/2019\/12\/Tanzbar-Haus-Altmarkt-Dresden-Kugelschreiber-auf-lackierter-Hartfaser-50-x-60-cm-2016-Kopie-1-705x582.jpg 705w, https:\/\/www.galerie-pfundt.de\/wp-content\/uploads\/2019\/12\/Tanzbar-Haus-Altmarkt-Dresden-Kugelschreiber-auf-lackierter-Hartfaser-50-x-60-cm-2016-Kopie-1.jpg 992w\" sizes=\"(max-width: 400px) 100vw, 400px\" \/><\/a><\/div><\/div><\/div><\/div>\n<div class=\"flex_column av_one_third  flex_column_div av-zero-column-padding   avia-builder-el-33  el_after_av_one_third  el_before_av_one_third  column-top-margin\" style='border-radius:0px; '><\/div>\n<div class=\"flex_column av_one_third  flex_column_div av-zero-column-padding first  avia-builder-el-34  el_after_av_one_third  el_before_av_three_fifth  column-top-margin\" style='background: #ffffff; background-color:#ffffff; border-radius:0px; '><\/div>\n<div class=\"flex_column av_three_fifth  flex_column_div av-zero-column-padding   avia-builder-el-35  el_after_av_one_third  avia-builder-el-last  column-top-margin\" style='border-radius:0px; '><div  class='avia-image-container  av-styling- av-hover-grow   avia-builder-el-36  avia-builder-el-no-sibling  avia-align-center '  itemprop=\"image\" itemscope=\"itemscope\" itemtype=\"https:\/\/schema.org\/ImageObject\"  ><div class='avia-image-container-inner'><div class='avia-image-overlay-wrap'><a href='https:\/\/www.galerie-pfundt.de\/aktuell\/kuenstler\/moenster\/magic\/' class='avia_image'  ><img decoding=\"async\" width=\"1416\" height=\"1179\" class='wp-image-15269 avia-img-lazy-loading-not-15269 avia_image' src=\"https:\/\/www.galerie-pfundt.de\/wp-content\/uploads\/2020\/11\/Moenster-Magic_2017_Cartier-Rot-KugelschreiberAufGessoBoard_50x60.jpg\" alt='' title='M\u00f6nster-Magic_2017_Cartier-Rot-KugelschreiberAufGessoBoard_50x60'  itemprop=\"thumbnailUrl\" srcset=\"https:\/\/www.galerie-pfundt.de\/wp-content\/uploads\/2020\/11\/Moenster-Magic_2017_Cartier-Rot-KugelschreiberAufGessoBoard_50x60.jpg 1416w, https:\/\/www.galerie-pfundt.de\/wp-content\/uploads\/2020\/11\/Moenster-Magic_2017_Cartier-Rot-KugelschreiberAufGessoBoard_50x60-600x500.jpg 600w, https:\/\/www.galerie-pfundt.de\/wp-content\/uploads\/2020\/11\/Moenster-Magic_2017_Cartier-Rot-KugelschreiberAufGessoBoard_50x60-400x333.jpg 400w, https:\/\/www.galerie-pfundt.de\/wp-content\/uploads\/2020\/11\/Moenster-Magic_2017_Cartier-Rot-KugelschreiberAufGessoBoard_50x60-768x639.jpg 768w, https:\/\/www.galerie-pfundt.de\/wp-content\/uploads\/2020\/11\/Moenster-Magic_2017_Cartier-Rot-KugelschreiberAufGessoBoard_50x60-705x587.jpg 705w\" sizes=\"(max-width: 1416px) 100vw, 1416px\" \/><\/a><\/div><\/div><\/div><\/div>\n","protected":false},"excerpt":{"rendered":"","protected":false},"author":2,"featured_media":0,"parent":14,"menu_order":0,"comment_status":"closed","ping_status":"closed","template":"","meta":{"footnotes":""},"class_list":["post-7026","page","type-page","status-publish","hentry"],"_links":{"self":[{"href":"https:\/\/www.galerie-pfundt.de\/aktuell\/wp-json\/wp\/v2\/pages\/7026","targetHints":{"allow":["GET"]}}],"collection":[{"href":"https:\/\/www.galerie-pfundt.de\/aktuell\/wp-json\/wp\/v2\/pages"}],"about":[{"href":"https:\/\/www.galerie-pfundt.de\/aktuell\/wp-json\/wp\/v2\/types\/page"}],"author":[{"embeddable":true,"href":"https:\/\/www.galerie-pfundt.de\/aktuell\/wp-json\/wp\/v2\/users\/2"}],"replies":[{"embeddable":true,"href":"https:\/\/www.galerie-pfundt.de\/aktuell\/wp-json\/wp\/v2\/comments?post=7026"}],"version-history":[{"count":0,"href":"https:\/\/www.galerie-pfundt.de\/aktuell\/wp-json\/wp\/v2\/pages\/7026\/revisions"}],"up":[{"embeddable":true,"href":"https:\/\/www.galerie-pfundt.de\/aktuell\/wp-json\/wp\/v2\/pages\/14"}],"wp:attachment":[{"href":"https:\/\/www.galerie-pfundt.de\/aktuell\/wp-json\/wp\/v2\/media?parent=7026"}],"curies":[{"name":"wp","href":"https:\/\/api.w.org\/{rel}","templated":true}]}}