{"id":7399,"date":"2019-08-12T18:37:34","date_gmt":"2019-08-12T16:37:34","guid":{"rendered":"https:\/\/www.galerie-pfundt.de\/?page_id=7399"},"modified":"2021-09-16T16:23:59","modified_gmt":"2021-09-16T14:23:59","slug":"kern","status":"publish","type":"page","link":"https:\/\/www.galerie-pfundt.de\/aktuell\/kuenstler\/kern\/","title":{"rendered":"Burkhard Kern"},"content":{"rendered":"<div class=\"flex_column av_one_fourth  flex_column_div av-zero-column-padding first  avia-builder-el-0  el_before_av_three_fourth  avia-builder-el-first  \" style='border-radius:0px; '><p><div  class='avia-image-container  av-styling-    avia-builder-el-1  el_before_av_textblock  avia-builder-el-first  avia-align-center '  itemprop=\"image\" itemscope=\"itemscope\" itemtype=\"https:\/\/schema.org\/ImageObject\"  ><div class='avia-image-container-inner'><div class='avia-image-overlay-wrap'><img decoding=\"async\" class='wp-image-7411 avia-img-lazy-loading-not-7411 avia_image' src=\"https:\/\/www.galerie-pfundt.de\/wp-content\/uploads\/2019\/08\/IMG_20171028_144703_edit_edit_edit-Kopie-400x282.jpg\" alt='' title='Kern-Portrait' height=\"282\" width=\"400\"  itemprop=\"thumbnailUrl\" srcset=\"https:\/\/www.galerie-pfundt.de\/wp-content\/uploads\/2019\/08\/IMG_20171028_144703_edit_edit_edit-Kopie-400x282.jpg 400w, https:\/\/www.galerie-pfundt.de\/wp-content\/uploads\/2019\/08\/IMG_20171028_144703_edit_edit_edit-Kopie-600x424.jpg 600w, https:\/\/www.galerie-pfundt.de\/wp-content\/uploads\/2019\/08\/IMG_20171028_144703_edit_edit_edit-Kopie-768x542.jpg 768w, https:\/\/www.galerie-pfundt.de\/wp-content\/uploads\/2019\/08\/IMG_20171028_144703_edit_edit_edit-Kopie-1030x727.jpg 1030w, https:\/\/www.galerie-pfundt.de\/wp-content\/uploads\/2019\/08\/IMG_20171028_144703_edit_edit_edit-Kopie-705x498.jpg 705w, https:\/\/www.galerie-pfundt.de\/wp-content\/uploads\/2019\/08\/IMG_20171028_144703_edit_edit_edit-Kopie.jpg 1122w\" sizes=\"(max-width: 400px) 100vw, 400px\" \/><\/div><\/div><\/div><br \/>\n<section class=\"av_textblock_section \"  itemscope=\"itemscope\" itemtype=\"https:\/\/schema.org\/CreativeWork\" ><div class='avia_textblock  '   itemprop=\"text\" ><h6><span style=\"color: #ffffff;\">.<\/span><\/h6>\n<h3 style=\"text-align: center;\">Burkhard Kern<\/h3>\n<\/div><\/section><\/p><\/div>\n<div class=\"flex_column av_three_fourth  flex_column_div av-zero-column-padding   avia-builder-el-3  el_after_av_one_fourth  el_before_av_section  avia-builder-el-last  \" style='border-radius:0px; '><div  class=\"tabcontainer   top_tab   avia-builder-el-4  avia-builder-el-no-sibling \" role=\"tablist\">\n\n<section class=\"av_tab_section\"  itemscope=\"itemscope\" itemtype=\"https:\/\/schema.org\/CreativeWork\" ><div aria-controls=\"tab-id-1-content\" role=\"tab\" tabindex=\"0\" data-fake-id=\"#tab-id-1\" class=\"tab active_tab\"  itemprop=\"headline\" >Vita<\/div>\n<div id=\"tab-id-1-content\" class=\"tab_content active_tab_content\" aria-hidden=\"false\">\n<div class=\"tab_inner_content invers-color\"  itemprop=\"text\" >\n<p><strong>Burkhard Kern<\/strong><\/p>\n<p>Geboren \u00a01963 \u00a0in Idar-Oberstein, Kreis Birkenfeld<\/p>\n<p>1984 \u2013 1990 \u00a0Studium der Kulturp\u00e4dagogik, Universit\u00e4t Hildesheim, Abschluss Diplom Poly\u00e4sthetische Erziehung<\/p>\n<p>1988 \u2013 1995 \u00a0Studium der Freien Kunst an der Fachhochschule Hannover bei Prof. Tuma und Prof. Baehr, Abschluss Diplom K\u00fcnstler (FH)<\/p>\n<p>1995\/96 Meistersch\u00fcler bei Prof. Ulrich Baehr<\/p>\n<p>Dozenturen in Hannover und Geras\/\u00d6sterreich<\/p>\n<p>1998 erste Einzelausstellung in Hannover<\/p>\n<p>&#8222;Meine Bilder sind, was sie sind, und das ist schon viel. Wenn es einen thematischen \u00dcberbau gibt, w\u00fcrde ich sagen, liegt er gerade im Angebot der Leerstelle. Die Zeiten sind mit genug Inhalten und Deutungsebenen \u00fcberfrachtet, und an jeder Stelle bieten sich Informationen an, die rezipiert werden wollen. Wenn es etwas gibt, was meine Bilder vielleicht sein wollen, dann ist es ein Angebot zur Stille.&#8220;<\/p>\n<div class=\"page\" title=\"Page 7\">\n<div class=\"layoutArea\">\n<div class=\"column\"><\/div>\n<div class=\"column\"><\/div>\n<\/div>\n<\/div>\n\n<\/div>\n<\/div>\n<\/section>\n\n<section class=\"av_tab_section\"  itemscope=\"itemscope\" itemtype=\"https:\/\/schema.org\/CreativeWork\" ><div aria-controls=\"tab-id-2-content\" role=\"tab\" tabindex=\"0\" data-fake-id=\"#tab-id-2\" class=\"tab \"  itemprop=\"headline\" >Ausstellungen (Auswahl)<\/div>\n<div id=\"tab-id-2-content\" class=\"tab_content \" aria-hidden=\"true\">\n<div class=\"tab_inner_content invers-color\"  itemprop=\"text\" >\n<p><strong>Ausstellungen (Auswahl):<\/strong><\/p>\n<p>2020\u00a0\u201eVor der Haust\u00fcr\u201c, W\u00e4lderhaus Hamburg;\u00a0\u201eStille\u201c, Galerie Pfundt<\/p>\n<p>2019 \u00a0&#8222;Malerei!&#8220;, Gruppenausstellung, Kubus und Galerie vom Zufall und vom Gl\u00fcck, Hannover ;\u00a0&#8222;Vom Wachsen und Werden&#8220;, Marktkirche Hannover<\/p>\n<p>2018\u00a0&#8222;Ancient magic&#8220;, white square gallery, Berlin; \u00a0Sommerausstellung, Galerie Simon Nolte; \u00a0&#8222;Affordable Art Fair&#8220;, Galerie Magnus Gerdsen, Hamburg<\/p>\n<p><strong>\u00a0<\/strong>2017\u00a0&#8222;Space Diversity&#8220;, Galerie Antonia von Fraunberg, D\u00fcsseldorf; \u00a0&#8222;Affordable Art Fair&#8220;, Galerie Magnus Gerdsen, Hamburg<\/p>\n<p><strong>\u00a0<\/strong>2016\u00a0\u201eVermeintliche Idylle\u201c, Galerie Phoenix, K\u00f6ln<\/p>\n<p>2015\u00a0&#8222;Schnittmenge&#8220;, Foyer 89, Hannover<\/p>\n<p>2014\u00a0&#8222;Affordable Art Fair&#8220;, Galerie Marion St\u00f6ter, Hamburg<\/p>\n<p>2013\u00a0Magdalenenkapelle, Burgdorf<\/p>\n<p>2012\u00a0Kulturf\u00f6rderverein Diensdorf\/Radlow; \u00a0Werkart, Hannover<\/p>\n<p>2010\u00a0Galerie Falkenberg, Hannover; \u00a0Galerie Wild, Z\u00fcrich<\/p>\n<p>2009\u00a0Galerie N\u00fctt, Dresden; \u00a0Art Karlsruhe, Galerie Wild<\/p>\n<p>2008\u00a0Gemeinschaftsausstellung &#8222;Amerikanische Kunst &amp; Pop Art&#8220;, (u. a. mit Arman, Christo, Jim Dine, Sam Francis, Keith Haring, David Hockney, Jeff Koons, Lichtenstein, Niki de Saint Phalle, Robert Rauschenberg, Andy Warhol, Tom Wesselmann), Galerie Wild; \u00a0Art-Z\u00fcrich; Galerie Wild<\/p>\n<p>2007\u00a0Kunsthaus Hannover<\/p>\n<p>2006\u00a0Peppermint Studios, Hannover; \u00a0Gesch\u00e4ftsstelle von Hannover 96<\/p>\n<p>2005\u00a0Hindenburg Klassik, Hannover<\/p>\n<p>2004\u00a0Zug um Zug, Kunstpreis der Spardabank Hannover<\/p>\n<p>2003\u00a0Galerie Goos, Spiekeroog<\/p>\n<p>2002\u00a0Carthage College, Kenosha Chicago<\/p>\n<p>2001\u00a0Sporthotel des Nieders\u00e4chsischen Fu\u00dfballbundes, Barsinghausen<\/p>\n<p>2000\u00a0&#8222;Ausblicke&#8220;, St\u00e4dtische Galerie, KUBUS Hannover<\/p>\n<p><strong>Auszeichnungen<\/strong><\/p>\n<p>2010 Kunstpreis der Stadt Burgdorf<\/p>\n<p>1995 Meistersch\u00fcler bei Prof. Ulrich Baehr<\/p>\n<p>1994 Finissage Kunstpreis \u00d6kologie der AEG, N\u00fcrnberg<\/p>\n<p><strong>Statement des K\u00fcnstlers:<\/strong><\/p>\n<p>&#8222;Letztendlich ist es entscheidend f\u00fcr mich, was im Auge des Betrachters mit meinen Malereien passiert. Welche Gedanken entwickelt man und welche eigenen Bilder entstehen im Geist dazu? All das sind Ebenen, die es wert sind mit sich und der Au\u00dfenwelt ins Gespr\u00e4ch zu kommen.<\/p>\n<p>Wenn ein Kunstwerk hierf\u00fcr anregt, hat es sich im Grunde genommen schon erf\u00fcllt. Die Malerei ist dabei lediglich das Angebot ein individuelles sowie auch \u00e4sthetisches Erlebnis zu haben, welches eben spezifisch nur so in der Kunst innewohnt und deswegen auch nur dort erfahren werden kann.&#8220;<\/p>\n\n<\/div>\n<\/div>\n<\/section>\n\n<\/div><\/div>\n<\/div><\/div><\/div><!-- close content main div --><\/div><\/div><div id='av_section_1'  class='avia-section main_color avia-section-default avia-no-border-styling  avia-bg-style-scroll  avia-builder-el-5  el_after_av_three_fourth  avia-builder-el-last   container_wrap fullsize' style='background-color: rgba(0,0,0,0.52);  '  ><div class='container' ><div class='template-page content  av-content-full alpha units'><div class='post-entry post-entry-type-page post-entry-7399'><div class='entry-content-wrapper clearfix'>\n<div class=\"flex_column av_one_full  flex_column_div av-zero-column-padding first  avia-builder-el-6  el_before_av_one_fifth  avia-builder-el-first  \" style='border-radius:0px; '><div  class='avia-image-container  av-styling-    avia-builder-el-7  avia-builder-el-no-sibling  avia-align-center '  itemprop=\"image\" itemscope=\"itemscope\" itemtype=\"https:\/\/schema.org\/ImageObject\"  ><div class='avia-image-container-inner'><div class='avia-image-overlay-wrap'><img decoding=\"async\" class='wp-image-19532 avia-img-lazy-loading-not-19532 avia_image' src=\"https:\/\/www.galerie-pfundt.de\/wp-content\/uploads\/2021\/09\/Kern_Abendlicht_100cmx140cm-Kopie-scaled.jpg\" alt='' title='Kern_Abendlicht_100cmx140cm' height=\"1849\" width=\"2560\"  itemprop=\"thumbnailUrl\" srcset=\"https:\/\/www.galerie-pfundt.de\/wp-content\/uploads\/2021\/09\/Kern_Abendlicht_100cmx140cm-Kopie-scaled.jpg 2560w, https:\/\/www.galerie-pfundt.de\/wp-content\/uploads\/2021\/09\/Kern_Abendlicht_100cmx140cm-Kopie-scaled-600x433.jpg 600w, https:\/\/www.galerie-pfundt.de\/wp-content\/uploads\/2021\/09\/Kern_Abendlicht_100cmx140cm-Kopie-400x289.jpg 400w, https:\/\/www.galerie-pfundt.de\/wp-content\/uploads\/2021\/09\/Kern_Abendlicht_100cmx140cm-Kopie-1030x744.jpg 1030w, https:\/\/www.galerie-pfundt.de\/wp-content\/uploads\/2021\/09\/Kern_Abendlicht_100cmx140cm-Kopie-768x555.jpg 768w, https:\/\/www.galerie-pfundt.de\/wp-content\/uploads\/2021\/09\/Kern_Abendlicht_100cmx140cm-Kopie-1536x1109.jpg 1536w, https:\/\/www.galerie-pfundt.de\/wp-content\/uploads\/2021\/09\/Kern_Abendlicht_100cmx140cm-Kopie-2048x1479.jpg 2048w, https:\/\/www.galerie-pfundt.de\/wp-content\/uploads\/2021\/09\/Kern_Abendlicht_100cmx140cm-Kopie-1500x1083.jpg 1500w, https:\/\/www.galerie-pfundt.de\/wp-content\/uploads\/2021\/09\/Kern_Abendlicht_100cmx140cm-Kopie-705x509.jpg 705w\" sizes=\"(max-width: 2560px) 100vw, 2560px\" \/><\/div><\/div><\/div><\/div><div class=\"flex_column av_one_fifth  flex_column_div av-zero-column-padding first  avia-builder-el-8  el_after_av_one_full  el_before_av_three_fifth  column-top-margin\" style='border-radius:0px; '><\/div><div class=\"flex_column av_three_fifth  flex_column_div av-zero-column-padding   avia-builder-el-9  el_after_av_one_fifth  el_before_av_hr  column-top-margin\" style='border-radius:0px; '><div  class='avia-image-container  av-styling-    avia-builder-el-10  avia-builder-el-no-sibling  avia-align-center '  itemprop=\"image\" itemscope=\"itemscope\" itemtype=\"https:\/\/schema.org\/ImageObject\"  ><div class='avia-image-container-inner'><div class='avia-image-overlay-wrap'><img decoding=\"async\" class='wp-image-17619 avia-img-lazy-loading-not-17619 avia_image' src=\"https:\/\/www.galerie-pfundt.de\/wp-content\/uploads\/2021\/04\/IMG_20210416_154135_edit-1030x500.jpg\" alt='' title='IMG_20210416_154135_edit' height=\"500\" width=\"1030\"  itemprop=\"thumbnailUrl\" srcset=\"https:\/\/www.galerie-pfundt.de\/wp-content\/uploads\/2021\/04\/IMG_20210416_154135_edit-1030x500.jpg 1030w, https:\/\/www.galerie-pfundt.de\/wp-content\/uploads\/2021\/04\/IMG_20210416_154135_edit-scaled-600x292.jpg 600w, https:\/\/www.galerie-pfundt.de\/wp-content\/uploads\/2021\/04\/IMG_20210416_154135_edit-400x194.jpg 400w, https:\/\/www.galerie-pfundt.de\/wp-content\/uploads\/2021\/04\/IMG_20210416_154135_edit-768x373.jpg 768w, https:\/\/www.galerie-pfundt.de\/wp-content\/uploads\/2021\/04\/IMG_20210416_154135_edit-1536x746.jpg 1536w, https:\/\/www.galerie-pfundt.de\/wp-content\/uploads\/2021\/04\/IMG_20210416_154135_edit-2048x995.jpg 2048w, https:\/\/www.galerie-pfundt.de\/wp-content\/uploads\/2021\/04\/IMG_20210416_154135_edit-1500x729.jpg 1500w, https:\/\/www.galerie-pfundt.de\/wp-content\/uploads\/2021\/04\/IMG_20210416_154135_edit-705x343.jpg 705w\" sizes=\"(max-width: 1030px) 100vw, 1030px\" \/><\/div><\/div><\/div><\/div><div  style='height:50px' class='hr hr-invisible   avia-builder-el-11  el_after_av_three_fifth  el_before_av_one_half '><span class='hr-inner ' ><span class='hr-inner-style'><\/span><\/span><\/div>\n<div class=\"flex_column av_one_half  flex_column_div av-zero-column-padding first  avia-builder-el-12  el_after_av_hr  el_before_av_one_half  \" style='border-radius:0px; '><div  class='avia-image-container  av-styling-    avia-builder-el-13  avia-builder-el-no-sibling  avia-align-center '  itemprop=\"image\" itemscope=\"itemscope\" itemtype=\"https:\/\/schema.org\/ImageObject\"  ><div class='avia-image-container-inner'><div class='avia-image-overlay-wrap'><a href='https:\/\/www.galerie-pfundt.de\/aktuell\/kuenstler\/kern\/see\/' class='avia_image'  ><img decoding=\"async\" width=\"400\" height=\"303\" class='wp-image-17548 avia-img-lazy-loading-not-17548 avia_image' src=\"https:\/\/www.galerie-pfundt.de\/wp-content\/uploads\/2021\/04\/Kern-AmSee_2021_90x120-400x303.jpeg\" alt='' title='Kern-AmSee_2021_90x120'  itemprop=\"thumbnailUrl\" srcset=\"https:\/\/www.galerie-pfundt.de\/wp-content\/uploads\/2021\/04\/Kern-AmSee_2021_90x120-400x303.jpeg 400w, https:\/\/www.galerie-pfundt.de\/wp-content\/uploads\/2021\/04\/Kern-AmSee_2021_90x120-600x455.jpeg 600w, https:\/\/www.galerie-pfundt.de\/wp-content\/uploads\/2021\/04\/Kern-AmSee_2021_90x120-1030x780.jpeg 1030w, https:\/\/www.galerie-pfundt.de\/wp-content\/uploads\/2021\/04\/Kern-AmSee_2021_90x120-768x582.jpeg 768w, https:\/\/www.galerie-pfundt.de\/wp-content\/uploads\/2021\/04\/Kern-AmSee_2021_90x120-705x534.jpeg 705w, https:\/\/www.galerie-pfundt.de\/wp-content\/uploads\/2021\/04\/Kern-AmSee_2021_90x120.jpeg 1267w\" sizes=\"(max-width: 400px) 100vw, 400px\" \/><\/a><\/div><\/div><\/div><\/div><div class=\"flex_column av_one_half  flex_column_div av-zero-column-padding   avia-builder-el-14  el_after_av_one_half  el_before_av_one_half  \" style='border-radius:0px; '><div  class='avia-image-container  av-styling-    avia-builder-el-15  avia-builder-el-no-sibling  avia-align-center '  itemprop=\"image\" itemscope=\"itemscope\" itemtype=\"https:\/\/schema.org\/ImageObject\"  ><div class='avia-image-container-inner'><div class='avia-image-overlay-wrap'><a href='https:\/\/www.galerie-pfundt.de\/aktuell\/kuenstler\/kern\/blickachse\/' class='avia_image'  ><img decoding=\"async\" width=\"400\" height=\"321\" class='wp-image-17551 avia-img-lazy-loading-not-17551 avia_image' src=\"https:\/\/www.galerie-pfundt.de\/wp-content\/uploads\/2021\/04\/Kern-Blickachse_80x100-400x321.jpeg\" alt='' title='Kern-Blickachse_80x100'  itemprop=\"thumbnailUrl\" srcset=\"https:\/\/www.galerie-pfundt.de\/wp-content\/uploads\/2021\/04\/Kern-Blickachse_80x100-400x321.jpeg 400w, https:\/\/www.galerie-pfundt.de\/wp-content\/uploads\/2021\/04\/Kern-Blickachse_80x100-600x481.jpeg 600w, https:\/\/www.galerie-pfundt.de\/wp-content\/uploads\/2021\/04\/Kern-Blickachse_80x100-1030x826.jpeg 1030w, https:\/\/www.galerie-pfundt.de\/wp-content\/uploads\/2021\/04\/Kern-Blickachse_80x100-768x616.jpeg 768w, https:\/\/www.galerie-pfundt.de\/wp-content\/uploads\/2021\/04\/Kern-Blickachse_80x100-705x565.jpeg 705w, https:\/\/www.galerie-pfundt.de\/wp-content\/uploads\/2021\/04\/Kern-Blickachse_80x100.jpeg 1197w\" sizes=\"(max-width: 400px) 100vw, 400px\" \/><\/a><\/div><\/div><\/div><\/div><div class=\"flex_column av_one_half  flex_column_div av-zero-column-padding first  avia-builder-el-16  el_after_av_one_half  el_before_av_one_half  column-top-margin\" style='border-radius:0px; '><div  class='avia-image-container  av-styling-    avia-builder-el-17  avia-builder-el-no-sibling  avia-align-center '  itemprop=\"image\" itemscope=\"itemscope\" itemtype=\"https:\/\/schema.org\/ImageObject\"  ><div class='avia-image-container-inner'><div class='avia-image-overlay-wrap'><a href='https:\/\/www.galerie-pfundt.de\/aktuell\/kuenstler\/kern\/see\/' class='avia_image'  ><img decoding=\"async\" width=\"400\" height=\"296\" class='wp-image-17549 avia-img-lazy-loading-not-17549 avia_image' src=\"https:\/\/www.galerie-pfundt.de\/wp-content\/uploads\/2021\/04\/Kern-AmWald_90x120-400x296.jpeg\" alt='' title='Kern-AmWald_90x120'  itemprop=\"thumbnailUrl\" srcset=\"https:\/\/www.galerie-pfundt.de\/wp-content\/uploads\/2021\/04\/Kern-AmWald_90x120-400x296.jpeg 400w, https:\/\/www.galerie-pfundt.de\/wp-content\/uploads\/2021\/04\/Kern-AmWald_90x120-600x444.jpeg 600w, https:\/\/www.galerie-pfundt.de\/wp-content\/uploads\/2021\/04\/Kern-AmWald_90x120-1030x762.jpeg 1030w, https:\/\/www.galerie-pfundt.de\/wp-content\/uploads\/2021\/04\/Kern-AmWald_90x120-768x568.jpeg 768w, https:\/\/www.galerie-pfundt.de\/wp-content\/uploads\/2021\/04\/Kern-AmWald_90x120-705x522.jpeg 705w, https:\/\/www.galerie-pfundt.de\/wp-content\/uploads\/2021\/04\/Kern-AmWald_90x120.jpeg 1280w\" sizes=\"(max-width: 400px) 100vw, 400px\" \/><\/a><\/div><\/div><\/div><\/div><div class=\"flex_column av_one_half  flex_column_div av-zero-column-padding   avia-builder-el-18  el_after_av_one_half  el_before_av_one_half  column-top-margin\" style='border-radius:0px; '><div  class='avia-image-container  av-styling-    avia-builder-el-19  avia-builder-el-no-sibling  avia-align-center '  itemprop=\"image\" itemscope=\"itemscope\" itemtype=\"https:\/\/schema.org\/ImageObject\"  ><div class='avia-image-container-inner'><div class='avia-image-overlay-wrap'><a href='https:\/\/www.galerie-pfundt.de\/aktuell\/kuenstler\/kern\/buchen\/' class='avia_image'  ><img decoding=\"async\" width=\"400\" height=\"318\" class='wp-image-17552 avia-img-lazy-loading-not-17552 avia_image' src=\"https:\/\/www.galerie-pfundt.de\/wp-content\/uploads\/2021\/04\/Kern-Buchen_80x100-400x318.jpeg\" alt='' title='Kern-Buchen_80x100'  itemprop=\"thumbnailUrl\" srcset=\"https:\/\/www.galerie-pfundt.de\/wp-content\/uploads\/2021\/04\/Kern-Buchen_80x100-400x318.jpeg 400w, https:\/\/www.galerie-pfundt.de\/wp-content\/uploads\/2021\/04\/Kern-Buchen_80x100-600x477.jpeg 600w, https:\/\/www.galerie-pfundt.de\/wp-content\/uploads\/2021\/04\/Kern-Buchen_80x100-1030x819.jpeg 1030w, https:\/\/www.galerie-pfundt.de\/wp-content\/uploads\/2021\/04\/Kern-Buchen_80x100-768x611.jpeg 768w, https:\/\/www.galerie-pfundt.de\/wp-content\/uploads\/2021\/04\/Kern-Buchen_80x100-705x561.jpeg 705w, https:\/\/www.galerie-pfundt.de\/wp-content\/uploads\/2021\/04\/Kern-Buchen_80x100.jpeg 1207w\" sizes=\"(max-width: 400px) 100vw, 400px\" \/><\/a><\/div><\/div><\/div><\/div><div class=\"flex_column av_one_half  flex_column_div av-zero-column-padding first  avia-builder-el-20  el_after_av_one_half  el_before_av_one_half  column-top-margin\" style='border-radius:0px; '><div  class='avia-image-container  av-styling-    avia-builder-el-21  avia-builder-el-no-sibling  avia-align-center '  itemprop=\"image\" itemscope=\"itemscope\" itemtype=\"https:\/\/schema.org\/ImageObject\"  ><div class='avia-image-container-inner'><div class='avia-image-overlay-wrap'><a href='https:\/\/www.galerie-pfundt.de\/aktuell\/kuenstler\/kern\/pflaenzchen\/' class='avia_image'  ><img decoding=\"async\" width=\"400\" height=\"324\" class='wp-image-17553 avia-img-lazy-loading-not-17553 avia_image' src=\"https:\/\/www.galerie-pfundt.de\/wp-content\/uploads\/2021\/04\/Kern-DasZartePlaenzchen_85x105-400x324.jpeg\" alt='' title='Kern-DasZartePlaenzchen_85x105'  itemprop=\"thumbnailUrl\" srcset=\"https:\/\/www.galerie-pfundt.de\/wp-content\/uploads\/2021\/04\/Kern-DasZartePlaenzchen_85x105-400x324.jpeg 400w, https:\/\/www.galerie-pfundt.de\/wp-content\/uploads\/2021\/04\/Kern-DasZartePlaenzchen_85x105-600x485.jpeg 600w, https:\/\/www.galerie-pfundt.de\/wp-content\/uploads\/2021\/04\/Kern-DasZartePlaenzchen_85x105-1030x833.jpeg 1030w, https:\/\/www.galerie-pfundt.de\/wp-content\/uploads\/2021\/04\/Kern-DasZartePlaenzchen_85x105-768x621.jpeg 768w, https:\/\/www.galerie-pfundt.de\/wp-content\/uploads\/2021\/04\/Kern-DasZartePlaenzchen_85x105-495x400.jpeg 495w, https:\/\/www.galerie-pfundt.de\/wp-content\/uploads\/2021\/04\/Kern-DasZartePlaenzchen_85x105-845x684.jpeg 845w, https:\/\/www.galerie-pfundt.de\/wp-content\/uploads\/2021\/04\/Kern-DasZartePlaenzchen_85x105-705x570.jpeg 705w, https:\/\/www.galerie-pfundt.de\/wp-content\/uploads\/2021\/04\/Kern-DasZartePlaenzchen_85x105.jpeg 1187w\" sizes=\"(max-width: 400px) 100vw, 400px\" \/><\/a><\/div><\/div><\/div><\/div><div class=\"flex_column av_one_half  flex_column_div av-zero-column-padding   avia-builder-el-22  el_after_av_one_half  el_before_av_one_fifth  column-top-margin\" style='border-radius:0px; '><div  class='avia-image-container  av-styling-    avia-builder-el-23  avia-builder-el-no-sibling  avia-align-center '  itemprop=\"image\" itemscope=\"itemscope\" itemtype=\"https:\/\/schema.org\/ImageObject\"  ><div class='avia-image-container-inner'><div class='avia-image-overlay-wrap'><a href='https:\/\/www.galerie-pfundt.de\/aktuell\/kuenstler\/kern\/lichter_wald\/' class='avia_image'  ><img decoding=\"async\" width=\"400\" height=\"319\" class='wp-image-17554 avia-img-lazy-loading-not-17554 avia_image' src=\"https:\/\/www.galerie-pfundt.de\/wp-content\/uploads\/2021\/04\/Kern-DerLichteWald_80x100-400x319.jpeg\" alt='' title='Kern-DerLichteWald_80x100'  itemprop=\"thumbnailUrl\" srcset=\"https:\/\/www.galerie-pfundt.de\/wp-content\/uploads\/2021\/04\/Kern-DerLichteWald_80x100-400x319.jpeg 400w, https:\/\/www.galerie-pfundt.de\/wp-content\/uploads\/2021\/04\/Kern-DerLichteWald_80x100-600x479.jpeg 600w, https:\/\/www.galerie-pfundt.de\/wp-content\/uploads\/2021\/04\/Kern-DerLichteWald_80x100-1030x822.jpeg 1030w, https:\/\/www.galerie-pfundt.de\/wp-content\/uploads\/2021\/04\/Kern-DerLichteWald_80x100-768x613.jpeg 768w, https:\/\/www.galerie-pfundt.de\/wp-content\/uploads\/2021\/04\/Kern-DerLichteWald_80x100-705x563.jpeg 705w, https:\/\/www.galerie-pfundt.de\/wp-content\/uploads\/2021\/04\/Kern-DerLichteWald_80x100.jpeg 1203w\" sizes=\"(max-width: 400px) 100vw, 400px\" \/><\/a><\/div><\/div><\/div><\/div><div class=\"flex_column av_one_fifth  flex_column_div av-zero-column-padding first  avia-builder-el-24  el_after_av_one_half  el_before_av_one_fifth  column-top-margin\" style='border-radius:0px; '><\/div><div class=\"flex_column av_one_fifth  flex_column_div av-zero-column-padding   avia-builder-el-25  el_after_av_one_fifth  el_before_av_one_fifth  column-top-margin\" style='border-radius:0px; '><div  class='avia-image-container  av-styling-    avia-builder-el-26  avia-builder-el-no-sibling  avia-align-center '  itemprop=\"image\" itemscope=\"itemscope\" itemtype=\"https:\/\/schema.org\/ImageObject\"  ><div class='avia-image-container-inner'><div class='avia-image-overlay-wrap'><a href='https:\/\/www.galerie-pfundt.de\/aktuell\/kuenstler\/kern\/sommertag\/' class='avia_image'  ><img decoding=\"async\" width=\"153\" height=\"400\" class='wp-image-17555 avia-img-lazy-loading-not-17555 avia_image' src=\"https:\/\/www.galerie-pfundt.de\/wp-content\/uploads\/2021\/04\/Kern-EinSommertag_118x50-153x400.jpeg\" alt='' title='Kern-EinSommertag_118x50'  itemprop=\"thumbnailUrl\" srcset=\"https:\/\/www.galerie-pfundt.de\/wp-content\/uploads\/2021\/04\/Kern-EinSommertag_118x50-153x400.jpeg 153w, https:\/\/www.galerie-pfundt.de\/wp-content\/uploads\/2021\/04\/Kern-EinSommertag_118x50-394x1030.jpeg 394w, https:\/\/www.galerie-pfundt.de\/wp-content\/uploads\/2021\/04\/Kern-EinSommertag_118x50-270x705.jpeg 270w, https:\/\/www.galerie-pfundt.de\/wp-content\/uploads\/2021\/04\/Kern-EinSommertag_118x50.jpeg 490w\" sizes=\"(max-width: 153px) 100vw, 153px\" \/><\/a><\/div><\/div><\/div><\/div><div class=\"flex_column av_one_fifth  flex_column_div av-zero-column-padding   avia-builder-el-27  el_after_av_one_fifth  el_before_av_one_fourth  column-top-margin\" style='border-radius:0px; '><div  class='avia-image-container  av-styling-    avia-builder-el-28  avia-builder-el-no-sibling  avia-align-center '  itemprop=\"image\" itemscope=\"itemscope\" itemtype=\"https:\/\/schema.org\/ImageObject\"  ><div class='avia-image-container-inner'><div class='avia-image-overlay-wrap'><a href='https:\/\/www.galerie-pfundt.de\/aktuell\/kuenstler\/kern\/ins_helle\/' class='avia_image'  ><img decoding=\"async\" width=\"192\" height=\"400\" class='wp-image-17618 avia-img-lazy-loading-not-17618 avia_image' src=\"https:\/\/www.galerie-pfundt.de\/wp-content\/uploads\/2021\/04\/IMG_20210416_153656_Baumportraet_90cmx45cm-192x400.jpg\" alt='' title='Kern-Baumportraet_90cmx45cm'  itemprop=\"thumbnailUrl\" srcset=\"https:\/\/www.galerie-pfundt.de\/wp-content\/uploads\/2021\/04\/IMG_20210416_153656_Baumportraet_90cmx45cm-192x400.jpg 192w, https:\/\/www.galerie-pfundt.de\/wp-content\/uploads\/2021\/04\/IMG_20210416_153656_Baumportraet_90cmx45cm-600x1247.jpg 600w, https:\/\/www.galerie-pfundt.de\/wp-content\/uploads\/2021\/04\/IMG_20210416_153656_Baumportraet_90cmx45cm-496x1030.jpg 496w, https:\/\/www.galerie-pfundt.de\/wp-content\/uploads\/2021\/04\/IMG_20210416_153656_Baumportraet_90cmx45cm-768x1596.jpg 768w, https:\/\/www.galerie-pfundt.de\/wp-content\/uploads\/2021\/04\/IMG_20210416_153656_Baumportraet_90cmx45cm-739x1536.jpg 739w, https:\/\/www.galerie-pfundt.de\/wp-content\/uploads\/2021\/04\/IMG_20210416_153656_Baumportraet_90cmx45cm-985x2048.jpg 985w, https:\/\/www.galerie-pfundt.de\/wp-content\/uploads\/2021\/04\/IMG_20210416_153656_Baumportraet_90cmx45cm-722x1500.jpg 722w, https:\/\/www.galerie-pfundt.de\/wp-content\/uploads\/2021\/04\/IMG_20210416_153656_Baumportraet_90cmx45cm-339x705.jpg 339w, https:\/\/www.galerie-pfundt.de\/wp-content\/uploads\/2021\/04\/IMG_20210416_153656_Baumportraet_90cmx45cm.jpg 1068w\" sizes=\"(max-width: 192px) 100vw, 192px\" \/><\/a><\/div><\/div><\/div><\/div><div class=\"flex_column av_one_fourth  flex_column_div av-zero-column-padding   avia-builder-el-29  el_after_av_one_fifth  el_before_av_one_half  column-top-margin\" style='border-radius:0px; '><div  class='avia-image-container  av-styling-    avia-builder-el-30  avia-builder-el-no-sibling  avia-align-center '  itemprop=\"image\" itemscope=\"itemscope\" itemtype=\"https:\/\/schema.org\/ImageObject\"  ><div class='avia-image-container-inner'><div class='avia-image-overlay-wrap'><a href='https:\/\/www.galerie-pfundt.de\/aktuell\/kuenstler\/kern\/blattwerk\/' class='avia_image'  ><img decoding=\"async\" width=\"262\" height=\"400\" class='wp-image-17550 avia-img-lazy-loading-not-17550 avia_image' src=\"https:\/\/www.galerie-pfundt.de\/wp-content\/uploads\/2021\/04\/Kern-Blattwerk_90x60-262x400.jpeg\" alt='' title='Kern-Blattwerk_90x60'  itemprop=\"thumbnailUrl\" srcset=\"https:\/\/www.galerie-pfundt.de\/wp-content\/uploads\/2021\/04\/Kern-Blattwerk_90x60-262x400.jpeg 262w, https:\/\/www.galerie-pfundt.de\/wp-content\/uploads\/2021\/04\/Kern-Blattwerk_90x60-600x915.jpeg 600w, https:\/\/www.galerie-pfundt.de\/wp-content\/uploads\/2021\/04\/Kern-Blattwerk_90x60-675x1030.jpeg 675w, https:\/\/www.galerie-pfundt.de\/wp-content\/uploads\/2021\/04\/Kern-Blattwerk_90x60-768x1172.jpeg 768w, https:\/\/www.galerie-pfundt.de\/wp-content\/uploads\/2021\/04\/Kern-Blattwerk_90x60-462x705.jpeg 462w, https:\/\/www.galerie-pfundt.de\/wp-content\/uploads\/2021\/04\/Kern-Blattwerk_90x60.jpeg 839w\" sizes=\"(max-width: 262px) 100vw, 262px\" \/><\/a><\/div><\/div><\/div><\/div><div class=\"flex_column av_one_half  flex_column_div av-zero-column-padding first  avia-builder-el-31  el_after_av_one_fourth  el_before_av_one_half  column-top-margin\" style='border-radius:0px; '><div  class='avia-image-container  av-styling-    avia-builder-el-32  avia-builder-el-no-sibling  avia-align-center '  itemprop=\"image\" itemscope=\"itemscope\" itemtype=\"https:\/\/schema.org\/ImageObject\"  ><div class='avia-image-container-inner'><div class='avia-image-overlay-wrap'><a href='https:\/\/www.galerie-pfundt.de\/aktuell\/kuenstler\/kern\/geborgenheit\/' class='avia_image'  ><img decoding=\"async\" width=\"400\" height=\"331\" class='wp-image-17556 avia-img-lazy-loading-not-17556 avia_image' src=\"https:\/\/www.galerie-pfundt.de\/wp-content\/uploads\/2021\/04\/Kern-Geborgenheit_95x110-400x331.jpeg\" alt='' title='Kern-Geborgenheit_95x110'  itemprop=\"thumbnailUrl\" srcset=\"https:\/\/www.galerie-pfundt.de\/wp-content\/uploads\/2021\/04\/Kern-Geborgenheit_95x110-400x331.jpeg 400w, https:\/\/www.galerie-pfundt.de\/wp-content\/uploads\/2021\/04\/Kern-Geborgenheit_95x110-600x497.jpeg 600w, https:\/\/www.galerie-pfundt.de\/wp-content\/uploads\/2021\/04\/Kern-Geborgenheit_95x110-1030x852.jpeg 1030w, https:\/\/www.galerie-pfundt.de\/wp-content\/uploads\/2021\/04\/Kern-Geborgenheit_95x110-768x636.jpeg 768w, https:\/\/www.galerie-pfundt.de\/wp-content\/uploads\/2021\/04\/Kern-Geborgenheit_95x110-705x583.jpeg 705w, https:\/\/www.galerie-pfundt.de\/wp-content\/uploads\/2021\/04\/Kern-Geborgenheit_95x110.jpeg 1160w\" sizes=\"(max-width: 400px) 100vw, 400px\" \/><\/a><\/div><\/div><\/div><\/div><div class=\"flex_column av_one_half  flex_column_div av-zero-column-padding   avia-builder-el-33  el_after_av_one_half  el_before_av_one_half  column-top-margin\" style='border-radius:0px; '><div  class='avia-image-container  av-styling-    avia-builder-el-34  avia-builder-el-no-sibling  avia-align-center '  itemprop=\"image\" itemscope=\"itemscope\" itemtype=\"https:\/\/schema.org\/ImageObject\"  ><div class='avia-image-container-inner'><div class='avia-image-overlay-wrap'><a href='https:\/\/www.galerie-pfundt.de\/aktuell\/kuenstler\/kern\/hell_dunkel\/' class='avia_image'  ><img decoding=\"async\" width=\"400\" height=\"319\" class='wp-image-17557 avia-img-lazy-loading-not-17557 avia_image' src=\"https:\/\/www.galerie-pfundt.de\/wp-content\/uploads\/2021\/04\/Kern-HellUndDunkel_80x100-400x319.jpeg\" alt='' title='Kern-HellUndDunkel_80x100'  itemprop=\"thumbnailUrl\" srcset=\"https:\/\/www.galerie-pfundt.de\/wp-content\/uploads\/2021\/04\/Kern-HellUndDunkel_80x100-400x319.jpeg 400w, https:\/\/www.galerie-pfundt.de\/wp-content\/uploads\/2021\/04\/Kern-HellUndDunkel_80x100-600x478.jpeg 600w, https:\/\/www.galerie-pfundt.de\/wp-content\/uploads\/2021\/04\/Kern-HellUndDunkel_80x100-1030x821.jpeg 1030w, https:\/\/www.galerie-pfundt.de\/wp-content\/uploads\/2021\/04\/Kern-HellUndDunkel_80x100-768x612.jpeg 768w, https:\/\/www.galerie-pfundt.de\/wp-content\/uploads\/2021\/04\/Kern-HellUndDunkel_80x100-705x562.jpeg 705w, https:\/\/www.galerie-pfundt.de\/wp-content\/uploads\/2021\/04\/Kern-HellUndDunkel_80x100.jpeg 1204w\" sizes=\"(max-width: 400px) 100vw, 400px\" \/><\/a><\/div><\/div><\/div><\/div><div class=\"flex_column av_one_half  flex_column_div av-zero-column-padding first  avia-builder-el-35  el_after_av_one_half  el_before_av_one_half  column-top-margin\" style='border-radius:0px; '><div  class='avia-image-container  av-styling-    avia-builder-el-36  avia-builder-el-no-sibling  avia-align-center '  itemprop=\"image\" itemscope=\"itemscope\" itemtype=\"https:\/\/schema.org\/ImageObject\"  ><div class='avia-image-container-inner'><div class='avia-image-overlay-wrap'><a href='https:\/\/www.galerie-pfundt.de\/aktuell\/kuenstler\/kern\/netzwerke\/' class='avia_image'  ><img decoding=\"async\" width=\"400\" height=\"346\" class='wp-image-17560 avia-img-lazy-loading-not-17560 avia_image' src=\"https:\/\/www.galerie-pfundt.de\/wp-content\/uploads\/2021\/04\/Kern-Netzwerke_90x105-400x346.jpeg\" alt='' title='Kern-Netzwerke_90x105'  itemprop=\"thumbnailUrl\" srcset=\"https:\/\/www.galerie-pfundt.de\/wp-content\/uploads\/2021\/04\/Kern-Netzwerke_90x105-400x346.jpeg 400w, https:\/\/www.galerie-pfundt.de\/wp-content\/uploads\/2021\/04\/Kern-Netzwerke_90x105-600x519.jpeg 600w, https:\/\/www.galerie-pfundt.de\/wp-content\/uploads\/2021\/04\/Kern-Netzwerke_90x105-1030x891.jpeg 1030w, https:\/\/www.galerie-pfundt.de\/wp-content\/uploads\/2021\/04\/Kern-Netzwerke_90x105-768x664.jpeg 768w, https:\/\/www.galerie-pfundt.de\/wp-content\/uploads\/2021\/04\/Kern-Netzwerke_90x105-705x610.jpeg 705w, https:\/\/www.galerie-pfundt.de\/wp-content\/uploads\/2021\/04\/Kern-Netzwerke_90x105.jpeg 1110w\" sizes=\"(max-width: 400px) 100vw, 400px\" \/><\/a><\/div><\/div><\/div><\/div><div class=\"flex_column av_one_half  flex_column_div av-zero-column-padding   avia-builder-el-37  el_after_av_one_half  el_before_av_one_fifth  column-top-margin\" style='border-radius:0px; '><div  class='avia-image-container  av-styling-    avia-builder-el-38  avia-builder-el-no-sibling  avia-align-center '  itemprop=\"image\" itemscope=\"itemscope\" itemtype=\"https:\/\/schema.org\/ImageObject\"  ><div class='avia-image-container-inner'><div class='avia-image-overlay-wrap'><a href='https:\/\/www.galerie-pfundt.de\/aktuell\/kuenstler\/kern\/blickwinkel\/' class='avia_image'  ><img decoding=\"async\" width=\"400\" height=\"343\" class='wp-image-17558 avia-img-lazy-loading-not-17558 avia_image' src=\"https:\/\/www.galerie-pfundt.de\/wp-content\/uploads\/2021\/04\/Kern-ImBlickwinkel_100x120-400x343.jpeg\" alt='' title='Kern-ImBlickwinkel_100x120'  itemprop=\"thumbnailUrl\" srcset=\"https:\/\/www.galerie-pfundt.de\/wp-content\/uploads\/2021\/04\/Kern-ImBlickwinkel_100x120-400x343.jpeg 400w, https:\/\/www.galerie-pfundt.de\/wp-content\/uploads\/2021\/04\/Kern-ImBlickwinkel_100x120-600x515.jpeg 600w, https:\/\/www.galerie-pfundt.de\/wp-content\/uploads\/2021\/04\/Kern-ImBlickwinkel_100x120-1030x884.jpeg 1030w, https:\/\/www.galerie-pfundt.de\/wp-content\/uploads\/2021\/04\/Kern-ImBlickwinkel_100x120-768x659.jpeg 768w, https:\/\/www.galerie-pfundt.de\/wp-content\/uploads\/2021\/04\/Kern-ImBlickwinkel_100x120-705x605.jpeg 705w, https:\/\/www.galerie-pfundt.de\/wp-content\/uploads\/2021\/04\/Kern-ImBlickwinkel_100x120.jpeg 1118w\" sizes=\"(max-width: 400px) 100vw, 400px\" \/><\/a><\/div><\/div><\/div><\/div><div class=\"flex_column av_one_fifth  flex_column_div av-zero-column-padding first  avia-builder-el-39  el_after_av_one_half  el_before_av_three_fifth  column-top-margin\" style='border-radius:0px; '><\/div><div class=\"flex_column av_three_fifth  flex_column_div av-zero-column-padding   avia-builder-el-40  el_after_av_one_fifth  el_before_av_hr  column-top-margin\" style='border-radius:0px; '><div  class='avia-image-container  av-styling-    avia-builder-el-41  avia-builder-el-no-sibling  avia-align-center '  itemprop=\"image\" itemscope=\"itemscope\" itemtype=\"https:\/\/schema.org\/ImageObject\"  ><div class='avia-image-container-inner'><div class='avia-image-overlay-wrap'><a href='https:\/\/www.galerie-pfundt.de\/aktuell\/kuenstler\/kern\/ins_helle\/' class='avia_image'  ><img decoding=\"async\" width=\"1030\" height=\"499\" class='wp-image-17559 avia-img-lazy-loading-not-17559 avia_image' src=\"https:\/\/www.galerie-pfundt.de\/wp-content\/uploads\/2021\/04\/Kern-InDasHelleHinein_2020_80x160-1030x499.jpg\" alt='' title='Kern-InDasHelleHinein_2020_80x160'  itemprop=\"thumbnailUrl\" srcset=\"https:\/\/www.galerie-pfundt.de\/wp-content\/uploads\/2021\/04\/Kern-InDasHelleHinein_2020_80x160-1030x499.jpg 1030w, https:\/\/www.galerie-pfundt.de\/wp-content\/uploads\/2021\/04\/Kern-InDasHelleHinein_2020_80x160-scaled-600x291.jpg 600w, https:\/\/www.galerie-pfundt.de\/wp-content\/uploads\/2021\/04\/Kern-InDasHelleHinein_2020_80x160-400x194.jpg 400w, https:\/\/www.galerie-pfundt.de\/wp-content\/uploads\/2021\/04\/Kern-InDasHelleHinein_2020_80x160-768x372.jpg 768w, https:\/\/www.galerie-pfundt.de\/wp-content\/uploads\/2021\/04\/Kern-InDasHelleHinein_2020_80x160-1536x744.jpg 1536w, https:\/\/www.galerie-pfundt.de\/wp-content\/uploads\/2021\/04\/Kern-InDasHelleHinein_2020_80x160-2048x993.jpg 2048w, https:\/\/www.galerie-pfundt.de\/wp-content\/uploads\/2021\/04\/Kern-InDasHelleHinein_2020_80x160-1500x727.jpg 1500w, https:\/\/www.galerie-pfundt.de\/wp-content\/uploads\/2021\/04\/Kern-InDasHelleHinein_2020_80x160-705x342.jpg 705w\" sizes=\"(max-width: 1030px) 100vw, 1030px\" \/><\/a><\/div><\/div><\/div><\/div><div  style='height:50px' class='hr hr-invisible   avia-builder-el-42  el_after_av_three_fifth  el_before_av_one_half '><span class='hr-inner ' ><span class='hr-inner-style'><\/span><\/span><\/div>\n<div class=\"flex_column av_one_half  flex_column_div av-zero-column-padding first  avia-builder-el-43  el_after_av_hr  el_before_av_one_half  \" style='border-radius:0px; '><div  class='avia-image-container  av-styling-    avia-builder-el-44  avia-builder-el-no-sibling  avia-align-center '  itemprop=\"image\" itemscope=\"itemscope\" itemtype=\"https:\/\/schema.org\/ImageObject\"  ><div class='avia-image-container-inner'><div class='avia-image-overlay-wrap'><a href='https:\/\/www.galerie-pfundt.de\/aktuell\/kuenstler\/kern\/waldblicke\/' class='avia_image'  ><img decoding=\"async\" width=\"400\" height=\"300\" class='wp-image-17562 avia-img-lazy-loading-not-17562 avia_image' src=\"https:\/\/www.galerie-pfundt.de\/wp-content\/uploads\/2021\/04\/Kern-Waldblicke__90x120-400x300.jpeg\" alt='' title='Kern-Waldblicke__90x120'  itemprop=\"thumbnailUrl\" srcset=\"https:\/\/www.galerie-pfundt.de\/wp-content\/uploads\/2021\/04\/Kern-Waldblicke__90x120-400x300.jpeg 400w, https:\/\/www.galerie-pfundt.de\/wp-content\/uploads\/2021\/04\/Kern-Waldblicke__90x120-600x450.jpeg 600w, https:\/\/www.galerie-pfundt.de\/wp-content\/uploads\/2021\/04\/Kern-Waldblicke__90x120-1030x772.jpeg 1030w, https:\/\/www.galerie-pfundt.de\/wp-content\/uploads\/2021\/04\/Kern-Waldblicke__90x120-768x575.jpeg 768w, https:\/\/www.galerie-pfundt.de\/wp-content\/uploads\/2021\/04\/Kern-Waldblicke__90x120-705x528.jpeg 705w, https:\/\/www.galerie-pfundt.de\/wp-content\/uploads\/2021\/04\/Kern-Waldblicke__90x120.jpeg 1280w\" sizes=\"(max-width: 400px) 100vw, 400px\" \/><\/a><\/div><\/div><\/div><\/div><div class=\"flex_column av_one_half  flex_column_div av-zero-column-padding   avia-builder-el-45  el_after_av_one_half  el_before_av_one_half  \" style='border-radius:0px; '><div  class='avia-image-container  av-styling-    avia-builder-el-46  avia-builder-el-no-sibling  avia-align-center '  itemprop=\"image\" itemscope=\"itemscope\" itemtype=\"https:\/\/schema.org\/ImageObject\"  ><div class='avia-image-container-inner'><div class='avia-image-overlay-wrap'><a href='https:\/\/www.galerie-pfundt.de\/aktuell\/kuenstler\/kern\/tanne\/' class='avia_image'  ><img decoding=\"async\" width=\"400\" height=\"293\" class='wp-image-17561 avia-img-lazy-loading-not-17561 avia_image' src=\"https:\/\/www.galerie-pfundt.de\/wp-content\/uploads\/2021\/04\/Kern-Tanne_90x120-400x293.jpeg\" alt='' title='Kern-Tanne_90x120'  itemprop=\"thumbnailUrl\" srcset=\"https:\/\/www.galerie-pfundt.de\/wp-content\/uploads\/2021\/04\/Kern-Tanne_90x120-400x293.jpeg 400w, https:\/\/www.galerie-pfundt.de\/wp-content\/uploads\/2021\/04\/Kern-Tanne_90x120-600x440.jpeg 600w, https:\/\/www.galerie-pfundt.de\/wp-content\/uploads\/2021\/04\/Kern-Tanne_90x120-1030x755.jpeg 1030w, https:\/\/www.galerie-pfundt.de\/wp-content\/uploads\/2021\/04\/Kern-Tanne_90x120-768x563.jpeg 768w, https:\/\/www.galerie-pfundt.de\/wp-content\/uploads\/2021\/04\/Kern-Tanne_90x120-705x517.jpeg 705w, https:\/\/www.galerie-pfundt.de\/wp-content\/uploads\/2021\/04\/Kern-Tanne_90x120.jpeg 1280w\" sizes=\"(max-width: 400px) 100vw, 400px\" \/><\/a><\/div><\/div><\/div><\/div><div class=\"flex_column av_one_half  flex_column_div av-zero-column-padding first  avia-builder-el-47  el_after_av_one_half  el_before_av_one_half  column-top-margin\" style='border-radius:0px; '><div  class='avia-image-container  av-styling-    avia-builder-el-48  avia-builder-el-no-sibling  avia-align-center '  itemprop=\"image\" itemscope=\"itemscope\" itemtype=\"https:\/\/schema.org\/ImageObject\"  ><div class='avia-image-container-inner'><div class='avia-image-overlay-wrap'><a href='https:\/\/www.galerie-pfundt.de\/aktuell\/kuenstler\/kern\/im_lichte_ii\/' class='avia_image'  ><img decoding=\"async\" width=\"400\" height=\"283\" class='wp-image-7414 avia-img-lazy-loading-not-7414 avia_image' src=\"https:\/\/www.galerie-pfundt.de\/wp-content\/uploads\/2019\/08\/IMG_20171125_175930_Im_Lichte_IV_100cmx140cm-1-400x283.jpeg\" alt='' title='Kern_Im_Lichte_IV_100cmx140cm (1)'  itemprop=\"thumbnailUrl\" srcset=\"https:\/\/www.galerie-pfundt.de\/wp-content\/uploads\/2019\/08\/IMG_20171125_175930_Im_Lichte_IV_100cmx140cm-1-400x283.jpeg 400w, https:\/\/www.galerie-pfundt.de\/wp-content\/uploads\/2019\/08\/IMG_20171125_175930_Im_Lichte_IV_100cmx140cm-1-600x425.jpeg 600w, https:\/\/www.galerie-pfundt.de\/wp-content\/uploads\/2019\/08\/IMG_20171125_175930_Im_Lichte_IV_100cmx140cm-1-768x544.jpeg 768w, https:\/\/www.galerie-pfundt.de\/wp-content\/uploads\/2019\/08\/IMG_20171125_175930_Im_Lichte_IV_100cmx140cm-1-1030x729.jpeg 1030w, https:\/\/www.galerie-pfundt.de\/wp-content\/uploads\/2019\/08\/IMG_20171125_175930_Im_Lichte_IV_100cmx140cm-1-260x185.jpeg 260w, https:\/\/www.galerie-pfundt.de\/wp-content\/uploads\/2019\/08\/IMG_20171125_175930_Im_Lichte_IV_100cmx140cm-1-705x499.jpeg 705w, https:\/\/www.galerie-pfundt.de\/wp-content\/uploads\/2019\/08\/IMG_20171125_175930_Im_Lichte_IV_100cmx140cm-1.jpeg 1280w\" sizes=\"(max-width: 400px) 100vw, 400px\" \/><\/a><\/div><\/div><\/div><\/div><div class=\"flex_column av_one_half  flex_column_div av-zero-column-padding   avia-builder-el-49  el_after_av_one_half  el_before_av_one_half  column-top-margin\" style='border-radius:0px; '><div  class='avia-image-container  av-styling-    avia-builder-el-50  avia-builder-el-no-sibling  avia-align-center '  itemprop=\"image\" itemscope=\"itemscope\" itemtype=\"https:\/\/schema.org\/ImageObject\"  ><div class='avia-image-container-inner'><div class='avia-image-overlay-wrap'><a href='https:\/\/www.galerie-pfundt.de\/aktuell\/kuenstler\/kern\/in_dem_wald\/' class='avia_image'  ><img decoding=\"async\" width=\"400\" height=\"311\" class='wp-image-7419 avia-img-lazy-loading-not-7419 avia_image' src=\"https:\/\/www.galerie-pfundt.de\/wp-content\/uploads\/2019\/08\/IMG_6489_In_dem_Wald_2018_140cmx180cm-400x311.jpeg\" alt='' title='Kern_In_dem_Wald_2018_140cmx180cm'  itemprop=\"thumbnailUrl\" srcset=\"https:\/\/www.galerie-pfundt.de\/wp-content\/uploads\/2019\/08\/IMG_6489_In_dem_Wald_2018_140cmx180cm-400x311.jpeg 400w, https:\/\/www.galerie-pfundt.de\/wp-content\/uploads\/2019\/08\/IMG_6489_In_dem_Wald_2018_140cmx180cm-600x466.jpeg 600w, https:\/\/www.galerie-pfundt.de\/wp-content\/uploads\/2019\/08\/IMG_6489_In_dem_Wald_2018_140cmx180cm.jpeg 618w\" sizes=\"(max-width: 400px) 100vw, 400px\" \/><\/a><\/div><\/div><\/div><\/div><div class=\"flex_column av_one_half  flex_column_div av-zero-column-padding first  avia-builder-el-51  el_after_av_one_half  el_before_av_one_half  column-top-margin\" style='border-radius:0px; '><div  class='avia-image-container  av-styling-    avia-builder-el-52  avia-builder-el-no-sibling  avia-align-center '  itemprop=\"image\" itemscope=\"itemscope\" itemtype=\"https:\/\/schema.org\/ImageObject\"  ><div class='avia-image-container-inner'><div class='avia-image-overlay-wrap'><a href='https:\/\/www.galerie-pfundt.de\/aktuell\/kuenstler\/kern\/momente_iii\/' class='avia_image'  ><img decoding=\"async\" width=\"400\" height=\"283\" class='wp-image-7415 avia-img-lazy-loading-not-7415 avia_image' src=\"https:\/\/www.galerie-pfundt.de\/wp-content\/uploads\/2019\/08\/IMG_6401_Momente_II_2017_100cmx140cm-400x283.jpeg\" alt='' title='Kern_Momente_II_2017_100cmx140cm'  itemprop=\"thumbnailUrl\" srcset=\"https:\/\/www.galerie-pfundt.de\/wp-content\/uploads\/2019\/08\/IMG_6401_Momente_II_2017_100cmx140cm-400x283.jpeg 400w, https:\/\/www.galerie-pfundt.de\/wp-content\/uploads\/2019\/08\/IMG_6401_Momente_II_2017_100cmx140cm-600x425.jpeg 600w, https:\/\/www.galerie-pfundt.de\/wp-content\/uploads\/2019\/08\/IMG_6401_Momente_II_2017_100cmx140cm-768x544.jpeg 768w, https:\/\/www.galerie-pfundt.de\/wp-content\/uploads\/2019\/08\/IMG_6401_Momente_II_2017_100cmx140cm-1030x730.jpeg 1030w, https:\/\/www.galerie-pfundt.de\/wp-content\/uploads\/2019\/08\/IMG_6401_Momente_II_2017_100cmx140cm-260x185.jpeg 260w, https:\/\/www.galerie-pfundt.de\/wp-content\/uploads\/2019\/08\/IMG_6401_Momente_II_2017_100cmx140cm-705x500.jpeg 705w, https:\/\/www.galerie-pfundt.de\/wp-content\/uploads\/2019\/08\/IMG_6401_Momente_II_2017_100cmx140cm.jpeg 1280w\" sizes=\"(max-width: 400px) 100vw, 400px\" \/><\/a><\/div><\/div><\/div><\/div><div class=\"flex_column av_one_half  flex_column_div av-zero-column-padding   avia-builder-el-53  el_after_av_one_half  el_before_av_one_half  column-top-margin\" style='border-radius:0px; '><div  class='avia-image-container  av-styling-    avia-builder-el-54  avia-builder-el-no-sibling  avia-align-center '  itemprop=\"image\" itemscope=\"itemscope\" itemtype=\"https:\/\/schema.org\/ImageObject\"  ><div class='avia-image-container-inner'><div class='avia-image-overlay-wrap'><a href='https:\/\/www.galerie-pfundt.de\/aktuell\/kuenstler\/kern\/wachsen_werden\/' class='avia_image'  ><img decoding=\"async\" width=\"400\" height=\"311\" class='wp-image-7492 avia-img-lazy-loading-not-7492 avia_image' src=\"https:\/\/www.galerie-pfundt.de\/wp-content\/uploads\/2019\/08\/IMG_20190327_131222_Vom_Wachsen_und-_Werden3_140x180cm-400x311.jpg\" alt='' title='Kern_Vom_Wachsen_und _Werden3_140x180cm'  itemprop=\"thumbnailUrl\" srcset=\"https:\/\/www.galerie-pfundt.de\/wp-content\/uploads\/2019\/08\/IMG_20190327_131222_Vom_Wachsen_und-_Werden3_140x180cm-400x311.jpg 400w, https:\/\/www.galerie-pfundt.de\/wp-content\/uploads\/2019\/08\/IMG_20190327_131222_Vom_Wachsen_und-_Werden3_140x180cm-scaled-600x466.jpg 600w, https:\/\/www.galerie-pfundt.de\/wp-content\/uploads\/2019\/08\/IMG_20190327_131222_Vom_Wachsen_und-_Werden3_140x180cm-768x597.jpg 768w, https:\/\/www.galerie-pfundt.de\/wp-content\/uploads\/2019\/08\/IMG_20190327_131222_Vom_Wachsen_und-_Werden3_140x180cm-1030x800.jpg 1030w, https:\/\/www.galerie-pfundt.de\/wp-content\/uploads\/2019\/08\/IMG_20190327_131222_Vom_Wachsen_und-_Werden3_140x180cm-1500x1165.jpg 1500w, https:\/\/www.galerie-pfundt.de\/wp-content\/uploads\/2019\/08\/IMG_20190327_131222_Vom_Wachsen_und-_Werden3_140x180cm-705x548.jpg 705w\" sizes=\"(max-width: 400px) 100vw, 400px\" \/><\/a><\/div><\/div><\/div><\/div><div class=\"flex_column av_one_half  flex_column_div av-zero-column-padding first  avia-builder-el-55  el_after_av_one_half  el_before_av_one_half  column-top-margin\" style='border-radius:0px; '><div  class='avia-image-container  av-styling-    avia-builder-el-56  avia-builder-el-no-sibling  avia-align-center '  itemprop=\"image\" itemscope=\"itemscope\" itemtype=\"https:\/\/schema.org\/ImageObject\"  ><div class='avia-image-container-inner'><div class='avia-image-overlay-wrap'><a href='https:\/\/www.galerie-pfundt.de\/aktuell\/kuenstler\/kern\/lichtpunkte\/' class='avia_image'  ><img decoding=\"async\" width=\"400\" height=\"311\" class='wp-image-7417 avia-img-lazy-loading-not-7417 avia_image' src=\"https:\/\/www.galerie-pfundt.de\/wp-content\/uploads\/2019\/08\/IMG_20180731_193425_Lichtpunkte_und_Farbkl\u00e4nge_140cmx180cm-400x311.jpeg\" alt='' title='Kern_Lichtpunkte_und_Farbkl\u00e4nge_140cmx180cm'  itemprop=\"thumbnailUrl\" srcset=\"https:\/\/www.galerie-pfundt.de\/wp-content\/uploads\/2019\/08\/IMG_20180731_193425_Lichtpunkte_und_Farbkl\u00e4nge_140cmx180cm-400x311.jpeg 400w, https:\/\/www.galerie-pfundt.de\/wp-content\/uploads\/2019\/08\/IMG_20180731_193425_Lichtpunkte_und_Farbkl\u00e4nge_140cmx180cm-600x466.jpeg 600w, https:\/\/www.galerie-pfundt.de\/wp-content\/uploads\/2019\/08\/IMG_20180731_193425_Lichtpunkte_und_Farbkl\u00e4nge_140cmx180cm.jpeg 618w\" sizes=\"(max-width: 400px) 100vw, 400px\" \/><\/a><\/div><\/div><\/div><\/div><div class=\"flex_column av_one_half  flex_column_div av-zero-column-padding   avia-builder-el-57  el_after_av_one_half  el_before_av_one_fifth  column-top-margin\" style='border-radius:0px; '><div  class='avia-image-container  av-styling-    avia-builder-el-58  avia-builder-el-no-sibling  avia-align-center '  itemprop=\"image\" itemscope=\"itemscope\" itemtype=\"https:\/\/schema.org\/ImageObject\"  ><div class='avia-image-container-inner'><div class='avia-image-overlay-wrap'><a href='https:\/\/www.galerie-pfundt.de\/aktuell\/kuenstler\/kern\/der_naechste_schritt\/' class='avia_image'  ><img decoding=\"async\" width=\"400\" height=\"300\" class='wp-image-7440 avia-img-lazy-loading-not-7440 avia_image' src=\"https:\/\/www.galerie-pfundt.de\/wp-content\/uploads\/2019\/08\/IMG_20171102_105708_Der_n\u00e4chste_Schritt_2015_150cmx200cm-1-400x300.jpeg\" alt='' title='Kern_Der_n\u00e4chste_Schritt_2015_150cmx200cm'  itemprop=\"thumbnailUrl\" srcset=\"https:\/\/www.galerie-pfundt.de\/wp-content\/uploads\/2019\/08\/IMG_20171102_105708_Der_n\u00e4chste_Schritt_2015_150cmx200cm-1-400x300.jpeg 400w, https:\/\/www.galerie-pfundt.de\/wp-content\/uploads\/2019\/08\/IMG_20171102_105708_Der_n\u00e4chste_Schritt_2015_150cmx200cm-1-600x451.jpeg 600w, https:\/\/www.galerie-pfundt.de\/wp-content\/uploads\/2019\/08\/IMG_20171102_105708_Der_n\u00e4chste_Schritt_2015_150cmx200cm-1.jpeg 639w\" sizes=\"(max-width: 400px) 100vw, 400px\" \/><\/a><\/div><\/div><\/div><\/div><div class=\"flex_column av_one_fifth  flex_column_div av-zero-column-padding first  avia-builder-el-59  el_after_av_one_half  avia-builder-el-last  column-top-margin\" style='border-radius:0px; '><p><section class=\"av_textblock_section \"  itemscope=\"itemscope\" itemtype=\"https:\/\/schema.org\/CreativeWork\" ><div class='avia_textblock  '   itemprop=\"text\" ><p><span style=\"color: #000000;\"><strong>Bitte informieren Sie mich k\u00fcnftig per E-Mail \u00fcber Neuigkeiten.<\/strong><\/span><\/p>\n<\/div><\/section><br \/>\n<form action=\"https:\/\/www.galerie-pfundt.de\/aktuell\/kuenstler\/kern\/\" method=\"post\"  data-av-custom-send='mailchimp_send' class=\"avia_ajax_form av-form-labels-hidden   avia-builder-el-61  el_after_av_textblock  avia-builder-el-last  av-custom-form-color av-dark-form avia-mailchimp-form \" data-avia-form-id=\"1\" data-avia-redirect='' ><fieldset><p class='  first_form  form_element form_fullwidth' id='element_avia_0_1'><label for=\"avia_0_1\">E-Mail-Addresse <abbr class=\"required\" title=\"ben\u00f6tigt\">*<\/abbr><\/label> <input name=\"avia_0_1\" class=\"text_input is_email\" type=\"text\" id=\"avia_0_1\" value=\"\"  placeholder='E-Mail-Addresse*'\/><\/p><p class='  first_form  form_element form_fullwidth' id='element_avia_2_1'><label for=\"avia_2_1\">Name<\/label> <input name=\"avia_2_1\" class=\"text_input \" type=\"text\" id=\"avia_2_1\" value=\"\"  placeholder='Name'\/><\/p><p class=\"form_element  first_form  form_element form_fullwidth av-last-visible-form-element modified_width\"><input type=\"hidden\" value=\"1\" name=\"avia_generated_form1\" \/><input type=\"submit\" value=\"Abonnieren\" class=\"button\"  data-sending-label=\"Sende\"\/><\/p><p class=\"hidden\"><input type=\"text\" name=\"avia_avia_username_1\" class=\"hidden \" id=\"avia_avia_username_1\" value=\"\" \/><\/p><\/fieldset><\/form><div id=\"ajaxresponse_1\" class=\"ajaxresponse ajaxresponse_1 hidden\"><\/div><\/p><\/div>\n","protected":false},"excerpt":{"rendered":"","protected":false},"author":2,"featured_media":0,"parent":14,"menu_order":0,"comment_status":"closed","ping_status":"closed","template":"","meta":{"footnotes":""},"class_list":["post-7399","page","type-page","status-publish","hentry"],"_links":{"self":[{"href":"https:\/\/www.galerie-pfundt.de\/aktuell\/wp-json\/wp\/v2\/pages\/7399","targetHints":{"allow":["GET"]}}],"collection":[{"href":"https:\/\/www.galerie-pfundt.de\/aktuell\/wp-json\/wp\/v2\/pages"}],"about":[{"href":"https:\/\/www.galerie-pfundt.de\/aktuell\/wp-json\/wp\/v2\/types\/page"}],"author":[{"embeddable":true,"href":"https:\/\/www.galerie-pfundt.de\/aktuell\/wp-json\/wp\/v2\/users\/2"}],"replies":[{"embeddable":true,"href":"https:\/\/www.galerie-pfundt.de\/aktuell\/wp-json\/wp\/v2\/comments?post=7399"}],"version-history":[{"count":0,"href":"https:\/\/www.galerie-pfundt.de\/aktuell\/wp-json\/wp\/v2\/pages\/7399\/revisions"}],"up":[{"embeddable":true,"href":"https:\/\/www.galerie-pfundt.de\/aktuell\/wp-json\/wp\/v2\/pages\/14"}],"wp:attachment":[{"href":"https:\/\/www.galerie-pfundt.de\/aktuell\/wp-json\/wp\/v2\/media?parent=7399"}],"curies":[{"name":"wp","href":"https:\/\/api.w.org\/{rel}","templated":true}]}}