{"id":8416,"date":"2019-11-27T17:12:26","date_gmt":"2019-11-27T16:12:26","guid":{"rendered":"https:\/\/www.galerie-pfundt.de\/kuenstler\/merrer-2\/"},"modified":"2021-05-14T16:46:07","modified_gmt":"2021-05-14T14:46:07","slug":"matheisen","status":"publish","type":"page","link":"https:\/\/www.galerie-pfundt.de\/aktuell\/kuenstler\/matheisen\/","title":{"rendered":"Andrea Matheisen"},"content":{"rendered":"<div class=\"flex_column av_one_fourth  flex_column_div av-zero-column-padding first  avia-builder-el-0  el_before_av_three_fourth  avia-builder-el-first  \" style='border-radius:0px; '><p><div  class='avia-image-container  av-styling-    avia-builder-el-1  el_before_av_textblock  avia-builder-el-first  avia-align-center '  itemprop=\"image\" itemscope=\"itemscope\" itemtype=\"https:\/\/schema.org\/ImageObject\"  ><div class='avia-image-container-inner'><div class='avia-image-overlay-wrap'><img decoding=\"async\" class='wp-image-14310 avia-img-lazy-loading-not-14310 avia_image' src=\"https:\/\/www.galerie-pfundt.de\/wp-content\/uploads\/2020\/08\/AM_quadr.png\" alt='' title='AM_quadr' height=\"220\" width=\"220\"  itemprop=\"thumbnailUrl\" srcset=\"https:\/\/www.galerie-pfundt.de\/wp-content\/uploads\/2020\/08\/AM_quadr.png 220w, https:\/\/www.galerie-pfundt.de\/wp-content\/uploads\/2020\/08\/AM_quadr-100x100.png 100w, https:\/\/www.galerie-pfundt.de\/wp-content\/uploads\/2020\/08\/AM_quadr-200x200.png 200w, https:\/\/www.galerie-pfundt.de\/wp-content\/uploads\/2020\/08\/AM_quadr-36x36.png 36w, https:\/\/www.galerie-pfundt.de\/wp-content\/uploads\/2020\/08\/AM_quadr-180x180.png 180w\" sizes=\"(max-width: 220px) 100vw, 220px\" \/><\/div><\/div><\/div><br \/>\n<section class=\"av_textblock_section \"  itemscope=\"itemscope\" itemtype=\"https:\/\/schema.org\/CreativeWork\" ><div class='avia_textblock  '   itemprop=\"text\" ><h6><span style=\"color: #ffffff;\">.<\/span><\/h6>\n<h3 style=\"text-align: center;\">Andrea<\/h3>\n<h3 style=\"text-align: center;\">Matheisen<\/h3>\n<\/div><\/section><\/p><\/div>\n<div class=\"flex_column av_three_fourth  flex_column_div av-zero-column-padding   avia-builder-el-3  el_after_av_one_fourth  el_before_av_hr  \" style='border-radius:0px; '><div  class=\"tabcontainer   top_tab   avia-builder-el-4  avia-builder-el-no-sibling \" role=\"tablist\">\n\n<section class=\"av_tab_section\"  itemscope=\"itemscope\" itemtype=\"https:\/\/schema.org\/CreativeWork\" ><div aria-controls=\"tab-id-1-content\" role=\"tab\" tabindex=\"0\" data-fake-id=\"#tab-id-1\" class=\"tab active_tab\"  itemprop=\"headline\" >Vita<\/div>\n<div id=\"tab-id-1-content\" class=\"tab_content active_tab_content\" aria-hidden=\"false\">\n<div class=\"tab_inner_content invers-color\"  itemprop=\"text\" >\n<p>1956 \u00a0 \u00a0 \u00a0 \u00a0 \u00a0 \u00a0geboren in Essen<\/p>\n<p>Studium Mode-Design\/ Diplom \u2013 Design bei Prof. Heinz Oestergaard, Malerei bei Prof. Bernd Berner,\u00a0Hochschule f\u00fcr Design, Pforzheim<\/p>\n<p>Dozentin f\u00fcr Kleinplastiken in M\u00fcnchen, \u00c4gypten, Indien<\/p>\n<p>Seit 2000 als Freischaffende K\u00fcnstlerin t\u00e4tig<\/p>\n<p>Lebt und arbeitet in M\u00fcnchen<\/p>\n<div class=\"field field-type-text field-field-bio-year\"><\/div>\n\n<\/div>\n<\/div>\n<\/section>\n\n<section class=\"av_tab_section\"  itemscope=\"itemscope\" itemtype=\"https:\/\/schema.org\/CreativeWork\" ><div aria-controls=\"tab-id-2-content\" role=\"tab\" tabindex=\"0\" data-fake-id=\"#tab-id-2\" class=\"tab \"  itemprop=\"headline\" >Ausstellungen der letzten Jahre (Auswahl)<\/div>\n<div id=\"tab-id-2-content\" class=\"tab_content \" aria-hidden=\"true\">\n<div class=\"tab_inner_content invers-color\"  itemprop=\"text\" >\n<div id=\"ui-id-4\" class=\"ui-accordion-content ui-corner-bottom ui-helper-reset ui-widget-content ui-accordion-content-active\" role=\"tabpanel\" aria-labelledby=\"ui-id-3\" aria-hidden=\"false\">\n<p>2021 \u00a0 \u00a0 \u00a0 ART MUC, M\u00fcnchen; Galerie Scheytt, M\u00fcnchen; Galerie Pfundt, Berlin;<\/p>\n<p>2020 \u00a0 \u00a0 \u00a0 Tokyo Metropolitan Art Museum, Japan (verschoben); BIENNALE BLAU, Diessen\/Ammersee; Skulpturenpfad Bad Aibling (verschoben); Staatliches Museum f\u00fcr \u00c4gyptische Kunst, M\u00fcnchen; Galerie Pfundt, Berlin;<\/p>\n<p>2019 \u00a0 \u00a0 \u00a0 Florenz Biennale, Italien; \u00a0 \u00c4gyptisches Museum, M\u00fcnchen; \u00a0 Udaipur, Indien; \u00a0Galerie Pfundt, Berlin; \u00a0 Buchheim Museum der Phantasie, Bernried; Kunstraumder Ringstra\u00dfen Galerie, Wien; Die Bergschmiede, M\u00fcnchen; Fayoum Art Center, \u00c4gypten; Art EXPO International, Ingolstadt;<\/p>\n<p>2018 \u00a0 \u00a0 \u00a0 \u00a0\u00c4gyptisches Museum, M\u00fcnchen; \u00a0AAF London; Galerie Pfundt, Berlin; Galleria Via Mancini, Massa Marittima-Grosseto, Italien; Gut Georgenhof, Glonn;<\/p>\n<p>2017 \u00a0 \u00a0 \u00a0 \u00a0 San Sabastian, Galeria Gaudi, Spanien; Luxemburg Art Fair; AAF Battersea, London; Dom Galerie, Wien; St\u00e4dtische Galerie Bad Reichenau; Galerie Kutscher, Schweiz;<\/p>\n<p>2015 \u00a0 \u00a0 \u00a0 Galerie Ines Schulz, Dresden<\/p>\n<\/div>\n\n<\/div>\n<\/div>\n<\/section>\n\n<section class=\"av_tab_section\"  itemscope=\"itemscope\" itemtype=\"https:\/\/schema.org\/CreativeWork\" ><div aria-controls=\"tab-id-3-content\" role=\"tab\" tabindex=\"0\" data-fake-id=\"#tab-id-3\" class=\"tab \"  itemprop=\"headline\" >Ank\u00e4ufe durch folgende Sammlungen<\/div>\n<div id=\"tab-id-3-content\" class=\"tab_content \" aria-hidden=\"true\">\n<div class=\"tab_inner_content invers-color\"  itemprop=\"text\" >\n<p>Allianz International<\/p>\n<p>Gemeinde Ottobrunn<\/p>\n\n<\/div>\n<\/div>\n<\/section>\n\n<\/div><\/div>\n<div   class='hr hr-default   avia-builder-el-5  el_after_av_three_fourth  el_before_av_section  avia-builder-el-last '><span class='hr-inner ' ><span class='hr-inner-style'><\/span><\/span><\/div>\n<\/div><\/div><\/div><!-- close content main div --><\/div><\/div><div id='av_section_1'  class='avia-section main_color avia-section-default avia-no-border-styling  avia-bg-style-scroll  avia-builder-el-6  el_after_av_hr  avia-builder-el-last   container_wrap fullsize' style='background-color: #891b00;  '  ><div class='container' ><div class='template-page content  av-content-full alpha units'><div class='post-entry post-entry-type-page post-entry-8416'><div class='entry-content-wrapper clearfix'>\n<div class=\"flex_column av_one_fourth  flex_column_div av-zero-column-padding first  avia-builder-el-7  el_before_av_two_fifth  avia-builder-el-first  \" style='border-radius:0px; '><\/div><div class=\"flex_column av_two_fifth  flex_column_div av-zero-column-padding   avia-builder-el-8  el_after_av_one_fourth  el_before_av_one_fourth  \" style='border-radius:0px; '><div  class='avia-image-container  av-styling-    avia-builder-el-9  avia-builder-el-no-sibling  avia-align-center '  itemprop=\"image\" itemscope=\"itemscope\" itemtype=\"https:\/\/schema.org\/ImageObject\"  ><div class='avia-image-container-inner'><div class='avia-image-overlay-wrap'><a href='https:\/\/www.galerie-pfundt.de\/aktuell\/kuenstler\/matheisen\/wunderbar\/' class='avia_image'  ><img decoding=\"async\" width=\"579\" height=\"1030\" class='wp-image-8555 avia-img-lazy-loading-not-8555 avia_image' src=\"https:\/\/www.galerie-pfundt.de\/wp-content\/uploads\/2019\/12\/IMG_8131-2-579x1030.jpg\" alt='' title='Matheisen-dTadmdgMdWb'  itemprop=\"thumbnailUrl\" srcset=\"https:\/\/www.galerie-pfundt.de\/wp-content\/uploads\/2019\/12\/IMG_8131-2-579x1030.jpg 579w, https:\/\/www.galerie-pfundt.de\/wp-content\/uploads\/2019\/12\/IMG_8131-2-scaled-600x1068.jpg 600w, https:\/\/www.galerie-pfundt.de\/wp-content\/uploads\/2019\/12\/IMG_8131-2-225x400.jpg 225w, https:\/\/www.galerie-pfundt.de\/wp-content\/uploads\/2019\/12\/IMG_8131-2-768x1367.jpg 768w, https:\/\/www.galerie-pfundt.de\/wp-content\/uploads\/2019\/12\/IMG_8131-2-863x1536.jpg 863w, https:\/\/www.galerie-pfundt.de\/wp-content\/uploads\/2019\/12\/IMG_8131-2-1150x2048.jpg 1150w, https:\/\/www.galerie-pfundt.de\/wp-content\/uploads\/2019\/12\/IMG_8131-2-843x1500.jpg 843w, https:\/\/www.galerie-pfundt.de\/wp-content\/uploads\/2019\/12\/IMG_8131-2-396x705.jpg 396w, https:\/\/www.galerie-pfundt.de\/wp-content\/uploads\/2019\/12\/IMG_8131-2-scaled.jpg 1438w\" sizes=\"(max-width: 579px) 100vw, 579px\" \/><\/a><\/div><\/div><\/div><\/div><div class=\"flex_column av_one_fourth  flex_column_div av-zero-column-padding   avia-builder-el-10  el_after_av_two_fifth  el_before_av_textblock  \" style='border-radius:0px; '><\/div><section class=\"av_textblock_section \"  itemscope=\"itemscope\" itemtype=\"https:\/\/schema.org\/CreativeWork\" ><div class='avia_textblock  '   itemprop=\"text\" ><\/div><\/section>\n<div class=\"flex_column av_two_fifth  flex_column_div av-zero-column-padding first  avia-builder-el-12  el_after_av_textblock  el_before_av_one_fifth  column-top-margin\" style='border-radius:0px; '><div  class='avia-image-container  av-styling-    avia-builder-el-13  avia-builder-el-no-sibling  avia-align-center '  itemprop=\"image\" itemscope=\"itemscope\" itemtype=\"https:\/\/schema.org\/ImageObject\"  ><div class='avia-image-container-inner'><div class='avia-image-overlay-wrap'><a href='https:\/\/www.galerie-pfundt.de\/aktuell\/kuenstler\/matheisen\/wunder\/' class='avia_image'  ><img decoding=\"async\" width=\"289\" height=\"400\" class='wp-image-8560 avia-img-lazy-loading-not-8560 avia_image' src=\"https:\/\/www.galerie-pfundt.de\/wp-content\/uploads\/2019\/12\/IMG_7799-3-289x400.jpg\" alt='' title='Matheisen-IMG_7799'  itemprop=\"thumbnailUrl\" srcset=\"https:\/\/www.galerie-pfundt.de\/wp-content\/uploads\/2019\/12\/IMG_7799-3-289x400.jpg 289w, https:\/\/www.galerie-pfundt.de\/wp-content\/uploads\/2019\/12\/IMG_7799-3-scaled-600x829.jpg 600w, https:\/\/www.galerie-pfundt.de\/wp-content\/uploads\/2019\/12\/IMG_7799-3-745x1030.jpg 745w, https:\/\/www.galerie-pfundt.de\/wp-content\/uploads\/2019\/12\/IMG_7799-3-768x1062.jpg 768w, https:\/\/www.galerie-pfundt.de\/wp-content\/uploads\/2019\/12\/IMG_7799-3-1111x1536.jpg 1111w, https:\/\/www.galerie-pfundt.de\/wp-content\/uploads\/2019\/12\/IMG_7799-3-1481x2048.jpg 1481w, https:\/\/www.galerie-pfundt.de\/wp-content\/uploads\/2019\/12\/IMG_7799-3-1085x1500.jpg 1085w, https:\/\/www.galerie-pfundt.de\/wp-content\/uploads\/2019\/12\/IMG_7799-3-510x705.jpg 510w, https:\/\/www.galerie-pfundt.de\/wp-content\/uploads\/2019\/12\/IMG_7799-3-scaled.jpg 1852w\" sizes=\"(max-width: 289px) 100vw, 289px\" \/><\/a><\/div><\/div><\/div><\/div><div class=\"flex_column av_one_fifth  flex_column_div av-zero-column-padding   avia-builder-el-14  el_after_av_two_fifth  el_before_av_two_fifth  column-top-margin\" style='border-radius:0px; '><p><section class=\"av_textblock_section \"  itemscope=\"itemscope\" itemtype=\"https:\/\/schema.org\/CreativeWork\" ><div class='avia_textblock  av_inherit_color '  style='color:#ffffff; '  itemprop=\"text\" ><p><span style=\"color: #000000;\">Bitte informieren Sie mich \u00fcber neue Arbeiten der K\u00fcnstlerin<\/span><\/p>\n<\/div><\/section><br \/>\n<form action=\"https:\/\/www.galerie-pfundt.de\/aktuell\/kuenstler\/matheisen\/\" method=\"post\"  data-av-custom-send='mailchimp_send' class=\"avia_ajax_form av-form-labels-hidden   avia-builder-el-16  el_after_av_textblock  avia-builder-el-last  av-custom-form-color av-dark-form avia-mailchimp-form \" data-avia-form-id=\"1\" data-avia-redirect='' ><fieldset><p class='  first_form  form_element form_fullwidth' id='element_avia_0_1'><label for=\"avia_0_1\">E-Mail <abbr class=\"required\" title=\"ben\u00f6tigt\">*<\/abbr><\/label> <input name=\"avia_0_1\" class=\"text_input is_email\" type=\"text\" id=\"avia_0_1\" value=\"\"  placeholder='E-Mail*'\/><\/p><p class='  first_form  form_element form_fullwidth' id='element_avia_2_1'><label for=\"avia_2_1\">Name<\/label> <input name=\"avia_2_1\" class=\"text_input \" type=\"text\" id=\"avia_2_1\" value=\"\"  placeholder='Name'\/><\/p><p class=\"form_element  first_form  form_element form_fullwidth av-last-visible-form-element modified_width\"><input type=\"hidden\" value=\"1\" name=\"avia_generated_form1\" \/><input type=\"submit\" value=\"Abonnieren\" class=\"button\"  data-sending-label=\"Sende\"\/><\/p><p class=\"hidden\"><input type=\"text\" name=\"avia_avia_username_1\" class=\"hidden \" id=\"avia_avia_username_1\" value=\"\" \/><\/p><\/fieldset><\/form><div id=\"ajaxresponse_1\" class=\"ajaxresponse ajaxresponse_1 hidden\"><\/div><\/p><\/div><div class=\"flex_column av_two_fifth  flex_column_div av-zero-column-padding   avia-builder-el-17  el_after_av_one_fifth  el_before_av_textblock  column-top-margin\" style='border-radius:0px; '><div  class='avia-image-container  av-styling-    avia-builder-el-18  avia-builder-el-no-sibling  avia-align-center '  itemprop=\"image\" itemscope=\"itemscope\" itemtype=\"https:\/\/schema.org\/ImageObject\"  ><div class='avia-image-container-inner'><div class='avia-image-overlay-wrap'><a href='https:\/\/www.galerie-pfundt.de\/aktuell\/kuenstler\/matheisen\/ueberglueckliche\/' class='avia_image'  ><img decoding=\"async\" width=\"600\" height=\"555\" class='wp-image-8558 avia-img-lazy-loading-not-8558 avia_image' src=\"https:\/\/www.galerie-pfundt.de\/wp-content\/uploads\/2019\/12\/IMG_7306-3-scaled-e1593096804312-600x555.jpg\" alt='' title='Matheisen-IMG_7306'  itemprop=\"thumbnailUrl\" srcset=\"https:\/\/www.galerie-pfundt.de\/wp-content\/uploads\/2019\/12\/IMG_7306-3-scaled-e1593096804312-600x555.jpg 600w, https:\/\/www.galerie-pfundt.de\/wp-content\/uploads\/2019\/12\/IMG_7306-3-scaled-e1593096804312-400x370.jpg 400w, https:\/\/www.galerie-pfundt.de\/wp-content\/uploads\/2019\/12\/IMG_7306-3-scaled-e1593096804312-768x710.jpg 768w, https:\/\/www.galerie-pfundt.de\/wp-content\/uploads\/2019\/12\/IMG_7306-3-scaled-e1593096804312-1536x1421.jpg 1536w, https:\/\/www.galerie-pfundt.de\/wp-content\/uploads\/2019\/12\/IMG_7306-3-scaled-e1593096804312-1500x1388.jpg 1500w, https:\/\/www.galerie-pfundt.de\/wp-content\/uploads\/2019\/12\/IMG_7306-3-scaled-e1593096804312-705x652.jpg 705w, https:\/\/www.galerie-pfundt.de\/wp-content\/uploads\/2019\/12\/IMG_7306-3-scaled-e1593096804312.jpg 1708w\" sizes=\"(max-width: 600px) 100vw, 600px\" \/><\/a><\/div><\/div><\/div><\/div><section class=\"av_textblock_section \"  itemscope=\"itemscope\" itemtype=\"https:\/\/schema.org\/CreativeWork\" ><div class='avia_textblock  '   itemprop=\"text\" ><\/div><\/section>\n<div class=\"flex_column av_one_third  flex_column_div av-zero-column-padding first  avia-builder-el-20  el_after_av_textblock  el_before_av_one_fifth  column-top-margin\" style='border-radius:0px; '><div  class='avia-image-container  av-styling-    avia-builder-el-21  avia-builder-el-no-sibling  avia-align-center '  itemprop=\"image\" itemscope=\"itemscope\" itemtype=\"https:\/\/schema.org\/ImageObject\"  ><div class='avia-image-container-inner'><div class='avia-image-overlay-wrap'><a href='https:\/\/www.galerie-pfundt.de\/aktuell\/kuenstler\/matheisen\/teilen\/' class='avia_image'  ><img decoding=\"async\" width=\"222\" height=\"400\" class='wp-image-16007 avia-img-lazy-loading-not-16007 avia_image' src=\"https:\/\/www.galerie-pfundt.de\/wp-content\/uploads\/2020\/12\/IMG_9818-222x400.jpg\" alt='' title='Matheisen-LassUnsTeilen'  itemprop=\"thumbnailUrl\" srcset=\"https:\/\/www.galerie-pfundt.de\/wp-content\/uploads\/2020\/12\/IMG_9818-222x400.jpg 222w, https:\/\/www.galerie-pfundt.de\/wp-content\/uploads\/2020\/12\/IMG_9818-scaled-600x1082.jpg 600w, https:\/\/www.galerie-pfundt.de\/wp-content\/uploads\/2020\/12\/IMG_9818-571x1030.jpg 571w, https:\/\/www.galerie-pfundt.de\/wp-content\/uploads\/2020\/12\/IMG_9818-768x1385.jpg 768w, https:\/\/www.galerie-pfundt.de\/wp-content\/uploads\/2020\/12\/IMG_9818-852x1536.jpg 852w, https:\/\/www.galerie-pfundt.de\/wp-content\/uploads\/2020\/12\/IMG_9818-1136x2048.jpg 1136w, https:\/\/www.galerie-pfundt.de\/wp-content\/uploads\/2020\/12\/IMG_9818-832x1500.jpg 832w, https:\/\/www.galerie-pfundt.de\/wp-content\/uploads\/2020\/12\/IMG_9818-391x705.jpg 391w, https:\/\/www.galerie-pfundt.de\/wp-content\/uploads\/2020\/12\/IMG_9818-scaled.jpg 1420w\" sizes=\"(max-width: 222px) 100vw, 222px\" \/><\/a><\/div><\/div><\/div><\/div><div class=\"flex_column av_one_fifth  flex_column_div av-zero-column-padding   avia-builder-el-22  el_after_av_one_third  el_before_av_two_fifth  column-top-margin\" style='border-radius:0px; '><div  style='height:50px' class='hr hr-invisible   avia-builder-el-23  avia-builder-el-no-sibling '><span class='hr-inner ' ><span class='hr-inner-style'><\/span><\/span><\/div><\/div><div class=\"flex_column av_two_fifth  flex_column_div av-zero-column-padding   avia-builder-el-24  el_after_av_one_fifth  el_before_av_textblock  column-top-margin\" style='border-radius:0px; '><div  class='avia-image-container  av-styling-    avia-builder-el-25  avia-builder-el-no-sibling  avia-align-center '  itemprop=\"image\" itemscope=\"itemscope\" itemtype=\"https:\/\/schema.org\/ImageObject\"  ><div class='avia-image-container-inner'><div class='avia-image-overlay-wrap'><a href='https:\/\/www.galerie-pfundt.de\/aktuell\/kuenstler\/matheisen\/freundschaft\/' class='avia_image'  ><img decoding=\"async\" width=\"2560\" height=\"1438\" class='wp-image-8559 avia-img-lazy-loading-not-8559 avia_image' src=\"https:\/\/www.galerie-pfundt.de\/wp-content\/uploads\/2019\/12\/IMG_7787-3-scaled.jpg\" alt='' title='Matheisen-IMG_7787'  itemprop=\"thumbnailUrl\" srcset=\"https:\/\/www.galerie-pfundt.de\/wp-content\/uploads\/2019\/12\/IMG_7787-3-scaled.jpg 2560w, https:\/\/www.galerie-pfundt.de\/wp-content\/uploads\/2019\/12\/IMG_7787-3-scaled-600x337.jpg 600w, https:\/\/www.galerie-pfundt.de\/wp-content\/uploads\/2019\/12\/IMG_7787-3-400x225.jpg 400w, https:\/\/www.galerie-pfundt.de\/wp-content\/uploads\/2019\/12\/IMG_7787-3-1030x579.jpg 1030w, https:\/\/www.galerie-pfundt.de\/wp-content\/uploads\/2019\/12\/IMG_7787-3-768x431.jpg 768w, https:\/\/www.galerie-pfundt.de\/wp-content\/uploads\/2019\/12\/IMG_7787-3-1536x863.jpg 1536w, https:\/\/www.galerie-pfundt.de\/wp-content\/uploads\/2019\/12\/IMG_7787-3-2048x1150.jpg 2048w, https:\/\/www.galerie-pfundt.de\/wp-content\/uploads\/2019\/12\/IMG_7787-3-1500x843.jpg 1500w, https:\/\/www.galerie-pfundt.de\/wp-content\/uploads\/2019\/12\/IMG_7787-3-705x396.jpg 705w\" sizes=\"(max-width: 2560px) 100vw, 2560px\" \/><\/a><\/div><\/div><\/div><\/div><section class=\"av_textblock_section \"  itemscope=\"itemscope\" itemtype=\"https:\/\/schema.org\/CreativeWork\" ><div class='avia_textblock  '   itemprop=\"text\" ><\/div><\/section>\n<section class=\"av_textblock_section \"  itemscope=\"itemscope\" itemtype=\"https:\/\/schema.org\/CreativeWork\" ><div class='avia_textblock  '   itemprop=\"text\" ><\/div><\/section>\n<div class=\"flex_column av_one_fifth  flex_column_div av-zero-column-padding first  avia-builder-el-28  el_after_av_textblock  el_before_av_one_third  column-top-margin\" style='border-radius:0px; '><\/div><div class=\"flex_column av_one_third  flex_column_div av-zero-column-padding   avia-builder-el-29  el_after_av_one_fifth  el_before_av_one_third  column-top-margin\" style='border-radius:0px; '><div  class='avia-image-container  av-styling-    avia-builder-el-30  avia-builder-el-no-sibling  avia-align-center '  itemprop=\"image\" itemscope=\"itemscope\" itemtype=\"https:\/\/schema.org\/ImageObject\"  ><div class='avia-image-container-inner'><div class='avia-image-overlay-wrap'><a href='https:\/\/www.galerie-pfundt.de\/aktuell\/kuenstler\/matheisen\/koenigin\/' class='avia_image'  ><img decoding=\"async\" width=\"372\" height=\"600\" class='wp-image-14249 avia-img-lazy-loading-not-14249 avia_image' src=\"https:\/\/www.galerie-pfundt.de\/wp-content\/uploads\/2020\/08\/klk_2-0-e1597489009634-372x600.png\" alt='' title='klk_2-0'  itemprop=\"thumbnailUrl\" srcset=\"https:\/\/www.galerie-pfundt.de\/wp-content\/uploads\/2020\/08\/klk_2-0-e1597489009634-372x600.png 372w, https:\/\/www.galerie-pfundt.de\/wp-content\/uploads\/2020\/08\/klk_2-0-e1597489009634-600x968.png 600w, https:\/\/www.galerie-pfundt.de\/wp-content\/uploads\/2020\/08\/klk_2-0-e1597489009634-248x400.png 248w, https:\/\/www.galerie-pfundt.de\/wp-content\/uploads\/2020\/08\/klk_2-0-e1597489009634-768x1239.png 768w, https:\/\/www.galerie-pfundt.de\/wp-content\/uploads\/2020\/08\/klk_2-0-e1597489009634-952x1536.png 952w, https:\/\/www.galerie-pfundt.de\/wp-content\/uploads\/2020\/08\/klk_2-0-e1597489009634-1270x2048.png 1270w, https:\/\/www.galerie-pfundt.de\/wp-content\/uploads\/2020\/08\/klk_2-0-e1597489009634-930x1500.png 930w, https:\/\/www.galerie-pfundt.de\/wp-content\/uploads\/2020\/08\/klk_2-0-e1597489009634-437x705.png 437w\" sizes=\"(max-width: 372px) 100vw, 372px\" \/><\/a><\/div><\/div><\/div><\/div><div class=\"flex_column av_one_third  flex_column_div av-zero-column-padding   avia-builder-el-31  el_after_av_one_third  el_before_av_textblock  column-top-margin\" style='border-radius:0px; '><div  class='avia-image-container  av-styling-    avia-builder-el-32  avia-builder-el-no-sibling  avia-align-center '  itemprop=\"image\" itemscope=\"itemscope\" itemtype=\"https:\/\/schema.org\/ImageObject\"  ><div class='avia-image-container-inner'><div class='avia-image-overlay-wrap'><a href='https:\/\/www.galerie-pfundt.de\/aktuell\/kuenstler\/matheisen\/koenigin\/' class='avia_image'  ><img decoding=\"async\" width=\"1594\" height=\"2560\" class='wp-image-14093 avia-img-lazy-loading-not-14093 avia_image' src=\"https:\/\/www.galerie-pfundt.de\/wp-content\/uploads\/2020\/08\/Matheisen-3-o.T.-scaled.jpg\" alt='' title='Matheisen 3 o.T.'  itemprop=\"thumbnailUrl\" srcset=\"https:\/\/www.galerie-pfundt.de\/wp-content\/uploads\/2020\/08\/Matheisen-3-o.T.-scaled.jpg 1594w, https:\/\/www.galerie-pfundt.de\/wp-content\/uploads\/2020\/08\/Matheisen-3-o.T.-scaled-600x964.jpg 600w, https:\/\/www.galerie-pfundt.de\/wp-content\/uploads\/2020\/08\/Matheisen-3-o.T.-249x400.jpg 249w, https:\/\/www.galerie-pfundt.de\/wp-content\/uploads\/2020\/08\/Matheisen-3-o.T.-374x600.jpg 374w, https:\/\/www.galerie-pfundt.de\/wp-content\/uploads\/2020\/08\/Matheisen-3-o.T.-768x1233.jpg 768w, https:\/\/www.galerie-pfundt.de\/wp-content\/uploads\/2020\/08\/Matheisen-3-o.T.-956x1536.jpg 956w, https:\/\/www.galerie-pfundt.de\/wp-content\/uploads\/2020\/08\/Matheisen-3-o.T.-1275x2048.jpg 1275w, https:\/\/www.galerie-pfundt.de\/wp-content\/uploads\/2020\/08\/Matheisen-3-o.T.-934x1500.jpg 934w, https:\/\/www.galerie-pfundt.de\/wp-content\/uploads\/2020\/08\/Matheisen-3-o.T.-439x705.jpg 439w\" sizes=\"(max-width: 1594px) 100vw, 1594px\" \/><\/a><\/div><\/div><\/div><\/div><section class=\"av_textblock_section \"  itemscope=\"itemscope\" itemtype=\"https:\/\/schema.org\/CreativeWork\" ><div class='avia_textblock  '   itemprop=\"text\" ><\/div><\/section>\n<div class=\"flex_column av_one_third  flex_column_div av-zero-column-padding first  avia-builder-el-34  el_after_av_textblock  el_before_av_one_third  column-top-margin\" style='border-radius:0px; '><p><div  class='avia-image-container  av-styling-    avia-builder-el-35  el_before_av_hr  avia-builder-el-first  avia-align-center '  itemprop=\"image\" itemscope=\"itemscope\" itemtype=\"https:\/\/schema.org\/ImageObject\"  ><div class='avia-image-container-inner'><div class='avia-image-overlay-wrap'><a href='https:\/\/www.galerie-pfundt.de\/aktuell\/kuenstler\/matheisen\/glueckskind\/' class='avia_image'  ><img decoding=\"async\" width=\"373\" height=\"400\" class='wp-image-8567 avia-img-lazy-loading-not-8567 avia_image' src=\"https:\/\/www.galerie-pfundt.de\/wp-content\/uploads\/2019\/12\/IMG_7847-scaled-e1598023119823-373x400.jpg\" alt='' title='Matheisen-Glueckskind'  itemprop=\"thumbnailUrl\" srcset=\"https:\/\/www.galerie-pfundt.de\/wp-content\/uploads\/2019\/12\/IMG_7847-scaled-e1598023119823-373x400.jpg 373w, https:\/\/www.galerie-pfundt.de\/wp-content\/uploads\/2019\/12\/IMG_7847-scaled-e1598023119823-600x644.jpg 600w, https:\/\/www.galerie-pfundt.de\/wp-content\/uploads\/2019\/12\/IMG_7847-scaled-e1598023119823-559x600.jpg 559w, https:\/\/www.galerie-pfundt.de\/wp-content\/uploads\/2019\/12\/IMG_7847-scaled-e1598023119823-768x824.jpg 768w, https:\/\/www.galerie-pfundt.de\/wp-content\/uploads\/2019\/12\/IMG_7847-scaled-e1598023119823-1431x1536.jpg 1431w, https:\/\/www.galerie-pfundt.de\/wp-content\/uploads\/2019\/12\/IMG_7847-scaled-e1598023119823-1397x1500.jpg 1397w, https:\/\/www.galerie-pfundt.de\/wp-content\/uploads\/2019\/12\/IMG_7847-scaled-e1598023119823-657x705.jpg 657w, https:\/\/www.galerie-pfundt.de\/wp-content\/uploads\/2019\/12\/IMG_7847-scaled-e1598023119823.jpg 1472w\" sizes=\"(max-width: 373px) 100vw, 373px\" \/><\/a><\/div><\/div><\/div><br \/>\n<div  style='height:50px' class='hr hr-invisible   avia-builder-el-36  el_after_av_image  el_before_av_image '><span class='hr-inner ' ><span class='hr-inner-style'><\/span><\/span><\/div><br \/>\n<div  class='avia-image-container  av-styling-    avia-builder-el-37  el_after_av_hr  avia-builder-el-last  avia-align-center '  itemprop=\"image\" itemscope=\"itemscope\" itemtype=\"https:\/\/schema.org\/ImageObject\"  ><div class='avia-image-container-inner'><div class='avia-image-overlay-wrap'><a href='https:\/\/www.galerie-pfundt.de\/aktuell\/kuenstler\/matheisen\/so_lieb\/' class='avia_image'  ><img decoding=\"async\" width=\"400\" height=\"364\" class='wp-image-13118 avia-img-lazy-loading-not-13118 avia_image' src=\"https:\/\/www.galerie-pfundt.de\/wp-content\/uploads\/2020\/06\/Matheisen-SoLiebHabIchDich-400x364.jpg\" alt='' title='Matheisen-SoLiebHabIchDich'  itemprop=\"thumbnailUrl\" srcset=\"https:\/\/www.galerie-pfundt.de\/wp-content\/uploads\/2020\/06\/Matheisen-SoLiebHabIchDich-400x364.jpg 400w, https:\/\/www.galerie-pfundt.de\/wp-content\/uploads\/2020\/06\/Matheisen-SoLiebHabIchDich-scaled-600x546.jpg 600w, https:\/\/www.galerie-pfundt.de\/wp-content\/uploads\/2020\/06\/Matheisen-SoLiebHabIchDich-768x699.jpg 768w, https:\/\/www.galerie-pfundt.de\/wp-content\/uploads\/2020\/06\/Matheisen-SoLiebHabIchDich-1536x1398.jpg 1536w, https:\/\/www.galerie-pfundt.de\/wp-content\/uploads\/2020\/06\/Matheisen-SoLiebHabIchDich-2048x1865.jpg 2048w, https:\/\/www.galerie-pfundt.de\/wp-content\/uploads\/2020\/06\/Matheisen-SoLiebHabIchDich-1500x1366.jpg 1500w, https:\/\/www.galerie-pfundt.de\/wp-content\/uploads\/2020\/06\/Matheisen-SoLiebHabIchDich-705x642.jpg 705w\" sizes=\"(max-width: 400px) 100vw, 400px\" \/><\/a><\/div><\/div><\/div><\/p><\/div><div class=\"flex_column av_one_third  flex_column_div av-zero-column-padding   avia-builder-el-38  el_after_av_one_third  el_before_av_one_third  column-top-margin\" style='border-radius:0px; '><p><div  class='avia-image-container  av-styling-    avia-builder-el-39  el_before_av_hr  avia-builder-el-first  avia-align-center '  itemprop=\"image\" itemscope=\"itemscope\" itemtype=\"https:\/\/schema.org\/ImageObject\"  ><div class='avia-image-container-inner'><div class='avia-image-overlay-wrap'><a href='https:\/\/www.galerie-pfundt.de\/aktuell\/kuenstler\/matheisen\/verzaubert\/' class='avia_image'  ><img decoding=\"async\" width=\"216\" height=\"400\" class='wp-image-15950 avia-img-lazy-loading-not-15950 avia_image' src=\"https:\/\/www.galerie-pfundt.de\/wp-content\/uploads\/2020\/12\/Matheisen-Verzaubert-scaled-e1606925708789-216x400.jpg\" alt='' title='Matheisen-Verzaubert'  itemprop=\"thumbnailUrl\" srcset=\"https:\/\/www.galerie-pfundt.de\/wp-content\/uploads\/2020\/12\/Matheisen-Verzaubert-scaled-e1606925708789-216x400.jpg 216w, https:\/\/www.galerie-pfundt.de\/wp-content\/uploads\/2020\/12\/Matheisen-Verzaubert-scaled-e1606925708789-600x1110.jpg 600w, https:\/\/www.galerie-pfundt.de\/wp-content\/uploads\/2020\/12\/Matheisen-Verzaubert-scaled-e1606925708789-557x1030.jpg 557w, https:\/\/www.galerie-pfundt.de\/wp-content\/uploads\/2020\/12\/Matheisen-Verzaubert-scaled-e1606925708789-768x1421.jpg 768w, https:\/\/www.galerie-pfundt.de\/wp-content\/uploads\/2020\/12\/Matheisen-Verzaubert-scaled-e1606925708789-830x1536.jpg 830w, https:\/\/www.galerie-pfundt.de\/wp-content\/uploads\/2020\/12\/Matheisen-Verzaubert-scaled-e1606925708789-810x1500.jpg 810w, https:\/\/www.galerie-pfundt.de\/wp-content\/uploads\/2020\/12\/Matheisen-Verzaubert-scaled-e1606925708789-381x705.jpg 381w, https:\/\/www.galerie-pfundt.de\/wp-content\/uploads\/2020\/12\/Matheisen-Verzaubert-scaled-e1606925708789.jpg 992w\" sizes=\"(max-width: 216px) 100vw, 216px\" \/><\/a><\/div><\/div><\/div><br \/>\n<div  style='height:50px' class='hr hr-invisible   avia-builder-el-40  el_after_av_image  el_before_av_image '><span class='hr-inner ' ><span class='hr-inner-style'><\/span><\/span><\/div><br \/>\n<div  class='avia-image-container  av-styling-    avia-builder-el-41  el_after_av_hr  avia-builder-el-last  avia-align-center '  itemprop=\"image\" itemscope=\"itemscope\" itemtype=\"https:\/\/schema.org\/ImageObject\"  ><div class='avia-image-container-inner'><div class='avia-image-overlay-wrap'><a href='https:\/\/www.galerie-pfundt.de\/aktuell\/kuenstler\/matheisen\/modeschoepfer\/' class='avia_image'  ><img decoding=\"async\" width=\"251\" height=\"400\" class='wp-image-16008 avia-img-lazy-loading-not-16008 avia_image' src=\"https:\/\/www.galerie-pfundt.de\/wp-content\/uploads\/2020\/12\/IMG_9842-251x400.jpg\" alt='' title='Matheisen-DerTraumDesModeschoepfers'  itemprop=\"thumbnailUrl\" srcset=\"https:\/\/www.galerie-pfundt.de\/wp-content\/uploads\/2020\/12\/IMG_9842-251x400.jpg 251w, https:\/\/www.galerie-pfundt.de\/wp-content\/uploads\/2020\/12\/IMG_9842-scaled-600x955.jpg 600w, https:\/\/www.galerie-pfundt.de\/wp-content\/uploads\/2020\/12\/IMG_9842-647x1030.jpg 647w, https:\/\/www.galerie-pfundt.de\/wp-content\/uploads\/2020\/12\/IMG_9842-768x1223.jpg 768w, https:\/\/www.galerie-pfundt.de\/wp-content\/uploads\/2020\/12\/IMG_9842-965x1536.jpg 965w, https:\/\/www.galerie-pfundt.de\/wp-content\/uploads\/2020\/12\/IMG_9842-1286x2048.jpg 1286w, https:\/\/www.galerie-pfundt.de\/wp-content\/uploads\/2020\/12\/IMG_9842-942x1500.jpg 942w, https:\/\/www.galerie-pfundt.de\/wp-content\/uploads\/2020\/12\/IMG_9842-443x705.jpg 443w, https:\/\/www.galerie-pfundt.de\/wp-content\/uploads\/2020\/12\/IMG_9842-scaled.jpg 1608w\" sizes=\"(max-width: 251px) 100vw, 251px\" \/><\/a><\/div><\/div><\/div><\/p><\/div><div class=\"flex_column av_one_third  flex_column_div av-zero-column-padding   avia-builder-el-42  el_after_av_one_third  el_before_av_one_third  column-top-margin\" style='border-radius:0px; '><p><div  style='height:200px' class='hr hr-invisible   avia-builder-el-43  el_before_av_image  avia-builder-el-first '><span class='hr-inner ' ><span class='hr-inner-style'><\/span><\/span><\/div><br \/>\n<div  class='avia-image-container  av-styling-    avia-builder-el-44  el_after_av_hr  avia-builder-el-last  avia-align-center '  itemprop=\"image\" itemscope=\"itemscope\" itemtype=\"https:\/\/schema.org\/ImageObject\"  ><div class='avia-image-container-inner'><div class='avia-image-overlay-wrap'><a href='https:\/\/www.galerie-pfundt.de\/aktuell\/kuenstler\/matheisen\/klstbeob\/' class='avia_image'  ><img decoding=\"async\" width=\"337\" height=\"600\" class='wp-image-13116 avia-img-lazy-loading-not-13116 avia_image' src=\"https:\/\/www.galerie-pfundt.de\/wp-content\/uploads\/2020\/06\/Matheisen-KleineSternenbeobachterin-337x600.jpg\" alt='' title='Matheisen-KleineSternenbeobachterin'  itemprop=\"thumbnailUrl\" srcset=\"https:\/\/www.galerie-pfundt.de\/wp-content\/uploads\/2020\/06\/Matheisen-KleineSternenbeobachterin-337x600.jpg 337w, https:\/\/www.galerie-pfundt.de\/wp-content\/uploads\/2020\/06\/Matheisen-KleineSternenbeobachterin-600x1068.jpg 600w, https:\/\/www.galerie-pfundt.de\/wp-content\/uploads\/2020\/06\/Matheisen-KleineSternenbeobachterin-225x400.jpg 225w, https:\/\/www.galerie-pfundt.de\/wp-content\/uploads\/2020\/06\/Matheisen-KleineSternenbeobachterin-396x705.jpg 396w, https:\/\/www.galerie-pfundt.de\/wp-content\/uploads\/2020\/06\/Matheisen-KleineSternenbeobachterin.jpg 743w\" sizes=\"(max-width: 337px) 100vw, 337px\" \/><\/a><\/div><\/div><\/div><\/p><\/div><div class=\"flex_column av_one_third  flex_column_div av-zero-column-padding first  avia-builder-el-45  el_after_av_one_third  el_before_av_one_fifth  column-top-margin\" style='border-radius:0px; '><div  class='avia-image-container  av-styling-    avia-builder-el-46  avia-builder-el-no-sibling  avia-align-center '  itemprop=\"image\" itemscope=\"itemscope\" itemtype=\"https:\/\/schema.org\/ImageObject\"  ><div class='avia-image-container-inner'><div class='avia-image-overlay-wrap'><a href='https:\/\/www.galerie-pfundt.de\/aktuell\/kuenstler\/matheisen\/melancholiebe\/' class='avia_image'  ><img decoding=\"async\" width=\"606\" height=\"1030\" class='wp-image-8564 avia-img-lazy-loading-not-8564 avia_image' src=\"https:\/\/www.galerie-pfundt.de\/wp-content\/uploads\/2019\/12\/IMG_8346-606x1030.jpg\" alt='' title='Matheisen-IMG_8346'  itemprop=\"thumbnailUrl\" srcset=\"https:\/\/www.galerie-pfundt.de\/wp-content\/uploads\/2019\/12\/IMG_8346-606x1030.jpg 606w, https:\/\/www.galerie-pfundt.de\/wp-content\/uploads\/2019\/12\/IMG_8346-scaled-600x1021.jpg 600w, https:\/\/www.galerie-pfundt.de\/wp-content\/uploads\/2019\/12\/IMG_8346-235x400.jpg 235w, https:\/\/www.galerie-pfundt.de\/wp-content\/uploads\/2019\/12\/IMG_8346-768x1306.jpg 768w, https:\/\/www.galerie-pfundt.de\/wp-content\/uploads\/2019\/12\/IMG_8346-903x1536.jpg 903w, https:\/\/www.galerie-pfundt.de\/wp-content\/uploads\/2019\/12\/IMG_8346-1204x2048.jpg 1204w, https:\/\/www.galerie-pfundt.de\/wp-content\/uploads\/2019\/12\/IMG_8346-882x1500.jpg 882w, https:\/\/www.galerie-pfundt.de\/wp-content\/uploads\/2019\/12\/IMG_8346-415x705.jpg 415w, https:\/\/www.galerie-pfundt.de\/wp-content\/uploads\/2019\/12\/IMG_8346-scaled.jpg 1505w\" sizes=\"(max-width: 606px) 100vw, 606px\" \/><\/a><\/div><\/div><\/div><\/div><div class=\"flex_column av_one_fifth  flex_column_div av-zero-column-padding   avia-builder-el-47  el_after_av_one_third  el_before_av_two_fifth  column-top-margin\" style='border-radius:0px; '><\/div><div class=\"flex_column av_two_fifth  flex_column_div av-zero-column-padding   avia-builder-el-48  el_after_av_one_fifth  el_before_av_hr  column-top-margin\" style='border-radius:0px; '><p><div  class='avia-image-container  av-styling-    avia-builder-el-49  el_before_av_hr  avia-builder-el-first  avia-align-center '  itemprop=\"image\" itemscope=\"itemscope\" itemtype=\"https:\/\/schema.org\/ImageObject\"  ><div class='avia-image-container-inner'><div class='avia-image-overlay-wrap'><a href='https:\/\/www.galerie-pfundt.de\/aktuell\/kuenstler\/matheisen\/pustekuchen\/' class='avia_image'  ><img decoding=\"async\" width=\"400\" height=\"321\" class='wp-image-13117 avia-img-lazy-loading-not-13117 avia_image' src=\"https:\/\/www.galerie-pfundt.de\/wp-content\/uploads\/2020\/06\/Matheisen-Pustekuchen1-400x321.jpg\" alt='' title='Matheisen-Pustekuchen1'  itemprop=\"thumbnailUrl\" srcset=\"https:\/\/www.galerie-pfundt.de\/wp-content\/uploads\/2020\/06\/Matheisen-Pustekuchen1-400x321.jpg 400w, https:\/\/www.galerie-pfundt.de\/wp-content\/uploads\/2020\/06\/Matheisen-Pustekuchen1-600x482.jpg 600w, https:\/\/www.galerie-pfundt.de\/wp-content\/uploads\/2020\/06\/Matheisen-Pustekuchen1-768x617.jpg 768w, https:\/\/www.galerie-pfundt.de\/wp-content\/uploads\/2020\/06\/Matheisen-Pustekuchen1-705x566.jpg 705w, https:\/\/www.galerie-pfundt.de\/wp-content\/uploads\/2020\/06\/Matheisen-Pustekuchen1.jpg 1412w\" sizes=\"(max-width: 400px) 100vw, 400px\" \/><\/a><\/div><\/div><\/div><br \/>\n<div  style='height:50px' class='hr hr-invisible   avia-builder-el-50  el_after_av_image  el_before_av_image '><span class='hr-inner ' ><span class='hr-inner-style'><\/span><\/span><\/div><br \/>\n<div  class='avia-image-container  av-styling-    avia-builder-el-51  el_after_av_hr  avia-builder-el-last  avia-align-center '  itemprop=\"image\" itemscope=\"itemscope\" itemtype=\"https:\/\/schema.org\/ImageObject\"  ><div class='avia-image-container-inner'><div class='avia-image-overlay-wrap'><a href='https:\/\/www.galerie-pfundt.de\/aktuell\/kuenstler\/matheisen\/klkraftprotz\/' class='avia_image'  ><img decoding=\"async\" width=\"311\" height=\"400\" class='wp-image-13115 avia-img-lazy-loading-not-13115 avia_image' src=\"https:\/\/www.galerie-pfundt.de\/wp-content\/uploads\/2020\/06\/Matheisen-KleinerKraftprotz2-311x400.jpg\" alt='' title='Matheisen-KleinerKraftprotz2'  itemprop=\"thumbnailUrl\" srcset=\"https:\/\/www.galerie-pfundt.de\/wp-content\/uploads\/2020\/06\/Matheisen-KleinerKraftprotz2-311x400.jpg 311w, https:\/\/www.galerie-pfundt.de\/wp-content\/uploads\/2020\/06\/Matheisen-KleinerKraftprotz2-600x772.jpg 600w, https:\/\/www.galerie-pfundt.de\/wp-content\/uploads\/2020\/06\/Matheisen-KleinerKraftprotz2-467x600.jpg 467w, https:\/\/www.galerie-pfundt.de\/wp-content\/uploads\/2020\/06\/Matheisen-KleinerKraftprotz2-768x988.jpg 768w, https:\/\/www.galerie-pfundt.de\/wp-content\/uploads\/2020\/06\/Matheisen-KleinerKraftprotz2-548x705.jpg 548w, https:\/\/www.galerie-pfundt.de\/wp-content\/uploads\/2020\/06\/Matheisen-KleinerKraftprotz2.jpg 940w\" sizes=\"(max-width: 311px) 100vw, 311px\" \/><\/a><\/div><\/div><\/div><\/p><\/div><div  style='height:120px' class='hr hr-invisible   avia-builder-el-52  el_after_av_two_fifth  el_before_av_one_third '><span class='hr-inner ' ><span class='hr-inner-style'><\/span><\/span><\/div>\n<div class=\"flex_column av_one_third  flex_column_div av-zero-column-padding first  avia-builder-el-53  el_after_av_hr  el_before_av_one_half  \" style='border-radius:0px; '><div  class='avia-image-container  av-styling-    avia-builder-el-54  avia-builder-el-no-sibling  avia-align-center '  itemprop=\"image\" itemscope=\"itemscope\" itemtype=\"https:\/\/schema.org\/ImageObject\"  ><div class='avia-image-container-inner'><div class='avia-image-overlay-wrap'><a href='https:\/\/www.galerie-pfundt.de\/aktuell\/kuenstler\/matheisen\/glueck_ist\/' class='avia_image'  ><img decoding=\"async\" width=\"1376\" height=\"1971\" class='wp-image-8554 avia-img-lazy-loading-not-8554 avia_image' src=\"https:\/\/www.galerie-pfundt.de\/wp-content\/uploads\/2019\/12\/IMG_7928-2-scaled-e1607089282486.jpg\" alt='' title='Matheisen-GlueckIstEineFrageDerHaltung'  itemprop=\"thumbnailUrl\" srcset=\"https:\/\/www.galerie-pfundt.de\/wp-content\/uploads\/2019\/12\/IMG_7928-2-scaled-e1607089282486.jpg 1376w, https:\/\/www.galerie-pfundt.de\/wp-content\/uploads\/2019\/12\/IMG_7928-2-scaled-e1607089282486-600x859.jpg 600w, https:\/\/www.galerie-pfundt.de\/wp-content\/uploads\/2019\/12\/IMG_7928-2-scaled-e1607089282486-279x400.jpg 279w, https:\/\/www.galerie-pfundt.de\/wp-content\/uploads\/2019\/12\/IMG_7928-2-scaled-e1607089282486-719x1030.jpg 719w, https:\/\/www.galerie-pfundt.de\/wp-content\/uploads\/2019\/12\/IMG_7928-2-scaled-e1607089282486-768x1100.jpg 768w, https:\/\/www.galerie-pfundt.de\/wp-content\/uploads\/2019\/12\/IMG_7928-2-scaled-e1607089282486-1072x1536.jpg 1072w, https:\/\/www.galerie-pfundt.de\/wp-content\/uploads\/2019\/12\/IMG_7928-2-scaled-e1607089282486-1047x1500.jpg 1047w, https:\/\/www.galerie-pfundt.de\/wp-content\/uploads\/2019\/12\/IMG_7928-2-scaled-e1607089282486-492x705.jpg 492w\" sizes=\"(max-width: 1376px) 100vw, 1376px\" \/><\/a><\/div><\/div><\/div><\/div><div class=\"flex_column av_one_half  flex_column_div av-zero-column-padding   avia-builder-el-55  el_after_av_one_third  el_before_av_hr  \" style='border-radius:0px; '><div  class='avia-image-container  av-styling-    avia-builder-el-56  avia-builder-el-no-sibling  avia-align-center '  itemprop=\"image\" itemscope=\"itemscope\" itemtype=\"https:\/\/schema.org\/ImageObject\"  ><div class='avia-image-container-inner'><div class='avia-image-overlay-wrap'><a href='https:\/\/www.galerie-pfundt.de\/aktuell\/kuenstler\/matheisen\/vogel_frei\/' class='avia_image'  ><img decoding=\"async\" width=\"355\" height=\"600\" class='wp-image-8557 avia-img-lazy-loading-not-8557 avia_image' src=\"https:\/\/www.galerie-pfundt.de\/wp-content\/uploads\/2019\/12\/IMG_5709-3-scaled-e1593096008154-355x600.jpg\" alt='' title='Matheisen-IMG_5709'  itemprop=\"thumbnailUrl\" srcset=\"https:\/\/www.galerie-pfundt.de\/wp-content\/uploads\/2019\/12\/IMG_5709-3-scaled-e1593096008154-355x600.jpg 355w, https:\/\/www.galerie-pfundt.de\/wp-content\/uploads\/2019\/12\/IMG_5709-3-scaled-e1593096008154-600x1015.jpg 600w, https:\/\/www.galerie-pfundt.de\/wp-content\/uploads\/2019\/12\/IMG_5709-3-scaled-e1593096008154-236x400.jpg 236w, https:\/\/www.galerie-pfundt.de\/wp-content\/uploads\/2019\/12\/IMG_5709-3-scaled-e1593096008154-768x1300.jpg 768w, https:\/\/www.galerie-pfundt.de\/wp-content\/uploads\/2019\/12\/IMG_5709-3-scaled-e1593096008154-908x1536.jpg 908w, https:\/\/www.galerie-pfundt.de\/wp-content\/uploads\/2019\/12\/IMG_5709-3-scaled-e1593096008154-886x1500.jpg 886w, https:\/\/www.galerie-pfundt.de\/wp-content\/uploads\/2019\/12\/IMG_5709-3-scaled-e1593096008154-417x705.jpg 417w, https:\/\/www.galerie-pfundt.de\/wp-content\/uploads\/2019\/12\/IMG_5709-3-scaled-e1593096008154.jpg 1036w\" sizes=\"(max-width: 355px) 100vw, 355px\" \/><\/a><\/div><\/div><\/div><\/div><div  style='height:120px' class='hr hr-invisible   avia-builder-el-57  el_after_av_one_half  el_before_av_three_fifth '><span class='hr-inner ' ><span class='hr-inner-style'><\/span><\/span><\/div>\n<div class=\"flex_column av_three_fifth  flex_column_div av-zero-column-padding first  avia-builder-el-58  el_after_av_hr  el_before_av_two_fifth  \" style='border-radius:0px; '><div  class='avia-image-container  av-styling-    avia-builder-el-59  avia-builder-el-no-sibling  avia-align-center '  itemprop=\"image\" itemscope=\"itemscope\" itemtype=\"https:\/\/schema.org\/ImageObject\"  ><div class='avia-image-container-inner'><div class='avia-image-overlay-wrap'><img decoding=\"async\" class='wp-image-17324 avia-img-lazy-loading-not-17324 avia_image' src=\"https:\/\/www.galerie-pfundt.de\/wp-content\/uploads\/2021\/03\/Matheisen-Bronzegruppe-Garten-Kopie-400x374.jpg\" alt='' title='dav' height=\"374\" width=\"400\"  itemprop=\"thumbnailUrl\" srcset=\"https:\/\/www.galerie-pfundt.de\/wp-content\/uploads\/2021\/03\/Matheisen-Bronzegruppe-Garten-Kopie-400x374.jpg 400w, https:\/\/www.galerie-pfundt.de\/wp-content\/uploads\/2021\/03\/Matheisen-Bronzegruppe-Garten-Kopie-scaled-600x561.jpg 600w, https:\/\/www.galerie-pfundt.de\/wp-content\/uploads\/2021\/03\/Matheisen-Bronzegruppe-Garten-Kopie-1030x963.jpg 1030w, https:\/\/www.galerie-pfundt.de\/wp-content\/uploads\/2021\/03\/Matheisen-Bronzegruppe-Garten-Kopie-768x718.jpg 768w, https:\/\/www.galerie-pfundt.de\/wp-content\/uploads\/2021\/03\/Matheisen-Bronzegruppe-Garten-Kopie-1536x1437.jpg 1536w, https:\/\/www.galerie-pfundt.de\/wp-content\/uploads\/2021\/03\/Matheisen-Bronzegruppe-Garten-Kopie-2048x1916.jpg 2048w, https:\/\/www.galerie-pfundt.de\/wp-content\/uploads\/2021\/03\/Matheisen-Bronzegruppe-Garten-Kopie-1500x1403.jpg 1500w, https:\/\/www.galerie-pfundt.de\/wp-content\/uploads\/2021\/03\/Matheisen-Bronzegruppe-Garten-Kopie-705x659.jpg 705w\" sizes=\"(max-width: 400px) 100vw, 400px\" \/><\/div><\/div><\/div><\/div><div class=\"flex_column av_two_fifth  flex_column_div   avia-builder-el-60  el_after_av_three_fifth  avia-builder-el-last  \" style='background: #eaeaea; padding:14px; background-color:#eaeaea; border-radius:0px; '><p><div  style='height:26px' class='hr hr-invisible   avia-builder-el-61  el_before_av_textblock  avia-builder-el-first '><span class='hr-inner ' ><span class='hr-inner-style'><\/span><\/span><\/div><br \/>\n<section class=\"av_textblock_section \"  itemscope=\"itemscope\" itemtype=\"https:\/\/schema.org\/CreativeWork\" ><div class='avia_textblock  '   itemprop=\"text\" ><div>&#8220; Auf diesem Photo links sind alle zur Zeit bekannten, menschlichen Geschlechter vertreten, &#8218;Freig\u00e4nger'&#8220; (A.Matheisen)<\/div>\n<div>Alle aus Bronze, H\u00f6he zwischen 40 und 55 cm, Unikate und Auflagenobjekte, entstanden zwischen 2015 und 2020, Preise \u20ac 2.100 &#8211; \u20ac 3.500<\/div>\n<div><\/div>\n<div>Unter den &#8218;Freig\u00e4ngern&#8216; sind Arbeiten wie z.B.<\/div>\n<div>&#8211; Heldenpause<\/div>\n<div>&#8211; Mensch \u00e4rgere dich nicht<\/div>\n<div>&#8211; Kleine K\u00f6nigin von \u00fcberall und nirgendwo<\/div>\n<div>&#8211; Sonne auf der Haut<\/div>\n<div>&#8211; To be!<\/div>\n<div><\/div>\n<\/div><\/section><br \/>\n<div  style='height:45px' class='hr hr-invisible   avia-builder-el-63  el_after_av_textblock  avia-builder-el-last '><span class='hr-inner ' ><span class='hr-inner-style'><\/span><\/span><\/div><\/p><\/div>\n","protected":false},"excerpt":{"rendered":"","protected":false},"author":2,"featured_media":0,"parent":14,"menu_order":0,"comment_status":"closed","ping_status":"closed","template":"","meta":{"footnotes":""},"class_list":["post-8416","page","type-page","status-publish","hentry"],"_links":{"self":[{"href":"https:\/\/www.galerie-pfundt.de\/aktuell\/wp-json\/wp\/v2\/pages\/8416","targetHints":{"allow":["GET"]}}],"collection":[{"href":"https:\/\/www.galerie-pfundt.de\/aktuell\/wp-json\/wp\/v2\/pages"}],"about":[{"href":"https:\/\/www.galerie-pfundt.de\/aktuell\/wp-json\/wp\/v2\/types\/page"}],"author":[{"embeddable":true,"href":"https:\/\/www.galerie-pfundt.de\/aktuell\/wp-json\/wp\/v2\/users\/2"}],"replies":[{"embeddable":true,"href":"https:\/\/www.galerie-pfundt.de\/aktuell\/wp-json\/wp\/v2\/comments?post=8416"}],"version-history":[{"count":0,"href":"https:\/\/www.galerie-pfundt.de\/aktuell\/wp-json\/wp\/v2\/pages\/8416\/revisions"}],"up":[{"embeddable":true,"href":"https:\/\/www.galerie-pfundt.de\/aktuell\/wp-json\/wp\/v2\/pages\/14"}],"wp:attachment":[{"href":"https:\/\/www.galerie-pfundt.de\/aktuell\/wp-json\/wp\/v2\/media?parent=8416"}],"curies":[{"name":"wp","href":"https:\/\/api.w.org\/{rel}","templated":true}]}}