{"id":993,"date":"2017-06-07T16:50:20","date_gmt":"2017-06-07T14:50:20","guid":{"rendered":"https:\/\/www.galerie-pfundt.de\/kuenstler\/stangl-2\/"},"modified":"2024-02-01T09:11:52","modified_gmt":"2024-02-01T08:11:52","slug":"stangl","status":"publish","type":"page","link":"https:\/\/www.galerie-pfundt.de\/aktuell\/kuenstler\/stangl\/","title":{"rendered":"Reinhard Stangl"},"content":{"rendered":"<div class=\"flex_column av_one_fourth  flex_column_div av-zero-column-padding first  avia-builder-el-0  el_before_av_three_fourth  avia-builder-el-first  \" style='border-radius:0px; '><p><div  class='avia-image-container  av-styling-    avia-builder-el-1  el_before_av_textblock  avia-builder-el-first  avia-align-center '  itemprop=\"image\" itemscope=\"itemscope\" itemtype=\"https:\/\/schema.org\/ImageObject\"  ><div class='avia-image-container-inner'><div class='avia-image-overlay-wrap'><img decoding=\"async\" class='wp-image-475 avia-img-lazy-loading-not-475 avia_image' src=\"https:\/\/www.galerie-pfundt.de\/wp-content\/uploads\/2017\/05\/Portr\u00e4t-Stangl_sw-300x300.jpg\" alt='' title='Stangl' height=\"300\" width=\"300\"  itemprop=\"thumbnailUrl\" srcset=\"https:\/\/www.galerie-pfundt.de\/wp-content\/uploads\/2017\/05\/Portr\u00e4t-Stangl_sw-300x300.jpg 300w, https:\/\/www.galerie-pfundt.de\/wp-content\/uploads\/2017\/05\/Portr\u00e4t-Stangl_sw-100x100.jpg 100w, https:\/\/www.galerie-pfundt.de\/wp-content\/uploads\/2017\/05\/Portr\u00e4t-Stangl_sw-200x200.jpg 200w, https:\/\/www.galerie-pfundt.de\/wp-content\/uploads\/2017\/05\/Portr\u00e4t-Stangl_sw-80x80.jpg 80w, https:\/\/www.galerie-pfundt.de\/wp-content\/uploads\/2017\/05\/Portr\u00e4t-Stangl_sw-36x36.jpg 36w, https:\/\/www.galerie-pfundt.de\/wp-content\/uploads\/2017\/05\/Portr\u00e4t-Stangl_sw-180x180.jpg 180w, https:\/\/www.galerie-pfundt.de\/wp-content\/uploads\/2017\/05\/Portr\u00e4t-Stangl_sw-450x450.jpg 450w, https:\/\/www.galerie-pfundt.de\/wp-content\/uploads\/2017\/05\/Portr\u00e4t-Stangl_sw.jpg 590w\" sizes=\"(max-width: 300px) 100vw, 300px\" \/><\/div><\/div><\/div><br \/>\n<section class=\"av_textblock_section \"  itemscope=\"itemscope\" itemtype=\"https:\/\/schema.org\/CreativeWork\" ><div class='avia_textblock  '   itemprop=\"text\" ><h6><span style=\"color: #ffffff;\">.<\/span><\/h6>\n<h3 style=\"text-align: center;\">Reinhard Stangl<\/h3>\n<\/div><\/section><\/p><\/div>\n<div class=\"flex_column av_three_fourth  flex_column_div av-zero-column-padding   avia-builder-el-3  el_after_av_one_fourth  el_before_av_hr  \" style='border-radius:0px; '><div  class=\"tabcontainer   top_tab   avia-builder-el-4  avia-builder-el-no-sibling \" role=\"tablist\">\n\n<section class=\"av_tab_section\"  itemscope=\"itemscope\" itemtype=\"https:\/\/schema.org\/CreativeWork\" ><div aria-controls=\"tab-id-1-content\" role=\"tab\" tabindex=\"0\" data-fake-id=\"#tab-id-1\" class=\"tab active_tab\"  itemprop=\"headline\" >Vita<\/div>\n<div id=\"tab-id-1-content\" class=\"tab_content active_tab_content\" aria-hidden=\"false\">\n<div class=\"tab_inner_content invers-color\"  itemprop=\"text\" >\n<p>&#8222;Geboren in schwierigen Zeiten, trotz vieler Mahnungen Maler geworden und nicht K\u00fcnstler &#8230; Viel zu viele Ausstellungen in zu vielen L\u00e4ndern, lebt er am liebsten in Berlin und beneidet niemanden um nichts. Ist produktiv nd hat Ideen. Liebt unter anderem auch Landschaften, Bars und St\u00e4dte bei Nacht.&#8220; (Richard Stangl)<\/p>\n<p>geboren in\u00a0Leipzig<\/p>\n<p>1972 \u00a0 \u00a0 \u00a0 \u00a0Lehre als Filmkopierer\/Reprofotograf<\/p>\n<p>1972-77 \u00a0Studium der Malerei an der Hochschule f\u00fcr Bildende K\u00fcnste, Dresden<\/p>\n<p>1977 \u00a0 \u00a0 \u00a0 \u00a0Freischaffender Maler in Ostberlin<\/p>\n<p>1986 \u00a0 \u00a0 \u00a0\u00a0Arbeitsstipendium des Senators f\u00fcr Kulturelle Angelegenheiten, Berlin<\/p>\n<p>1990 \u00a0 \u00a0 \u00a0 Gastprofessur an der Hochschule der Bildenden K\u00fcnste, Berlin<\/p>\n<p>1992 \u00a0 \u00a0 \u00a0\u00a0Stipendium Villa Serpentara, Rom<\/p>\n<p>1993 \u00a0 \u00a0 \u00a0\u00a0Gastprofessur bei Pentiment, Hochschule f\u00fcr Gestaltung, Hamburg<\/p>\n<p>1995 \u00a0 \u00a0 \u00a0\u00a0Gastprofessur an der Hochschule der K\u00fcnste, Berlin, \u00a0Arbeitsstipendium des Senators f\u00fcr Kulturelle Angelegenheiten, Berlin, \u00a0Teilnahme an der Konferenz Kunst und Politik, Aspen Institut, Berlin, \u00a0Erster Preis Denkmal f\u00fcr die ermordeten Juden Europas (Zusammen mit C. Jackob-Marks, H. Rolfes, H. Scheib)<\/p>\n<p>1996 \u00a0 \u00a0 \u00a0\u00a0Kunstpreis der DRAGOCO-AG<\/p>\n<p>2002 \u00a0 \u00a0 \u00a0\u00a0Kunstpreis der VEAG<\/p>\n<p>2005 \u00a0 \u00a0 \u00a0\u00a0Mehrmonatiger Aufenthalt in Brasilien mit anschlie\u00dfender Ausstellung in Sao Paolo<\/p>\n\n<\/div>\n<\/div>\n<\/section>\n\n<section class=\"av_tab_section\"  itemscope=\"itemscope\" itemtype=\"https:\/\/schema.org\/CreativeWork\" ><div aria-controls=\"tab-id-2-content\" role=\"tab\" tabindex=\"0\" data-fake-id=\"#tab-id-2\" class=\"tab \"  itemprop=\"headline\" >Ausstellungen (Auswahl)<\/div>\n<div id=\"tab-id-2-content\" class=\"tab_content \" aria-hidden=\"true\">\n<div class=\"tab_inner_content invers-color\"  itemprop=\"text\" >\n<p>2021 &#8222;PARIS-BAR | BERLIN&#8220; Galerie Pfundt, Berlin;<\/p>\n<p>2020 Galerie Pfundt, Berlin; Ines Schulz Galerie, Dresden<\/p>\n<p>2019 Galerie Pfundt, Berlin<\/p>\n<p>2018 Ines Schulz Galerie, Dresden<\/p>\n<p>2017 Ines Schulz Galerie, Dresden;<\/p>\n<p>2015 art Karlsruhe mit Galerie Pfundt; \u00a0Museo arte Contemporaneo Santiago de Chile (mit Leiberg, Scheib + M\u00fcller); \u00a0Galerie Ines Schulz, Dresden; Galerie Holbein, Hannover;<\/p>\n<p>2014 Positions Berlin mit Galerie Pfundt, \u00a0Galerie Leo. Coppi, \u00a0Biennale Rio di Janeiro<\/p>\n<p>2013 Preview Berlin Art Fair, \u00a0Galerie LUX Berlin<\/p>\n<p>2012 Galerie Michael W. Schmalfuss, Marburg, \u00a0Galerie Alte Schule im Kulturzentrum Adlershof, Berlin2011 DisOrder, Rosenberg Gallery, \u00a0MICA, Baltimore<\/p>\n<p>2011 \u00a0Galerie Cornelissen, Wiesbaden, \u00a0Galerie Holbein, Hannover, \u00a0Galerie LEO.COPPI, Berlin<\/p>\n<p>2010 Breakthrough Projekt, 10 Berliner K\u00fcnstler, Nashville, \u00a0Edison-Place-Gallery, Washington D.C., \u00a0Galerie LEO.COPPI, Berlin, \u00a0Galerie Alte Schule im Kulturzentrum Adlershof, Berlin<\/p>\n<p>2009 Kulturspeicher Oldenburg, \u00a0Kunsthalle Brennabar, Brandenburg, \u00a0Kunstmuseum Kloster Unser Lieben Frauen, Magdeburg, \u00a0Galerie Gegenwart, Karslruhe, \u00a0Motorenhalle, Dresden, \u00a0Galerie im Krongut Bornstedt, Potsdam-Sanssouci, \u00a0Alte Schule, Kommunale Galerie Berlin Adlershof<\/p>\n<p>2008 Kunstverein Regensburg (zus. mit H. Scheib, P. Herrmann, A. K\u00e4stner), \u00a0Art Karlsruhe, \u00a0Galerie Poll (zus. mit H. Scheib, R. Kerbach), Berlin, \u00a0Galerie Emmagoss (Caf\u00e9 Kranzler 1981, zus. mit A. R. Penck und E. Guivagasion), Dresden, \u00a0International Art Biennale, Beijing, China (Beteiligung), \u00a0Galerie Bauscher, Potsdam, \u00a0KIAF, Seoul, Korea, \u00a0Galerie Leo Coppi (zus. mit H. Scheib), Berlin<\/p>\n<p>2007 Galerie Bauscher, Potsdam (Beteiligung), \u00a0Galerie Alte Schule, Berlin-Adlershof, \u00a0Galerie am Klostersee, Lehnin, \u00a0Galerie Pomone, Lutry, Schweiz, \u00a0Galerie Holbein 4, Hannover, \u00a0San Lorenzo arte, Poppi, Italien, \u00a0Kunsthalle, Luckenwalde<\/p>\n\n<\/div>\n<\/div>\n<\/section>\n\n<section class=\"av_tab_section\"  itemscope=\"itemscope\" itemtype=\"https:\/\/schema.org\/CreativeWork\" ><div aria-controls=\"tab-id-3-content\" role=\"tab\" tabindex=\"0\" data-fake-id=\"#tab-id-3\" class=\"tab \"  itemprop=\"headline\" >Arbeiten in \u00f6ffentlichen Sammlungen<\/div>\n<div id=\"tab-id-3-content\" class=\"tab_content \" aria-hidden=\"true\">\n<div class=\"tab_inner_content invers-color\"  itemprop=\"text\" >\n<p>Chateau d\u2019Attalens, Schweiz<br \/>\nVEAG-Kunstpreis, Berlin<br \/>\nBerlinische Galerie<br \/>\nBerlin, Stiftung- Stadtmuseum Berlin,<br \/>\nGalerie Brigitte Utz, Dresden, \u201eZeit der Citronen\u201c<br \/>\nStadt Weinheim: Dresdner<br \/>\nGalerie Bauscher, Potsdam, \u201eMacht der Citronen\u201c Anders Galerie<br \/>\nEdition Schumacher<br \/>\nD\u00fcsseldorf Bank<br \/>\nBerlin: Weberbank<br \/>\nBerlin: Grundrealbank<br \/>\nBerlin: Sammlung Land Brandenburg:<br \/>\n2004 Kunstverein Backnang<br \/>\nSammlung Haberent,<br \/>\nGalerie Tatry, Bourdeaux<br \/>\nBerlin: Vereinsbank<br \/>\nM\u00fcnchen: Sammlung der BEWAG<br \/>\nSalao de arte, Hebraica, Sao Paulo (mit O. Finke und J. Y. Klein)<br \/>\nBerlin: Investfondbank des Landes Brandenburg: Deutscher Bundestag u.a<\/p>\n<div class=\"year-group\">\n<div class=\"cv-entry user-content\"><\/div>\n<\/div>\n\n<\/div>\n<\/div>\n<\/section>\n\n<\/div><\/div>\n<div   class='hr hr-default   avia-builder-el-5  el_after_av_three_fourth  el_before_av_two_third '><span class='hr-inner ' ><span class='hr-inner-style'><\/span><\/span><\/div>\n<div class=\"flex_column av_two_third  flex_column_div av-zero-column-padding first  avia-builder-el-6  el_after_av_hr  el_before_av_two_third  \" style='border-radius:0px; '><br \/>\n<div  class='avia-image-container avia_animated_image avia_animate_when_almost_visible fade-in av-styling-    avia-builder-el-8  el_after_av_codeblock  avia-builder-el-last  avia-align-center '  itemprop=\"image\" itemscope=\"itemscope\" itemtype=\"https:\/\/schema.org\/ImageObject\"  ><div class='avia-image-container-inner'><div class='avia-image-overlay-wrap'><a href='https:\/\/www.galerie-pfundt.de\/aktuell\/kuenstler\/stangl\/gelbe_bar\/' class='avia_image'  ><img decoding=\"async\" width=\"1030\" height=\"817\" class='wp-image-16710 avia-img-lazy-loading-not-16710 avia_image' src=\"https:\/\/www.galerie-pfundt.de\/wp-content\/uploads\/2021\/01\/Stangl-GelbeBar_20_90x115_96-1030x817.jpg\" alt='' title='Stangl-GelbeBar_20_90x115_96'  itemprop=\"thumbnailUrl\" srcset=\"https:\/\/www.galerie-pfundt.de\/wp-content\/uploads\/2021\/01\/Stangl-GelbeBar_20_90x115_96-1030x817.jpg 1030w, https:\/\/www.galerie-pfundt.de\/wp-content\/uploads\/2021\/01\/Stangl-GelbeBar_20_90x115_96-600x476.jpg 600w, https:\/\/www.galerie-pfundt.de\/wp-content\/uploads\/2021\/01\/Stangl-GelbeBar_20_90x115_96-400x317.jpg 400w, https:\/\/www.galerie-pfundt.de\/wp-content\/uploads\/2021\/01\/Stangl-GelbeBar_20_90x115_96-768x609.jpg 768w, https:\/\/www.galerie-pfundt.de\/wp-content\/uploads\/2021\/01\/Stangl-GelbeBar_20_90x115_96-705x559.jpg 705w, https:\/\/www.galerie-pfundt.de\/wp-content\/uploads\/2021\/01\/Stangl-GelbeBar_20_90x115_96.jpg 1144w\" sizes=\"(max-width: 1030px) 100vw, 1030px\" \/><\/a><\/div><\/div><\/div><\/p><\/div>\n<div class=\"flex_column av_two_third  flex_column_div av-zero-column-padding first  avia-builder-el-9  el_after_av_two_third  el_before_av_hr  column-top-margin\" style='border-radius:0px; '><br \/>\n<div  class='avia-image-container avia_animated_image avia_animate_when_almost_visible fade-in av-styling-    avia-builder-el-11  el_after_av_codeblock  avia-builder-el-last  avia-align-center '  itemprop=\"image\" itemscope=\"itemscope\" itemtype=\"https:\/\/schema.org\/ImageObject\"  ><div class='avia-image-container-inner'><div class='avia-image-overlay-wrap'><a href='https:\/\/www.galerie-pfundt.de\/aktuell\/kuenstler\/stangl\/dichter\/' class='avia_image'  ><img decoding=\"async\" width=\"712\" height=\"907\" class='wp-image-18041 avia-img-lazy-loading-not-18041 avia_image' src=\"https:\/\/www.galerie-pfundt.de\/wp-content\/uploads\/2021\/05\/Stangl-DerEinsameDichter_145x115-Kopie.jpg\" alt='' title='Stangl-DerEinsameDichter_145x115 Kopie'  itemprop=\"thumbnailUrl\" srcset=\"https:\/\/www.galerie-pfundt.de\/wp-content\/uploads\/2021\/05\/Stangl-DerEinsameDichter_145x115-Kopie.jpg 712w, https:\/\/www.galerie-pfundt.de\/wp-content\/uploads\/2021\/05\/Stangl-DerEinsameDichter_145x115-Kopie-600x764.jpg 600w, https:\/\/www.galerie-pfundt.de\/wp-content\/uploads\/2021\/05\/Stangl-DerEinsameDichter_145x115-Kopie-314x400.jpg 314w, https:\/\/www.galerie-pfundt.de\/wp-content\/uploads\/2021\/05\/Stangl-DerEinsameDichter_145x115-Kopie-553x705.jpg 553w\" sizes=\"(max-width: 712px) 100vw, 712px\" \/><\/a><\/div><\/div><\/div><\/p><\/div>\n<div  style='height:50px' class='hr hr-invisible   avia-builder-el-12  el_after_av_two_third  el_before_av_four_fifth '><span class='hr-inner ' ><span class='hr-inner-style'><\/span><\/span><\/div>\n<div class=\"flex_column av_four_fifth  flex_column_div av-zero-column-padding first  avia-builder-el-13  el_after_av_hr  el_before_av_hr  \" style='border-radius:0px; '><br \/>\n<div  class='avia-image-container  av-styling-    avia-builder-el-15  el_after_av_codeblock  avia-builder-el-last  avia-align-center '  itemprop=\"image\" itemscope=\"itemscope\" itemtype=\"https:\/\/schema.org\/ImageObject\"  ><div class='avia-image-container-inner'><div class='avia-image-overlay-wrap'><a href='https:\/\/www.galerie-pfundt.de\/aktuell\/kuenstler\/stangl\/maerk_l_1\/' class='avia_image'  ><img decoding=\"async\" width=\"1030\" height=\"447\" class='wp-image-19207 avia-img-lazy-loading-not-19207 avia_image' src=\"https:\/\/www.galerie-pfundt.de\/wp-content\/uploads\/2021\/07\/Stangl-MaerkischeLandschaft_I_130x300_96-1030x447.jpg\" alt='' title='Stangl-MaerkischeLandschaft_I_130x300_96'  itemprop=\"thumbnailUrl\" srcset=\"https:\/\/www.galerie-pfundt.de\/wp-content\/uploads\/2021\/07\/Stangl-MaerkischeLandschaft_I_130x300_96-1030x447.jpg 1030w, https:\/\/www.galerie-pfundt.de\/wp-content\/uploads\/2021\/07\/Stangl-MaerkischeLandschaft_I_130x300_96-600x260.jpg 600w, https:\/\/www.galerie-pfundt.de\/wp-content\/uploads\/2021\/07\/Stangl-MaerkischeLandschaft_I_130x300_96-400x173.jpg 400w, https:\/\/www.galerie-pfundt.de\/wp-content\/uploads\/2021\/07\/Stangl-MaerkischeLandschaft_I_130x300_96-768x333.jpg 768w, https:\/\/www.galerie-pfundt.de\/wp-content\/uploads\/2021\/07\/Stangl-MaerkischeLandschaft_I_130x300_96-1536x666.jpg 1536w, https:\/\/www.galerie-pfundt.de\/wp-content\/uploads\/2021\/07\/Stangl-MaerkischeLandschaft_I_130x300_96-1500x651.jpg 1500w, https:\/\/www.galerie-pfundt.de\/wp-content\/uploads\/2021\/07\/Stangl-MaerkischeLandschaft_I_130x300_96-705x306.jpg 705w, https:\/\/www.galerie-pfundt.de\/wp-content\/uploads\/2021\/07\/Stangl-MaerkischeLandschaft_I_130x300_96.jpg 1568w\" sizes=\"(max-width: 1030px) 100vw, 1030px\" \/><\/a><\/div><\/div><\/div><\/p><\/div>\n<div  style='height:50px' class='hr hr-invisible   avia-builder-el-16  el_after_av_four_fifth  el_before_av_one_full '><span class='hr-inner ' ><span class='hr-inner-style'><\/span><\/span><\/div>\n<div class=\"flex_column av_one_full  flex_column_div av-zero-column-padding first  avia-builder-el-17  el_after_av_hr  el_before_av_one_third  \" style='border-radius:0px; '><br \/>\n<div  class='avia-image-container  av-styling-    avia-builder-el-19  el_after_av_codeblock  el_before_av_hr  avia-align-center '  itemprop=\"image\" itemscope=\"itemscope\" itemtype=\"https:\/\/schema.org\/ImageObject\"  ><div class='avia-image-container-inner'><div class='avia-image-overlay-wrap'><a href='https:\/\/www.galerie-pfundt.de\/aktuell\/kuenstler\/stangl\/maerk_l_2\/' class='avia_image'  ><img decoding=\"async\" width=\"1030\" height=\"348\" class='wp-image-19208 avia-img-lazy-loading-not-19208 avia_image' src=\"https:\/\/www.galerie-pfundt.de\/wp-content\/uploads\/2021\/07\/Stangl-MaerkischeLandschaft_II_120x350_96-1030x348.jpg\" alt='' title='Stangl-MaerkischeLandschaft_II_120x350_96'  itemprop=\"thumbnailUrl\" srcset=\"https:\/\/www.galerie-pfundt.de\/wp-content\/uploads\/2021\/07\/Stangl-MaerkischeLandschaft_II_120x350_96-1030x348.jpg 1030w, https:\/\/www.galerie-pfundt.de\/wp-content\/uploads\/2021\/07\/Stangl-MaerkischeLandschaft_II_120x350_96-600x203.jpg 600w, https:\/\/www.galerie-pfundt.de\/wp-content\/uploads\/2021\/07\/Stangl-MaerkischeLandschaft_II_120x350_96-400x135.jpg 400w, https:\/\/www.galerie-pfundt.de\/wp-content\/uploads\/2021\/07\/Stangl-MaerkischeLandschaft_II_120x350_96-768x260.jpg 768w, https:\/\/www.galerie-pfundt.de\/wp-content\/uploads\/2021\/07\/Stangl-MaerkischeLandschaft_II_120x350_96-1536x519.jpg 1536w, https:\/\/www.galerie-pfundt.de\/wp-content\/uploads\/2021\/07\/Stangl-MaerkischeLandschaft_II_120x350_96-1500x507.jpg 1500w, https:\/\/www.galerie-pfundt.de\/wp-content\/uploads\/2021\/07\/Stangl-MaerkischeLandschaft_II_120x350_96-705x238.jpg 705w, https:\/\/www.galerie-pfundt.de\/wp-content\/uploads\/2021\/07\/Stangl-MaerkischeLandschaft_II_120x350_96.jpg 2012w\" sizes=\"(max-width: 1030px) 100vw, 1030px\" \/><\/a><\/div><\/div><\/div><br \/>\n<div  style='height:50px' class='hr hr-invisible   avia-builder-el-20  el_after_av_image  avia-builder-el-last '><span class='hr-inner ' ><span class='hr-inner-style'><\/span><\/span><\/div><\/p><\/div>\n<div class=\"flex_column av_one_third  flex_column_div av-zero-column-padding first  avia-builder-el-21  el_after_av_one_full  el_before_av_two_third  column-top-margin\" style='border-radius:0px; '><\/div>\n<div class=\"flex_column av_two_third  flex_column_div av-zero-column-padding   avia-builder-el-22  el_after_av_one_third  el_before_av_hr  column-top-margin\" style='border-radius:0px; '><br \/>\n<div  class='avia-image-container  av-styling-    avia-builder-el-24  el_after_av_codeblock  avia-builder-el-last  avia-align-center '  itemprop=\"image\" itemscope=\"itemscope\" itemtype=\"https:\/\/schema.org\/ImageObject\"  ><div class='avia-image-container-inner'><div class='avia-image-overlay-wrap'><a href='https:\/\/www.galerie-pfundt.de\/aktuell\/kuenstler\/stangl\/zeit\/' class='avia_image'  ><img decoding=\"async\" width=\"1030\" height=\"817\" class='wp-image-17906 avia-img-lazy-loading-not-17906 avia_image' src=\"https:\/\/www.galerie-pfundt.de\/wp-content\/uploads\/2021\/05\/Stangl-AufDerSucheNachderVerlorenenZeit-Kopie-1030x817.jpg\" alt='' title='Stangl-AufDerSucheNach#derVerlorenenZeit Kopie'  itemprop=\"thumbnailUrl\" srcset=\"https:\/\/www.galerie-pfundt.de\/wp-content\/uploads\/2021\/05\/Stangl-AufDerSucheNachderVerlorenenZeit-Kopie-1030x817.jpg 1030w, https:\/\/www.galerie-pfundt.de\/wp-content\/uploads\/2021\/05\/Stangl-AufDerSucheNachderVerlorenenZeit-Kopie-600x476.jpg 600w, https:\/\/www.galerie-pfundt.de\/wp-content\/uploads\/2021\/05\/Stangl-AufDerSucheNachderVerlorenenZeit-Kopie-400x317.jpg 400w, https:\/\/www.galerie-pfundt.de\/wp-content\/uploads\/2021\/05\/Stangl-AufDerSucheNachderVerlorenenZeit-Kopie-768x609.jpg 768w, https:\/\/www.galerie-pfundt.de\/wp-content\/uploads\/2021\/05\/Stangl-AufDerSucheNachderVerlorenenZeit-Kopie-705x559.jpg 705w, https:\/\/www.galerie-pfundt.de\/wp-content\/uploads\/2021\/05\/Stangl-AufDerSucheNachderVerlorenenZeit-Kopie.jpg 1192w\" sizes=\"(max-width: 1030px) 100vw, 1030px\" \/><\/a><\/div><\/div><\/div><\/p><\/div>\n<div  style='height:50px' class='hr hr-invisible   avia-builder-el-25  el_after_av_two_third  el_before_av_one_half '><span class='hr-inner ' ><span class='hr-inner-style'><\/span><\/span><\/div>\n<div class=\"flex_column av_one_half  flex_column_div av-zero-column-padding first  avia-builder-el-26  el_after_av_hr  el_before_av_one_third  \" style='border-radius:0px; '><br \/>\n<div  class='avia-image-container  av-styling-    avia-builder-el-28  el_after_av_codeblock  avia-builder-el-last  avia-align-center '  itemprop=\"image\" itemscope=\"itemscope\" itemtype=\"https:\/\/schema.org\/ImageObject\"  ><div class='avia-image-container-inner'><div class='avia-image-overlay-wrap'><a href='https:\/\/www.galerie-pfundt.de\/aktuell\/kuenstler\/stangl\/baskenmuetze\/' class='avia_image'  ><img decoding=\"async\" width=\"1030\" height=\"817\" class='wp-image-17907 avia-img-lazy-loading-not-17907 avia_image' src=\"https:\/\/www.galerie-pfundt.de\/wp-content\/uploads\/2021\/05\/Stangl-DieRoteBaskenmuetze-Kopie-1030x817.jpg\" alt='' title='Stangl-DieRoteBaskenm\u00fctze Kopie'  itemprop=\"thumbnailUrl\" srcset=\"https:\/\/www.galerie-pfundt.de\/wp-content\/uploads\/2021\/05\/Stangl-DieRoteBaskenmuetze-Kopie-1030x817.jpg 1030w, https:\/\/www.galerie-pfundt.de\/wp-content\/uploads\/2021\/05\/Stangl-DieRoteBaskenmuetze-Kopie-600x476.jpg 600w, https:\/\/www.galerie-pfundt.de\/wp-content\/uploads\/2021\/05\/Stangl-DieRoteBaskenmuetze-Kopie-400x317.jpg 400w, https:\/\/www.galerie-pfundt.de\/wp-content\/uploads\/2021\/05\/Stangl-DieRoteBaskenmuetze-Kopie-768x609.jpg 768w, https:\/\/www.galerie-pfundt.de\/wp-content\/uploads\/2021\/05\/Stangl-DieRoteBaskenmuetze-Kopie-705x559.jpg 705w, https:\/\/www.galerie-pfundt.de\/wp-content\/uploads\/2021\/05\/Stangl-DieRoteBaskenmuetze-Kopie.jpg 1191w\" sizes=\"(max-width: 1030px) 100vw, 1030px\" \/><\/a><\/div><\/div><\/div><\/p><\/div>\n<div class=\"flex_column av_one_third  flex_column_div av-zero-column-padding   avia-builder-el-29  el_after_av_one_half  el_before_av_hr  \" style='border-radius:0px; '><\/div>\n<div   class='hr hr-default   avia-builder-el-30  el_after_av_one_third  el_before_av_two_third '><span class='hr-inner ' ><span class='hr-inner-style'><\/span><\/span><\/div>\n<div class=\"flex_column av_two_third  flex_column_div av-zero-column-padding first  avia-builder-el-31  el_after_av_hr  el_before_av_hr  \" style='border-radius:0px; '><br \/>\n<div  class='avia-image-container  av-styling-    avia-builder-el-33  el_after_av_codeblock  avia-builder-el-last  avia-align-center '  itemprop=\"image\" itemscope=\"itemscope\" itemtype=\"https:\/\/schema.org\/ImageObject\"  ><div class='avia-image-container-inner'><div class='avia-image-overlay-wrap'><a href='https:\/\/www.galerie-pfundt.de\/aktuell\/kuenstler\/stangl\/rotlicht\/' class='avia_image'  ><img decoding=\"async\" width=\"1030\" height=\"806\" class='wp-image-18043 avia-img-lazy-loading-not-18043 avia_image' src=\"https:\/\/www.galerie-pfundt.de\/wp-content\/uploads\/2021\/05\/Stangl-Rotlicht_2010_115X145-Kopie-1030x806.jpg\" alt='' title='Stangl-Rotlicht_2010_115X145 Kopie'  itemprop=\"thumbnailUrl\" srcset=\"https:\/\/www.galerie-pfundt.de\/wp-content\/uploads\/2021\/05\/Stangl-Rotlicht_2010_115X145-Kopie-1030x806.jpg 1030w, https:\/\/www.galerie-pfundt.de\/wp-content\/uploads\/2021\/05\/Stangl-Rotlicht_2010_115X145-Kopie-600x470.jpg 600w, https:\/\/www.galerie-pfundt.de\/wp-content\/uploads\/2021\/05\/Stangl-Rotlicht_2010_115X145-Kopie-400x313.jpg 400w, https:\/\/www.galerie-pfundt.de\/wp-content\/uploads\/2021\/05\/Stangl-Rotlicht_2010_115X145-Kopie-768x601.jpg 768w, https:\/\/www.galerie-pfundt.de\/wp-content\/uploads\/2021\/05\/Stangl-Rotlicht_2010_115X145-Kopie-705x552.jpg 705w, https:\/\/www.galerie-pfundt.de\/wp-content\/uploads\/2021\/05\/Stangl-Rotlicht_2010_115X145-Kopie.jpg 1159w\" sizes=\"(max-width: 1030px) 100vw, 1030px\" \/><\/a><\/div><\/div><\/div><\/p><\/div>\n<div  style='height:70px' class='hr hr-invisible   avia-builder-el-34  el_after_av_two_third  el_before_av_one_full '><span class='hr-inner ' ><span class='hr-inner-style'><\/span><\/span><\/div>\n<div class=\"flex_column av_one_full  flex_column_div av-zero-column-padding first  avia-builder-el-35  el_after_av_hr  el_before_av_hr  \" style='border-radius:0px; '><br \/>\n<div  class='avia-image-container  av-styling-    avia-builder-el-37  el_after_av_codeblock  avia-builder-el-last  avia-align-center '  itemprop=\"image\" itemscope=\"itemscope\" itemtype=\"https:\/\/schema.org\/ImageObject\"  ><div class='avia-image-container-inner'><div class='avia-image-overlay-wrap'><a href='https:\/\/www.galerie-pfundt.de\/aktuell\/kuenstler\/stangl\/nachbar\/' class='avia_image'  ><img decoding=\"async\" width=\"2560\" height=\"435\" class='wp-image-18799 avia-img-lazy-loading-not-18799 avia_image' src=\"https:\/\/www.galerie-pfundt.de\/wp-content\/uploads\/2021\/06\/Stangl-40X290-cm-E-6.000-scaled.jpg\" alt='' title='Stangl_40X290'  itemprop=\"thumbnailUrl\" srcset=\"https:\/\/www.galerie-pfundt.de\/wp-content\/uploads\/2021\/06\/Stangl-40X290-cm-E-6.000-scaled.jpg 2560w, https:\/\/www.galerie-pfundt.de\/wp-content\/uploads\/2021\/06\/Stangl-40X290-cm-E-6.000-scaled-600x102.jpg 600w, https:\/\/www.galerie-pfundt.de\/wp-content\/uploads\/2021\/06\/Stangl-40X290-cm-E-6.000-400x68.jpg 400w, https:\/\/www.galerie-pfundt.de\/wp-content\/uploads\/2021\/06\/Stangl-40X290-cm-E-6.000-1030x175.jpg 1030w, https:\/\/www.galerie-pfundt.de\/wp-content\/uploads\/2021\/06\/Stangl-40X290-cm-E-6.000-768x130.jpg 768w, https:\/\/www.galerie-pfundt.de\/wp-content\/uploads\/2021\/06\/Stangl-40X290-cm-E-6.000-1536x261.jpg 1536w, https:\/\/www.galerie-pfundt.de\/wp-content\/uploads\/2021\/06\/Stangl-40X290-cm-E-6.000-2048x348.jpg 2048w, https:\/\/www.galerie-pfundt.de\/wp-content\/uploads\/2021\/06\/Stangl-40X290-cm-E-6.000-1500x255.jpg 1500w, https:\/\/www.galerie-pfundt.de\/wp-content\/uploads\/2021\/06\/Stangl-40X290-cm-E-6.000-705x120.jpg 705w\" sizes=\"(max-width: 2560px) 100vw, 2560px\" \/><\/a><\/div><\/div><\/div><\/p><\/div>\n<div   class='hr hr-default   avia-builder-el-38  el_after_av_one_full  el_before_av_three_fifth '><span class='hr-inner ' ><span class='hr-inner-style'><\/span><\/span><\/div>\n<div class=\"flex_column av_three_fifth  flex_column_div av-zero-column-padding first  avia-builder-el-39  el_after_av_hr  el_before_av_one_third  \" style='border-radius:0px; '><p><div   class='hr hr-default   avia-builder-el-40  el_before_av_textblock  avia-builder-el-first '><span class='hr-inner ' ><span class='hr-inner-style'><\/span><\/span><\/div><br \/>\n<section class=\"av_textblock_section \"  itemscope=\"itemscope\" itemtype=\"https:\/\/schema.org\/CreativeWork\" ><div class='avia_textblock  '   itemprop=\"text\" ><p>ATELIERBESUCH<\/p>\n<p>Bis zum Atelier von Reinhard Stangl dauert es f\u00fcr mich eine Stunde mit dem Auto, sein gro\u00dfes Atelier liegt janz weit drau\u00dfen, wie der Berliner sagt. Er hat sich wie immer gelohnt, der weite Weg.<\/p>\n<p>Eine Reihe neuer Bilder sind an die breite Wand gelehnt, meist in seiner favorisierten Gr\u00f6\u00dfe von 145 x 115 cm. Der ganze Atelierraum riecht nach den noch feuchten \u00d6lfarben. Die Auswahl ist nicht einfach, einige Bilder erschlie\u00dfen sich nicht in den ersten Augenblicken.<\/p>\n<p>Bei Stangl erkennt \u00a0man immer seinen ganz eigenen Stil, eine eigene feste Bildsprache. Es gibt Themenfelder, die wiederholt auftreten, am ber\u00fchmtesten sind seine Paris-Bar-Bilder, Figurenszenen flankiert von den weitbekannten schwarz-wei\u00df-Fliesen der Bar. Daneben gibt es wunderbare Landschaften der Mark und aus Brasilien, Stra\u00dfenbilder mit lebendigen Farben einer agilen Gro\u00dfstadt und nat\u00fcrlich auch Bilder von Frauen, nackt, amour\u00f6s.<\/p>\n<p>Reinhard Stangl sagt, er sei kein Paris Bar &#8211; G\u00e4nger, selten einmal geht er dorthin, nur wenn Sammler oder neue Kunden ihn dahin einladen. Und nach jedem Besuch entsteht dann ein Bild \u00fcber diesen Abend. Besonders f\u00fchlt der K\u00fcnstler sich angezogen von den gro\u00dfen n\u00e4chtlichen Auftritten mond\u00e4ner Damengestalten, eine Inszenierung, die in dieser Bar h\u00e4ufig zu erleben ist.<\/p>\n<\/div><\/section><\/p><\/div><div class=\"flex_column av_one_third  flex_column_div av-zero-column-padding   avia-builder-el-42  el_after_av_three_fifth  el_before_av_one_half  \" style='border-radius:0px; '><br \/>\n<div  class='avia-image-container  av-styling-    avia-builder-el-44  el_after_av_codeblock  el_before_av_codeblock  avia-align-center '  itemprop=\"image\" itemscope=\"itemscope\" itemtype=\"https:\/\/schema.org\/ImageObject\"  ><div class='avia-image-container-inner'><div class='avia-image-overlay-wrap'><a href='https:\/\/www.galerie-pfundt.de\/aktuell\/kuenstler\/stangl\/hochbahn\/' class='avia_image'  ><img decoding=\"async\" width=\"559\" height=\"567\" class='wp-image-20071 avia-img-lazy-loading-not-20071 avia_image' src=\"https:\/\/www.galerie-pfundt.de\/wp-content\/uploads\/2021\/11\/Stangl-oT_2018_42x42-Kopie.jpg\" alt='' title='Stangl-Hochbahn im Morgengrauen_2018_42x42'  itemprop=\"thumbnailUrl\" srcset=\"https:\/\/www.galerie-pfundt.de\/wp-content\/uploads\/2021\/11\/Stangl-oT_2018_42x42-Kopie.jpg 559w, https:\/\/www.galerie-pfundt.de\/wp-content\/uploads\/2021\/11\/Stangl-oT_2018_42x42-Kopie-100x100.jpg 100w, https:\/\/www.galerie-pfundt.de\/wp-content\/uploads\/2021\/11\/Stangl-oT_2018_42x42-Kopie-394x400.jpg 394w, https:\/\/www.galerie-pfundt.de\/wp-content\/uploads\/2021\/11\/Stangl-oT_2018_42x42-Kopie-36x36.jpg 36w\" sizes=\"(max-width: 559px) 100vw, 559px\" \/><\/a><\/div><\/div><\/div><br \/>\n<br \/>\n<div  class='avia-image-container  av-styling-    avia-builder-el-46  el_after_av_codeblock  avia-builder-el-last  avia-align-center '  itemprop=\"image\" itemscope=\"itemscope\" itemtype=\"https:\/\/schema.org\/ImageObject\"  ><div class='avia-image-container-inner'><div class='avia-image-overlay-wrap'><a href='https:\/\/www.galerie-pfundt.de\/aktuell\/kuenstler\/stangl\/potsdamer-platz\/' class='avia_image'  ><img decoding=\"async\" width=\"2532\" height=\"2532\" class='wp-image-18804 avia-img-lazy-loading-not-18804 avia_image' src=\"https:\/\/www.galerie-pfundt.de\/wp-content\/uploads\/2021\/06\/Stangl-o.T-1999-47-x-47-2.200.jpg\" alt='' title='Stangl, o.T, 1999, 47 x 47 2.200'  itemprop=\"thumbnailUrl\" srcset=\"https:\/\/www.galerie-pfundt.de\/wp-content\/uploads\/2021\/06\/Stangl-o.T-1999-47-x-47-2.200.jpg 2532w, https:\/\/www.galerie-pfundt.de\/wp-content\/uploads\/2021\/06\/Stangl-o.T-1999-47-x-47-2.200-600x600.jpg 600w, https:\/\/www.galerie-pfundt.de\/wp-content\/uploads\/2021\/06\/Stangl-o.T-1999-47-x-47-2.200-100x100.jpg 100w, https:\/\/www.galerie-pfundt.de\/wp-content\/uploads\/2021\/06\/Stangl-o.T-1999-47-x-47-2.200-400x400.jpg 400w, https:\/\/www.galerie-pfundt.de\/wp-content\/uploads\/2021\/06\/Stangl-o.T-1999-47-x-47-2.200-1030x1030.jpg 1030w, https:\/\/www.galerie-pfundt.de\/wp-content\/uploads\/2021\/06\/Stangl-o.T-1999-47-x-47-2.200-220x220.jpg 220w, https:\/\/www.galerie-pfundt.de\/wp-content\/uploads\/2021\/06\/Stangl-o.T-1999-47-x-47-2.200-768x768.jpg 768w, https:\/\/www.galerie-pfundt.de\/wp-content\/uploads\/2021\/06\/Stangl-o.T-1999-47-x-47-2.200-1536x1536.jpg 1536w, https:\/\/www.galerie-pfundt.de\/wp-content\/uploads\/2021\/06\/Stangl-o.T-1999-47-x-47-2.200-2048x2048.jpg 2048w, https:\/\/www.galerie-pfundt.de\/wp-content\/uploads\/2021\/06\/Stangl-o.T-1999-47-x-47-2.200-36x36.jpg 36w, https:\/\/www.galerie-pfundt.de\/wp-content\/uploads\/2021\/06\/Stangl-o.T-1999-47-x-47-2.200-180x180.jpg 180w, https:\/\/www.galerie-pfundt.de\/wp-content\/uploads\/2021\/06\/Stangl-o.T-1999-47-x-47-2.200-1500x1500.jpg 1500w, https:\/\/www.galerie-pfundt.de\/wp-content\/uploads\/2021\/06\/Stangl-o.T-1999-47-x-47-2.200-705x705.jpg 705w, https:\/\/www.galerie-pfundt.de\/wp-content\/uploads\/2021\/06\/Stangl-o.T-1999-47-x-47-2.200-300x300.jpg 300w\" sizes=\"(max-width: 2532px) 100vw, 2532px\" \/><\/a><\/div><\/div><\/div><\/p><\/div><\/p>\n<div class=\"flex_column av_one_half  flex_column_div av-zero-column-padding first  avia-builder-el-47  el_after_av_one_third  el_before_av_hr  column-top-margin\" style='border-radius:0px; '><br \/>\n<div  class='avia-image-container  av-styling-    avia-builder-el-49  el_after_av_codeblock  avia-builder-el-last  avia-align-center '  itemprop=\"image\" itemscope=\"itemscope\" itemtype=\"https:\/\/schema.org\/ImageObject\"  ><div class='avia-image-container-inner'><div class='avia-image-overlay-wrap'><a href='https:\/\/www.galerie-pfundt.de\/aktuell\/kuenstler\/stangl\/einer-gegen-alles\/' class='avia_image'  ><img decoding=\"async\" width=\"2000\" height=\"1606\" class='wp-image-18805 avia-img-lazy-loading-not-18805 avia_image' src=\"https:\/\/www.galerie-pfundt.de\/wp-content\/uploads\/2021\/06\/Stangl-Einer-gegen-alles-2019-70x65-cm-5.000.jpg\" alt='' title='Stangl, Einer gegen alles, 2019, 70x65 cm, 5.000'  itemprop=\"thumbnailUrl\" srcset=\"https:\/\/www.galerie-pfundt.de\/wp-content\/uploads\/2021\/06\/Stangl-Einer-gegen-alles-2019-70x65-cm-5.000.jpg 2000w, https:\/\/www.galerie-pfundt.de\/wp-content\/uploads\/2021\/06\/Stangl-Einer-gegen-alles-2019-70x65-cm-5.000-600x482.jpg 600w, https:\/\/www.galerie-pfundt.de\/wp-content\/uploads\/2021\/06\/Stangl-Einer-gegen-alles-2019-70x65-cm-5.000-400x321.jpg 400w, https:\/\/www.galerie-pfundt.de\/wp-content\/uploads\/2021\/06\/Stangl-Einer-gegen-alles-2019-70x65-cm-5.000-1030x827.jpg 1030w, https:\/\/www.galerie-pfundt.de\/wp-content\/uploads\/2021\/06\/Stangl-Einer-gegen-alles-2019-70x65-cm-5.000-768x617.jpg 768w, https:\/\/www.galerie-pfundt.de\/wp-content\/uploads\/2021\/06\/Stangl-Einer-gegen-alles-2019-70x65-cm-5.000-1536x1233.jpg 1536w, https:\/\/www.galerie-pfundt.de\/wp-content\/uploads\/2021\/06\/Stangl-Einer-gegen-alles-2019-70x65-cm-5.000-1500x1205.jpg 1500w, https:\/\/www.galerie-pfundt.de\/wp-content\/uploads\/2021\/06\/Stangl-Einer-gegen-alles-2019-70x65-cm-5.000-705x566.jpg 705w\" sizes=\"(max-width: 2000px) 100vw, 2000px\" \/><\/a><\/div><\/div><\/div><\/p><\/div>\n<div   class='hr hr-default   avia-builder-el-50  el_after_av_one_half  el_before_av_three_fifth '><span class='hr-inner ' ><span class='hr-inner-style'><\/span><\/span><\/div>\n<div class=\"flex_column av_three_fifth  flex_column_div av-zero-column-padding first  avia-builder-el-51  el_after_av_hr  el_before_av_codeblock  \" style='border-radius:0px; '><div  class='avia-image-container  av-styling-    avia-builder-el-52  avia-builder-el-no-sibling  avia-align-center '  itemprop=\"image\" itemscope=\"itemscope\" itemtype=\"https:\/\/schema.org\/ImageObject\"  ><div class='avia-image-container-inner'><div class='avia-image-overlay-wrap'><a href='https:\/\/www.galerie-pfundt.de\/aktuell\/kuenstler\/stangl\/rauch\/' class='avia_image'  ><img decoding=\"async\" width=\"400\" height=\"377\" class='wp-image-20033 avia-img-lazy-loading-not-20033 avia_image' src=\"https:\/\/www.galerie-pfundt.de\/wp-content\/uploads\/2021\/11\/Stangl_Rauch_2014_72x75-Kopie-400x377.jpg\" alt='' title='Stangl_Rauch_2014_72x75'  itemprop=\"thumbnailUrl\" srcset=\"https:\/\/www.galerie-pfundt.de\/wp-content\/uploads\/2021\/11\/Stangl_Rauch_2014_72x75-Kopie-400x377.jpg 400w, https:\/\/www.galerie-pfundt.de\/wp-content\/uploads\/2021\/11\/Stangl_Rauch_2014_72x75-Kopie-600x565.jpg 600w, https:\/\/www.galerie-pfundt.de\/wp-content\/uploads\/2021\/11\/Stangl_Rauch_2014_72x75-Kopie-768x724.jpg 768w, https:\/\/www.galerie-pfundt.de\/wp-content\/uploads\/2021\/11\/Stangl_Rauch_2014_72x75-Kopie-705x664.jpg 705w, https:\/\/www.galerie-pfundt.de\/wp-content\/uploads\/2021\/11\/Stangl_Rauch_2014_72x75-Kopie.jpg 815w\" sizes=\"(max-width: 400px) 100vw, 400px\" \/><\/a><\/div><\/div><\/div><\/div>\n\n\n<div  class='avia-image-container  av-styling-    avia-builder-el-55  el_after_av_codeblock  el_before_av_codeblock  avia-align-center '  itemprop=\"image\" itemscope=\"itemscope\" itemtype=\"https:\/\/schema.org\/ImageObject\"  ><div class='avia-image-container-inner'><div class='avia-image-overlay-wrap'><a href='https:\/\/www.galerie-pfundt.de\/aktuell\/kuenstler\/stangl\/blaue_stunde\/' class='avia_image'  ><img decoding=\"async\" width=\"2560\" height=\"2305\" class='wp-image-20034 avia-img-lazy-loading-not-20034 avia_image' src=\"https:\/\/www.galerie-pfundt.de\/wp-content\/uploads\/2021\/11\/Stangl-BlaueStunde-scaled.jpg\" alt='' title='Stangl-BlaueStunde'  itemprop=\"thumbnailUrl\" srcset=\"https:\/\/www.galerie-pfundt.de\/wp-content\/uploads\/2021\/11\/Stangl-BlaueStunde-scaled.jpg 2560w, https:\/\/www.galerie-pfundt.de\/wp-content\/uploads\/2021\/11\/Stangl-BlaueStunde-scaled-600x540.jpg 600w, https:\/\/www.galerie-pfundt.de\/wp-content\/uploads\/2021\/11\/Stangl-BlaueStunde-400x360.jpg 400w, https:\/\/www.galerie-pfundt.de\/wp-content\/uploads\/2021\/11\/Stangl-BlaueStunde-1030x927.jpg 1030w, https:\/\/www.galerie-pfundt.de\/wp-content\/uploads\/2021\/11\/Stangl-BlaueStunde-768x692.jpg 768w, https:\/\/www.galerie-pfundt.de\/wp-content\/uploads\/2021\/11\/Stangl-BlaueStunde-1536x1383.jpg 1536w, https:\/\/www.galerie-pfundt.de\/wp-content\/uploads\/2021\/11\/Stangl-BlaueStunde-2048x1844.jpg 2048w, https:\/\/www.galerie-pfundt.de\/wp-content\/uploads\/2021\/11\/Stangl-BlaueStunde-1500x1351.jpg 1500w, https:\/\/www.galerie-pfundt.de\/wp-content\/uploads\/2021\/11\/Stangl-BlaueStunde-705x635.jpg 705w\" sizes=\"(max-width: 2560px) 100vw, 2560px\" \/><\/a><\/div><\/div><\/div>\n\n<div class=\"flex_column av_one_third  flex_column_div av-zero-column-padding first  avia-builder-el-57  el_after_av_codeblock  el_before_av_hr  \" style='border-radius:0px; '><div  class='avia-image-container  av-styling-    avia-builder-el-58  avia-builder-el-no-sibling  avia-align-center '  itemprop=\"image\" itemscope=\"itemscope\" itemtype=\"https:\/\/schema.org\/ImageObject\"  ><div class='avia-image-container-inner'><div class='avia-image-overlay-wrap'><img decoding=\"async\" class='wp-image-18807 avia-img-lazy-loading-not-18807 avia_image' src=\"https:\/\/www.galerie-pfundt.de\/wp-content\/uploads\/2021\/06\/Stangl-Brandenburger-Tor-2008-50x60-cm-E-3.000-scaled.jpg\" alt='' title='Stangl, Brandenburger Tor, 2008, 50x60 cm, \u20ac 3.000' height=\"2119\" width=\"2560\"  itemprop=\"thumbnailUrl\" srcset=\"https:\/\/www.galerie-pfundt.de\/wp-content\/uploads\/2021\/06\/Stangl-Brandenburger-Tor-2008-50x60-cm-E-3.000-scaled.jpg 2560w, https:\/\/www.galerie-pfundt.de\/wp-content\/uploads\/2021\/06\/Stangl-Brandenburger-Tor-2008-50x60-cm-E-3.000-scaled-600x497.jpg 600w, https:\/\/www.galerie-pfundt.de\/wp-content\/uploads\/2021\/06\/Stangl-Brandenburger-Tor-2008-50x60-cm-E-3.000-400x331.jpg 400w, https:\/\/www.galerie-pfundt.de\/wp-content\/uploads\/2021\/06\/Stangl-Brandenburger-Tor-2008-50x60-cm-E-3.000-1030x853.jpg 1030w, https:\/\/www.galerie-pfundt.de\/wp-content\/uploads\/2021\/06\/Stangl-Brandenburger-Tor-2008-50x60-cm-E-3.000-768x636.jpg 768w, https:\/\/www.galerie-pfundt.de\/wp-content\/uploads\/2021\/06\/Stangl-Brandenburger-Tor-2008-50x60-cm-E-3.000-1536x1272.jpg 1536w, https:\/\/www.galerie-pfundt.de\/wp-content\/uploads\/2021\/06\/Stangl-Brandenburger-Tor-2008-50x60-cm-E-3.000-2048x1695.jpg 2048w, https:\/\/www.galerie-pfundt.de\/wp-content\/uploads\/2021\/06\/Stangl-Brandenburger-Tor-2008-50x60-cm-E-3.000-1500x1242.jpg 1500w, https:\/\/www.galerie-pfundt.de\/wp-content\/uploads\/2021\/06\/Stangl-Brandenburger-Tor-2008-50x60-cm-E-3.000-705x584.jpg 705w\" sizes=\"(max-width: 2560px) 100vw, 2560px\" \/><\/div><\/div><\/div><\/div>\n<div   class='hr hr-default   avia-builder-el-59  el_after_av_one_third  el_before_av_one_third '><span class='hr-inner ' ><span class='hr-inner-style'><\/span><\/span><\/div>\n<div class=\"flex_column av_one_third  flex_column_div av-zero-column-padding first  avia-builder-el-60  el_after_av_hr  el_before_av_one_fifth  \" style='border-radius:0px; '><br \/>\n<div  class='avia-image-container  av-styling-    avia-builder-el-62  el_after_av_codeblock  avia-builder-el-last  avia-align-center '  itemprop=\"image\" itemscope=\"itemscope\" itemtype=\"https:\/\/schema.org\/ImageObject\"  ><div class='avia-image-container-inner'><div class='avia-image-overlay-wrap'><a href='https:\/\/www.galerie-pfundt.de\/aktuell\/kuenstler\/stangl\/sphinx\/' class='avia_image'  ><img decoding=\"async\" width=\"2560\" height=\"2560\" class='wp-image-20037 avia-img-lazy-loading-not-20037 avia_image' src=\"https:\/\/www.galerie-pfundt.de\/wp-content\/uploads\/2021\/11\/Stangl-Sphinx-scaled.jpg\" alt='' title='Stangl-Sphinx'  itemprop=\"thumbnailUrl\" srcset=\"https:\/\/www.galerie-pfundt.de\/wp-content\/uploads\/2021\/11\/Stangl-Sphinx-scaled.jpg 2560w, https:\/\/www.galerie-pfundt.de\/wp-content\/uploads\/2021\/11\/Stangl-Sphinx-scaled-600x600.jpg 600w, https:\/\/www.galerie-pfundt.de\/wp-content\/uploads\/2021\/11\/Stangl-Sphinx-scaled-100x100.jpg 100w, https:\/\/www.galerie-pfundt.de\/wp-content\/uploads\/2021\/11\/Stangl-Sphinx-400x400.jpg 400w, https:\/\/www.galerie-pfundt.de\/wp-content\/uploads\/2021\/11\/Stangl-Sphinx-1030x1030.jpg 1030w, https:\/\/www.galerie-pfundt.de\/wp-content\/uploads\/2021\/11\/Stangl-Sphinx-220x220.jpg 220w, https:\/\/www.galerie-pfundt.de\/wp-content\/uploads\/2021\/11\/Stangl-Sphinx-768x768.jpg 768w, https:\/\/www.galerie-pfundt.de\/wp-content\/uploads\/2021\/11\/Stangl-Sphinx-1536x1536.jpg 1536w, https:\/\/www.galerie-pfundt.de\/wp-content\/uploads\/2021\/11\/Stangl-Sphinx-2048x2048.jpg 2048w, https:\/\/www.galerie-pfundt.de\/wp-content\/uploads\/2021\/11\/Stangl-Sphinx-36x36.jpg 36w, https:\/\/www.galerie-pfundt.de\/wp-content\/uploads\/2021\/11\/Stangl-Sphinx-180x180.jpg 180w, https:\/\/www.galerie-pfundt.de\/wp-content\/uploads\/2021\/11\/Stangl-Sphinx-1500x1500.jpg 1500w, https:\/\/www.galerie-pfundt.de\/wp-content\/uploads\/2021\/11\/Stangl-Sphinx-705x705.jpg 705w, https:\/\/www.galerie-pfundt.de\/wp-content\/uploads\/2021\/11\/Stangl-Sphinx-scaled-300x300.jpg 300w\" sizes=\"(max-width: 2560px) 100vw, 2560px\" \/><\/a><\/div><\/div><\/div><\/p><\/div>\n<div class=\"flex_column av_one_fifth  flex_column_div av-zero-column-padding   avia-builder-el-63  el_after_av_one_third  el_before_av_one_third  \" style='border-radius:0px; '><\/div>\n<div class=\"flex_column av_one_third  flex_column_div av-zero-column-padding   avia-builder-el-65  el_after_av_one_fifth  el_before_av_hr  \" style='border-radius:0px; '><br \/>\n<div  class='avia-image-container  av-styling-    avia-builder-el-67  el_after_av_codeblock  avia-builder-el-last  avia-align-center '  itemprop=\"image\" itemscope=\"itemscope\" itemtype=\"https:\/\/schema.org\/ImageObject\"  ><div class='avia-image-container-inner'><div class='avia-image-overlay-wrap'><a href='https:\/\/www.galerie-pfundt.de\/aktuell\/kuenstler\/stangl\/fernlicht\/' class='avia_image'  ><img decoding=\"async\" width=\"2560\" height=\"2560\" class='wp-image-20035 avia-img-lazy-loading-not-20035 avia_image' src=\"https:\/\/www.galerie-pfundt.de\/wp-content\/uploads\/2021\/11\/Stangl-Fernlicht-scaled.jpg\" alt='' title='Stangl-Fernlicht'  itemprop=\"thumbnailUrl\" srcset=\"https:\/\/www.galerie-pfundt.de\/wp-content\/uploads\/2021\/11\/Stangl-Fernlicht-scaled.jpg 2560w, https:\/\/www.galerie-pfundt.de\/wp-content\/uploads\/2021\/11\/Stangl-Fernlicht-scaled-600x600.jpg 600w, https:\/\/www.galerie-pfundt.de\/wp-content\/uploads\/2021\/11\/Stangl-Fernlicht-scaled-100x100.jpg 100w, https:\/\/www.galerie-pfundt.de\/wp-content\/uploads\/2021\/11\/Stangl-Fernlicht-400x400.jpg 400w, https:\/\/www.galerie-pfundt.de\/wp-content\/uploads\/2021\/11\/Stangl-Fernlicht-1030x1030.jpg 1030w, https:\/\/www.galerie-pfundt.de\/wp-content\/uploads\/2021\/11\/Stangl-Fernlicht-220x220.jpg 220w, https:\/\/www.galerie-pfundt.de\/wp-content\/uploads\/2021\/11\/Stangl-Fernlicht-768x768.jpg 768w, https:\/\/www.galerie-pfundt.de\/wp-content\/uploads\/2021\/11\/Stangl-Fernlicht-1536x1536.jpg 1536w, https:\/\/www.galerie-pfundt.de\/wp-content\/uploads\/2021\/11\/Stangl-Fernlicht-2048x2048.jpg 2048w, https:\/\/www.galerie-pfundt.de\/wp-content\/uploads\/2021\/11\/Stangl-Fernlicht-36x36.jpg 36w, https:\/\/www.galerie-pfundt.de\/wp-content\/uploads\/2021\/11\/Stangl-Fernlicht-180x180.jpg 180w, https:\/\/www.galerie-pfundt.de\/wp-content\/uploads\/2021\/11\/Stangl-Fernlicht-1500x1500.jpg 1500w, https:\/\/www.galerie-pfundt.de\/wp-content\/uploads\/2021\/11\/Stangl-Fernlicht-705x705.jpg 705w, https:\/\/www.galerie-pfundt.de\/wp-content\/uploads\/2021\/11\/Stangl-Fernlicht-scaled-300x300.jpg 300w\" sizes=\"(max-width: 2560px) 100vw, 2560px\" \/><\/a><\/div><\/div><\/div><\/p><\/div>\n<div  style='height:90px' class='hr hr-invisible   avia-builder-el-68  el_after_av_one_third  el_before_av_one_full '><span class='hr-inner ' ><span class='hr-inner-style'><\/span><\/span><\/div>\n<div class=\"flex_column av_one_full  flex_column_div av-zero-column-padding first  avia-builder-el-69  el_after_av_hr  el_before_av_hr  \" style='border-radius:0px; '><section class=\"av_textblock_section \"  itemscope=\"itemscope\" itemtype=\"https:\/\/schema.org\/CreativeWork\" ><div class='avia_textblock  '   itemprop=\"text\" ><h3>\u00a0\u00a0\u00a0\u00a0\u00a0\u00a0\u00a0 Graphik<\/h3>\n<\/div><\/section><\/div>\n<div  style='height:20px' class='hr hr-invisible   avia-builder-el-71  el_after_av_one_full  el_before_av_one_third '><span class='hr-inner ' ><span class='hr-inner-style'><\/span><\/span><\/div>\n<div class=\"flex_column av_one_third  flex_column_div av-zero-column-padding first  avia-builder-el-72  el_after_av_hr  el_before_av_one_third  \" style='border-radius:0px; '><p><div  style='height:15px' class='hr hr-invisible   avia-builder-el-73  el_before_av_image  avia-builder-el-first '><span class='hr-inner ' ><span class='hr-inner-style'><\/span><\/span><\/div><br \/>\n<div  class='avia-image-container avia_animated_image avia_animate_when_almost_visible fade-in av-styling-    avia-builder-el-74  el_after_av_hr  avia-builder-el-last  avia-align-center '  itemprop=\"image\" itemscope=\"itemscope\" itemtype=\"https:\/\/schema.org\/ImageObject\"  ><div class='avia-image-container-inner'><div class='avia-image-overlay-wrap'><a href='https:\/\/www.galerie-pfundt.de\/aktuell\/kuenstler\/stangl\/blaue_stunde\/' class='avia_image'  ><img decoding=\"async\" width=\"1280\" height=\"916\" class='wp-image-10460 avia-img-lazy-loading-not-10460 avia_image' src=\"https:\/\/www.galerie-pfundt.de\/wp-content\/uploads\/2020\/03\/Stangl-Amazonas-2_50x66.jpg\" alt='' title='Stangl-Amazonas-2_50x66'  itemprop=\"thumbnailUrl\" srcset=\"https:\/\/www.galerie-pfundt.de\/wp-content\/uploads\/2020\/03\/Stangl-Amazonas-2_50x66.jpg 1280w, https:\/\/www.galerie-pfundt.de\/wp-content\/uploads\/2020\/03\/Stangl-Amazonas-2_50x66-600x429.jpg 600w, https:\/\/www.galerie-pfundt.de\/wp-content\/uploads\/2020\/03\/Stangl-Amazonas-2_50x66-400x286.jpg 400w, https:\/\/www.galerie-pfundt.de\/wp-content\/uploads\/2020\/03\/Stangl-Amazonas-2_50x66-768x550.jpg 768w, https:\/\/www.galerie-pfundt.de\/wp-content\/uploads\/2020\/03\/Stangl-Amazonas-2_50x66-260x185.jpg 260w, https:\/\/www.galerie-pfundt.de\/wp-content\/uploads\/2020\/03\/Stangl-Amazonas-2_50x66-705x505.jpg 705w\" sizes=\"(max-width: 1280px) 100vw, 1280px\" \/><\/a><\/div><\/div><\/div><\/p><\/div>\n<div class=\"flex_column av_one_third  flex_column_div av-zero-column-padding   avia-builder-el-75  el_after_av_one_third  el_before_av_one_third  \" style='border-radius:0px; '><p><div  style='height:15px' class='hr hr-invisible   avia-builder-el-76  el_before_av_image  avia-builder-el-first '><span class='hr-inner ' ><span class='hr-inner-style'><\/span><\/span><\/div><br \/>\n<div  class='avia-image-container avia_animated_image avia_animate_when_almost_visible fade-in av-styling-    avia-builder-el-77  el_after_av_hr  avia-builder-el-last  avia-align-center '  itemprop=\"image\" itemscope=\"itemscope\" itemtype=\"https:\/\/schema.org\/ImageObject\"  ><div class='avia-image-container-inner'><div class='avia-image-overlay-wrap'><a href='https:\/\/www.galerie-pfundt.de\/aktuell\/kuenstler\/stangl\/morgen\/' class='avia_image'  ><img decoding=\"async\" width=\"400\" height=\"286\" class='wp-image-10464 avia-img-lazy-loading-not-10464 avia_image' src=\"https:\/\/www.galerie-pfundt.de\/wp-content\/uploads\/2020\/03\/Stangl-Morgen_50x66-400x286.jpg\" alt='' title='Stangl-Morgen_50x66'  itemprop=\"thumbnailUrl\" srcset=\"https:\/\/www.galerie-pfundt.de\/wp-content\/uploads\/2020\/03\/Stangl-Morgen_50x66-400x286.jpg 400w, https:\/\/www.galerie-pfundt.de\/wp-content\/uploads\/2020\/03\/Stangl-Morgen_50x66-600x429.jpg 600w, https:\/\/www.galerie-pfundt.de\/wp-content\/uploads\/2020\/03\/Stangl-Morgen_50x66-768x549.jpg 768w, https:\/\/www.galerie-pfundt.de\/wp-content\/uploads\/2020\/03\/Stangl-Morgen_50x66-260x185.jpg 260w, https:\/\/www.galerie-pfundt.de\/wp-content\/uploads\/2020\/03\/Stangl-Morgen_50x66-705x504.jpg 705w, https:\/\/www.galerie-pfundt.de\/wp-content\/uploads\/2020\/03\/Stangl-Morgen_50x66.jpg 1280w\" sizes=\"(max-width: 400px) 100vw, 400px\" \/><\/a><\/div><\/div><\/div><\/p><\/div>\n<div class=\"flex_column av_one_third  flex_column_div av-zero-column-padding   avia-builder-el-78  el_after_av_one_third  el_before_av_one_third  \" style='border-radius:0px; '><div  class='avia-image-container avia_animated_image avia_animate_when_almost_visible fade-in av-styling-    avia-builder-el-79  avia-builder-el-no-sibling  avia-align-center '  itemprop=\"image\" itemscope=\"itemscope\" itemtype=\"https:\/\/schema.org\/ImageObject\"  ><div class='avia-image-container-inner'><div class='avia-image-overlay-wrap'><a href='https:\/\/www.galerie-pfundt.de\/aktuell\/kuenstler\/stangl\/dschungelfahrt\/' class='avia_image'  ><img decoding=\"async\" width=\"400\" height=\"324\" class='wp-image-10462 avia-img-lazy-loading-not-10462 avia_image' src=\"https:\/\/www.galerie-pfundt.de\/wp-content\/uploads\/2020\/03\/Stangl-Dschungelfahrt_50x66-400x324.jpg\" alt='' title='Stangl-Dschungelfahrt_50x66'  itemprop=\"thumbnailUrl\" srcset=\"https:\/\/www.galerie-pfundt.de\/wp-content\/uploads\/2020\/03\/Stangl-Dschungelfahrt_50x66-400x324.jpg 400w, https:\/\/www.galerie-pfundt.de\/wp-content\/uploads\/2020\/03\/Stangl-Dschungelfahrt_50x66-600x486.jpg 600w, https:\/\/www.galerie-pfundt.de\/wp-content\/uploads\/2020\/03\/Stangl-Dschungelfahrt_50x66-768x622.jpg 768w, https:\/\/www.galerie-pfundt.de\/wp-content\/uploads\/2020\/03\/Stangl-Dschungelfahrt_50x66-495x400.jpg 495w, https:\/\/www.galerie-pfundt.de\/wp-content\/uploads\/2020\/03\/Stangl-Dschungelfahrt_50x66-845x684.jpg 845w, https:\/\/www.galerie-pfundt.de\/wp-content\/uploads\/2020\/03\/Stangl-Dschungelfahrt_50x66-705x571.jpg 705w, https:\/\/www.galerie-pfundt.de\/wp-content\/uploads\/2020\/03\/Stangl-Dschungelfahrt_50x66.jpg 1265w\" sizes=\"(max-width: 400px) 100vw, 400px\" \/><\/a><\/div><\/div><\/div><\/div>\n<div class=\"flex_column av_one_third  flex_column_div av-zero-column-padding first  avia-builder-el-80  el_after_av_one_third  el_before_av_one_third  column-top-margin\" style='border-radius:0px; '><div  class='avia-image-container avia_animated_image avia_animate_when_almost_visible fade-in av-styling-    avia-builder-el-81  avia-builder-el-no-sibling  avia-align-center '  itemprop=\"image\" itemscope=\"itemscope\" itemtype=\"https:\/\/schema.org\/ImageObject\"  ><div class='avia-image-container-inner'><div class='avia-image-overlay-wrap'><a href='https:\/\/www.galerie-pfundt.de\/aktuell\/kuenstler\/stangl\/regenwald\/' class='avia_image'  ><img decoding=\"async\" width=\"400\" height=\"318\" class='wp-image-10465 avia-img-lazy-loading-not-10465 avia_image' src=\"https:\/\/www.galerie-pfundt.de\/wp-content\/uploads\/2020\/03\/Stangl-Regenwald_50x66-400x318.jpg\" alt='' title='Stangl-Regenwald_50x66'  itemprop=\"thumbnailUrl\" srcset=\"https:\/\/www.galerie-pfundt.de\/wp-content\/uploads\/2020\/03\/Stangl-Regenwald_50x66-400x318.jpg 400w, https:\/\/www.galerie-pfundt.de\/wp-content\/uploads\/2020\/03\/Stangl-Regenwald_50x66-600x477.jpg 600w, https:\/\/www.galerie-pfundt.de\/wp-content\/uploads\/2020\/03\/Stangl-Regenwald_50x66-768x610.jpg 768w, https:\/\/www.galerie-pfundt.de\/wp-content\/uploads\/2020\/03\/Stangl-Regenwald_50x66-705x560.jpg 705w, https:\/\/www.galerie-pfundt.de\/wp-content\/uploads\/2020\/03\/Stangl-Regenwald_50x66.jpg 1280w\" sizes=\"(max-width: 400px) 100vw, 400px\" \/><\/a><\/div><\/div><\/div><\/div>\n<div class=\"flex_column av_one_third  flex_column_div av-zero-column-padding   avia-builder-el-82  el_after_av_one_third  el_before_av_one_third  column-top-margin\" style='border-radius:0px; '><p><div  style='height:15px' class='hr hr-invisible   avia-builder-el-83  el_before_av_image  avia-builder-el-first '><span class='hr-inner ' ><span class='hr-inner-style'><\/span><\/span><\/div><br \/>\n<div  class='avia-image-container avia_animated_image avia_animate_when_almost_visible fade-in av-styling-    avia-builder-el-84  el_after_av_hr  avia-builder-el-last  avia-align-center '  itemprop=\"image\" itemscope=\"itemscope\" itemtype=\"https:\/\/schema.org\/ImageObject\"  ><div class='avia-image-container-inner'><div class='avia-image-overlay-wrap'><a href='https:\/\/www.galerie-pfundt.de\/aktuell\/kuenstler\/stangl\/die_andere_seite\/' class='avia_image'  ><img decoding=\"async\" width=\"400\" height=\"286\" class='wp-image-10461 avia-img-lazy-loading-not-10461 avia_image' src=\"https:\/\/www.galerie-pfundt.de\/wp-content\/uploads\/2020\/03\/Stangl-DieAndereSeite_50x66-400x286.jpg\" alt='' title='Stangl-DieAndereSeite_50x66'  itemprop=\"thumbnailUrl\" srcset=\"https:\/\/www.galerie-pfundt.de\/wp-content\/uploads\/2020\/03\/Stangl-DieAndereSeite_50x66-400x286.jpg 400w, https:\/\/www.galerie-pfundt.de\/wp-content\/uploads\/2020\/03\/Stangl-DieAndereSeite_50x66-600x429.jpg 600w, https:\/\/www.galerie-pfundt.de\/wp-content\/uploads\/2020\/03\/Stangl-DieAndereSeite_50x66-768x549.jpg 768w, https:\/\/www.galerie-pfundt.de\/wp-content\/uploads\/2020\/03\/Stangl-DieAndereSeite_50x66-260x185.jpg 260w, https:\/\/www.galerie-pfundt.de\/wp-content\/uploads\/2020\/03\/Stangl-DieAndereSeite_50x66-705x504.jpg 705w, https:\/\/www.galerie-pfundt.de\/wp-content\/uploads\/2020\/03\/Stangl-DieAndereSeite_50x66.jpg 1280w\" sizes=\"(max-width: 400px) 100vw, 400px\" \/><\/a><\/div><\/div><\/div><\/p><\/div>\n<div class=\"flex_column av_one_third  flex_column_div av-zero-column-padding   avia-builder-el-85  el_after_av_one_third  el_before_av_one_third  column-top-margin\" style='border-radius:0px; '><div  class='avia-image-container avia_animated_image avia_animate_when_almost_visible fade-in av-styling-    avia-builder-el-86  avia-builder-el-no-sibling  avia-align-center '  itemprop=\"image\" itemscope=\"itemscope\" itemtype=\"https:\/\/schema.org\/ImageObject\"  ><div class='avia-image-container-inner'><div class='avia-image-overlay-wrap'><a href='https:\/\/www.galerie-pfundt.de\/aktuell\/kuenstler\/stangl\/berg\/' class='avia_image'  ><img decoding=\"async\" width=\"400\" height=\"297\" class='wp-image-13910 avia-img-lazy-loading-not-13910 avia_image' src=\"https:\/\/www.galerie-pfundt.de\/wp-content\/uploads\/2020\/07\/Stangl-DerBergRuft__Litho___-Kopie-e1595420882141-400x297.jpg\" alt='' title='Stangl-DerBergRuft__Litho___ Kopie'  itemprop=\"thumbnailUrl\" srcset=\"https:\/\/www.galerie-pfundt.de\/wp-content\/uploads\/2020\/07\/Stangl-DerBergRuft__Litho___-Kopie-e1595420882141-400x297.jpg 400w, https:\/\/www.galerie-pfundt.de\/wp-content\/uploads\/2020\/07\/Stangl-DerBergRuft__Litho___-Kopie-e1595420882141-600x445.jpg 600w, https:\/\/www.galerie-pfundt.de\/wp-content\/uploads\/2020\/07\/Stangl-DerBergRuft__Litho___-Kopie-e1595420882141-768x570.jpg 768w, https:\/\/www.galerie-pfundt.de\/wp-content\/uploads\/2020\/07\/Stangl-DerBergRuft__Litho___-Kopie-e1595420882141-705x523.jpg 705w, https:\/\/www.galerie-pfundt.de\/wp-content\/uploads\/2020\/07\/Stangl-DerBergRuft__Litho___-Kopie-e1595420882141.jpg 862w\" sizes=\"(max-width: 400px) 100vw, 400px\" \/><\/a><\/div><\/div><\/div><\/div>\n<div class=\"flex_column av_one_third  flex_column_div av-zero-column-padding first  avia-builder-el-87  el_after_av_one_third  el_before_av_one_third  column-top-margin\" style='border-radius:0px; '><div  class='avia-image-container avia_animated_image avia_animate_when_almost_visible fade-in av-styling-    avia-builder-el-88  avia-builder-el-no-sibling  avia-align-center '  itemprop=\"image\" itemscope=\"itemscope\" itemtype=\"https:\/\/schema.org\/ImageObject\"  ><div class='avia-image-container-inner'><div class='avia-image-overlay-wrap'><a href='https:\/\/www.galerie-pfundt.de\/aktuell\/kuenstler\/stangl\/rote_bar\/' class='avia_image'  ><img decoding=\"async\" width=\"400\" height=\"298\" class='wp-image-13942 avia-img-lazy-loading-not-13942 avia_image' src=\"https:\/\/www.galerie-pfundt.de\/wp-content\/uploads\/2020\/07\/Stangl-RoteBar__Litho___-Kopie-e1595430297992-400x298.jpg\" alt='' title='Stangl-RoteBar__Litho___ Kopie'  itemprop=\"thumbnailUrl\" srcset=\"https:\/\/www.galerie-pfundt.de\/wp-content\/uploads\/2020\/07\/Stangl-RoteBar__Litho___-Kopie-e1595430297992-400x298.jpg 400w, https:\/\/www.galerie-pfundt.de\/wp-content\/uploads\/2020\/07\/Stangl-RoteBar__Litho___-Kopie-e1595430297992-600x447.jpg 600w, https:\/\/www.galerie-pfundt.de\/wp-content\/uploads\/2020\/07\/Stangl-RoteBar__Litho___-Kopie-e1595430297992-768x572.jpg 768w, https:\/\/www.galerie-pfundt.de\/wp-content\/uploads\/2020\/07\/Stangl-RoteBar__Litho___-Kopie-e1595430297992-705x525.jpg 705w, https:\/\/www.galerie-pfundt.de\/wp-content\/uploads\/2020\/07\/Stangl-RoteBar__Litho___-Kopie-e1595430297992.jpg 1095w\" sizes=\"(max-width: 400px) 100vw, 400px\" \/><\/a><\/div><\/div><\/div><\/div>\n<div class=\"flex_column av_one_third  flex_column_div av-zero-column-padding   avia-builder-el-89  el_after_av_one_third  el_before_av_one_third  column-top-margin\" style='border-radius:0px; '><div  class='avia-image-container avia_animated_image avia_animate_when_almost_visible fade-in av-styling-    avia-builder-el-90  avia-builder-el-no-sibling  avia-align-center '  itemprop=\"image\" itemscope=\"itemscope\" itemtype=\"https:\/\/schema.org\/ImageObject\"  ><div class='avia-image-container-inner'><div class='avia-image-overlay-wrap'><a href='https:\/\/www.galerie-pfundt.de\/aktuell\/kuenstler\/stangl\/bar\/' class='avia_image'  ><img decoding=\"async\" width=\"400\" height=\"295\" class='wp-image-13931 avia-img-lazy-loading-not-13931 avia_image' src=\"https:\/\/www.galerie-pfundt.de\/wp-content\/uploads\/2020\/07\/Stangl-Bar__Litho___-400x295.jpg\" alt='' title='Stangl-Bar__Litho___'  itemprop=\"thumbnailUrl\" srcset=\"https:\/\/www.galerie-pfundt.de\/wp-content\/uploads\/2020\/07\/Stangl-Bar__Litho___-400x295.jpg 400w, https:\/\/www.galerie-pfundt.de\/wp-content\/uploads\/2020\/07\/Stangl-Bar__Litho___-scaled-600x443.jpg 600w, https:\/\/www.galerie-pfundt.de\/wp-content\/uploads\/2020\/07\/Stangl-Bar__Litho___-768x567.jpg 768w, https:\/\/www.galerie-pfundt.de\/wp-content\/uploads\/2020\/07\/Stangl-Bar__Litho___-1536x1133.jpg 1536w, https:\/\/www.galerie-pfundt.de\/wp-content\/uploads\/2020\/07\/Stangl-Bar__Litho___-2048x1511.jpg 2048w, https:\/\/www.galerie-pfundt.de\/wp-content\/uploads\/2020\/07\/Stangl-Bar__Litho___-1500x1107.jpg 1500w, https:\/\/www.galerie-pfundt.de\/wp-content\/uploads\/2020\/07\/Stangl-Bar__Litho___-705x520.jpg 705w\" sizes=\"(max-width: 400px) 100vw, 400px\" \/><\/a><\/div><\/div><\/div><\/div>\n<div class=\"flex_column av_one_third  flex_column_div av-zero-column-padding   avia-builder-el-91  el_after_av_one_third  avia-builder-el-last  column-top-margin\" style='border-radius:0px; '><p><div  class='avia-image-container avia_animated_image avia_animate_when_almost_visible fade-in av-styling-    avia-builder-el-92  el_before_av_hr  avia-builder-el-first  avia-align-center '  itemprop=\"image\" itemscope=\"itemscope\" itemtype=\"https:\/\/schema.org\/ImageObject\"  ><div class='avia-image-container-inner'><div class='avia-image-overlay-wrap'><a href='https:\/\/www.galerie-pfundt.de\/aktuell\/kuenstler\/stangl\/nachttourist\/' class='avia_image'  ><img decoding=\"async\" width=\"400\" height=\"324\" class='wp-image-13911 avia-img-lazy-loading-not-13911 avia_image' src=\"https:\/\/www.galerie-pfundt.de\/wp-content\/uploads\/2020\/07\/Stangl-Nachttourist__Litho___-Kopie-e1595420669114-400x324.jpg\" alt='' title='Stangl-Nachttourist__Litho___ Kopie'  itemprop=\"thumbnailUrl\" srcset=\"https:\/\/www.galerie-pfundt.de\/wp-content\/uploads\/2020\/07\/Stangl-Nachttourist__Litho___-Kopie-e1595420669114-400x324.jpg 400w, https:\/\/www.galerie-pfundt.de\/wp-content\/uploads\/2020\/07\/Stangl-Nachttourist__Litho___-Kopie-e1595420669114-600x486.jpg 600w, https:\/\/www.galerie-pfundt.de\/wp-content\/uploads\/2020\/07\/Stangl-Nachttourist__Litho___-Kopie-e1595420669114-768x622.jpg 768w, https:\/\/www.galerie-pfundt.de\/wp-content\/uploads\/2020\/07\/Stangl-Nachttourist__Litho___-Kopie-e1595420669114-495x400.jpg 495w, https:\/\/www.galerie-pfundt.de\/wp-content\/uploads\/2020\/07\/Stangl-Nachttourist__Litho___-Kopie-e1595420669114-705x571.jpg 705w, https:\/\/www.galerie-pfundt.de\/wp-content\/uploads\/2020\/07\/Stangl-Nachttourist__Litho___-Kopie-e1595420669114.jpg 790w\" sizes=\"(max-width: 400px) 100vw, 400px\" \/><\/a><\/div><\/div><\/div><br \/>\n<div  style='height:20px' class='hr hr-invisible   avia-builder-el-93  el_after_av_image  el_before_av_image '><span class='hr-inner ' ><span class='hr-inner-style'><\/span><\/span><\/div><br \/>\n<div  class='avia-image-container  av-styling-    avia-builder-el-94  el_after_av_hr  el_before_av_textblock  avia-align-center '  itemprop=\"image\" itemscope=\"itemscope\" itemtype=\"https:\/\/schema.org\/ImageObject\"  ><div class='avia-image-container-inner'><div class='avia-image-overlay-wrap'><img decoding=\"async\" class='wp-image-18266 avia-img-lazy-loading-not-18266 avia_image' src=\"https:\/\/www.galerie-pfundt.de\/wp-content\/uploads\/2021\/05\/Stangl-Katalog20-286x400.jpg\" alt='' title='Stangl-Katalog20' height=\"400\" width=\"286\"  itemprop=\"thumbnailUrl\" srcset=\"https:\/\/www.galerie-pfundt.de\/wp-content\/uploads\/2021\/05\/Stangl-Katalog20-286x400.jpg 286w, https:\/\/www.galerie-pfundt.de\/wp-content\/uploads\/2021\/05\/Stangl-Katalog20.jpg 487w\" sizes=\"(max-width: 286px) 100vw, 286px\" \/><\/div><\/div><\/div><br \/>\n<section class=\"av_textblock_section \"  itemscope=\"itemscope\" itemtype=\"https:\/\/schema.org\/CreativeWork\" ><div class='avia_textblock  '   itemprop=\"text\" ><p><span style=\"color: #999999;\">Katalog<\/span><\/p>\n<h4><span style=\"color: #999999;\">alles in allem\u00a0\u00a0 \u00a0 <\/span><\/h4>\n<p><span style=\"color: #999999;\">2020<\/span><br \/>\n<span style=\"color: #999999;\"> gebunden, 148 Seiten\u00a0\u00a0\u00a0 <\/span><span style=\"color: #999999;\">28,6 x 20,5 cm<\/span><\/p>\n<h5><span style=\"color: #999999;\">\u20ac 48,-<\/span><\/h5>\n<\/div><\/section><\/p><\/div>\n","protected":false},"excerpt":{"rendered":"","protected":false},"author":2,"featured_media":0,"parent":14,"menu_order":0,"comment_status":"closed","ping_status":"closed","template":"","meta":{"footnotes":""},"class_list":["post-993","page","type-page","status-publish","hentry"],"_links":{"self":[{"href":"https:\/\/www.galerie-pfundt.de\/aktuell\/wp-json\/wp\/v2\/pages\/993","targetHints":{"allow":["GET"]}}],"collection":[{"href":"https:\/\/www.galerie-pfundt.de\/aktuell\/wp-json\/wp\/v2\/pages"}],"about":[{"href":"https:\/\/www.galerie-pfundt.de\/aktuell\/wp-json\/wp\/v2\/types\/page"}],"author":[{"embeddable":true,"href":"https:\/\/www.galerie-pfundt.de\/aktuell\/wp-json\/wp\/v2\/users\/2"}],"replies":[{"embeddable":true,"href":"https:\/\/www.galerie-pfundt.de\/aktuell\/wp-json\/wp\/v2\/comments?post=993"}],"version-history":[{"count":9,"href":"https:\/\/www.galerie-pfundt.de\/aktuell\/wp-json\/wp\/v2\/pages\/993\/revisions"}],"predecessor-version":[{"id":22399,"href":"https:\/\/www.galerie-pfundt.de\/aktuell\/wp-json\/wp\/v2\/pages\/993\/revisions\/22399"}],"up":[{"embeddable":true,"href":"https:\/\/www.galerie-pfundt.de\/aktuell\/wp-json\/wp\/v2\/pages\/14"}],"wp:attachment":[{"href":"https:\/\/www.galerie-pfundt.de\/aktuell\/wp-json\/wp\/v2\/media?parent=993"}],"curies":[{"name":"wp","href":"https:\/\/api.w.org\/{rel}","templated":true}]}}